{"id":2532,"date":"2019-05-13T09:36:39","date_gmt":"2019-05-13T07:36:39","guid":{"rendered":"http:\/\/localhost\/?page_id=2532"},"modified":"2024-11-26T00:56:08","modified_gmt":"2024-11-25T23:56:08","slug":"der-canal-du-midi","status":"publish","type":"page","link":"https:\/\/www.villeneuve-les-beziers.fr\/de\/decouvrir\/patrimoine\/le-canal-du-midi\/","title":{"rendered":"Der Canal du Midi"},"content":{"rendered":"<p>Der Canal Royal des Deux Mers, der den Atlantischen Ozean mit dem Mittelmeer verbindet, ist ein einzigartiges Bauwerk, das im 17. Jahrhundert \u00fcber 15 Jahre von Paul RIQUET gebaut wurde. Seit 1996 geh\u00f6rt er zum Weltkulturerbe der UNESCO und bildet das Herz unseres Dorfes. Die Gemeinde legt besonderen Wert auf die Blumendekoration der Kanalbr\u00fccke, die Einrichtung der Wassersportstation und die Beleuchtung der Radwege, um Villeneuvois und Besucher zufrieden zu stellen.<\/p>\n\n\n\n<p>Auf der einen Seite kann der Spazierg\u00e4nger die Ufer des Kanals bis nach B\u00e9ziers befahren, auf der anderen Seite kann er die Ruhe bis zum Meer genie\u00dfen. Ein Teil des Radweges in Richtung Cers wurde angelegt. Die Stra\u00dfenlampen, die von den technischen Diensten der Gemeinde aufgestellt wurden, sorgen daf\u00fcr, dass Sie diese Umgebung an Sommerabenden genie\u00dfen k\u00f6nnen.<\/p>\n\n\n\n<h2 class=\"wp-block-heading\">Nautischer Halt<\/h2>\n\n\n\n<p>Der Kanal wurde 1681 f\u00fcr die Schifffahrt ge\u00f6ffnet und war eine viel befahrene Verkehrsachse, die zur Entwicklung des Handels im Languedoc beitrug. Heute wird er f\u00fcr den zunehmenden Flusstourismus genutzt. Dieser 240 km lange Wasserweg ist eine ungew\u00f6hnliche Art, die Region zu entdecken. Wenn Sie auf dem Wasserweg anreisen, l\u00e4dt Sie Villeneuve-l\u00e8s-B\u00e9ziers mit seinem gesch\u00fctzten Wasserwanderrastplatz zum Anlegen ein. Trinkwasser und sanit\u00e4re Einrichtungen stehen zur Verf\u00fcgung.<\/p>\n\n\n\n<figure class=\"wp-block-image size-large\"><img loading=\"lazy\" decoding=\"async\" width=\"1024\" height=\"683\" src=\"https:\/\/www.villeneuve-les-beziers.fr\/wp-content\/uploads\/2019\/05\/haltenautique-1024x683.jpg\" alt=\"\" class=\"wp-image-2555\" srcset=\"https:\/\/www.villeneuve-les-beziers.fr\/wp-content\/uploads\/2019\/05\/haltenautique-1024x683.jpg 1024w, https:\/\/www.villeneuve-les-beziers.fr\/wp-content\/uploads\/2019\/05\/haltenautique-300x200.jpg 300w, https:\/\/www.villeneuve-les-beziers.fr\/wp-content\/uploads\/2019\/05\/haltenautique-768x512.jpg 768w, https:\/\/www.villeneuve-les-beziers.fr\/wp-content\/uploads\/2019\/05\/haltenautique.jpg 1440w\" sizes=\"auto, (max-width: 1024px) 100vw, 1024px\" \/><\/figure>\n\n\n\n<h2 class=\"wp-block-heading\">Die Schleuse<\/h2>\n\n\n\n<div class=\"wp-block-columns are-vertically-aligned-center is-layout-flex wp-container-core-columns-is-layout-28f84493 wp-block-columns-is-layout-flex\">\n<div class=\"wp-block-column is-vertically-aligned-center is-layout-flow wp-block-column-is-layout-flow\">\n<figure data-wp-context=\"{&quot;imageId&quot;:&quot;69f02735d681e&quot;}\" data-wp-interactive=\"core\/image\" data-wp-key=\"69f02735d681e\" class=\"wp-block-image size-full wp-lightbox-container\"><img loading=\"lazy\" decoding=\"async\" width=\"560\" height=\"373\" data-wp-class--hide=\"state.isContentHidden\" data-wp-class--show=\"state.isContentVisible\" data-wp-init=\"callbacks.setButtonStyles\" data-wp-on--click=\"actions.showLightbox\" data-wp-on--load=\"callbacks.setButtonStyles\" data-wp-on-window--resize=\"callbacks.setButtonStyles\" src=\"https:\/\/www.villeneuve-les-beziers.fr\/wp-content\/uploads\/2019\/05\/ecluse.jpg\" alt=\"\" class=\"wp-image-2562\" srcset=\"https:\/\/www.villeneuve-les-beziers.fr\/wp-content\/uploads\/2019\/05\/ecluse.jpg 560w, https:\/\/www.villeneuve-les-beziers.fr\/wp-content\/uploads\/2019\/05\/ecluse-300x200.jpg 300w\" sizes=\"auto, (max-width: 560px) 100vw, 560px\" \/><button\n\t\t\tclass=\"lightbox-trigger\"\n\t\t\ttype=\"button\"\n\t\t\taria-haspopup=\"dialog\"\n\t\t\taria-label=\"Vergr\u00f6\u00dfern\"\n\t\t\tdata-wp-init=\"callbacks.initTriggerButton\"\n\t\t\tdata-wp-on--click=\"actions.showLightbox\"\n\t\t\tdata-wp-style--right=\"state.imageButtonRight\"\n\t\t\tdata-wp-style--top=\"state.imageButtonTop\"\n\t\t>\n\t\t\t<svg xmlns=\"http:\/\/www.w3.org\/2000\/svg\" width=\"12\" height=\"12\" fill=\"none\" viewbox=\"0 0 12 12\">\n\t\t\t\t<path fill=\"#fff\" d=\"M2 0a2 2 0 0 0-2 2v2h1.5V2a.5.5 0 0 1 .5-.5h2V0H2Zm2 10.5H2a.5.5 0 0 1-.5-.5V8H0v2a2 2 0 0 0 2 2h2v-1.5ZM8 12v-1.5h2a.5.5 0 0 0 .5-.5V8H12v2a2 2 0 0 1-2 2H8Zm2-12a2 2 0 0 1 2 2v2h-1.5V2a.5.5 0 0 0-.5-.5H8V0h2Z\" \/>\n\t\t\t<\/svg>\n\t\t<\/button><\/figure>\n<\/div>\n\n\n\n<div class=\"wp-block-column is-vertically-aligned-center is-layout-flow wp-block-column-is-layout-flow\">\n<p>Die Schleuse, die beim Bau des Canal du Midi aus Holz gefertigt wurde, wurde sp\u00e4ter renoviert, um eine Metallstruktur zu erhalten, wie alle Schleusen auf dem Canal Royal des Deux Mers.<\/p>\n<\/div>\n<\/div>\n\n\n\n<h2 class=\"wp-block-heading\">Die Kanalbr\u00fccke<\/h2>\n\n\n\n<figure data-wp-context=\"{&quot;imageId&quot;:&quot;69f02735d6bc0&quot;}\" data-wp-interactive=\"core\/image\" data-wp-key=\"69f02735d6bc0\" class=\"wp-block-image size-large wp-lightbox-container\"><img loading=\"lazy\" decoding=\"async\" width=\"1024\" height=\"683\" data-wp-class--hide=\"state.isContentHidden\" data-wp-class--show=\"state.isContentVisible\" data-wp-init=\"callbacks.setButtonStyles\" data-wp-on--click=\"actions.showLightbox\" data-wp-on--load=\"callbacks.setButtonStyles\" data-wp-on-window--resize=\"callbacks.setButtonStyles\" src=\"https:\/\/www.villeneuve-les-beziers.fr\/wp-content\/uploads\/2019\/04\/IMG_2116-1024x683.jpg\" alt=\"\" class=\"wp-image-13\" srcset=\"https:\/\/www.villeneuve-les-beziers.fr\/wp-content\/uploads\/2019\/04\/IMG_2116-1024x683.jpg 1024w, https:\/\/www.villeneuve-les-beziers.fr\/wp-content\/uploads\/2019\/04\/IMG_2116-150x100.jpg 150w, https:\/\/www.villeneuve-les-beziers.fr\/wp-content\/uploads\/2019\/04\/IMG_2116-1536x1024.jpg 1536w, https:\/\/www.villeneuve-les-beziers.fr\/wp-content\/uploads\/2019\/04\/IMG_2116-300x200.jpg 300w, https:\/\/www.villeneuve-les-beziers.fr\/wp-content\/uploads\/2019\/04\/IMG_2116-768x512.jpg 768w, https:\/\/www.villeneuve-les-beziers.fr\/wp-content\/uploads\/2019\/04\/IMG_2116.jpg 1800w\" sizes=\"auto, (max-width: 1024px) 100vw, 1024px\" \/><button\n\t\t\tclass=\"lightbox-trigger\"\n\t\t\ttype=\"button\"\n\t\t\taria-haspopup=\"dialog\"\n\t\t\taria-label=\"Vergr\u00f6\u00dfern\"\n\t\t\tdata-wp-init=\"callbacks.initTriggerButton\"\n\t\t\tdata-wp-on--click=\"actions.showLightbox\"\n\t\t\tdata-wp-style--right=\"state.imageButtonRight\"\n\t\t\tdata-wp-style--top=\"state.imageButtonTop\"\n\t\t>\n\t\t\t<svg xmlns=\"http:\/\/www.w3.org\/2000\/svg\" width=\"12\" height=\"12\" fill=\"none\" viewbox=\"0 0 12 12\">\n\t\t\t\t<path fill=\"#fff\" d=\"M2 0a2 2 0 0 0-2 2v2h1.5V2a.5.5 0 0 1 .5-.5h2V0H2Zm2 10.5H2a.5.5 0 0 1-.5-.5V8H0v2a2 2 0 0 0 2 2h2v-1.5ZM8 12v-1.5h2a.5.5 0 0 0 .5-.5V8H12v2a2 2 0 0 1-2 2H8Zm2-12a2 2 0 0 1 2 2v2h-1.5V2a.5.5 0 0 0-.5-.5H8V0h2Z\" \/>\n\t\t\t<\/svg>\n\t\t<\/button><\/figure>\n\n\n\n<p>Die Kanalbr\u00fccke ist der unumg\u00e4ngliche \u00dcbergang zum Zentrum des Dorfes. Sie ist blumengeschm\u00fcckt und versch\u00f6nert und tr\u00e4gt zusammen mit dem Kanal zum Charme von Villeneuve-L\u00e8s-B\u00e9ziers bei.<\/p>","protected":false},"excerpt":{"rendered":"<p>Reliant l&rsquo;oc\u00e9an Atlantique \u00e0 la mer M\u00e9diterran\u00e9e, le Canal Royal des Deux Mers est un ouvrage unique, construit au XVII\u00e8me si\u00e8cle, durant 15 ans, par Paul RIQUET. Class\u00e9 au patrimoine mondial de l&rsquo;UNESCO depuis 1996, il est au coeur de notre village. Aussi, la municipalit\u00e9 porte une attention particuli\u00e8re au fleurissement du Pont Canal, l&rsquo;am\u00e9nagement [&hellip;]<\/p>\n","protected":false},"author":1,"featured_media":19395,"parent":227,"menu_order":0,"comment_status":"closed","ping_status":"closed","template":"","meta":{"footnotes":""},"class_list":["post-2532","page","type-page","status-publish","has-post-thumbnail","hentry"],"_links":{"self":[{"href":"https:\/\/www.villeneuve-les-beziers.fr\/de\/wp-json\/wp\/v2\/pages\/2532","targetHints":{"allow":["GET"]}}],"collection":[{"href":"https:\/\/www.villeneuve-les-beziers.fr\/de\/wp-json\/wp\/v2\/pages"}],"about":[{"href":"https:\/\/www.villeneuve-les-beziers.fr\/de\/wp-json\/wp\/v2\/types\/page"}],"author":[{"embeddable":true,"href":"https:\/\/www.villeneuve-les-beziers.fr\/de\/wp-json\/wp\/v2\/users\/1"}],"replies":[{"embeddable":true,"href":"https:\/\/www.villeneuve-les-beziers.fr\/de\/wp-json\/wp\/v2\/comments?post=2532"}],"version-history":[{"count":2,"href":"https:\/\/www.villeneuve-les-beziers.fr\/de\/wp-json\/wp\/v2\/pages\/2532\/revisions"}],"predecessor-version":[{"id":19513,"href":"https:\/\/www.villeneuve-les-beziers.fr\/de\/wp-json\/wp\/v2\/pages\/2532\/revisions\/19513"}],"up":[{"embeddable":true,"href":"https:\/\/www.villeneuve-les-beziers.fr\/de\/wp-json\/wp\/v2\/pages\/227"}],"wp:featuredmedia":[{"embeddable":true,"href":"https:\/\/www.villeneuve-les-beziers.fr\/de\/wp-json\/wp\/v2\/media\/19395"}],"wp:attachment":[{"href":"https:\/\/www.villeneuve-les-beziers.fr\/de\/wp-json\/wp\/v2\/media?parent=2532"}],"curies":[{"name":"wp","href":"https:\/\/api.w.org\/{rel}","templated":true}]}}