{"id":2570,"date":"2019-05-13T10:43:17","date_gmt":"2019-05-13T08:43:17","guid":{"rendered":"http:\/\/localhost\/?page_id=2570"},"modified":"2024-11-26T00:52:14","modified_gmt":"2024-11-25T23:52:14","slug":"der-turm-des-schlosses","status":"publish","type":"page","link":"https:\/\/www.villeneuve-les-beziers.fr\/de\/decouvrir\/patrimoine\/la-tour-du-chateau\/","title":{"rendered":"Der Turm des Schlosses"},"content":{"rendered":"<p>Der Turm des Schlosses ist ein \u00dcberbleibsel des ehemaligen Wohnsitzes der Herren des Ortes. Das Schloss wurde unter Ludwig XIII. niedergebrannt und nach den Religionskriegen des 16. Jahrhunderts wieder aufgebaut.<\/p>\n\n\n\n<div class=\"wp-block-columns are-vertically-aligned-center is-layout-flex wp-container-core-columns-is-layout-87beb0d0 wp-block-columns-is-layout-flex\">\n<div class=\"wp-block-column is-vertically-aligned-center is-layout-flow wp-block-column-is-layout-flow\" style=\"flex-basis:66.66%\">\n<figure data-wp-context=\"{&quot;imageId&quot;:&quot;69f33b0d5771f&quot;}\" data-wp-interactive=\"core\/image\" data-wp-key=\"69f33b0d5771f\" class=\"wp-block-image size-full wp-lightbox-container\"><img loading=\"lazy\" decoding=\"async\" width=\"960\" height=\"1104\" data-wp-class--hide=\"state.isContentHidden\" data-wp-class--show=\"state.isContentVisible\" data-wp-init=\"callbacks.setButtonStyles\" data-wp-on--click=\"actions.showLightbox\" data-wp-on--load=\"callbacks.setButtonStyles\" data-wp-on-window--resize=\"callbacks.setButtonStyles\" src=\"https:\/\/www.villeneuve-les-beziers.fr\/wp-content\/uploads\/2019\/05\/tour1.jpg\" alt=\"\" class=\"wp-image-2590\" srcset=\"https:\/\/www.villeneuve-les-beziers.fr\/wp-content\/uploads\/2019\/05\/tour1.jpg 960w, https:\/\/www.villeneuve-les-beziers.fr\/wp-content\/uploads\/2019\/05\/tour1-261x300.jpg 261w, https:\/\/www.villeneuve-les-beziers.fr\/wp-content\/uploads\/2019\/05\/tour1-768x883.jpg 768w, https:\/\/www.villeneuve-les-beziers.fr\/wp-content\/uploads\/2019\/05\/tour1-890x1024.jpg 890w\" sizes=\"auto, (max-width: 960px) 100vw, 960px\" \/><button\n\t\t\tclass=\"lightbox-trigger\"\n\t\t\ttype=\"button\"\n\t\t\taria-haspopup=\"dialog\"\n\t\t\taria-label=\"Vergr\u00f6\u00dfern\"\n\t\t\tdata-wp-init=\"callbacks.initTriggerButton\"\n\t\t\tdata-wp-on--click=\"actions.showLightbox\"\n\t\t\tdata-wp-style--right=\"state.imageButtonRight\"\n\t\t\tdata-wp-style--top=\"state.imageButtonTop\"\n\t\t>\n\t\t\t<svg xmlns=\"http:\/\/www.w3.org\/2000\/svg\" width=\"12\" height=\"12\" fill=\"none\" viewbox=\"0 0 12 12\">\n\t\t\t\t<path fill=\"#fff\" d=\"M2 0a2 2 0 0 0-2 2v2h1.5V2a.5.5 0 0 1 .5-.5h2V0H2Zm2 10.5H2a.5.5 0 0 1-.5-.5V8H0v2a2 2 0 0 0 2 2h2v-1.5ZM8 12v-1.5h2a.5.5 0 0 0 .5-.5V8H12v2a2 2 0 0 1-2 2H8Zm2-12a2 2 0 0 1 2 2v2h-1.5V2a.5.5 0 0 0-.5-.5H8V0h2Z\" \/>\n\t\t\t<\/svg>\n\t\t<\/button><\/figure>\n<\/div>\n\n\n\n<div class=\"wp-block-column is-vertically-aligned-center is-layout-flow wp-block-column-is-layout-flow\" style=\"flex-basis:33.33%\">\n<p>Das Schloss befand sich sowohl in katholischer als auch in protestantischer Hand und wurde schlie\u00dflich 1581 an die Familie de Villeneuve zur\u00fcckgegeben. Die Familie Brunet, Marquis de Villeneuve besa\u00df das Schloss bis zum 18. Februar 1862, als der letzte Nachkomme der Familie das Schloss an Philippe Pons de Villeneuve verkaufte.<\/p>\n\n\n\n<p>Am 23. Juli 1913 ging es in den Besitz von Marie-Joseph Louis Pons, Graf von Villeneuve und Leutnant des 10. Dragonerregiments von Montauban, \u00fcber. Danach wurde es, mit Ausnahme des Nordturms und des gegen\u00fcberliegenden Grundst\u00fccks, an die Gemeinde Villeneuve, vertreten durch den B\u00fcrgermeister Louis Peyrou, verkauft. Da das Schloss bauf\u00e4llig wurde, wurde es 1925 abgerissen. Sp\u00e4ter schenkte der Graf von Villeneuve den Turm (letzter \u00dcberrest des Schlosses) und das Grundst\u00fcck der Gemeinde unter der Bedingung, dass er erhalten und gepflegt werden sollte. Das Wort wurde gehalten und der restaurierte Turm wird nun von der Gemeinde gepflegt.<\/p>\n<\/div>\n<\/div>\n\n\n\n<figure data-wp-context=\"{&quot;imageId&quot;:&quot;69f33b0d5858f&quot;}\" data-wp-interactive=\"core\/image\" data-wp-key=\"69f33b0d5858f\" class=\"wp-block-image size-full wp-lightbox-container\"><img loading=\"lazy\" decoding=\"async\" width=\"791\" height=\"505\" data-wp-class--hide=\"state.isContentHidden\" data-wp-class--show=\"state.isContentVisible\" data-wp-init=\"callbacks.setButtonStyles\" data-wp-on--click=\"actions.showLightbox\" data-wp-on--load=\"callbacks.setButtonStyles\" data-wp-on-window--resize=\"callbacks.setButtonStyles\" src=\"https:\/\/www.villeneuve-les-beziers.fr\/wp-content\/uploads\/2019\/05\/chanteauancien.jpg\" alt=\"\" class=\"wp-image-2586\" srcset=\"https:\/\/www.villeneuve-les-beziers.fr\/wp-content\/uploads\/2019\/05\/chanteauancien.jpg 791w, https:\/\/www.villeneuve-les-beziers.fr\/wp-content\/uploads\/2019\/05\/chanteauancien-150x96.jpg 150w, https:\/\/www.villeneuve-les-beziers.fr\/wp-content\/uploads\/2019\/05\/chanteauancien-300x192.jpg 300w, https:\/\/www.villeneuve-les-beziers.fr\/wp-content\/uploads\/2019\/05\/chanteauancien-768x490.jpg 768w\" sizes=\"auto, (max-width: 791px) 100vw, 791px\" \/><button\n\t\t\tclass=\"lightbox-trigger\"\n\t\t\ttype=\"button\"\n\t\t\taria-haspopup=\"dialog\"\n\t\t\taria-label=\"Vergr\u00f6\u00dfern\"\n\t\t\tdata-wp-init=\"callbacks.initTriggerButton\"\n\t\t\tdata-wp-on--click=\"actions.showLightbox\"\n\t\t\tdata-wp-style--right=\"state.imageButtonRight\"\n\t\t\tdata-wp-style--top=\"state.imageButtonTop\"\n\t\t>\n\t\t\t<svg xmlns=\"http:\/\/www.w3.org\/2000\/svg\" width=\"12\" height=\"12\" fill=\"none\" viewbox=\"0 0 12 12\">\n\t\t\t\t<path fill=\"#fff\" d=\"M2 0a2 2 0 0 0-2 2v2h1.5V2a.5.5 0 0 1 .5-.5h2V0H2Zm2 10.5H2a.5.5 0 0 1-.5-.5V8H0v2a2 2 0 0 0 2 2h2v-1.5ZM8 12v-1.5h2a.5.5 0 0 0 .5-.5V8H12v2a2 2 0 0 1-2 2H8Zm2-12a2 2 0 0 1 2 2v2h-1.5V2a.5.5 0 0 0-.5-.5H8V0h2Z\" \/>\n\t\t\t<\/svg>\n\t\t<\/button><\/figure>\n\n\n\n<h2 class=\"wp-block-heading\">Die Stadtmauern<\/h2>\n\n\n\n<p>Eine Mauer aus schwarzem Stein umgab das Dorf. Um 990 bestand der Ring aus zwei Mauern und wurde 1336 wieder instand gesetzt, um gegen Eindringlinge zu k\u00e4mpfen. Unterirdische G\u00e4nge f\u00fchrten vom Burgturm in die Ebene. Es gab das Empayral-Tor im Norden und das d'Orb-Tor im S\u00fcden. Heute kann man noch einige \u00dcberreste dieser Mauer sehen.<\/p>\n\n\n\n<figure data-wp-context=\"{&quot;imageId&quot;:&quot;69f33b0d587bc&quot;}\" data-wp-interactive=\"core\/image\" data-wp-key=\"69f33b0d587bc\" class=\"wp-block-image size-large wp-lightbox-container\"><img loading=\"lazy\" decoding=\"async\" width=\"1024\" height=\"683\" data-wp-class--hide=\"state.isContentHidden\" data-wp-class--show=\"state.isContentVisible\" data-wp-init=\"callbacks.setButtonStyles\" data-wp-on--click=\"actions.showLightbox\" data-wp-on--load=\"callbacks.setButtonStyles\" data-wp-on-window--resize=\"callbacks.setButtonStyles\" src=\"https:\/\/www.villeneuve-les-beziers.fr\/wp-content\/uploads\/2019\/05\/rempart-1024x683.jpg\" alt=\"\" class=\"wp-image-2592\" srcset=\"https:\/\/www.villeneuve-les-beziers.fr\/wp-content\/uploads\/2019\/05\/rempart-1024x683.jpg 1024w, https:\/\/www.villeneuve-les-beziers.fr\/wp-content\/uploads\/2019\/05\/rempart-300x200.jpg 300w, https:\/\/www.villeneuve-les-beziers.fr\/wp-content\/uploads\/2019\/05\/rempart-768x512.jpg 768w\" sizes=\"auto, (max-width: 1024px) 100vw, 1024px\" \/><button\n\t\t\tclass=\"lightbox-trigger\"\n\t\t\ttype=\"button\"\n\t\t\taria-haspopup=\"dialog\"\n\t\t\taria-label=\"Vergr\u00f6\u00dfern\"\n\t\t\tdata-wp-init=\"callbacks.initTriggerButton\"\n\t\t\tdata-wp-on--click=\"actions.showLightbox\"\n\t\t\tdata-wp-style--right=\"state.imageButtonRight\"\n\t\t\tdata-wp-style--top=\"state.imageButtonTop\"\n\t\t>\n\t\t\t<svg xmlns=\"http:\/\/www.w3.org\/2000\/svg\" width=\"12\" height=\"12\" fill=\"none\" viewbox=\"0 0 12 12\">\n\t\t\t\t<path fill=\"#fff\" d=\"M2 0a2 2 0 0 0-2 2v2h1.5V2a.5.5 0 0 1 .5-.5h2V0H2Zm2 10.5H2a.5.5 0 0 1-.5-.5V8H0v2a2 2 0 0 0 2 2h2v-1.5ZM8 12v-1.5h2a.5.5 0 0 0 .5-.5V8H12v2a2 2 0 0 1-2 2H8Zm2-12a2 2 0 0 1 2 2v2h-1.5V2a.5.5 0 0 0-.5-.5H8V0h2Z\" \/>\n\t\t\t<\/svg>\n\t\t<\/button><\/figure>","protected":false},"excerpt":{"rendered":"<p>La Tour du Ch\u00e2teau est le vestige de l&rsquo;ancienne demeure des seigneurs du lieu. Le ch\u00e2teau a \u00e9t\u00e9 br\u00fbl\u00e9 sous Louis XIII puis reconstruit apr\u00e8s les guerres de religion du XVI\u00e8me si\u00e8cle. Tant\u00f4t entre les mains des Catholiques ou des Protestants, le ch\u00e2teau fut finalement rendu en 1581, \u00e0 la famille de Villeneuve. La famille [&hellip;]<\/p>\n","protected":false},"author":1,"featured_media":2586,"parent":227,"menu_order":0,"comment_status":"closed","ping_status":"closed","template":"","meta":{"footnotes":""},"class_list":["post-2570","page","type-page","status-publish","has-post-thumbnail","hentry"],"_links":{"self":[{"href":"https:\/\/www.villeneuve-les-beziers.fr\/de\/wp-json\/wp\/v2\/pages\/2570","targetHints":{"allow":["GET"]}}],"collection":[{"href":"https:\/\/www.villeneuve-les-beziers.fr\/de\/wp-json\/wp\/v2\/pages"}],"about":[{"href":"https:\/\/www.villeneuve-les-beziers.fr\/de\/wp-json\/wp\/v2\/types\/page"}],"author":[{"embeddable":true,"href":"https:\/\/www.villeneuve-les-beziers.fr\/de\/wp-json\/wp\/v2\/users\/1"}],"replies":[{"embeddable":true,"href":"https:\/\/www.villeneuve-les-beziers.fr\/de\/wp-json\/wp\/v2\/comments?post=2570"}],"version-history":[{"count":1,"href":"https:\/\/www.villeneuve-les-beziers.fr\/de\/wp-json\/wp\/v2\/pages\/2570\/revisions"}],"predecessor-version":[{"id":19511,"href":"https:\/\/www.villeneuve-les-beziers.fr\/de\/wp-json\/wp\/v2\/pages\/2570\/revisions\/19511"}],"up":[{"embeddable":true,"href":"https:\/\/www.villeneuve-les-beziers.fr\/de\/wp-json\/wp\/v2\/pages\/227"}],"wp:featuredmedia":[{"embeddable":true,"href":"https:\/\/www.villeneuve-les-beziers.fr\/de\/wp-json\/wp\/v2\/media\/2586"}],"wp:attachment":[{"href":"https:\/\/www.villeneuve-les-beziers.fr\/de\/wp-json\/wp\/v2\/media?parent=2570"}],"curies":[{"name":"wp","href":"https:\/\/api.w.org\/{rel}","templated":true}]}}