{"id":204,"date":"2019-04-10T11:50:19","date_gmt":"2019-04-10T09:50:19","guid":{"rendered":"http:\/\/localhost\/?page_id=204"},"modified":"2026-04-24T10:21:58","modified_gmt":"2026-04-24T08:21:58","slug":"town-planning","status":"publish","type":"page","link":"https:\/\/www.villeneuve-les-beziers.fr\/en\/vie-pratique\/urbanisme\/","title":{"rendered":"Town planning"},"content":{"rendered":"<div class=\"wp-block-group has-global-padding is-layout-constrained wp-container-core-group-is-layout-e0082cf6 wp-block-group-is-layout-constrained\">\n<p class=\"has-text-align-center is-style-text-subtitle is-style-text-subtitle--1\">The town planning department can provide you with information and support for your property projects.<\/p>\n\n\n\n<p class=\"has-text-align-center\">Town Planning Department - H\u00f4tel de Ville, 1 rue de la Marianne, 34420 Villeneuve-l\u00e8s-B\u00e9ziers<\/p>\n\n\n\n<p class=\"has-text-align-center\">Tel: 04 67 39 47 80 - Email:&nbsp;<a style=\"font-size: 14px; color: #006fa3;\" href=\"mailto:urbanisme@villeneuve-les-beziers.fr\">urbanisme@villeneuve-les-beziers.fr<\/a><\/p>\n<\/div>\n\n\n\n<div class=\"wp-block-group is-style-section-1 has-global-padding is-layout-constrained wp-container-core-group-is-layout-7ececc86 wp-block-group-is-layout-constrained is-style-section-1--2\" style=\"margin-top:var(--wp--preset--spacing--50);margin-bottom:var(--wp--preset--spacing--50);padding-top:var(--wp--preset--spacing--30);padding-right:var(--wp--preset--spacing--30);padding-bottom:var(--wp--preset--spacing--30);padding-left:var(--wp--preset--spacing--30)\">\n<h2 class=\"wp-block-heading has-text-align-center\">Related pages<\/h2>\n\n\n\n<div class=\"wp-block-query is-layout-flow wp-block-query-is-layout-flow\"><ul class=\"columns-3 wp-block-post-template is-layout-grid wp-container-core-post-template-is-layout-572542b5 wp-block-post-template-is-layout-grid\"><li class=\"wp-block-post post-5777 page type-page status-publish has-post-thumbnail hentry\">\n\n<div class=\"wp-block-group has-global-padding is-layout-constrained wp-container-core-group-is-layout-69fdc361 wp-block-group-is-layout-constrained\" style=\"border-radius:32px;padding-top:0;padding-right:0;padding-bottom:var(--wp--preset--spacing--20);padding-left:0;box-shadow:var(--wp--preset--shadow--natural)\"><figure style=\"aspect-ratio:16\/9;\" class=\"wp-block-post-featured-image\"><a href=\"https:\/\/www.villeneuve-les-beziers.fr\/en\/vie-pratique\/urbanisme\/avis-de-participation-du-public-par-voie-electronique\/\" target=\"_self\"  ><img loading=\"lazy\" decoding=\"async\" width=\"640\" height=\"340\" src=\"https:\/\/www.villeneuve-les-beziers.fr\/wp-content\/uploads\/2019\/10\/urbanisme_cerfa.jpg\" class=\"attachment-post-thumbnail size-post-thumbnail wp-post-image\" alt=\"Notice of electronic public participation\" style=\"width:100%;height:100%;object-fit:cover;\" srcset=\"https:\/\/www.villeneuve-les-beziers.fr\/wp-content\/uploads\/2019\/10\/urbanisme_cerfa.jpg 640w, https:\/\/www.villeneuve-les-beziers.fr\/wp-content\/uploads\/2019\/10\/urbanisme_cerfa-150x80.jpg 150w, https:\/\/www.villeneuve-les-beziers.fr\/wp-content\/uploads\/2019\/10\/urbanisme_cerfa-300x159.jpg 300w\" sizes=\"auto, (max-width: 640px) 100vw, 640px\" \/><\/a><\/figure>\n\n<h3 class=\"has-text-align-center wp-block-post-title has-large-font-size\"><a href=\"https:\/\/www.villeneuve-les-beziers.fr\/en\/vie-pratique\/urbanisme\/avis-de-participation-du-public-par-voie-electronique\/\" target=\"_self\" >Notice of electronic public participation<\/a><\/h3><\/div>\n\n<\/li><li class=\"wp-block-post post-6714 page type-page status-publish has-post-thumbnail hentry\">\n\n<div class=\"wp-block-group has-global-padding is-layout-constrained wp-container-core-group-is-layout-69fdc361 wp-block-group-is-layout-constrained\" style=\"border-radius:32px;padding-top:0;padding-right:0;padding-bottom:var(--wp--preset--spacing--20);padding-left:0;box-shadow:var(--wp--preset--shadow--natural)\"><figure style=\"aspect-ratio:16\/9;\" class=\"wp-block-post-featured-image\"><a href=\"https:\/\/www.villeneuve-les-beziers.fr\/en\/vie-pratique\/urbanisme\/consultation-du-cadastre\/\" target=\"_self\"  ><img loading=\"lazy\" decoding=\"async\" width=\"300\" height=\"169\" src=\"https:\/\/www.villeneuve-les-beziers.fr\/wp-content\/uploads\/2024\/11\/cadastre.png\" class=\"attachment-post-thumbnail size-post-thumbnail wp-post-image\" alt=\"Land registry consultation\" style=\"width:100%;height:100%;object-fit:cover;\" srcset=\"https:\/\/www.villeneuve-les-beziers.fr\/wp-content\/uploads\/2024\/11\/cadastre.png 300w, https:\/\/www.villeneuve-les-beziers.fr\/wp-content\/uploads\/2024\/11\/cadastre-150x85.png 150w\" sizes=\"auto, (max-width: 300px) 100vw, 300px\" \/><\/a><\/figure>\n\n<h3 class=\"has-text-align-center wp-block-post-title has-large-font-size\"><a href=\"https:\/\/www.villeneuve-les-beziers.fr\/en\/vie-pratique\/urbanisme\/consultation-du-cadastre\/\" target=\"_self\" >Land registry consultation<\/a><\/h3><\/div>\n\n<\/li><li class=\"wp-block-post post-833 page type-page status-publish has-post-thumbnail hentry\">\n\n<div class=\"wp-block-group has-global-padding is-layout-constrained wp-container-core-group-is-layout-69fdc361 wp-block-group-is-layout-constrained\" style=\"border-radius:32px;padding-top:0;padding-right:0;padding-bottom:var(--wp--preset--spacing--20);padding-left:0;box-shadow:var(--wp--preset--shadow--natural)\"><figure style=\"aspect-ratio:16\/9;\" class=\"wp-block-post-featured-image\"><a href=\"https:\/\/www.villeneuve-les-beziers.fr\/en\/vie-pratique\/urbanisme\/demarches-durbanisme\/\" target=\"_self\"  ><img loading=\"lazy\" decoding=\"async\" width=\"640\" height=\"340\" src=\"https:\/\/www.villeneuve-les-beziers.fr\/wp-content\/uploads\/2019\/10\/urbanisme_cerfa.jpg\" class=\"attachment-post-thumbnail size-post-thumbnail wp-post-image\" alt=\"Planning procedures\" style=\"width:100%;height:100%;object-fit:cover;\" srcset=\"https:\/\/www.villeneuve-les-beziers.fr\/wp-content\/uploads\/2019\/10\/urbanisme_cerfa.jpg 640w, https:\/\/www.villeneuve-les-beziers.fr\/wp-content\/uploads\/2019\/10\/urbanisme_cerfa-150x80.jpg 150w, https:\/\/www.villeneuve-les-beziers.fr\/wp-content\/uploads\/2019\/10\/urbanisme_cerfa-300x159.jpg 300w\" sizes=\"auto, (max-width: 640px) 100vw, 640px\" \/><\/a><\/figure>\n\n<h3 class=\"has-text-align-center wp-block-post-title has-large-font-size\"><a href=\"https:\/\/www.villeneuve-les-beziers.fr\/en\/vie-pratique\/urbanisme\/demarches-durbanisme\/\" target=\"_self\" >Planning procedures<\/a><\/h3><\/div>\n\n<\/li><li class=\"wp-block-post post-6558 page type-page status-publish has-post-thumbnail hentry\">\n\n<div class=\"wp-block-group has-global-padding is-layout-constrained wp-container-core-group-is-layout-69fdc361 wp-block-group-is-layout-constrained\" style=\"border-radius:32px;padding-top:0;padding-right:0;padding-bottom:var(--wp--preset--spacing--20);padding-left:0;box-shadow:var(--wp--preset--shadow--natural)\"><figure style=\"aspect-ratio:16\/9;\" class=\"wp-block-post-featured-image\"><a href=\"https:\/\/www.villeneuve-les-beziers.fr\/en\/vie-pratique\/urbanisme\/dematerialisation-des-dossiers-durbanisme\/\" target=\"_self\"  ><img loading=\"lazy\" decoding=\"async\" width=\"3608\" height=\"1528\" src=\"https:\/\/www.villeneuve-les-beziers.fr\/wp-content\/uploads\/2021\/12\/dematurba.png\" class=\"attachment-post-thumbnail size-post-thumbnail wp-post-image\" alt=\"Dematerialisation of town planning files\" style=\"width:100%;height:100%;object-fit:cover;\" srcset=\"https:\/\/www.villeneuve-les-beziers.fr\/wp-content\/uploads\/2021\/12\/dematurba.png 3608w, https:\/\/www.villeneuve-les-beziers.fr\/wp-content\/uploads\/2021\/12\/dematurba-150x64.png 150w, https:\/\/www.villeneuve-les-beziers.fr\/wp-content\/uploads\/2021\/12\/dematurba-300x127.png 300w, https:\/\/www.villeneuve-les-beziers.fr\/wp-content\/uploads\/2021\/12\/dematurba-768x325.png 768w, https:\/\/www.villeneuve-les-beziers.fr\/wp-content\/uploads\/2021\/12\/dematurba-1024x434.png 1024w, https:\/\/www.villeneuve-les-beziers.fr\/wp-content\/uploads\/2021\/12\/dematurba-1536x651.png 1536w, https:\/\/www.villeneuve-les-beziers.fr\/wp-content\/uploads\/2021\/12\/dematurba-2048x867.png 2048w\" sizes=\"auto, (max-width: 3608px) 100vw, 3608px\" \/><\/a><\/figure>\n\n<h3 class=\"has-text-align-center wp-block-post-title has-large-font-size\"><a href=\"https:\/\/www.villeneuve-les-beziers.fr\/en\/vie-pratique\/urbanisme\/dematerialisation-des-dossiers-durbanisme\/\" target=\"_self\" >Dematerialisation of town planning files<\/a><\/h3><\/div>\n\n<\/li><li class=\"wp-block-post post-3869 page type-page status-publish has-post-thumbnail hentry\">\n\n<div class=\"wp-block-group has-global-padding is-layout-constrained wp-container-core-group-is-layout-69fdc361 wp-block-group-is-layout-constrained\" style=\"border-radius:32px;padding-top:0;padding-right:0;padding-bottom:var(--wp--preset--spacing--20);padding-left:0;box-shadow:var(--wp--preset--shadow--natural)\"><figure style=\"aspect-ratio:16\/9;\" class=\"wp-block-post-featured-image\"><a href=\"https:\/\/www.villeneuve-les-beziers.fr\/en\/vie-pratique\/urbanisme\/permis-de-louer\/\" target=\"_self\"  ><img loading=\"lazy\" decoding=\"async\" width=\"2408\" height=\"1694\" src=\"https:\/\/www.villeneuve-les-beziers.fr\/wp-content\/uploads\/2021\/05\/Capture-decran-2021-05-20-a-15.56.17.png\" class=\"attachment-post-thumbnail size-post-thumbnail wp-post-image\" alt=\"Permits to rent\" style=\"width:100%;height:100%;object-fit:cover;\" srcset=\"https:\/\/www.villeneuve-les-beziers.fr\/wp-content\/uploads\/2021\/05\/Capture-decran-2021-05-20-a-15.56.17.png 2408w, https:\/\/www.villeneuve-les-beziers.fr\/wp-content\/uploads\/2021\/05\/Capture-decran-2021-05-20-a-15.56.17-150x106.png 150w, https:\/\/www.villeneuve-les-beziers.fr\/wp-content\/uploads\/2021\/05\/Capture-decran-2021-05-20-a-15.56.17-300x211.png 300w, https:\/\/www.villeneuve-les-beziers.fr\/wp-content\/uploads\/2021\/05\/Capture-decran-2021-05-20-a-15.56.17-768x540.png 768w, https:\/\/www.villeneuve-les-beziers.fr\/wp-content\/uploads\/2021\/05\/Capture-decran-2021-05-20-a-15.56.17-1024x720.png 1024w, https:\/\/www.villeneuve-les-beziers.fr\/wp-content\/uploads\/2021\/05\/Capture-decran-2021-05-20-a-15.56.17-1536x1081.png 1536w, https:\/\/www.villeneuve-les-beziers.fr\/wp-content\/uploads\/2021\/05\/Capture-decran-2021-05-20-a-15.56.17-2048x1441.png 2048w\" sizes=\"auto, (max-width: 2408px) 100vw, 2408px\" \/><\/a><\/figure>\n\n<h3 class=\"has-text-align-center wp-block-post-title has-large-font-size\"><a href=\"https:\/\/www.villeneuve-les-beziers.fr\/en\/vie-pratique\/urbanisme\/permis-de-louer\/\" target=\"_self\" >Permits to rent<\/a><\/h3><\/div>\n\n<\/li><li class=\"wp-block-post post-6737 page type-page status-publish has-post-thumbnail hentry\">\n\n<div class=\"wp-block-group has-global-padding is-layout-constrained wp-container-core-group-is-layout-69fdc361 wp-block-group-is-layout-constrained\" style=\"border-radius:32px;padding-top:0;padding-right:0;padding-bottom:var(--wp--preset--spacing--20);padding-left:0;box-shadow:var(--wp--preset--shadow--natural)\"><figure style=\"aspect-ratio:16\/9;\" class=\"wp-block-post-featured-image\"><a href=\"https:\/\/www.villeneuve-les-beziers.fr\/en\/vie-pratique\/urbanisme\/plan-de-prevention-des-risques-dinondations\/\" target=\"_self\"  ><img loading=\"lazy\" decoding=\"async\" width=\"870\" height=\"489\" src=\"https:\/\/www.villeneuve-les-beziers.fr\/wp-content\/uploads\/2019\/10\/870x489_maxnewsworldtwo137709.jpg\" class=\"attachment-post-thumbnail size-post-thumbnail wp-post-image\" alt=\"Flood Risk Prevention Plan\" style=\"width:100%;height:100%;object-fit:cover;\" srcset=\"https:\/\/www.villeneuve-les-beziers.fr\/wp-content\/uploads\/2019\/10\/870x489_maxnewsworldtwo137709.jpg 870w, https:\/\/www.villeneuve-les-beziers.fr\/wp-content\/uploads\/2019\/10\/870x489_maxnewsworldtwo137709-150x84.jpg 150w, https:\/\/www.villeneuve-les-beziers.fr\/wp-content\/uploads\/2019\/10\/870x489_maxnewsworldtwo137709-300x169.jpg 300w, https:\/\/www.villeneuve-les-beziers.fr\/wp-content\/uploads\/2019\/10\/870x489_maxnewsworldtwo137709-768x432.jpg 768w\" sizes=\"auto, (max-width: 870px) 100vw, 870px\" \/><\/a><\/figure>\n\n<h3 class=\"has-text-align-center wp-block-post-title has-large-font-size\"><a href=\"https:\/\/www.villeneuve-les-beziers.fr\/en\/vie-pratique\/urbanisme\/plan-de-prevention-des-risques-dinondations\/\" target=\"_self\" >Flood Risk Prevention Plan<\/a><\/h3><\/div>\n\n<\/li><li class=\"wp-block-post post-818 page type-page status-publish has-post-thumbnail hentry\">\n\n<div class=\"wp-block-group has-global-padding is-layout-constrained wp-container-core-group-is-layout-69fdc361 wp-block-group-is-layout-constrained\" style=\"border-radius:32px;padding-top:0;padding-right:0;padding-bottom:var(--wp--preset--spacing--20);padding-left:0;box-shadow:var(--wp--preset--shadow--natural)\"><figure style=\"aspect-ratio:16\/9;\" class=\"wp-block-post-featured-image\"><a href=\"https:\/\/www.villeneuve-les-beziers.fr\/en\/vie-pratique\/urbanisme\/plan-local-durbanisme-plu\/\" target=\"_self\"  ><img loading=\"lazy\" decoding=\"async\" width=\"2560\" height=\"1917\" src=\"https:\/\/www.villeneuve-les-beziers.fr\/wp-content\/uploads\/2020\/03\/DJI_0077-scaled.jpg\" class=\"attachment-post-thumbnail size-post-thumbnail wp-post-image\" alt=\"Local urban development plan\" style=\"width:100%;height:100%;object-fit:cover;\" srcset=\"https:\/\/www.villeneuve-les-beziers.fr\/wp-content\/uploads\/2020\/03\/DJI_0077-scaled.jpg 2560w, https:\/\/www.villeneuve-les-beziers.fr\/wp-content\/uploads\/2020\/03\/DJI_0077-150x112.jpg 150w, https:\/\/www.villeneuve-les-beziers.fr\/wp-content\/uploads\/2020\/03\/DJI_0077-300x225.jpg 300w, https:\/\/www.villeneuve-les-beziers.fr\/wp-content\/uploads\/2020\/03\/DJI_0077-768x575.jpg 768w, https:\/\/www.villeneuve-les-beziers.fr\/wp-content\/uploads\/2020\/03\/DJI_0077-1024x767.jpg 1024w, https:\/\/www.villeneuve-les-beziers.fr\/wp-content\/uploads\/2020\/03\/DJI_0077-1536x1150.jpg 1536w, https:\/\/www.villeneuve-les-beziers.fr\/wp-content\/uploads\/2020\/03\/DJI_0077-2048x1534.jpg 2048w\" sizes=\"auto, (max-width: 2560px) 100vw, 2560px\" \/><\/a><\/figure>\n\n<h3 class=\"has-text-align-center wp-block-post-title has-large-font-size\"><a href=\"https:\/\/www.villeneuve-les-beziers.fr\/en\/vie-pratique\/urbanisme\/plan-local-durbanisme-plu\/\" target=\"_self\" >Local urban development plan<\/a><\/h3><\/div>\n\n<\/li><li class=\"wp-block-post post-6819 page type-page status-publish has-post-thumbnail hentry\">\n\n<div class=\"wp-block-group has-global-padding is-layout-constrained wp-container-core-group-is-layout-69fdc361 wp-block-group-is-layout-constrained\" style=\"border-radius:32px;padding-top:0;padding-right:0;padding-bottom:var(--wp--preset--spacing--20);padding-left:0;box-shadow:var(--wp--preset--shadow--natural)\"><figure style=\"aspect-ratio:16\/9;\" class=\"wp-block-post-featured-image\"><a href=\"https:\/\/www.villeneuve-les-beziers.fr\/en\/vie-pratique\/urbanisme\/revision-du-plu\/\" target=\"_self\"  ><img loading=\"lazy\" decoding=\"async\" width=\"1348\" height=\"688\" src=\"https:\/\/www.villeneuve-les-beziers.fr\/wp-content\/uploads\/2022\/04\/Capture-decran-2022-04-05-a-15.16.02-1.png\" class=\"attachment-post-thumbnail size-post-thumbnail wp-post-image\" alt=\"General review of the PLU\" style=\"width:100%;height:100%;object-fit:cover;\" srcset=\"https:\/\/www.villeneuve-les-beziers.fr\/wp-content\/uploads\/2022\/04\/Capture-decran-2022-04-05-a-15.16.02-1.png 1348w, https:\/\/www.villeneuve-les-beziers.fr\/wp-content\/uploads\/2022\/04\/Capture-decran-2022-04-05-a-15.16.02-1-150x77.png 150w, https:\/\/www.villeneuve-les-beziers.fr\/wp-content\/uploads\/2022\/04\/Capture-decran-2022-04-05-a-15.16.02-1-300x153.png 300w, https:\/\/www.villeneuve-les-beziers.fr\/wp-content\/uploads\/2022\/04\/Capture-decran-2022-04-05-a-15.16.02-1-768x392.png 768w, https:\/\/www.villeneuve-les-beziers.fr\/wp-content\/uploads\/2022\/04\/Capture-decran-2022-04-05-a-15.16.02-1-1024x523.png 1024w\" sizes=\"auto, (max-width: 1348px) 100vw, 1348px\" \/><\/a><\/figure>\n\n<h3 class=\"has-text-align-center wp-block-post-title has-large-font-size\"><a href=\"https:\/\/www.villeneuve-les-beziers.fr\/en\/vie-pratique\/urbanisme\/revision-du-plu\/\" target=\"_self\" >General review of the PLU<\/a><\/h3><\/div>\n\n<\/li><\/ul><\/div>\n<\/div>\n\n\n\n<div class=\"wp-block-group is-style-section-1 has-global-padding is-layout-constrained wp-container-core-group-is-layout-cc9ecf56 wp-block-group-is-layout-constrained is-style-section-1--3\" style=\"margin-top:var(--wp--preset--spacing--50);margin-bottom:var(--wp--preset--spacing--50);padding-top:var(--wp--preset--spacing--50);padding-right:var(--wp--preset--spacing--50);padding-bottom:var(--wp--preset--spacing--50);padding-left:var(--wp--preset--spacing--50)\">\n<h2 class=\"wp-block-heading has-text-align-center\">Electronic applications for planning permission<\/h2>\n\n\n\n<figure class=\"wp-block-image\"><a href=\"https:\/\/gnau.beziers-mediterranee.fr\/gnau\/#\/\" target=\"_blank\" rel=\"noopener noreferrer nofollow\"><img decoding=\"async\" src=\"https:\/\/www.villeneuve-les-beziers.fr\/wp-content\/uploads\/2024\/11\/GNAU.jpg\" alt=\"\"\/><\/a><\/figure>\n\n\n\n<div class=\"wp-block-buttons is-content-justification-center is-layout-flex wp-container-core-buttons-is-layout-a89b3969 wp-block-buttons-is-layout-flex\">\n<div class=\"wp-block-button\"><a class=\"wp-block-button__link wp-element-button\" href=\"https:\/\/gnau.beziers-mediterranee.fr\/gnau\/\" target=\"_blank\" rel=\"noopener noreferrer nofollow\">Access the teleservice<\/a><\/div>\n<\/div>\n\n\n\n<div class=\"wp-block-file\" style=\"padding-right:0;padding-left:0\"><a id=\"wp-block-file--media-df8e5f56-b3c6-4b3d-b0fd-163e87980623\" href=\"https:\/\/www.villeneuve-les-beziers.fr\/wp-content\/uploads\/2024\/07\/Guide_du_Guichet_Numerique_des_Autorisations_dUrbanisme_en_4_etapes.pdf\">4-step guide to the Guichet Num\u00e9rique for planning permission<\/a><a href=\"https:\/\/www.villeneuve-les-beziers.fr\/wp-content\/uploads\/2024\/07\/Guide_du_Guichet_Numerique_des_Autorisations_dUrbanisme_en_4_etapes.pdf\" class=\"wp-block-file__button wp-element-button\" aria-describedby=\"wp-block-file--media-df8e5f56-b3c6-4b3d-b0fd-163e87980623\" download>Download<\/a><\/div>\n\n\n\n<p>Since 1 January 2022, we have been ready to receive your applications quickly and easily. You will need to identify the official Cerfa that you will need to select in the submission portal. You can access the Cerfa from the&nbsp;<a style=\"font-size: 16px; color: var(--pdv-primary); text-decoration-line: underline; transition-duration: 0.35s; transition-timing-function: ease-in-out;\" href=\"https:\/\/www.service-public.fr\/particuliers\/vosdroits\/R52221\" target=\"_blank\" rel=\"noreferrer noopener\">public service<\/a>.<\/p>\n\n\n\n<p><strong>IMPORTANT: If you make a mistake in filling in the form, forget to submit a document or submit the wrong document (etc...), the application cannot be amended without the intervention of the instructing officer. Please do not submit a new application and send an e-mail to the Planning Department mentioning the errors.<\/strong><\/p>\n\n\n\n<p>Also, in the event of an unintentional error (e.g. submitting a file twice), you can request that your file be withdrawn. See procedure here: <a href=\"https:\/\/gnau.beziers-mediterranee.fr\/gnau\/fichiers\/05_DEMANDER_SUPPRESSION_DOSSIER.pdf\" target=\"_blank\" rel=\"noopener noreferrer nofollow\">https:\/\/gnau.beziers-mediterranee.fr\/gnau\/fichiers\/05_DEMANDER_SUPPRESSION_DOSSIER.pdf<\/a><\/p>\n\n\n\n<p>Pursuant to Article<strong>&nbsp;L.112-9 of the Code of relations between the public and the administration<\/strong>, However, the setting up of this teleservice excludes any other electronic submission method.<\/p>\n<\/div>\n\n\n\n<div class=\"wp-block-group is-style-section-1 has-global-padding is-layout-constrained wp-container-core-group-is-layout-cc9ecf56 wp-block-group-is-layout-constrained is-style-section-1--4\" style=\"margin-top:var(--wp--preset--spacing--50);margin-bottom:var(--wp--preset--spacing--50);padding-top:var(--wp--preset--spacing--50);padding-right:var(--wp--preset--spacing--50);padding-bottom:var(--wp--preset--spacing--50);padding-left:var(--wp--preset--spacing--50)\">\n<h2 class=\"wp-block-heading has-text-align-center\">Local Town Planning Scheme (PLU)<\/h2>\n\n\n\n<figure class=\"wp-block-image aligncenter\"><a href=\"https:\/\/www.geoportail-urbanisme.gouv.fr\/\" target=\"_blank\" rel=\"noopener noreferrer nofollow\"><img decoding=\"async\" src=\"https:\/\/www.villeneuve-les-beziers.fr\/wp-content\/uploads\/2024\/11\/geoportailurba.jpg\" alt=\"\"\/><\/a><\/figure>\n\n\n\n<div class=\"wp-block-buttons is-content-justification-center is-layout-flex wp-container-core-buttons-is-layout-a89b3969 wp-block-buttons-is-layout-flex\">\n<div class=\"wp-block-button\"><a class=\"wp-block-button__link wp-element-button\" href=\"https:\/\/www.geoportail-urbanisme.gouv.fr\/\" target=\"_blank\" rel=\"noopener noreferrer nofollow\">Geoportal Town Planning<\/a><\/div>\n<\/div>\n\n\n\n<p>In this section, you can consult the commune's Local Planning Scheme and its regulations by visiting the official G\u00e9oportail de l'urbanisme website.<\/p>\n<\/div>\n\n\n\n<div class=\"wp-block-group is-style-section-1 has-global-padding is-layout-constrained wp-container-core-group-is-layout-f611be13 wp-block-group-is-layout-constrained is-style-section-1--5\" style=\"padding-top:var(--wp--preset--spacing--50);padding-right:var(--wp--preset--spacing--50);padding-bottom:var(--wp--preset--spacing--50);padding-left:var(--wp--preset--spacing--50)\">\n<p>Suite \u00e0 l\u2019approbation de la r\u00e9vision g\u00e9n\u00e9rale du Plan Local d\u2019Urbanisme (d\u00e9lib\u00e9ration du conseil municipal du 23\/02\/2026), le Conseil Municipal a approuv\u00e9 l\u2019instauration de nouveaux p\u00e9rim\u00e8tres de pr\u00e9emption.<\/p>\n\n\n\n<h2 class=\"wp-block-heading has-text-align-center\">Droit de Pr\u00e9emption Urbain&nbsp;(Simple et Renforc\u00e9)<\/h2>\n\n\n\n<p><strong>Par d\u00e9lib\u00e9ration n\u00b02026\/43 du 14\/04\/2026, le Conseil Municipal a approuv\u00e9 l\u2019instauration de nouveaux p\u00e9rim\u00e8tres relatifs aux droits de pr\u00e9emption urbain simple et renforc\u00e9<\/strong>.<\/p>\n\n\n\n<p>Cette d\u00e9lib\u00e9ration a \u00e9t\u00e9 transmise au contr\u00f4le de l\u00e9galit\u00e9 et affich\u00e9e en Mairie le 15\/04\/2026 (<a href=\"https:\/\/www.villeneuve-les-beziers.fr\/wp-content\/uploads\/2026\/04\/certificat-affichage-0426.pdf\">certificat<\/a>).<\/p>\n\n\n\n<p><a href=\"https:\/\/www.villeneuve-les-beziers.fr\/wp-content\/uploads\/2026\/04\/2026-43-Instauration-du-droit-de-preemption-urbain-situe-a-lapprobation-du-PLU.pdf\">D\u00e9lib\u00e9ration et plans<\/a><\/p>\n\n\n\n<p>Formalit\u00e9 de publicit\u00e9 : <a href=\"https:\/\/www.villeneuve-les-beziers.fr\/wp-content\/uploads\/2026\/04\/Journal_Midi_Libre_Montpellier_18_04_2026.pdf\">Midi Libre<\/a> and <a href=\"https:\/\/www.villeneuve-les-beziers.fr\/wp-content\/uploads\/2026\/04\/3617-23-04-26-page-23.pdf\">H\u00e9rault Tribune<\/a><\/p>\n<\/div>\n\n\n\n<div class=\"wp-block-group is-style-section-1 has-global-padding is-layout-constrained wp-container-core-group-is-layout-f611be13 wp-block-group-is-layout-constrained is-style-section-1--6\" style=\"padding-top:var(--wp--preset--spacing--50);padding-right:var(--wp--preset--spacing--50);padding-bottom:var(--wp--preset--spacing--50);padding-left:var(--wp--preset--spacing--50)\">\n<h2 class=\"wp-block-heading has-text-align-center is-style-section-1\">Legal display of planning applications and decisions<\/h2>\n\n\n\n<p><a href=\"https:\/\/www.villeneuve-les-beziers.fr\/wp-content\/uploads\/2025\/07\/Affichage-legal-2025.pdf\">Year 2025<\/a><\/p>\n\n\n\n<p><a href=\"https:\/\/www.villeneuve-les-beziers.fr\/wp-content\/uploads\/2025\/07\/Affichage-urba-2024-1.pdf\">Year 2024<\/a><\/p>\n\n\n\n<p><a href=\"https:\/\/www.villeneuve-les-beziers.fr\/wp-content\/uploads\/2025\/07\/Affichage-urba-2023.pdf\">Year 2023<\/a><\/p>\n\n\n\n<p><a href=\"https:\/\/www.villeneuve-les-beziers.fr\/wp-content\/uploads\/2025\/07\/Affichage-urba-2022-1.pdf\">Year 2022<\/a><\/p>\n<\/div>\n\n\n\n<div class=\"wp-block-group is-style-section-1 has-global-padding is-layout-constrained wp-container-core-group-is-layout-cc9ecf56 wp-block-group-is-layout-constrained is-style-section-1--7\" style=\"margin-top:var(--wp--preset--spacing--50);margin-bottom:var(--wp--preset--spacing--50);padding-top:var(--wp--preset--spacing--50);padding-right:var(--wp--preset--spacing--50);padding-bottom:var(--wp--preset--spacing--50);padding-left:var(--wp--preset--spacing--50)\">\n<h2 class=\"wp-block-heading has-text-align-center\">Formalities<\/h2>\n\n\n\n<figure class=\"wp-block-image aligncenter\"><a href=\"https:\/\/www.service-public.fr\/particuliers\/vosdroits\/N319\" target=\"_blank\" rel=\"noopener noreferrer nofollow\"><img decoding=\"async\" src=\"https:\/\/www.villeneuve-les-beziers.fr\/wp-content\/uploads\/2024\/11\/servicepublic.jpg\" alt=\"\"\/><\/a><\/figure>\n\n\n\n<div class=\"wp-block-buttons is-content-justification-center is-layout-flex wp-container-core-buttons-is-layout-a89b3969 wp-block-buttons-is-layout-flex\">\n<div class=\"wp-block-button\"><a class=\"wp-block-button__link wp-element-button\" href=\"https:\/\/www.service-public.fr\/particuliers\/vosdroits\/N319\" target=\"_blank\" rel=\"noreferrer noopener\">Planning permission<\/a><\/div>\n<\/div>\n\n\n\n<p class=\"has-text-align-center\">Planning permission allows the local authority to check that the work complies with planning regulations. Depending on the type of project and the location, you will need to submit an application for planning permission (building permit, development permit, etc.) or a preliminary works declaration. Before starting any work, it is advisable to apply for a planning certificate to obtain information about the plot of land on which the work is to be carried out.<\/p>\n<\/div>\n\n\n\n<div class=\"wp-block-group is-style-section-1 has-global-padding is-layout-constrained wp-container-core-group-is-layout-73721e90 wp-block-group-is-layout-constrained is-style-section-1--8\" style=\"margin-top:var(--wp--preset--spacing--50);margin-bottom:var(--wp--preset--spacing--50);padding-top:var(--wp--preset--spacing--50);padding-right:var(--wp--preset--spacing--50);padding-bottom:var(--wp--preset--spacing--50);padding-left:var(--wp--preset--spacing--50)\">\n<h2 class=\"wp-block-heading\">Facade renovation<\/h2>\n\n\n\n<p>To carry out any restoration work, an application must be made for a \"declaration prior to construction\" (DPC) in all sectors, and approval must be obtained from the B\u00e2timents de France architect in town centres.)&nbsp;<\/p>\n\n\n\n<p>The file consists of :<\/p>\n\n\n\n<ul class=\"wp-block-list\">\n<li><a href=\"https:\/\/www.service-public.fr\/particuliers\/vosdroits\/R2028\" target=\"_blank\" rel=\"noopener noreferrer nofollow\">Preliminary Declaration Form<\/a><\/li>\n\n\n\n<li>DPC 1 : <a href=\"https:\/\/www.villeneuve-les-beziers.fr\/wp-content\/uploads\/2023\/06\/planCadastralNormalisecentrevilleAA.pdf\">Location map<\/a> with plot location<\/li>\n\n\n\n<li>DPC 11: Work description :&nbsp;<a style=\"font-size: 14px;\" href=\"https:\/\/www.villeneuve-les-beziers.fr\/wp-content\/uploads\/2023\/06\/NOTICE-DESCRIPTIVE-DES-TRAVAUX.pdf\">example<\/a><\/li>\n\n\n\n<li>DPC 5: A representation of the external appearance of the project (the elements may be indicated by hand on the photographs)<\/li>\n\n\n\n<li>DPC 6: A graphic document showing the project after modification (photomontage, sketch, etc.)<\/li>\n\n\n\n<li>DPC 7: Colour photographs of the facade (close-up view of the entire facade(s))<\/li>\n\n\n\n<li>DPC 8: Colour photographs of the fa\u00e7ade and neighbouring fa\u00e7ades from the property or from the street<\/li>\n<\/ul>\n\n\n\n<p>You can submit your application via the digital portal (GNAU), taking care to submit all the above documents individually:<\/p>\n\n\n\n<p>Link to GNAU : <a href=\"https:\/\/gnau.beziers-mediterranee.fr\/gnau\/#\" target=\"_blank\" rel=\"noopener noreferrer nofollow\">https:\/\/gnau.beziers-mediterranee.fr\/gnau\/#<\/a><\/p>\n\n\n\n<div class=\"wp-block-file\"><a id=\"wp-block-file--media-aa5a8d53-5a11-4211-948c-a62a1bc03b67\" href=\"https:\/\/www.villeneuve-les-beziers.fr\/wp-content\/uploads\/2023\/06\/nuancier.BeEziers.jpg\">Colour chart<\/a><a href=\"https:\/\/www.villeneuve-les-beziers.fr\/wp-content\/uploads\/2023\/06\/nuancier.BeEziers.jpg\" class=\"wp-block-file__button wp-element-button\" aria-describedby=\"wp-block-file--media-aa5a8d53-5a11-4211-948c-a62a1bc03b67\" download>Download<\/a><\/div>\n<\/div>\n\n\n\n<div class=\"wp-block-group is-style-section-1 has-global-padding is-layout-constrained wp-container-core-group-is-layout-cc9ecf56 wp-block-group-is-layout-constrained is-style-section-1--9\" style=\"margin-top:var(--wp--preset--spacing--50);margin-bottom:var(--wp--preset--spacing--50);padding-top:var(--wp--preset--spacing--50);padding-right:var(--wp--preset--spacing--50);padding-bottom:var(--wp--preset--spacing--50);padding-left:var(--wp--preset--spacing--50)\">\n<h2 class=\"wp-block-heading\">Installing an air conditioner<\/h2>\n\n\n\n<p>Any change to the external appearance of a building is subject to the submission of an application for a \"declaration prior to construction\" (DPC) in all sectors and to the agreement of the architect of B\u00e2timents de France in the town centre.<\/p>\n\n\n\n<p>The file consists of :<\/p>\n\n\n\n<ul class=\"wp-block-list\">\n<li><a href=\"https:\/\/www.service-public.fr\/particuliers\/vosdroits\/R2028\" target=\"_blank\" rel=\"noopener noreferrer nofollow\">Preliminary Declaration Form<\/a><\/li>\n\n\n\n<li>DPC1: Site plan showing the location of the plot: &nbsp;<a href=\"https:\/\/www.villeneuve-les-beziers.fr\/wp-content\/uploads\/2023\/06\/planCadastralNormalisecentrevilleAA.pdf\">planCadastralNormalisecentrevilleAA<\/a><\/li>\n\n\n\n<li>DPC 11: Description of the work: description of the device (materials, colour, dimensions) and location of the device (roof, attic, box, etc.).&nbsp;<\/li>\n\n\n\n<li>DPC 5: A representation of the project, e.g. a diagram, a sketch, possibly photographs of the roof and facade with an indication of where the system will be installed.<\/li>\n\n\n\n<li>DPC 6: a graphic document showing the project after modification (photomontage, sketch, etc.)<\/li>\n\n\n\n<li>DPC 7 : Colour photographs of the facade and\/or roof (close-up view)<\/li>\n\n\n\n<li>DPC 8: Colour photographs of the fa\u00e7ade and neighbouring fa\u00e7ades and\/or roof from the property or from the street<\/li>\n<\/ul>\n\n\n\n<p>You can submit your application via the digital portal (GNAU), taking care to submit all the above documents individually:<\/p>\n\n\n\n<p>Link to GNAU : <a href=\"https:\/\/gnau.beziers-mediterranee.fr\/gnau\/#\" target=\"_blank\" rel=\"noopener noreferrer nofollow\">https:\/\/gnau.beziers-mediterranee.fr\/gnau\/#<\/a><\/p>\n\n\n\n<div class=\"wp-block-file\"><a id=\"wp-block-file--media-3f7e6090-c846-43dd-9082-6731f29cb74f\" href=\"https:\/\/www.villeneuve-les-beziers.fr\/wp-content\/uploads\/2023\/07\/Integration-Technique-Climatiseurs-1.pdf\">Technical Integration Air Conditioners<\/a><a href=\"https:\/\/www.villeneuve-les-beziers.fr\/wp-content\/uploads\/2023\/07\/Integration-Technique-Climatiseurs-1.pdf\" class=\"wp-block-file__button wp-element-button\" aria-describedby=\"wp-block-file--media-3f7e6090-c846-43dd-9082-6731f29cb74f\" download>Download<\/a><\/div>\n<\/div>\n\n\n\n<div class=\"wp-block-group is-style-section-1 has-global-padding is-layout-constrained wp-container-core-group-is-layout-f611be13 wp-block-group-is-layout-constrained is-style-section-1--10\" style=\"padding-top:var(--wp--preset--spacing--50);padding-right:var(--wp--preset--spacing--50);padding-bottom:var(--wp--preset--spacing--50);padding-left:var(--wp--preset--spacing--50)\">\n<h2 class=\"wp-block-heading\">Installing solar\/photovoltaic panels<\/h2>\n\n\n\n<p>Any change to the external appearance of a building is subject to the submission of an application for a \"declaration prior to construction\" (DPC) in all sectors and to the agreement of the architect of B\u00e2timents de France in the town centre (500m perimeter around the church).<\/p>\n\n\n\n<p>When the building is located within the protection perimeter of a listed historic monument (church), the Architecte des B\u00e2timents de France may not authorise the installation of photovoltaic panels on the roof of the building, particularly if their surface area is too large in relation to the surface area of the roof.<\/p>\n\n\n\n<p>Where possible, panels may be installed on the roof of a single-storey annex, not visible from the public space, and not on the main roof of the building.<br>They could also be studied on a pergola covering a terrace if necessary.<\/p>\n\n\n\n<p>Otherwise, the project may be accepted if it complies with the following:<\/p>\n\n\n\n<ul class=\"wp-block-list\">\n<li>Installed on top of the roof, preferably in a single strip (using a simple rectangular geometry) just above the eaves on the lowest part of the slope. Under no circumstances should they be close to the ridge. The longest side of each panel should be laid in the direction of the slope of the roof.<\/li>\n\n\n\n<li>The panels will be brown or terracotta in colour.<\/li>\n\n\n\n<li>The finish will be matt. Frames and supports will be the same colour as the panels.<\/li>\n<\/ul>\n\n\n\n<p><strong>The file consists of :<\/strong><\/p>\n\n\n\n<ul class=\"wp-block-list\">\n<li><a href=\"https:\/\/www.service-public.fr\/particuliers\/vosdroits\/R2028\" target=\"_blank\" rel=\"noreferrer noopener\">Preliminary Declaration Form<\/a><\/li>\n\n\n\n<li>DPC 1 : <a href=\"https:\/\/www.villeneuve-les-beziers.fr\/wp-content\/uploads\/2023\/06\/planCadastralNormalisecentrevilleAA.pdf\">Location map<\/a> with plot location<\/li>\n\n\n\n<li>DPC 11: Description of the work: description of the device (wattage, materials, colour, dimensions) and location of the device.<\/li>\n\n\n\n<li>DPC 5: A representation of the project, e.g. a diagram, a sketch, possibly photographs of the roof and facade with an indication of where the panels will be installed.<\/li>\n\n\n\n<li>DPC 6: A graphic document showing the project after modification (photomontage, sketch, etc.)<\/li>\n\n\n\n<li>DPC 7 : Colour photographs of the roof (close-up view)<\/li>\n\n\n\n<li>DPC 8: Colour photographs of the roof from the site or from the street<\/li>\n<\/ul>\n\n\n\n<p>You can submit your application via the digital portal (GNAU), taking care to submit all the above documents individually:<\/p>\n\n\n\n<p>Link to GNAU : <a href=\"https:\/\/gnau.beziers-mediterranee.fr\/gnau\/#\" target=\"_blank\" rel=\"noopener noreferrer nofollow\">https:\/\/gnau.beziers-mediterranee.fr\/gnau\/#<\/a><\/p>\n\n\n\n<div class=\"wp-block-file\"><a id=\"wp-block-file--media-f662cf11-8937-4d6b-8e87-a5b6773e3d40\" href=\"https:\/\/www.villeneuve-les-beziers.fr\/wp-content\/uploads\/2023\/07\/livret_guide_des_capteurs_2018_light.pdf\">Sensor_Guide_booklet_2018_light<\/a><a href=\"https:\/\/www.villeneuve-les-beziers.fr\/wp-content\/uploads\/2023\/07\/livret_guide_des_capteurs_2018_light.pdf\" class=\"wp-block-file__button wp-element-button\" aria-describedby=\"wp-block-file--media-f662cf11-8937-4d6b-8e87-a5b6773e3d40\" download>Download<\/a><\/div>\n\n\n\n<p>Sources: The Unit\u00e9s D\u00e9partementales de l'Architecture et du Patrimoine (UDAP), the CAPEB, the C.A.U.E and the Agence Locale de l'Energie have joined forces to produce this guide.<\/p>\n\n\n\n<p class=\"has-text-align-center\">Extracts<\/p>\n\n\n\n<div class=\"wp-block-group is-content-justification-center is-nowrap is-layout-flex wp-container-core-group-is-layout-23441af8 wp-block-group-is-layout-flex\">\n<figure class=\"wp-block-image size-full\"><img loading=\"lazy\" decoding=\"async\" width=\"192\" height=\"661\" src=\"https:\/\/www.villeneuve-les-beziers.fr\/wp-content\/uploads\/2024\/11\/fiche-1-centre-ancien.png\" alt=\"\" class=\"wp-image-19260\" srcset=\"https:\/\/www.villeneuve-les-beziers.fr\/wp-content\/uploads\/2024\/11\/fiche-1-centre-ancien.png 192w, https:\/\/www.villeneuve-les-beziers.fr\/wp-content\/uploads\/2024\/11\/fiche-1-centre-ancien-87x300.png 87w\" sizes=\"auto, (max-width: 192px) 100vw, 192px\" \/><\/figure>\n\n\n\n<figure class=\"wp-block-image size-full\"><img loading=\"lazy\" decoding=\"async\" width=\"239\" height=\"655\" src=\"https:\/\/www.villeneuve-les-beziers.fr\/wp-content\/uploads\/2024\/11\/fiche-2-Maison-de-ville.png\" alt=\"\" class=\"wp-image-19261\" srcset=\"https:\/\/www.villeneuve-les-beziers.fr\/wp-content\/uploads\/2024\/11\/fiche-2-Maison-de-ville.png 239w, https:\/\/www.villeneuve-les-beziers.fr\/wp-content\/uploads\/2024\/11\/fiche-2-Maison-de-ville-109x300.png 109w\" sizes=\"auto, (max-width: 239px) 100vw, 239px\" \/><\/figure>\n<\/div>\n<\/div>\n\n\n\n<div class=\"wp-block-group is-style-section-1 has-global-padding is-layout-constrained wp-container-core-group-is-layout-cc9ecf56 wp-block-group-is-layout-constrained is-style-section-1--11\" style=\"margin-top:var(--wp--preset--spacing--50);margin-bottom:var(--wp--preset--spacing--50);padding-top:var(--wp--preset--spacing--50);padding-right:var(--wp--preset--spacing--50);padding-bottom:var(--wp--preset--spacing--50);padding-left:var(--wp--preset--spacing--50)\">\n<h2 class=\"wp-block-heading has-text-align-center\">Land registry<\/h2>\n\n\n\n<figure class=\"wp-block-image aligncenter size-full\"><img loading=\"lazy\" decoding=\"async\" width=\"300\" height=\"169\" src=\"https:\/\/www.villeneuve-les-beziers.fr\/wp-content\/uploads\/2024\/11\/cadastre.png\" alt=\"\" class=\"wp-image-18839\" srcset=\"https:\/\/www.villeneuve-les-beziers.fr\/wp-content\/uploads\/2024\/11\/cadastre.png 300w, https:\/\/www.villeneuve-les-beziers.fr\/wp-content\/uploads\/2024\/11\/cadastre-150x85.png 150w\" sizes=\"auto, (max-width: 300px) 100vw, 300px\" \/><\/figure>\n\n\n\n<div class=\"wp-block-buttons is-content-justification-center is-layout-flex wp-container-core-buttons-is-layout-a89b3969 wp-block-buttons-is-layout-flex\">\n<div class=\"wp-block-button\"><a class=\"wp-block-button__link wp-element-button\" href=\"http:\/\/www.villeneuve-les-beziers.fr\/en\/town-planning\/consulting-the-land-register\/\" target=\"_blank\" rel=\"noopener noreferrer nofollow\">Land registry consultation<\/a><\/div>\n<\/div>\n\n\n\n<p class=\"has-text-align-center\">This service allows you to search, view and order these map sheets.<\/p>\n<\/div>\n\n\n\n<div class=\"wp-block-group is-style-section-1 has-global-padding is-layout-constrained wp-container-core-group-is-layout-cc9ecf56 wp-block-group-is-layout-constrained is-style-section-1--12\" style=\"margin-top:var(--wp--preset--spacing--50);margin-bottom:var(--wp--preset--spacing--50);padding-top:var(--wp--preset--spacing--50);padding-right:var(--wp--preset--spacing--50);padding-bottom:var(--wp--preset--spacing--50);padding-left:var(--wp--preset--spacing--50)\">\n<h2 class=\"wp-block-heading\">Rental permits<\/h2>\n\n\n\n<div class=\"wp-block-columns are-vertically-aligned-center is-layout-flex wp-container-core-columns-is-layout-28f84493 wp-block-columns-is-layout-flex\">\n<div class=\"wp-block-column is-vertically-aligned-center is-layout-flow wp-block-column-is-layout-flow\">\n<p>The Communaut\u00e9 d'Agglom\u00e9ration B\u00e9ziers M\u00e9diterran\u00e9e has introduced a \"permit to rent\" scheme to combat substandard housing. The municipality of Villeneuve has adopted this scheme for a given area (see map).<\/p>\n\n\n\n<p>This prior authorisation is issued by the Communaut\u00e9 d'Agglom\u00e9ration to owners who wish to launch a new letting of their property.<\/p>\n\n\n\n<p>If your property falls within the area covered by the scheme and you change tenants, you must apply for prior authorisation to let it.<\/p>\n\n\n\n<p>You can contact the Agence de l'Habitat if you have any questions about the scheme. A technician will carry out an inspection of the property. Authorisation to let the property may be granted, subject to conditions or refused. Reasons will be given for any decision to refuse or grant permission, and will specify the nature of the work or improvements required.<\/p>\n<\/div>\n\n\n\n<div class=\"wp-block-column is-vertically-aligned-center is-layout-flow wp-block-column-is-layout-flow\">\n<figure data-wp-context=\"{&quot;imageId&quot;:&quot;69f33b1627186&quot;}\" data-wp-interactive=\"core\/image\" data-wp-key=\"69f33b1627186\" class=\"wp-block-image size-full wp-lightbox-container\"><img loading=\"lazy\" decoding=\"async\" width=\"768\" height=\"540\" data-wp-class--hide=\"state.isContentHidden\" data-wp-class--show=\"state.isContentVisible\" data-wp-init=\"callbacks.setButtonStyles\" data-wp-on--click=\"actions.showLightbox\" data-wp-on--load=\"callbacks.setButtonStyles\" data-wp-on-window--resize=\"callbacks.setButtonStyles\" src=\"https:\/\/www.villeneuve-les-beziers.fr\/wp-content\/uploads\/2023\/04\/perimetre-PL.png\" alt=\"\" class=\"wp-image-17086\" srcset=\"https:\/\/www.villeneuve-les-beziers.fr\/wp-content\/uploads\/2023\/04\/perimetre-PL.png 768w, https:\/\/www.villeneuve-les-beziers.fr\/wp-content\/uploads\/2023\/04\/perimetre-PL-300x211.png 300w\" sizes=\"auto, (max-width: 768px) 100vw, 768px\" \/><button\n\t\t\tclass=\"lightbox-trigger\"\n\t\t\ttype=\"button\"\n\t\t\taria-haspopup=\"dialog\"\n\t\t\taria-label=\"Enlarge\"\n\t\t\tdata-wp-init=\"callbacks.initTriggerButton\"\n\t\t\tdata-wp-on--click=\"actions.showLightbox\"\n\t\t\tdata-wp-style--right=\"state.imageButtonRight\"\n\t\t\tdata-wp-style--top=\"state.imageButtonTop\"\n\t\t>\n\t\t\t<svg xmlns=\"http:\/\/www.w3.org\/2000\/svg\" width=\"12\" height=\"12\" fill=\"none\" viewbox=\"0 0 12 12\">\n\t\t\t\t<path fill=\"#fff\" d=\"M2 0a2 2 0 0 0-2 2v2h1.5V2a.5.5 0 0 1 .5-.5h2V0H2Zm2 10.5H2a.5.5 0 0 1-.5-.5V8H0v2a2 2 0 0 0 2 2h2v-1.5ZM8 12v-1.5h2a.5.5 0 0 0 .5-.5V8H12v2a2 2 0 0 1-2 2H8Zm2-12a2 2 0 0 1 2 2v2h-1.5V2a.5.5 0 0 0-.5-.5H8V0h2Z\" \/>\n\t\t\t<\/svg>\n\t\t<\/button><\/figure>\n\n\n\n<div class=\"wp-block-group has-global-padding is-layout-constrained wp-block-group-is-layout-constrained\" style=\"margin-top:var(--wp--preset--spacing--50);margin-bottom:var(--wp--preset--spacing--50)\">\n<p>Contact details<\/p>\n\n\n\n<p>Agence de l'Habitat, 1 Avenue du Pr\u00e9sident Wilson, 34500 BEZIERS<br>Tel.: 04.99.41.34.94<br>Mail :&nbsp;<a style=\"font-size: 16px;\" role=\"link\" href=\"mailto:agencehabitat@beziers-mediterranee.fr\">agencehabitat@beziers-mediterranee.fr<\/a><\/p>\n<\/div>\n\n\n\n<p>Cerfa form :&nbsp;<a style=\"font-size: 14px; color: #0000ff;\" role=\"link\" href=\"https:\/\/www.formulaires.service-public.fr\/gf\/cerfa_15652.do\" target=\"_blank\" rel=\"noopener\">cerfa n\u00b015652*01<\/a><\/p>\n<\/div>\n<\/div>\n<\/div>\n\n\n\n<div class=\"wp-block-group is-style-section-1 has-global-padding is-layout-constrained wp-container-core-group-is-layout-cc9ecf56 wp-block-group-is-layout-constrained is-style-section-1--13\" style=\"margin-top:var(--wp--preset--spacing--50);margin-bottom:var(--wp--preset--spacing--50);padding-top:var(--wp--preset--spacing--50);padding-right:var(--wp--preset--spacing--50);padding-bottom:var(--wp--preset--spacing--50);padding-left:var(--wp--preset--spacing--50)\">\n<h2 class=\"wp-block-heading\">Grants and subsidies - Housing<\/h2>\n\n\n\n<div class=\"wp-block-columns are-vertically-aligned-center is-layout-flex wp-container-core-columns-is-layout-28f84493 wp-block-columns-is-layout-flex\">\n<div class=\"wp-block-column is-vertically-aligned-center is-layout-flow wp-block-column-is-layout-flow\">\n<p>To find out all you need to know about the support available for housing and energy saving in the area, the Agglo provides a one-stop shop: the Agence de l'Habitat (Housing Agency), run by a team of technicians.&nbsp;<\/p>\n\n\n\n<p>It offers information and free, personalised advice. It will help you with the procedures and aid available for your project (ANAH aid and the Agglo's own funds).<\/p>\n<\/div>\n\n\n\n<div class=\"wp-block-column is-vertically-aligned-center is-layout-flow wp-block-column-is-layout-flow\">\n<p>Contact:&nbsp;<\/p>\n\n\n\n<p>Agence de l'Habitat 1 avenue du Pr\u00e9sident Wilson<br>34500 B\u00e9ziers&nbsp;&nbsp;<br>8.30am-12.30pm and 1.30pm-5pm&nbsp;&nbsp;<br>Tel.: 04 99 41 34 94&nbsp;&nbsp;<br>agencehabitat@beziers-mediterranee.fr<\/p>\n<\/div>\n<\/div>\n<\/div>\n\n\n\n<div class=\"wp-block-group is-style-section-1 has-global-padding is-layout-constrained wp-container-core-group-is-layout-07c3ecea wp-block-group-is-layout-constrained is-style-section-1--14\" style=\"margin-top:var(--wp--preset--spacing--40);margin-bottom:var(--wp--preset--spacing--40);padding-top:var(--wp--preset--spacing--40);padding-right:var(--wp--preset--spacing--40);padding-bottom:var(--wp--preset--spacing--40);padding-left:var(--wp--preset--spacing--40)\">\n<h2 class=\"wp-block-heading has-text-align-left is-style-default\">Dossier de cr\u00e9ation ZAC \"La CLAUDERY<\/h2>\n\n\n\n<p><a href=\"https:\/\/www.villeneuve-les-beziers.fr\/wp-content\/uploads\/2025\/07\/2025-32-Procedure-de-creation-ZAC-Claudery-arret-bilan-PPVE.pdf\">DELIB 2025 32 ZAC Claudery development procedure - PPVE assessment report<\/a><\/p>\n\n\n\n<p><a href=\"https:\/\/www.villeneuve-les-beziers.fr\/wp-content\/uploads\/2025\/08\/2025-034-Creation-ZAC-La-Claudery.pdf\">DELIB 2025 34 Creation of zac la claudery approval of the development file<\/a><\/p>\n\n\n\n<p><a href=\"https:\/\/www.villeneuve-les-beziers.fr\/wp-content\/uploads\/2025\/08\/Piece0-Crea-ZAC-Claudery-PG-Liste-pieces.pdf\">Piece0-Crea ZAC Claudery-PG &amp; List of pieces<\/a><\/p>\n\n\n\n<p><a href=\"https:\/\/www.villeneuve-les-beziers.fr\/wp-content\/uploads\/2025\/08\/Piece1-Creation-ZAC-Claudery-Rapport-de-presentation.pdf\">Piece1 - Creation ZAC Claudery - Presentation report<\/a><\/p>\n\n\n\n<p><a href=\"https:\/\/www.villeneuve-les-beziers.fr\/wp-content\/uploads\/2025\/08\/Piece2-Crea-ZAC-Claudery-Plan-situation.pdf\">Piece2 Crea ZAC Claudery-Plan situation<\/a><\/p>\n\n\n\n<p><a href=\"https:\/\/www.villeneuve-les-beziers.fr\/wp-content\/uploads\/2025\/08\/Piece3-Crea-ZAC-Claudery-Plan-delimitation-perimetre.pdf\">Piece3-Crea ZAC Claudery-Plan delimitation perimeter<\/a><\/p>\n\n\n\n<p><a href=\"https:\/\/www.villeneuve-les-beziers.fr\/wp-content\/uploads\/2025\/08\/Piece4-Crea-ZAC-Claudery-Regime-taxe-d-amenagement.pdf\">Piece4 Crea ZAC Claudery-Regime taxe d'am\u00e9nagement.pdf<\/a><\/p>\n\n\n\n<p><a href=\"https:\/\/www.villeneuve-les-beziers.fr\/wp-content\/uploads\/2025\/08\/Piece5-Crea-ZAC-La-Claudery-Resume-non-technique-EI.pdf\">Piece5 Crea ZAC La Claudery - Non-technical summary EI<\/a><\/p>\n\n\n\n<p><a href=\"https:\/\/www.villeneuve-les-beziers.fr\/wp-content\/uploads\/2025\/08\/Piece6-Crea-ZAC-La-Claudery-Etude-d-impact.pdf\">Piece6 Crea ZAC La Claudery - Impact study.pdf<\/a><\/p>\n<\/div>\n\n\n\n<div class=\"wp-block-group is-style-section-1 has-global-padding is-layout-constrained wp-container-core-group-is-layout-25e910c5 wp-block-group-is-layout-constrained is-style-section-1--15\" style=\"margin-top:var(--wp--preset--spacing--40);margin-bottom:var(--wp--preset--spacing--40);padding-top:var(--wp--preset--spacing--40);padding-right:var(--wp--preset--spacing--40);padding-bottom:var(--wp--preset--spacing--40);padding-left:var(--wp--preset--spacing--40)\">\n<h2 class=\"wp-block-heading\">Dossier de cr\u00e9ation ZAC \"Pech Auriol - Le Cros<\/h2>\n\n\n\n<p><a href=\"https:\/\/www.villeneuve-les-beziers.fr\/wp-content\/uploads\/2025\/07\/2025-33-Procedure-creation-ZAC-multi-sites-Pech-Auriol-le-Cros-arret-bilan-PPVE.pdf\">DELIB 2025 33 Pech Auriol le Cros multi-site development zone procedure - PPVE assessment report<\/a><\/p>\n\n\n\n<p><a href=\"https:\/\/www.villeneuve-les-beziers.fr\/wp-content\/uploads\/2025\/08\/2025-035-Creation-ZAC-Pech-Auriol-Le-Cros.pdf\">DELIB 2025 35 Creation of the Pech Auriol Le Cros mixed development zone - Approval of the development file<\/a><\/p>\n\n\n\n<p><a href=\"https:\/\/www.villeneuve-les-beziers.fr\/wp-content\/uploads\/2025\/08\/Piece0-Crea-ZAC-Pech-Auriol-Le-Cros-PG-Liste-pieces.pdf\">Piece0-Crea ZAC Pech Auriol Le Cros-PG &amp; List of parts.pdf<\/a><\/p>\n\n\n\n<p><a href=\"https:\/\/www.villeneuve-les-beziers.fr\/wp-content\/uploads\/2025\/08\/Piece1-Crea-ZAC-Pech-Auriol-Le-Cros-Rapport-de-presentation.pdf\">Piece1-Crea-ZAC-Pech-Auriol-Le-Cros-Presentation-report.pdf<\/a><\/p>\n\n\n\n<p><a href=\"https:\/\/www.villeneuve-les-beziers.fr\/wp-content\/uploads\/2025\/08\/Piece2-Crea-ZAC-Pech-Auriol-Le-Cros-Plan-situation.pdf\">Piece2-Crea-ZAC-Pech-Auriol-Le-Cros-Plan-situation.pdf<\/a><\/p>\n\n\n\n<p><a href=\"https:\/\/www.villeneuve-les-beziers.fr\/wp-content\/uploads\/2025\/08\/Piece3-Crea-ZAC-Pech-Auriol-Le-Cros-Plan-delimitation-perimetre.pdf\">Piece3-Crea-ZAC-Pech-Auriol-Le-Cros-Plan-delimitation-perimetre.pdf<\/a><\/p>\n\n\n\n<p><a href=\"https:\/\/www.villeneuve-les-beziers.fr\/wp-content\/uploads\/2025\/08\/Piece4-Crea-ZAC-Pech-Auriol-Le-Cros-Regime-taxe-d-amenagement.pdf\">Piece4 Crea ZAC Pech Auriol-Le Cros-Regime taxe d'am\u00e9nagement.pdf<\/a><\/p>\n\n\n\n<p><a href=\"https:\/\/www.villeneuve-les-beziers.fr\/wp-content\/uploads\/2025\/08\/Piece5-Creation-ZAC-Pech-Auriol-Le-Cros-Resume-non-technique-EI.pdf\">Piece5-Creation-ZAC-Pech-Auriol-Le-Cros-Non-technical-summary-EI.pdf<\/a><\/p>\n\n\n\n<p><a href=\"https:\/\/www.villeneuve-les-beziers.fr\/wp-content\/uploads\/2025\/08\/Piece6-Crea-ZAC-Pech-Auriol-Le-Cros-Etude-d-impact.pdf\">Piece6-Crea ZAC Pech Auriol-Le Cros - Impact study.pdf<\/a><\/p>\n<\/div>\n\n\n\n<div class=\"wp-block-group is-style-section-1 has-global-padding is-layout-constrained wp-container-core-group-is-layout-cc9ecf56 wp-block-group-is-layout-constrained is-style-section-1--16\" style=\"margin-top:var(--wp--preset--spacing--50);margin-bottom:var(--wp--preset--spacing--50);padding-top:var(--wp--preset--spacing--50);padding-right:var(--wp--preset--spacing--50);padding-bottom:var(--wp--preset--spacing--50);padding-left:var(--wp--preset--spacing--50)\">\n<h2 class=\"wp-block-heading\">Notice of electronic public participation<\/h2>\n\n\n\n<div class=\"wp-block-columns is-layout-flex wp-container-core-columns-is-layout-28f84493 wp-block-columns-is-layout-flex\">\n<div class=\"wp-block-column is-layout-flow wp-block-column-is-layout-flow\">\n<p>05\/11\/2024<\/p>\n\n\n\n<p><strong>NOTICE OF ELECTRONIC PUBLIC PARTICIPATION PRIOR TO APPROVAL OF THE DOSSIER FOR THE CREATION OF THE \"LA CLAUDERY\" ZAC.<\/strong><\/p>\n\n\n\n<p>In accordance with the provisions of article L123-19 of the French Environment Code, an electronic public consultation is being organised on the project to create the \"La Claudery\" Concerted Development Zone (ZAC). This project, which is subject to an environmental assessment, concerns the extension of the \"La Claudery\" business park in the municipality of Villeneuve-l\u00e8s-B\u00e9ziers.<\/p>\n\n\n\n<p>Public participation by electronic means will take place over a period of 31 consecutive days: from Monday 25 November at 8:00 a.m. to Thursday 26 December 2024 inclusive.<\/p>\n\n\n\n<p>A<a href=\"https:\/\/www.villeneuve-les-beziers.fr\/wp-content\/uploads\/2024\/11\/Avis-PPVE-ZAC-Claudery-2.pdf\">screw: link<\/a><\/p>\n\n\n\n<p>Dedicated platform :&nbsp;<\/p>\n\n\n\n<p>h<a href=\"https:\/\/www.democratie-active.fr\/zac-claudery-ppve\/\" target=\"_blank\" rel=\"noopener\">ttps:\/\/www.democratie-active.fr\/zac-claudery-ppve\/<\/a>&nbsp;where all the documents making up the application file can be downloaded.<\/p>\n\n\n\n<p>Electronic register :<\/p>\n\n\n\n<p><a href=\"https:\/\/www.democratie-active.fr\/zac-claudery-ppve\" target=\"_blank\" rel=\"noopener noreferrer nofollow\">https:\/\/www.democratie-active.fr\/zac-claudery-ppve<\/a><\/p>\n\n\n\n<p>Email :&nbsp;<a href=\"mailto:zac-claudery@democratie-active.fr\" target=\"_blank\" rel=\"noreferrer noopener\">zac-claudery@democratie-active.fr<\/a><\/p>\n<\/div>\n\n\n\n<div class=\"wp-block-column is-layout-flow wp-block-column-is-layout-flow\">\n<figure data-wp-context=\"{&quot;imageId&quot;:&quot;69f33b1628653&quot;}\" data-wp-interactive=\"core\/image\" data-wp-key=\"69f33b1628653\" class=\"wp-block-image size-large wp-lightbox-container\"><img loading=\"lazy\" decoding=\"async\" width=\"724\" height=\"1024\" data-wp-class--hide=\"state.isContentHidden\" data-wp-class--show=\"state.isContentVisible\" data-wp-init=\"callbacks.setButtonStyles\" data-wp-on--click=\"actions.showLightbox\" data-wp-on--load=\"callbacks.setButtonStyles\" data-wp-on-window--resize=\"callbacks.setButtonStyles\" src=\"https:\/\/www.villeneuve-les-beziers.fr\/wp-content\/uploads\/2024\/11\/claudery-scaled-e1730801159667-724x1024.jpg\" alt=\"\" class=\"wp-image-18615\" srcset=\"https:\/\/www.villeneuve-les-beziers.fr\/wp-content\/uploads\/2024\/11\/claudery-scaled-e1730801159667-724x1024.jpg 724w, https:\/\/www.villeneuve-les-beziers.fr\/wp-content\/uploads\/2024\/11\/claudery-scaled-e1730801159667-212x300.jpg 212w, https:\/\/www.villeneuve-les-beziers.fr\/wp-content\/uploads\/2024\/11\/claudery-scaled-e1730801159667-768x1086.jpg 768w, https:\/\/www.villeneuve-les-beziers.fr\/wp-content\/uploads\/2024\/11\/claudery-scaled-e1730801159667-1086x1536.jpg 1086w, https:\/\/www.villeneuve-les-beziers.fr\/wp-content\/uploads\/2024\/11\/claudery-scaled-e1730801159667-1448x2048.jpg 1448w, https:\/\/www.villeneuve-les-beziers.fr\/wp-content\/uploads\/2024\/11\/claudery-scaled-e1730801159667.jpg 1810w\" sizes=\"auto, (max-width: 724px) 100vw, 724px\" \/><button\n\t\t\tclass=\"lightbox-trigger\"\n\t\t\ttype=\"button\"\n\t\t\taria-haspopup=\"dialog\"\n\t\t\taria-label=\"Enlarge\"\n\t\t\tdata-wp-init=\"callbacks.initTriggerButton\"\n\t\t\tdata-wp-on--click=\"actions.showLightbox\"\n\t\t\tdata-wp-style--right=\"state.imageButtonRight\"\n\t\t\tdata-wp-style--top=\"state.imageButtonTop\"\n\t\t>\n\t\t\t<svg xmlns=\"http:\/\/www.w3.org\/2000\/svg\" width=\"12\" height=\"12\" fill=\"none\" viewbox=\"0 0 12 12\">\n\t\t\t\t<path fill=\"#fff\" d=\"M2 0a2 2 0 0 0-2 2v2h1.5V2a.5.5 0 0 1 .5-.5h2V0H2Zm2 10.5H2a.5.5 0 0 1-.5-.5V8H0v2a2 2 0 0 0 2 2h2v-1.5ZM8 12v-1.5h2a.5.5 0 0 0 .5-.5V8H12v2a2 2 0 0 1-2 2H8Zm2-12a2 2 0 0 1 2 2v2h-1.5V2a.5.5 0 0 0-.5-.5H8V0h2Z\" \/>\n\t\t\t<\/svg>\n\t\t<\/button><\/figure>\n<\/div>\n<\/div>\n\n\n\n<p>At the end of the electronic public participation, the authority responsible for taking the decision to approve the \"La Claudery\" ZAC development file, i.e. the Commune of Villeneuve-l\u00e8s-B\u00e9ziers, will publish a summary of the public's comments and proposals and the project owner's responses to these comments and proposals. These documents will be available for consultation for at least three months on the Town Hall's website and on the website dedicated to the participation procedure at the following address:&nbsp;<a style=\"font-size: 14px; background-color: #ffffff;\" href=\"https:\/\/www.democratie-active.fr\/zac-claudery-ppve\/\" target=\"_blank\" rel=\"noopener\">https:\/\/www.democratie-active.fr\/zac-claudery-ppve\/<\/a><\/p>\n\n\n\n<p>At the end of the electronic public participation period, the \"La Claudery\" ZAC development plan, which may be amended to take account of comments, opinions and proposals, will be submitted to the Villeneuve-l\u00e8s-B\u00e9ziers town council for approval.<\/p>\n\n\n\n<div style=\"height:4em\" aria-hidden=\"true\" class=\"wp-block-spacer\"><\/div>\n\n\n\n<div class=\"wp-block-columns is-layout-flex wp-container-core-columns-is-layout-28f84493 wp-block-columns-is-layout-flex\">\n<div class=\"wp-block-column is-layout-flow wp-block-column-is-layout-flow\">\n<p>05\/11\/2024<\/p>\n\n\n\n<p><strong>NOTICE OF ELECTRONIC PUBLIC PARTICIPATION PRIOR TO APPROVAL OF THE CREATION DOSSIER FOR THE \"PECH AURIOL - LE CROS\" ZAC.<\/strong><\/p>\n\n\n\n<p>Pursuant to the provisions of article L.123-19 of the Environmental Code, an electronic public consultation is being opened and organised from 25 November to 26 December 2024 inclusive concerning the project for the \"Pech Auriol - Le Cros\" ZAC development plan.<\/p>\n\n\n\n<p>Public participation by electronic means will take place over a period of 31 consecutive days: from Monday 25 November at 8:00 a.m. to Thursday 26 December 2024 inclusive.<\/p>\n\n\n\n<p>A<a href=\"https:\/\/www.villeneuve-les-beziers.fr\/wp-content\/uploads\/2024\/11\/Avis-PPVE-ZAC-Pech-Auriol-Le-Cros.pdf\">screw: link<\/a><\/p>\n\n\n\n<p>Dedicated platform :&nbsp;<\/p>\n\n\n\n<p><a href=\"https:\/\/www.democratie-active.fr\/zac-pech-auriol-le-cros-ppve\" target=\"_blank\" rel=\"noopener noreferrer nofollow\">https:\/\/www.democratie-active.fr\/zac-pech-auriol-le-cros-ppve<\/a><\/p>\n\n\n\n<p>Electronic register :<\/p>\n\n\n\n<p><a href=\"https:\/\/www.democratie-active.fr\/zac-pech-auriol-le-cros-ppve\" target=\"_blank\" rel=\"noopener noreferrer nofollow\">https:\/\/www.democratie-active.fr\/zac-pech-auriol-le-cros-ppve<\/a><\/p>\n\n\n\n<p>Email :&nbsp;<a href=\"mailto:zac-pech-auriol-le-cros@democratie-active.fr\" target=\"_blank\" rel=\"noreferrer noopener\">zac-pech-auriol-le-cros@democratie-active.<\/a><\/p>\n<\/div>\n\n\n\n<div class=\"wp-block-column is-layout-flow wp-block-column-is-layout-flow\">\n<figure data-wp-context=\"{&quot;imageId&quot;:&quot;69f33b1628b34&quot;}\" data-wp-interactive=\"core\/image\" data-wp-key=\"69f33b1628b34\" class=\"wp-block-image size-large wp-lightbox-container\"><img loading=\"lazy\" decoding=\"async\" width=\"724\" height=\"1024\" data-wp-class--hide=\"state.isContentHidden\" data-wp-class--show=\"state.isContentVisible\" data-wp-init=\"callbacks.setButtonStyles\" data-wp-on--click=\"actions.showLightbox\" data-wp-on--load=\"callbacks.setButtonStyles\" data-wp-on-window--resize=\"callbacks.setButtonStyles\" src=\"https:\/\/www.villeneuve-les-beziers.fr\/wp-content\/uploads\/2024\/11\/pech-auriol-scaled-e1730801602829-724x1024.jpg\" alt=\"\" class=\"wp-image-18619\" srcset=\"https:\/\/www.villeneuve-les-beziers.fr\/wp-content\/uploads\/2024\/11\/pech-auriol-scaled-e1730801602829-724x1024.jpg 724w, https:\/\/www.villeneuve-les-beziers.fr\/wp-content\/uploads\/2024\/11\/pech-auriol-scaled-e1730801602829-212x300.jpg 212w, https:\/\/www.villeneuve-les-beziers.fr\/wp-content\/uploads\/2024\/11\/pech-auriol-scaled-e1730801602829-768x1086.jpg 768w, https:\/\/www.villeneuve-les-beziers.fr\/wp-content\/uploads\/2024\/11\/pech-auriol-scaled-e1730801602829-1086x1536.jpg 1086w, https:\/\/www.villeneuve-les-beziers.fr\/wp-content\/uploads\/2024\/11\/pech-auriol-scaled-e1730801602829-1448x2048.jpg 1448w, https:\/\/www.villeneuve-les-beziers.fr\/wp-content\/uploads\/2024\/11\/pech-auriol-scaled-e1730801602829.jpg 1810w\" sizes=\"auto, (max-width: 724px) 100vw, 724px\" \/><button\n\t\t\tclass=\"lightbox-trigger\"\n\t\t\ttype=\"button\"\n\t\t\taria-haspopup=\"dialog\"\n\t\t\taria-label=\"Enlarge\"\n\t\t\tdata-wp-init=\"callbacks.initTriggerButton\"\n\t\t\tdata-wp-on--click=\"actions.showLightbox\"\n\t\t\tdata-wp-style--right=\"state.imageButtonRight\"\n\t\t\tdata-wp-style--top=\"state.imageButtonTop\"\n\t\t>\n\t\t\t<svg xmlns=\"http:\/\/www.w3.org\/2000\/svg\" width=\"12\" height=\"12\" fill=\"none\" viewbox=\"0 0 12 12\">\n\t\t\t\t<path fill=\"#fff\" d=\"M2 0a2 2 0 0 0-2 2v2h1.5V2a.5.5 0 0 1 .5-.5h2V0H2Zm2 10.5H2a.5.5 0 0 1-.5-.5V8H0v2a2 2 0 0 0 2 2h2v-1.5ZM8 12v-1.5h2a.5.5 0 0 0 .5-.5V8H12v2a2 2 0 0 1-2 2H8Zm2-12a2 2 0 0 1 2 2v2h-1.5V2a.5.5 0 0 0-.5-.5H8V0h2Z\" \/>\n\t\t\t<\/svg>\n\t\t<\/button><\/figure>\n<\/div>\n<\/div>\n\n\n\n<p>At the end of the electronic public participation, the authority responsible for taking the decision to approve the \"Pech Auriol - Le Cros\" ZAC development dossier, i.e. the Commune of Villeneuve-l\u00e8s-B\u00e9ziers, will publish a summary of the public's comments and proposals and the project owner's responses to these comments and proposals. These documents will be available for consultation for a minimum of three months on the Town Hall's website and on the website dedicated to the participation procedure at the following address:&nbsp;<a style=\"font-size: 14px; background-color: #ffffff;\" href=\"https:\/\/www.democratie-active.fr\/zac-pech-auriol-le-cros-ppve\/\" target=\"_blank\" rel=\"noopener\">https:\/\/www.democratie-active.fr\/zac-pech-auriol-le-cros-ppve\/<\/a><\/p>\n\n\n\n<p>At the end of the electronic public participation period, the \"Pech Auriol - Le Cros\" ZAC development plan, which may be amended to take account of comments, opinions and proposals, will be submitted to the Villeneuve-l\u00e8s-B\u00e9ziers town council for approval.<\/p>\n<\/div>\n\n\n\n<div class=\"wp-block-group is-style-section-1 has-global-padding is-layout-constrained wp-container-core-group-is-layout-cc9ecf56 wp-block-group-is-layout-constrained is-style-section-1--17\" style=\"margin-top:var(--wp--preset--spacing--50);margin-bottom:var(--wp--preset--spacing--50);padding-top:var(--wp--preset--spacing--50);padding-right:var(--wp--preset--spacing--50);padding-bottom:var(--wp--preset--spacing--50);padding-left:var(--wp--preset--spacing--50)\">\n<h2 class=\"wp-block-heading has-text-align-center\">La Claudery ZAC project<\/h2>\n\n\n\n<p>By resolution no. 2021\/02 of 22 February 2021, the Town Council decided to open up the \"La Claudery\" sector to urban development under the \"La Claudery\" ZAC procedure.<\/p>\n\n\n\n<p>The purpose of this sector is to redevelop an economic area that lacks coherence and overall development, and to create a service centre.<\/p>\n\n\n\n<ul class=\"wp-block-list\">\n<li><a href=\"https:\/\/www.villeneuve-les-beziers.fr\/wp-content\/uploads\/2022\/04\/DOSSIER-CONCERTATION_PROJET-ZAC-LA-CLAUDERY-2.pdf\">ZAC La Claudery project consultation file<\/a><\/li>\n\n\n\n<li><a href=\"https:\/\/www.villeneuve-les-beziers.fr\/wp-content\/uploads\/2022\/04\/2021-02-principe-de-creation-dune-ZAC-secteur-la-Claudery.pdf\">Principle of creating a ZAC (joint development zone) in the Claudery sector: deliberation no. 2021\/02 of 22\/02\/2021<\/a>&nbsp;<\/li>\n\n\n\n<li><a href=\"https:\/\/www.villeneuve-les-beziers.fr\/wp-content\/uploads\/2022\/04\/2022-04-Principe-de-la-creation-dune-zone-damenagement-concerte-ZAC-La-Claudery-rectificatif-de-la-vocation-du-secteur.pdf\">Rectification of the sector's vocation: deliberation no. 2022\/04 of 07\/02\/2022<\/a><\/li>\n\n\n\n<li><a href=\"https:\/\/www.villeneuve-les-beziers.fr\/wp-content\/uploads\/2022\/04\/VLB_Claudery_Etat-initial_CBEfev2022_compressed.pdf\">VLB Claudery study (CBE initial status Feb 2022)<\/a><\/li>\n\n\n\n<li><a href=\"https:\/\/www.villeneuve-les-beziers.fr\/wp-content\/uploads\/2022\/10\/VLB_Claudery_Pech_Auriol_VNEI_CBE_oct2022_version-minute.pdf\">Study of the natural component of the impact assessment (VNEI) CBE oct. 2022<\/a><\/li>\n<\/ul>\n\n\n\n<p>&nbsp;Update 2024:<\/p>\n\n\n\n<ul class=\"wp-block-list\">\n<li><a href=\"https:\/\/www.villeneuve-les-beziers.fr\/wp-content\/uploads\/2024\/09\/923-ZAC-La-Claudery-VLBZ-Creation-Etude-de-faisabilite-du-developpement-des-EnR-V2-240307.pdf\">923 ZAC La Claudery VLBZ - Creation - Feasibility study for the development of renewable energy - V2 - 240307<\/a><\/li>\n\n\n\n<li><a href=\"https:\/\/www.villeneuve-les-beziers.fr\/wp-content\/uploads\/2024\/09\/923-ZAC-La-Claudery-VLBZ-Etude-bilan-GES-V2-240408.pdf\">923 ZAC La Claudery VLBZ - GHG balance study - V2 - 240408<\/a><\/li>\n\n\n\n<li><a href=\"https:\/\/www.villeneuve-les-beziers.fr\/wp-content\/uploads\/2024\/09\/DOSSIER-CONCERTATION_PROJET-ZAC-LA-CLAUDERY-V2.pdf\">DOSSIER CONCERTATION_PROJET ZAC LA CLAUDERY - V2<\/a><\/li>\n<\/ul>\n<\/div>\n\n\n\n<div class=\"wp-block-group is-style-section-1 has-global-padding is-layout-constrained wp-container-core-group-is-layout-cc9ecf56 wp-block-group-is-layout-constrained is-style-section-1--18\" style=\"margin-top:var(--wp--preset--spacing--50);margin-bottom:var(--wp--preset--spacing--50);padding-top:var(--wp--preset--spacing--50);padding-right:var(--wp--preset--spacing--50);padding-bottom:var(--wp--preset--spacing--50);padding-left:var(--wp--preset--spacing--50)\">\n<h2 class=\"wp-block-heading\">La Montagnette\" development project<\/h2>\n\n\n\n<p><a href=\"https:\/\/www.villeneuve-les-beziers.fr\/wp-content\/uploads\/2022\/09\/DOSSIER-CONCERTATION_PROJET-ZAC-LA-MONTAGNETTE.pdf\" target=\"_blank\" rel=\"noopener\">ZAC La Montagnette consultation file<\/a><\/p>\n\n\n\n<p><a href=\"http:\/\/www.villeneuve-les-beziers.fr\/wp-content\/uploads\/2020\/09\/2020-064-Etudes-ZAC-Ouest-La-Montagnette.pdf\" target=\"_blank\" rel=\"noopener\">Town council deliberations<\/a><\/p>\n\n\n\n<p><a href=\"https:\/\/www.villeneuve-les-beziers.fr\/wp-content\/uploads\/2022\/05\/VNEI-etat-initial_VLB_Montagnette_CBE-9-mai-2022_compressed.pdf\">Study VLB ZAC La Montagnette initial state project La Montagnette CBE<\/a><\/p>\n\n\n\n<p><a href=\"https:\/\/www.villeneuve-les-beziers.fr\/wp-content\/uploads\/2021\/10\/DOSSIER-PRESENTATION_PROJET-LA-MONTAGNETTE.pdf\">Meeting on 21\/04\/2022 for presentation and discussion with the owners.<\/a><\/p>\n\n\n\n<p>***<\/p>\n\n\n\n<p><a href=\"https:\/\/www.villeneuve-les-beziers.fr\/wp-content\/uploads\/2023\/04\/2023-25-Abrogation-de-la-procedure-ZAC-la-montagnette-amenagement-densemble-avis-etude-dimpact.pdf\">Cancellation of the ZAC la montagnette procedure - launch of a comprehensive development project<\/a> La Montagnette<\/p>\n\n\n\n<p><a href=\"https:\/\/www.villeneuve-les-beziers.fr\/wp-content\/uploads\/2023\/11\/230317-EI-la-montagnette-VLB_indB-avec-compression.pdf\">230317-EI montagnette VLB_indB-with compression<\/a><\/p>\n\n\n\n<p><a href=\"https:\/\/www.villeneuve-les-beziers.fr\/wp-content\/uploads\/2023\/12\/2023-58-Procedure-de-DUP-secteur-Montagnette.pdf\">Deliberation 2023\/58 Principle of implementing a declaration of public interest procedure for the Montagnette sector, which is the subject of a public development project<\/a><\/p>\n\n\n\n<p><a href=\"https:\/\/www.villeneuve-les-beziers.fr\/wp-content\/uploads\/2025\/10\/2025-49-projet-urbain-la-montagnette-demande-ouverture-enquete-publique.pdf\">Deliberation 2025 49 montagnette urban project request to open a public enquiry<\/a><\/p>\n<\/div>\n\n\n\n<div class=\"wp-block-group is-style-section-1 has-global-padding is-layout-constrained wp-container-core-group-is-layout-cc9ecf56 wp-block-group-is-layout-constrained is-style-section-1--19\" style=\"margin-top:var(--wp--preset--spacing--50);margin-bottom:var(--wp--preset--spacing--50);padding-top:var(--wp--preset--spacing--50);padding-right:var(--wp--preset--spacing--50);padding-bottom:var(--wp--preset--spacing--50);padding-left:var(--wp--preset--spacing--50)\">\n<h2 class=\"wp-block-heading\">ZAC Pech Auriol project<\/h2>\n\n\n\n<p><a style=\"font-size: 14px; transition-property: all;\" href=\"http:\/\/www.villeneuve-les-beziers.fr\/wp-content\/uploads\/2020\/09\/DOSSIER-CONCERTATION_PROJET-ZAC-PECH-AURIOL-LE-CROS.pdf\" target=\"_blank\" rel=\"noopener\">Pech Auriol ZAC project consultation file<\/a><\/p>\n\n\n\n<p><a style=\"font-size: 14px; transition-property: all;\" href=\"http:\/\/www.villeneuve-les-beziers.fr\/wp-content\/uploads\/2020\/09\/2020-063-Etudes-ZAC-Pech-Auriol-Le-Cros.pdf\" target=\"_blank\" rel=\"noopener\">Town council deliberations<\/a><\/p>\n\n\n\n<p><a style=\"font-size: 14px; color: #1e73be; transition-property: all;\" href=\"https:\/\/www.villeneuve-les-beziers.fr\/wp-content\/uploads\/2022\/04\/VLB_Pech-Auriol_Etat-initial_CBE_fev2022_compressed.pdf\">VLB study ZAC Pech Auriol (Initial status Feb 2022)<\/a><\/p>\n\n\n\n<p><a style=\"font-size: 14px; transition-property: all;\" href=\"https:\/\/www.villeneuve-les-beziers.fr\/wp-content\/uploads\/2022\/10\/VLB_Claudery_Pech_Auriol_VNEI_CBE_oct2022_version-minute.pdf\">Study of the natural component of the impact assessment (VNEI) CBE oct. 2022<\/a><\/p>\n\n\n\n<p>Update 2024:<\/p>\n\n\n\n<p><a href=\"https:\/\/www.villeneuve-les-beziers.fr\/wp-content\/uploads\/2024\/09\/923-ZAC-Pech-Auriol-Le-Cros-VLBZ-Creation-EFD-EnR-V2-240307.pdf\">923 ZAC Pech Auriol - Le Cros VLBZ - Creation - EFD EnR - V2 - 240307<\/a><\/p>\n\n\n\n<p><a href=\"https:\/\/www.villeneuve-les-beziers.fr\/wp-content\/uploads\/2024\/09\/923-ZAC-Pech-Auriol-Le-Cros-VLBZ-Etude-bilan-GES-V2-240307.pdf\">923 ZAC Pech Auriol - Le Cros VLBZ - GHG balance study - V2 - 240307<\/a><\/p>\n\n\n\n<p><a href=\"https:\/\/www.villeneuve-les-beziers.fr\/wp-content\/uploads\/2024\/09\/DOSSIER-CONCERTATION_PROJET-ZAC-PECH-AURIOL-LE-CROS-V2.pdf\">DOSSIER CONCERTATION_PROJET ZAC PECH AURIOL - LE CROS V2<\/a><\/p>\n\n\n\n<p><a href=\"https:\/\/www.villeneuve-les-beziers.fr\/wp-content\/uploads\/2024\/09\/Rapport_EPA_ZAC_VLB_V5.pdf\">Report_EPA_ZAC_VLB_V5<\/a><\/p>\n<\/div>\n\n\n\n<div class=\"wp-block-group is-style-section-1 has-global-padding is-layout-constrained wp-container-core-group-is-layout-cc9ecf56 wp-block-group-is-layout-constrained is-style-section-1--20\" style=\"margin-top:var(--wp--preset--spacing--50);margin-bottom:var(--wp--preset--spacing--50);padding-top:var(--wp--preset--spacing--50);padding-right:var(--wp--preset--spacing--50);padding-bottom:var(--wp--preset--spacing--50);padding-left:var(--wp--preset--spacing--50)\">\n<h2 class=\"wp-block-heading\">Compensatory project for the Castelfort Montblanc estate<\/h2>\n\n\n\n<p><a href=\"https:\/\/www.villeneuve-les-beziers.fr\/wp-content\/uploads\/2023\/12\/ETAT-ECOLOGIQUE-INITIAL_SITE-COMPENSATOIRE-CASTELFORT_ALTEMIS-202312.pdf\">INITIAL ECOLOGICAL STATUS_COMPENSATORY SITE CASTELFORT_ALTEMIS-202312<\/a><\/p>\n<\/div>\n\n\n\n<div class=\"wp-block-group is-style-section-1 has-global-padding is-layout-constrained wp-container-core-group-is-layout-cc9ecf56 wp-block-group-is-layout-constrained is-style-section-1--21\" style=\"margin-top:var(--wp--preset--spacing--50);margin-bottom:var(--wp--preset--spacing--50);padding-top:var(--wp--preset--spacing--50);padding-right:var(--wp--preset--spacing--50);padding-bottom:var(--wp--preset--spacing--50);padding-left:var(--wp--preset--spacing--50)\">\n<h2 class=\"wp-block-heading\">New Montpellier-Perpignan line<\/h2>\n\n\n\n<div class=\"wp-block-columns is-layout-flex wp-container-core-columns-is-layout-28f84493 wp-block-columns-is-layout-flex\">\n<div class=\"wp-block-column is-layout-flow wp-block-column-is-layout-flow\">\n<p>You can find all the information about the project on the official websites:<\/p>\n\n\n\n<ul class=\"wp-block-list\">\n<li><a href=\"https:\/\/www.ligne-montpellier-perpignan.com\" target=\"_blank\" rel=\"noopener noreferrer nofollow\">https:\/\/www.ligne-montpellier-perpignan.com<\/a><\/li>\n\n\n\n<li><a href=\"https:\/\/www.sncf-reseau.com\/fr\/reseau\/occitanie\/ligne-nouvelle-montpellier-perpignan\/avancement-et-documents\" target=\"_blank\" rel=\"noopener noreferrer nofollow\">https:\/\/www.sncf-reseau.com\/fr\/reseau\/occitanie\/ligne-nouvelle-montpellier-perpignan\/avancement-et-documents<\/a><\/li>\n<\/ul>\n<\/div>\n\n\n\n<div class=\"wp-block-column is-layout-flow wp-block-column-is-layout-flow\">\n<figure class=\"wp-block-image aligncenter size-medium\"><img loading=\"lazy\" decoding=\"async\" width=\"300\" height=\"159\" src=\"https:\/\/www.villeneuve-les-beziers.fr\/wp-content\/uploads\/2019\/10\/lnmp1-300x159.jpg\" alt=\"\" class=\"wp-image-3863\" srcset=\"https:\/\/www.villeneuve-les-beziers.fr\/wp-content\/uploads\/2019\/10\/lnmp1-300x159.jpg 300w, https:\/\/www.villeneuve-les-beziers.fr\/wp-content\/uploads\/2019\/10\/lnmp1.jpg 640w\" sizes=\"auto, (max-width: 300px) 100vw, 300px\" \/><figcaption class=\"wp-element-caption\"><a href=\"https:\/\/www.ligne-montpellier-perpignan.com\/\" target=\"_blank\" rel=\"noopener\">New TGV line (LNMP)<\/a><\/figcaption><\/figure>\n<\/div>\n<\/div>\n\n\n\n<p>Zoning plan of the PLU with reserved sites n\u00b011 and 12 for SNCF R\u00c9SEAU :<\/p>\n\n\n\n<p><a href=\"https:\/\/www.villeneuve-les-beziers.fr\/wp-content\/uploads\/2023\/05\/Piece-3-Reglement-graphique-echelle-1-7500e-modif8-PLU.pdf\">Part 3 - Graphic regulations 1-7500 Villeneuve<\/a><\/p>\n<\/div>\n\n\n\n<div class=\"wp-block-group is-style-section-1 has-global-padding is-layout-constrained wp-container-core-group-is-layout-cc9ecf56 wp-block-group-is-layout-constrained is-style-section-1--22\" style=\"margin-top:var(--wp--preset--spacing--50);margin-bottom:var(--wp--preset--spacing--50);padding-top:var(--wp--preset--spacing--50);padding-right:var(--wp--preset--spacing--50);padding-bottom:var(--wp--preset--spacing--50);padding-left:var(--wp--preset--spacing--50)\">\n<h2 class=\"wp-block-heading\">PPR<\/h2>\n\n\n\n<div class=\"wp-block-columns is-layout-flex wp-container-core-columns-is-layout-28f84493 wp-block-columns-is-layout-flex\">\n<div class=\"wp-block-column is-layout-flow wp-block-column-is-layout-flow\">\n<h3 class=\"wp-block-heading\">Flood risk plan* (PPR)<\/h3>\n\n\n\n<p>Approval date: 08\/11\/2007<\/p>\n\n\n\n<p><a href=\"http:\/\/piece-jointe-carto.developpement-durable.gouv.fr\/DEPT034A\/ZonagePPRI\/VILLENEUVE-LES-BEZIERS\/ArreteAppro_VILLENEUVE-LES-BEZIERS.pdf\" target=\"_blank\" rel=\"noreferrer noopener\">Approval order<\/a><\/p>\n\n\n\n<p><a href=\"http:\/\/piece-jointe-carto.developpement-durable.gouv.fr\/DEPT034A\/ZonagePPRI\/VILLENEUVE-LES-BEZIERS\/RapportPres_VILLENEUVE-LES-BEZIERS.pdf\" target=\"_blank\" rel=\"noreferrer noopener\">Presentation report<\/a><\/p>\n\n\n\n<p><strong>Zoning maps<\/strong><\/p>\n\n\n\n<p><a href=\"https:\/\/www.villeneuve-les-beziers.fr\/wp-content\/uploads\/2023\/06\/CARTE_ZONAGE_3aWOR.pdf\">Map_Zoning_3aWOR<\/a><\/p>\n\n\n\n<p><a href=\"https:\/\/www.villeneuve-les-beziers.fr\/wp-content\/uploads\/2023\/06\/CARTE_ZONAGE_3bapres-EPWOR.pdf\">Map_Zoning_3bapres_EPWOR<\/a><\/p>\n\n\n\n<p><a href=\"http:\/\/piece-jointe-carto.developpement-durable.gouv.fr\/DEPT034A\/ZonagePPRI\/VILLENEUVE-LES-BEZIERS\/Reglement_VILLENEUVE-LES-BEZIERS.pdf\" target=\"_blank\" rel=\"noreferrer noopener\">Regulations<\/a><\/p>\n\n\n\n<p><strong>Appendices<\/strong><\/p>\n\n\n\n<p><a style=\"background-color: #f6f6f6; box-sizing: inherit; outline-color: #0a76f6; outline-width: 2px; line-height: 1.5rem; font-size: 1rem; color: var(--text-action-high-blue-france); transition-duration: 0s; transition-property: background-size; touch-action: manipulation; --hover-tint: var(--idle); --active-tint: var(--active); outline-offset: 2px; cursor: pointer; background-image: var(--underline-img),var(--underline-img); background-position: var(--underline-x) 100%,var(--underline-x) calc(100% - var(--underline-thickness)); background-repeat: no-repeat, no-repeat; background-size: var(--underline-hover-width) calc(var(--underline-thickness)*2),var(--underline-idle-width) var(--underline-thickness); --text-spacing: 0; --title-spacing: 0; display: inline; z-index: 1; max-height: none; max-width: 100%; overflow: initial;\" title=\"Visit http:\/\/piece-jointe-carto.developpement-durable.gouv.fr\/DEPT034A\/ZonagePPRI\/VILLENEUVE-LES-BEZIERS\/Alea_VILLENEUVE-LES-BEZIERS.zip - new window\" href=\"http:\/\/piece-jointe-carto.developpement-durable.gouv.fr\/DEPT034A\/ZonagePPRI\/VILLENEUVE-LES-BEZIERS\/Alea_VILLENEUVE-LES-BEZIERS.zip\" target=\"_blank\" rel=\"noopener\" data-xiti-site=\"482004\" data-xiti-name=\"lien_externe::VILLENEUVE-LES-BEZIERS::::Carte_d_alea\" data-xiti-type=\"exit\" data-xiti-niv2=\"\" data-fr-js-link-actionee=\"true\">Hazard map<\/a><\/p>\n\n\n\n<p><a style=\"background-color: #f6f6f6; box-sizing: inherit; outline-color: #0a76f6; outline-width: 2px; line-height: 1.5rem; font-size: 1rem; color: var(--text-action-high-blue-france); transition-duration: 0s; transition-property: background-size; touch-action: manipulation; --hover-tint: var(--idle); --active-tint: var(--active); outline-offset: 2px; cursor: pointer; background-image: var(--underline-img),var(--underline-img); background-position: var(--underline-x) 100%,var(--underline-x) calc(100% - var(--underline-thickness)); background-repeat: no-repeat, no-repeat; background-size: var(--underline-hover-width) calc(var(--underline-thickness)*2),var(--underline-idle-width) var(--underline-thickness); --text-spacing: 0; --title-spacing: 0; display: inline; z-index: 1; max-height: none; max-width: 100%; overflow: initial;\" title=\"Visit http:\/\/piece-jointe-carto.developpement-durable.gouv.fr\/DEPT034A\/ZonagePPRI\/VILLENEUVE-LES-BEZIERS\/Annexe_VILLENEUVE-LES-BEZIERS.pdf - new window\" href=\"http:\/\/piece-jointe-carto.developpement-durable.gouv.fr\/DEPT034A\/ZonagePPRI\/VILLENEUVE-LES-BEZIERS\/Annexe_VILLENEUVE-LES-BEZIERS.pdf\" target=\"_blank\" rel=\"noopener\" data-xiti-site=\"482004\" data-xiti-name=\"lien_externe::VILLENEUVE-LES-BEZIERS::::Autres_annexes\" data-xiti-type=\"exit\" data-xiti-niv2=\"\" data-fr-js-link-actionee=\"true\">Other appendices<\/a><\/p>\n\n\n\n<p>*The data in the more stringent Porter \u00e0 connaissance (PAC) are higher than those in the PPRI (see below).<\/p>\n<\/div>\n\n\n\n<div class=\"wp-block-column is-layout-flow wp-block-column-is-layout-flow\">\n<h3 class=\"wp-block-heading\">MINGUEZ\" technological risk prevention plan<\/h3>\n\n\n\n<p class=\"is-style-default\">Approval date: 06\/03\/2013<\/p>\n\n\n\n<p class=\"is-style-default\"><a style=\"background-color: #f6f6f6; box-sizing: inherit; touch-action: manipulation; color: var(--text-action-high-blue-france); --hover-tint: var(--idle); --active-tint: var(--active); outline-color: #0a76f6; outline-offset: 2px; outline-width: 2px; cursor: pointer; background-image: var(--underline-img),var(--underline-img); background-position: var(--underline-x) 100%,var(--underline-x) calc(100% - var(--underline-thickness)); background-repeat: no-repeat, no-repeat; background-size: var(--underline-hover-width) calc(var(--underline-thickness)*2),var(--underline-idle-width) var(--underline-thickness); transition-duration: 0s; transition-property: background-size; --text-spacing: 0; --title-spacing: 0; display: inline; font-size: 1rem; line-height: 1.5rem; z-index: 1; max-height: none; max-width: 100%; overflow: initial;\" title=\"Visit http:\/\/piece-jointe-carto.developpement-durable.gouv.fr\/DEPT034A\/ZonagePPRT\/MINGUEZ\/ArreteAppro_MINGUEZ.pdf - new window\" data-xiti-site=\"482004\" data-xiti-name=\"lien_externe::VILLENEUVE-LES-BEZIERS::::Arrete_d_approbation\" data-xiti-type=\"exit\" data-fr-js-link-actionee=\"true\" data-xiti-niv2=\"\" href=\"http:\/\/piece-jointe-carto.developpement-durable.gouv.fr\/DEPT034A\/ZonagePPRT\/MINGUEZ\/ArreteAppro_MINGUEZ.pdf\" target=\"_blank\" rel=\"noopener\">Approval order<\/a><\/p>\n\n\n\n<p><a href=\"http:\/\/piece-jointe-carto.developpement-durable.gouv.fr\/DEPT034A\/ZonagePPRT\/MINGUEZ\/ArreteAppro_MINGUEZ.pdf\" target=\"_blank\" rel=\"noreferrer noopener\">Approval order<\/a><\/p>\n\n\n\n<p><a href=\"http:\/\/piece-jointe-carto.developpement-durable.gouv.fr\/DEPT034A\/ZonagePPRT\/MINGUEZ\/RapportPres_MINGUEZ.pdf\" target=\"_blank\" rel=\"noreferrer noopener\">Presentation report<\/a><\/p>\n\n\n\n<p><a href=\"http:\/\/piece-jointe-carto.developpement-durable.gouv.fr\/DEPT034A\/ZonagePPRT\/MINGUEZ\/Zonage_MINGUEZ.pdf\" target=\"_blank\" rel=\"noreferrer noopener\">Zoning map<\/a><\/p>\n\n\n\n<p><a href=\"http:\/\/piece-jointe-carto.developpement-durable.gouv.fr\/DEPT034A\/ZonagePPRT\/MINGUEZ\/Reglement_MINGUEZ.pdf\" target=\"_blank\" rel=\"noreferrer noopener\">Regulations<\/a>&nbsp;<\/p>\n\n\n\n<p><strong>Appendices<\/strong><\/p>\n\n\n\n<p><a href=\"http:\/\/piece-jointe-carto.developpement-durable.gouv.fr\/DEPT034A\/ZonagePPRT\/MINGUEZ\/Alea_MINGUEZ.pdf\" target=\"_blank\" rel=\"noreferrer noopener\">Hazard map<\/a><\/p>\n\n\n\n<p><a href=\"http:\/\/piece-jointe-carto.developpement-durable.gouv.fr\/DEPT034A\/ZonagePPRT\/MINGUEZ\/Annexe_MINGUEZ.zip\" target=\"_blank\" rel=\"noreferrer noopener\">Other appendices<\/a><\/p>\n<\/div>\n\n\n\n<div class=\"wp-block-column is-layout-flow wp-block-column-is-layout-flow\">\n<h3 class=\"wp-block-heading\">GAZECHIM\" technological risk prevention plan<\/h3>\n\n\n\n<p>Approval date: 03\/08\/2015<\/p>\n\n\n\n<p><a href=\"http:\/\/piece-jointe-carto.developpement-durable.gouv.fr\/DEPT034A\/ZonagePPRT\/GAZECHIM\/ArreteAppro_GAZECHIM.pdf\" target=\"_blank\" rel=\"noreferrer noopener\">Approval order<\/a><\/p>\n\n\n\n<p><a href=\"http:\/\/piece-jointe-carto.developpement-durable.gouv.fr\/DEPT034A\/ZonagePPRT\/GAZECHIM\/RapportPres_GAZECHIM.pdf\" target=\"_blank\" rel=\"noreferrer noopener\">Presentation report<\/a><\/p>\n\n\n\n<p><a href=\"http:\/\/piece-jointe-carto.developpement-durable.gouv.fr\/DEPT034A\/ZonagePPRT\/GAZECHIM\/Zonage_GAZECHIM.pdf\" target=\"_blank\" rel=\"noreferrer noopener\">Zoning map<\/a><\/p>\n\n\n\n<p><a href=\"http:\/\/piece-jointe-carto.developpement-durable.gouv.fr\/DEPT034A\/ZonagePPRT\/GAZECHIM\/Reglement_GAZECHIM.pdf\" target=\"_blank\" rel=\"noreferrer noopener\">Regulations<\/a>&nbsp;<\/p>\n\n\n\n<p><strong>Appendices<\/strong><\/p>\n\n\n\n<p><a href=\"http:\/\/piece-jointe-carto.developpement-durable.gouv.fr\/DEPT034A\/ZonagePPRT\/GAZECHIM\/Annexe_GAZECHIM.pdf\" target=\"_blank\" rel=\"noreferrer noopener\">Other appendices<\/a><\/p>\n<\/div>\n<\/div>\n<\/div>\n\n\n\n<div class=\"wp-block-group is-style-section-1 has-global-padding is-layout-constrained wp-container-core-group-is-layout-cc9ecf56 wp-block-group-is-layout-constrained is-style-section-1--23\" style=\"margin-top:var(--wp--preset--spacing--50);margin-bottom:var(--wp--preset--spacing--50);padding-top:var(--wp--preset--spacing--50);padding-right:var(--wp--preset--spacing--50);padding-bottom:var(--wp--preset--spacing--50);padding-left:var(--wp--preset--spacing--50)\">\n<h2 class=\"wp-block-heading\">Statement of information following the floods of October 2019<\/h2>\n\n\n\n<p>RISK STUDIES NOTIFIED TO LOCAL AUTHORITIES<\/p>\n\n\n\n<p>When a natural risk prevention plan is approved for a municipality, this plan provides a precise framework for building possibilities. However, it is not the only source of information to be taken into account, and all available additional knowledge of the risks must be used to assess the risk, particularly when drawing up town planning documents and examining planning permission. The Prefect must provide the municipalities with all the technical studies at his disposal that are necessary for them to exercise their town planning powers (Article L.132-2 of the Town Planning Code). To this end, the studies listed below have been brought to their attention. Source : <a href=\"https:\/\/www.herault.gouv.fr\/Politiques-publiques\/Environnement-risques-naturels-et-technologiques\/Risques-naturels-et-technologiques\/Transmission-des-informations-aux-maires-TIM\/Les-Porter-a-connaissance-PAC-de-l-Herault\" target=\"_blank\" rel=\"noopener noreferrer nofollow\">Prefecture of H\u00e9rault<\/a><\/p>\n\n\n\n<h3 class=\"wp-block-heading\">Flooding<\/h3>\n\n\n\n<p>28\/09\/2020<\/p>\n\n\n\n<p>Hazard map for the flood of 23 October 2019 and associated planning notice<\/p>\n\n\n\n<p><a href=\"https:\/\/www.villeneuve-les-beziers.fr\/wp-content\/uploads\/2023\/05\/Piece-Annexe-PAC-Carte-Alea-inondation-Villeneuve-les-Beziers-2020-09-28-002.pdf\">Appendix - PAC- Alea flood map Villeneuve-les-Beziers 2020-09-28<\/a><\/p>\n\n\n\n<p><a href=\"https:\/\/www.villeneuve-les-beziers.fr\/wp-content\/uploads\/2023\/05\/Piece-Annexe-PAC-notice-associee-a-carte-alea-crue-23-octobre-2019.pdf\">Appendix - PAC - leaflet associated with flood hazard map 23 October<\/a><a href=\"https:\/\/www.villeneuve-les-beziers.fr\/wp-content\/uploads\/2023\/05\/Piece-Annexe-PAC-notice-associee-a-carte-alea-crue-23-octobre-2019.pdf\">&nbsp;2019<\/a><\/p>\n\n\n\n<p><a href=\"https:\/\/www.villeneuve-les-beziers.fr\/wp-content\/uploads\/2023\/06\/PAC_PHE_Villeneuve_les_Beziers_2020_09_282-1.pdf\">PAC_PHE_Villeneuve_les_Beziers_2020_09_28<\/a><\/p>\n\n\n\n<h3 class=\"wp-block-heading\">Multi-risk<\/h3>\n\n\n\n<p>09\/06\/2017<\/p>\n\n\n\n<p>Natural or technological risk definition sheet(s) for campsites and residential leisure parks in the H\u00e9rault. These sheets summarise, for each establishment and based on all the information drawn up by or at the request of the State, the delimitation of areas subject to foreseeable natural or technological risk and the extent of exposure. A map showing the location of the campsite in relation to the risks taken into account is also appended.<\/p>\n\n\n\n<p><a href=\"http:\/\/piece-jointe-carto.developpement-durable.gouv.fr\/DEPT034A\/Camping_Risques\/VILLENEUVE-LES-BEZIERS.zip\" target=\"_blank\" rel=\"noreferrer noopener\">ZIP archive of all the campsites in the commune<\/a><\/p>\n<\/div>\n\n\n\n<div class=\"wp-block-group is-style-section-1 has-global-padding is-layout-constrained wp-container-core-group-is-layout-cc9ecf56 wp-block-group-is-layout-constrained is-style-section-1--24\" style=\"margin-top:var(--wp--preset--spacing--50);margin-bottom:var(--wp--preset--spacing--50);padding-top:var(--wp--preset--spacing--50);padding-right:var(--wp--preset--spacing--50);padding-bottom:var(--wp--preset--spacing--50);padding-left:var(--wp--preset--spacing--50)\">\n<h2 class=\"wp-block-heading\">Rainwater drainage regulations for the Communaut\u00e9 d'Agglom\u00e9ration B\u00e9ziers M\u00e9diterran\u00e9e<\/h2>\n\n\n\n<p>The purpose of these regulations is to define the specific measures prescribed for the territory of the agglomeration community in terms of run-off control, treatment and discharge of rainwater into public underground or open-air networks. To this end, it specifies the general legislative framework.<\/p>\n\n\n\n<details class=\"wp-block-details is-layout-flow wp-block-details-is-layout-flow\"><summary>Unroll the extract from the rules<\/summary>\n<blockquote class=\"wp-block-quote is-style-default has-medium-font-size is-layout-flow wp-block-quote-is-layout-flow\">\n<p>7- General rules<\/p>\n\n\n\n<p>a) It is forbidden to connect rainwater to the sewerage system or to an independent sewerage system.<\/p>\n\n\n\n<p>b) Any increase in runoff caused by new waterproofing (creation or extension of existing buildings or infrastructures) must be compensated for by the installation of rainwater storage systems on the plot (infiltration or retention basins) or other alternative techniques*.<\/p>\n\n\n\n<p><b>New waterproofing must be compensated for to the extent of 130 litres\/m\u00b2.&nbsp;<\/b><b>(minimum) with a maximum leakage rate of 50 l\/s per hectare of waterproofing.<\/b><\/p>\n\n\n\n<p>If infiltration is not possible (or if the infiltration rate is insufficient) and there is no outlet, diffuse spreading may be considered at a regulated rate of 5 l\/s\/waterproofed hectare, subject to acceptance by the municipality.<\/p>\n\n\n\n<p>The retention volume to be used in this case is : 170 l\/m\u00b2 of waterproofing.<\/p>\n\n\n\n<p>c) The volume stored must be emptied by infiltration as a priority and not connected to the public network.<\/p>\n\n\n\n<p>d) For building permits involving the demolition of existing buildings, the sizing of the works must take into account all the waterproofed surfaces of the land unit, regardless of the previous degree of waterproofing.<\/p>\n\n\n\n<p>e) In the case of grouped urban development projects (housing estates, ZACs, etc.), storage facilities must be shared by the whole project in order to avoid storage on each plot. Storage facilities created as part of a subdivision permit must be sized for the roadway and for the total waterproofed surfaces likely to be created on each lot.<\/p>\n\n\n\n<p>* Alternative techniques complement or replace conventional sewerage systems. Their main function is to limit peak flows downstream in order to prevent the concentration of water in saturated networks:<\/p>\n\n\n\n<ul class=\"wp-block-list\">\n<li>by infiltration when the soil is suitable and outside the catchment protection area,<\/li>\n\n\n\n<li>by temporary storage of rainwater before releasing it at a controlled rate into the downstream network (drains, gutters, ditches, etc.) if infiltration is impossible or prohibited,<\/li>\n\n\n\n<li>by combining temporary storage and infiltration.<\/li>\n<\/ul>\n\n\n\n<p>A non-exhaustive catalogue of plot-based storage techniques is presented in the appendix to the regulations: ditches, drainage trenches, storage roofs, porous soils, reservoir pavements, etc.<\/p>\n<\/blockquote>\n<\/details>\n\n\n\n<div class=\"wp-block-file\"><a id=\"wp-block-file--media-2d2f2b9e-3151-42a0-bb7d-832b03def623\" href=\"https:\/\/www.villeneuve-les-beziers.fr\/wp-content\/uploads\/2023\/07\/cabm-pluvial-210712-reglement-complet-vf.pdf\">cabm-pluvial-210712-complete-regulations-vf<\/a><a href=\"https:\/\/www.villeneuve-les-beziers.fr\/wp-content\/uploads\/2023\/07\/cabm-pluvial-210712-reglement-complet-vf.pdf\" class=\"wp-block-file__button wp-element-button\" aria-describedby=\"wp-block-file--media-2d2f2b9e-3151-42a0-bb7d-832b03def623\" download>Download<\/a><\/div>\n\n\n\n<div class=\"wp-block-columns are-vertically-aligned-top is-layout-flex wp-container-core-columns-is-layout-28f84493 wp-block-columns-is-layout-flex\">\n<div class=\"wp-block-column is-vertically-aligned-top is-layout-flow wp-block-column-is-layout-flow\">\n<figure class=\"wp-block-image aligncenter size-full\"><img loading=\"lazy\" decoding=\"async\" width=\"640\" height=\"340\" src=\"https:\/\/www.villeneuve-les-beziers.fr\/wp-content\/uploads\/2019\/10\/dicrimvlb.jpg\" alt=\"\" class=\"wp-image-3865\" style=\"aspect-ratio:16\/9;object-fit:cover\" srcset=\"https:\/\/www.villeneuve-les-beziers.fr\/wp-content\/uploads\/2019\/10\/dicrimvlb.jpg 640w, https:\/\/www.villeneuve-les-beziers.fr\/wp-content\/uploads\/2019\/10\/dicrimvlb-300x159.jpg 300w\" sizes=\"auto, (max-width: 640px) 100vw, 640px\" \/><\/figure>\n\n\n\n<h3 class=\"wp-block-heading has-text-align-center\"><a href=\"https:\/\/fr.calameo.com\/read\/003073807a7a85f39b5cb\" target=\"_blank\" rel=\"noopener\">Major risks<\/a><\/h3>\n<\/div>\n\n\n\n<div class=\"wp-block-column is-vertically-aligned-top is-layout-flow wp-block-column-is-layout-flow\">\n<figure class=\"wp-block-image aligncenter size-full\"><img loading=\"lazy\" decoding=\"async\" width=\"870\" height=\"489\" src=\"https:\/\/www.villeneuve-les-beziers.fr\/wp-content\/uploads\/2019\/10\/870x489_maxnewsworldtwo137709.jpg\" alt=\"\" class=\"wp-image-3957\" style=\"aspect-ratio:16\/9;object-fit:cover\" srcset=\"https:\/\/www.villeneuve-les-beziers.fr\/wp-content\/uploads\/2019\/10\/870x489_maxnewsworldtwo137709.jpg 870w, https:\/\/www.villeneuve-les-beziers.fr\/wp-content\/uploads\/2019\/10\/870x489_maxnewsworldtwo137709-150x84.jpg 150w, https:\/\/www.villeneuve-les-beziers.fr\/wp-content\/uploads\/2019\/10\/870x489_maxnewsworldtwo137709-300x169.jpg 300w, https:\/\/www.villeneuve-les-beziers.fr\/wp-content\/uploads\/2019\/10\/870x489_maxnewsworldtwo137709-768x432.jpg 768w\" sizes=\"auto, (max-width: 870px) 100vw, 870px\" \/><\/figure>\n\n\n\n<h3 class=\"wp-block-heading has-text-align-center\"><a href=\"http:\/\/www.villeneuve-les-beziers.fr\/en\/town-planning\/flood-risk-prevention-plan\/\" target=\"_blank\" rel=\"noopener\">Risk Prevention Plans<\/a><\/h3>\n<\/div>\n<\/div>\n<\/div>\n\n\n\n<div class=\"wp-block-group is-style-section-1 has-global-padding is-layout-constrained wp-container-core-group-is-layout-cc9ecf56 wp-block-group-is-layout-constrained is-style-section-1--25\" style=\"margin-top:var(--wp--preset--spacing--50);margin-bottom:var(--wp--preset--spacing--50);padding-top:var(--wp--preset--spacing--50);padding-right:var(--wp--preset--spacing--50);padding-bottom:var(--wp--preset--spacing--50);padding-left:var(--wp--preset--spacing--50)\">\n<h2 class=\"wp-block-heading\">Information packs Town Hall<\/h2>\n\n\n\n<p><strong>Dossier d'Information Mairie Free<\/strong><\/p>\n\n\n\n<p>Avenue Pierre B\u00e9r\u00e9govoy P\u00f4le M\u00e9diterran\u00e9e<\/p>\n\n\n\n<p><a href=\"https:\/\/www.villeneuve-les-beziers.fr\/wp-content\/uploads\/2023\/03\/20230329134022.pdf\">Link to the file<\/a><\/p>\n\n\n\n<p><b>Dossier d'Information Mairie<\/b><\/p>\n\n\n\n<p>(Complies with the specifications of the Bee Law and the Order of 12 October 2016)<br style=\"caret-color: #242424; color: #242424; font-family: Calibri, sans-serif; font-size: 14.666667px;\" aria-hidden=\"true\">Concerning the installation of a new radio installation on site T04D49<\/p>\n\n\n\n<p>3 avenue ANDRE PALMADE 34420 VILLENEUVE-LES-BEZIERS<\/p>\n\n\n\n<p><strong><a href=\"https:\/\/www.villeneuve-les-beziers.fr\/wp-content\/uploads\/2022\/11\/Dossier-information-Mairie-site-T04D49.pdf\">Dossier information Mairie - ANDR\u00c9 PALMADE T04D49<\/a><\/strong><\/p>\n\n\n\n<p>Dossier d'Information Mairie<\/p>\n\n\n\n<p>(Complies with the specifications of the Bee Law and the Order of 12 October 2016)<br style=\"caret-color: #242424; color: #242424; font-family: Calibri, sans-serif; font-size: 14.6667px;\" aria-hidden=\"true\">Concerning the installation of a new radio installation site T03FA1 to replace another - Chemin du Cros 34420 CERS<\/p>\n\n\n\n<p>Link to dossier :&nbsp;<a href=\"https:\/\/www.villeneuve-les-beziers.fr\/wp-content\/uploads\/2024\/05\/Dossier-information-Mairie-Ch-du-Cros.pdf\">Information folder Mairie Ch du Cros<\/a><\/p>\n\n\n\n<p><strong>Dossier Information Mairie FREE MOBILE 34336 005 01 Lieu-dit Les Vernets<\/strong> :<\/p>\n\n\n\n<p><a href=\"https:\/\/www.villeneuve-les-beziers.fr\/wp-content\/uploads\/2025\/05\/DOSSIER-INFORMATION-MAIRIE-34336_005_01.pdf\" data-type=\"link\" data-id=\"https:\/\/www.villeneuve-les-beziers.fr\/wp-content\/uploads\/2025\/05\/DOSSIER-INFORMATION-MAIRIE-34336_005_01.pdf\">https:\/\/www.villeneuve-les-beziers.fr\/wp-content\/uploads\/2025\/05\/DOSSIER-INFORMATION-MAIRIE-34336_005_01.pdf<\/a><\/p>\n\n\n\n<p><strong>Dossier information Mairie - Free Mobile - 34032_038_01 - Les Mathes<\/strong> :<\/p>\n\n\n\n<p><a href=\"https:\/\/www.villeneuve-les-beziers.fr\/wp-content\/uploads\/2026\/01\/dossier-information-Mairie-34032_038_01.pdf\">Link to the file<\/a><\/p>\n<\/div>\n\n\n\n<div class=\"wp-block-group is-style-section-1 has-global-padding is-layout-constrained wp-container-core-group-is-layout-cc9ecf56 wp-block-group-is-layout-constrained is-style-section-1--26\" style=\"margin-top:var(--wp--preset--spacing--50);margin-bottom:var(--wp--preset--spacing--50);padding-top:var(--wp--preset--spacing--50);padding-right:var(--wp--preset--spacing--50);padding-bottom:var(--wp--preset--spacing--50);padding-left:var(--wp--preset--spacing--50)\">\n<h1 class=\"wp-block-heading\">Advice sheets: maintaining, renovating or building in old town centres<\/h1>\n\n\n\n<p>To preserve the heritage and harmony of old town centres, the Drac Occitanie has joined forces with all 13 of the region's Unit\u00e9s D\u00e9partementales de l'Architecture et du Patrimoine (Udap) and Conseils d'Architecture, d'Urbanisme et de l'Environnement (CAUE) to produce \"Old Town Centres\" advice sheets.<\/p>\n\n\n\n<p>These fact sheets are an advisory and educational tool aimed primarily at the general public and all those involved in the living environment. They serve as a guide for work in old town centres to maintain, rehabilitate, renovate or build.<\/p>\n\n\n\n<p>Each advice sheet focuses on a specific aspect of architecture and landscape: facades, roofs, windows, shutters, doors, ironwork and thermal comfort.<\/p>\n\n\n\n<div class=\"wp-block-group is-style-default is-layout-flex wp-container-core-group-is-layout-9d5b1b53 wp-block-group-is-layout-flex\" style=\"margin-top:var(--wp--preset--spacing--30);margin-bottom:var(--wp--preset--spacing--30);padding-top:var(--wp--preset--spacing--30);padding-right:var(--wp--preset--spacing--30);padding-bottom:var(--wp--preset--spacing--30);padding-left:var(--wp--preset--spacing--30)\">\n<div class=\"wp-block-group has-border-color has-accent-6-border-color is-vertical is-layout-flex wp-container-core-group-is-layout-6589beca wp-block-group-is-layout-flex\" style=\"border-width:1px;border-radius:16px;margin-top:0;margin-bottom:0;padding-top:var(--wp--preset--spacing--30);padding-right:var(--wp--preset--spacing--30);padding-bottom:var(--wp--preset--spacing--30);padding-left:var(--wp--preset--spacing--30)\">\n<h3 class=\"wp-block-heading\">Coated fa\u00e7ades<\/h3>\n\n\n\n<p>PDF - 2 MB<\/p>\n\n\n\n<p><a style=\"font-size: 14px;\" title=\"1 - Rendered facades (.PDF - 2 MB) - (new window)\" href=\"https:\/\/www.culture.gouv.fr\/Media\/Medias-creation-rapide\/1-Facades-enduites\" target=\"_blank\" rel=\"noopener noreferrer nofollow\">1 - Rendered facades<\/a><\/p>\n<\/div>\n\n\n\n<div class=\"wp-block-group has-border-color has-accent-6-border-color is-vertical is-layout-flex wp-container-core-group-is-layout-6589beca wp-block-group-is-layout-flex\" style=\"border-width:1px;border-radius:16px;margin-top:0;margin-bottom:0;padding-top:var(--wp--preset--spacing--30);padding-right:var(--wp--preset--spacing--30);padding-bottom:var(--wp--preset--spacing--30);padding-left:var(--wp--preset--spacing--30)\">\n<h3 class=\"wp-block-heading\">Plaster finishes<\/h3>\n\n\n\n<p>PDF - 4 MB<\/p>\n\n\n\n<p><a style=\"font-size: 14px;\" title=\"2 - Coated finishes (.PDF - 4 MB) - (new window)\" href=\"https:\/\/www.culture.gouv.fr\/Media\/Medias-creation-rapide\/2-Finitions-enduits\" target=\"_blank\" rel=\"noopener noreferrer nofollow\">2 - Coated finishes<\/a><\/p>\n<\/div>\n\n\n\n<div class=\"wp-block-group has-border-color has-accent-6-border-color is-vertical is-layout-flex wp-container-core-group-is-layout-6589beca wp-block-group-is-layout-flex\" style=\"border-width:1px;border-radius:16px;margin-top:0;margin-bottom:0;padding-top:var(--wp--preset--spacing--30);padding-right:var(--wp--preset--spacing--30);padding-bottom:var(--wp--preset--spacing--30);padding-left:var(--wp--preset--spacing--30)\">\n<h3 class=\"wp-block-heading\">Ashlar facades<\/h3>\n\n\n\n<p>PDF - 3 MB<\/p>\n\n\n\n<p><a style=\"font-size: 14px;\" title=\"3 - Stone facades (.PDF - 3 MB) - (new window)\" href=\"https:\/\/www.culture.gouv.fr\/Media\/Medias-creation-rapide\/3-Facades-pierre\" target=\"_blank\" rel=\"noopener noreferrer nofollow\">3 - Stone facades<\/a><\/p>\n<\/div>\n\n\n\n<div class=\"wp-block-group has-border-color has-accent-6-border-color is-vertical is-layout-flex wp-container-core-group-is-layout-6589beca wp-block-group-is-layout-flex\" style=\"border-width:1px;border-radius:16px;margin-top:0;margin-bottom:0;padding-top:var(--wp--preset--spacing--30);padding-right:var(--wp--preset--spacing--30);padding-bottom:var(--wp--preset--spacing--30);padding-left:var(--wp--preset--spacing--30)\">\n<h3 class=\"wp-block-heading\">Stone decorations<\/h3>\n\n\n\n<p>PDF - 3 MB<\/p>\n\n\n\n<p><a style=\"font-size: 14px;\" title=\"4 - Stone decor (.PDF - 3 MB) - (new window)\" href=\"https:\/\/www.culture.gouv.fr\/Media\/Medias-creation-rapide\/4-Decors-pierre\" target=\"_blank\" rel=\"noopener noreferrer nofollow\">4 - Stone decor<\/a><\/p>\n<\/div>\n\n\n\n<div class=\"wp-block-group has-border-color has-accent-6-border-color is-vertical is-layout-flex wp-container-core-group-is-layout-6589beca wp-block-group-is-layout-flex\" style=\"border-width:1px;border-radius:16px;margin-top:0;margin-bottom:0;padding-top:var(--wp--preset--spacing--30);padding-right:var(--wp--preset--spacing--30);padding-bottom:var(--wp--preset--spacing--30);padding-left:var(--wp--preset--spacing--30)\">\n<h3 class=\"wp-block-heading\">Canal tile roofs<\/h3>\n\n\n\n<p>PDF - 2 MB<\/p>\n\n\n\n<p><a style=\"font-size: 14px;\" title=\"5 - Tiled roofs (.PDF - 2 MB) - (new window)\" href=\"https:\/\/www.culture.gouv.fr\/Media\/Medias-creation-rapide\/5-Toitures-en-tuiles\" target=\"_blank\" rel=\"noopener noreferrer nofollow\">5 - Tiled roofs<\/a><\/p>\n<\/div>\n\n\n\n<div class=\"wp-block-group has-border-color has-accent-6-border-color is-vertical is-layout-flex wp-container-core-group-is-layout-6589beca wp-block-group-is-layout-flex\" style=\"border-width:1px;border-radius:16px;margin-top:0;margin-bottom:0;padding-top:var(--wp--preset--spacing--30);padding-right:var(--wp--preset--spacing--30);padding-bottom:var(--wp--preset--spacing--30);padding-left:var(--wp--preset--spacing--30)\">\n<h3 class=\"wp-block-heading\">Roof overhangs<\/h3>\n\n\n\n<p>PDF - 2 MB<\/p>\n\n\n\n<p><a style=\"font-size: 14px;\" title=\"6 - Roof overhangs (.PDF - 2 MB) - (new window)\" href=\"https:\/\/www.culture.gouv.fr\/Media\/Medias-creation-rapide\/6-Debords-de-toiture\" target=\"_blank\" rel=\"noopener noreferrer nofollow\">6 - Roof overhangs<\/a><\/p>\n<\/div>\n\n\n\n<div class=\"wp-block-group has-border-color has-accent-6-border-color is-vertical is-layout-flex wp-container-core-group-is-layout-6589beca wp-block-group-is-layout-flex\" style=\"border-width:1px;border-radius:16px;margin-top:0;margin-bottom:0;padding-top:var(--wp--preset--spacing--30);padding-right:var(--wp--preset--spacing--30);padding-bottom:var(--wp--preset--spacing--30);padding-left:var(--wp--preset--spacing--30)\">\n<h3 class=\"wp-block-heading\">The windows<\/h3>\n\n\n\n<p>PDF - 2 MB<\/p>\n\n\n\n<p><a style=\"font-size: 14px;\" title=\"7 - Windows (.PDF - 2 MB) - (new window)\" href=\"https:\/\/www.culture.gouv.fr\/Media\/Medias-creation-rapide\/7-Fenetres\" target=\"_blank\" rel=\"noopener noreferrer nofollow\">7 - Windows<\/a><\/p>\n<\/div>\n\n\n\n<div class=\"wp-block-group has-border-color has-accent-6-border-color is-vertical is-layout-flex wp-container-core-group-is-layout-6589beca wp-block-group-is-layout-flex\" style=\"border-width:1px;border-radius:16px;margin-top:0;margin-bottom:0;padding-top:var(--wp--preset--spacing--30);padding-right:var(--wp--preset--spacing--30);padding-bottom:var(--wp--preset--spacing--30);padding-left:var(--wp--preset--spacing--30)\">\n<h3 class=\"wp-block-heading\">Shutters<\/h3>\n\n\n\n<p>PDF - 2 MB<\/p>\n\n\n\n<p><a style=\"font-size: 14px;\" title=\"8 - Shutters (.PDF - 2 MB) - (new window)\" href=\"https:\/\/www.culture.gouv.fr\/Media\/Medias-creation-rapide\/8-Volets\" target=\"_blank\" rel=\"noopener noreferrer nofollow\">8 - Shutters<\/a><\/p>\n<\/div>\n\n\n\n<div class=\"wp-block-group has-border-color has-accent-6-border-color is-vertical is-layout-flex wp-container-core-group-is-layout-6589beca wp-block-group-is-layout-flex\" style=\"border-width:1px;border-radius:16px;margin-top:0;margin-bottom:0;padding-top:var(--wp--preset--spacing--30);padding-right:var(--wp--preset--spacing--30);padding-bottom:var(--wp--preset--spacing--30);padding-left:var(--wp--preset--spacing--30)\">\n<h3 class=\"wp-block-heading\">The doors<\/h3>\n\n\n\n<p>PDF - 3 MB<\/p>\n\n\n\n<p><a style=\"font-size: 14px;\" title=\"9 - Doors (.PDF - 3 MB) - (new window)\" href=\"https:\/\/www.culture.gouv.fr\/Media\/Medias-creation-rapide\/9-Portes\" target=\"_blank\" rel=\"noopener noreferrer nofollow\">9 - Doors<\/a><\/p>\n<\/div>\n\n\n\n<div class=\"wp-block-group has-border-color has-accent-6-border-color is-vertical is-layout-flex wp-container-core-group-is-layout-6589beca wp-block-group-is-layout-flex\" style=\"border-width:1px;border-radius:16px;margin-top:0;margin-bottom:0;padding-top:var(--wp--preset--spacing--30);padding-right:var(--wp--preset--spacing--30);padding-bottom:var(--wp--preset--spacing--30);padding-left:var(--wp--preset--spacing--30)\">\n<h3 class=\"wp-block-heading\">Ironwork<\/h3>\n\n\n\n<p>PDF - 3 MB<\/p>\n\n\n\n<p><a style=\"font-size: 14px;\" title=\"10 - Ironwork (.PDF - 3 MB) - (new window)\" href=\"https:\/\/www.culture.gouv.fr\/Media\/Medias-creation-rapide\/10-Ferronneries\" target=\"_blank\" rel=\"noopener noreferrer nofollow\">10 - Wrought iron<\/a><\/p>\n<\/div>\n\n\n\n<div class=\"wp-block-group has-border-color has-accent-6-border-color is-vertical is-layout-flex wp-container-core-group-is-layout-6589beca wp-block-group-is-layout-flex\" style=\"border-width:1px;border-radius:16px;margin-top:0;margin-bottom:0;padding-top:var(--wp--preset--spacing--30);padding-right:var(--wp--preset--spacing--30);padding-bottom:var(--wp--preset--spacing--30);padding-left:var(--wp--preset--spacing--30)\">\n<h3 class=\"wp-block-heading\">Fences<\/h3>\n\n\n\n<p>PDF - 3 MB<\/p>\n\n\n\n<p><a style=\"font-size: 14px;\" title=\"11 - Fences (.PDF - 3 MB) - (new window)\" href=\"https:\/\/www.culture.gouv.fr\/Media\/Medias-creation-rapide\/11-Clotures\" target=\"_blank\" rel=\"noopener noreferrer nofollow\">11 - Fences<\/a><\/p>\n<\/div>\n\n\n\n<div class=\"wp-block-group has-border-color has-accent-6-border-color is-vertical is-layout-flex wp-container-core-group-is-layout-6589beca wp-block-group-is-layout-flex\" style=\"border-width:1px;border-radius:16px;margin-top:0;margin-bottom:0;padding-top:var(--wp--preset--spacing--30);padding-right:var(--wp--preset--spacing--30);padding-bottom:var(--wp--preset--spacing--30);padding-left:var(--wp--preset--spacing--30)\">\n<h3 class=\"wp-block-heading\">In front of the house<\/h3>\n\n\n\n<p>PDF - 3 MB<\/p>\n\n\n\n<p><a style=\"font-size: 14px;\" title=\"12 - In front of the house (.PDF - 3 MB) - (new window)\" href=\"https:\/\/www.culture.gouv.fr\/Media\/Medias-creation-rapide\/12-Devant-la-maison\" target=\"_blank\" rel=\"noopener noreferrer nofollow\">12 - In front of the house<\/a><\/p>\n<\/div>\n\n\n\n<div class=\"wp-block-group has-border-color has-accent-6-border-color is-vertical is-layout-flex wp-container-core-group-is-layout-6589beca wp-block-group-is-layout-flex\" style=\"border-width:1px;border-radius:16px;margin-top:0;margin-bottom:0;padding-top:var(--wp--preset--spacing--30);padding-right:var(--wp--preset--spacing--30);padding-bottom:var(--wp--preset--spacing--30);padding-left:var(--wp--preset--spacing--30)\">\n<h3 class=\"wp-block-heading\"><strong>Modifications to bays<\/strong><\/h3>\n\n\n\n<p>PDF - 2 MB<\/p>\n\n\n\n<p><a style=\"font-size: 14px;\" title=\"13 - Modifications to bays (.PDF - 2 MB) - (new window)\" href=\"https:\/\/www.culture.gouv.fr\/Media\/Medias-creation-rapide\/13-Modifications-de-baies\" target=\"_blank\" rel=\"noopener noreferrer nofollow\">13 - Modifications to bays<\/a><\/p>\n<\/div>\n\n\n\n<div class=\"wp-block-group has-border-color has-accent-6-border-color is-vertical is-layout-flex wp-container-core-group-is-layout-6589beca wp-block-group-is-layout-flex\" style=\"border-width:1px;border-radius:16px;margin-top:0;margin-bottom:0;padding-top:var(--wp--preset--spacing--30);padding-right:var(--wp--preset--spacing--30);padding-bottom:var(--wp--preset--spacing--30);padding-left:var(--wp--preset--spacing--30)\">\n<h3 class=\"wp-block-heading\">Roof modifications<\/h3>\n\n\n\n<p>PDF - 2 MB<\/p>\n\n\n\n<p><a style=\"font-size: 14px;\" title=\"14 - Roof modifications (.PDF - 2 MB) - (new window)\" href=\"https:\/\/www.culture.gouv.fr\/Media\/Medias-creation-rapide\/14-Modifications-de-toiture\" target=\"_blank\" rel=\"noopener noreferrer nofollow\">14 - Roof modifications<\/a><\/p>\n<\/div>\n\n\n\n<div class=\"wp-block-group has-border-color has-accent-6-border-color is-vertical is-layout-flex wp-container-core-group-is-layout-6589beca wp-block-group-is-layout-flex\" style=\"border-width:1px;border-radius:16px;margin-top:0;margin-bottom:0;padding-top:var(--wp--preset--spacing--30);padding-right:var(--wp--preset--spacing--30);padding-bottom:var(--wp--preset--spacing--30);padding-left:var(--wp--preset--spacing--30)\">\n<h3 class=\"wp-block-heading\">Thermal comfort<\/h3>\n\n\n\n<p>PDF - 1 MB<\/p>\n\n\n\n<p><a style=\"font-size: 14px;\" title=\"15 - Thermal comfort (.PDF - 1 MB) - (new window)\" href=\"https:\/\/www.culture.gouv.fr\/Media\/Medias-creation-rapide\/15-Confort-thermique\" target=\"_blank\" rel=\"noopener noreferrer nofollow\">15 - Thermal comfort<\/a><\/p>\n<\/div>\n<\/div>\n<\/div>\n\n\n\n<div class=\"wp-block-group has-global-padding is-layout-constrained wp-block-group-is-layout-constrained\">\n<h2 class=\"wp-block-heading\">Consultation of DRAC - UDAP services<\/h2>\n\n\n\n<p>Would you like to submit a project to the Architecte des B\u00e2timents de France (ABF) before it is officially submitted to the town hall (prior declaration, planning permission, etc.), or modify a project that has already been submitted?<\/p>\n\n\n\n<p>The DRAC can forward your request via : <a href=\"https:\/\/www.demarches-simplifiees.fr\/commencer\/udap34\" target=\"_blank\" rel=\"noopener noreferrer nofollow\">https:\/\/www.demarches-simplifiees.fr\/commencer\/udap34<\/a><\/p>\n\n\n\n<p>Only projects located in a protected area should be submitted by consulting the heritage atlas: <a href=\"http:\/\/atlas.patrimoines.culture.fr\/atlas\/trunk\/\" target=\"_blank\" rel=\"noopener noreferrer nofollow\">http:\/\/atlas.patrimoines.culture.fr\/atlas\/trunk\/<\/a>.<\/p>\n<\/div>\n\n\n\n<p><\/p>","protected":false},"excerpt":{"rendered":"<p>Le service urbanisme vous renseigne et vous accompagne dans vos projets immobiliers. Service Urbanisme \u2013 H\u00f4tel de Ville, 1 rue de la Marianne, 34420 Villeneuve-l\u00e8s-B\u00e9ziers T\u00e9l. : 04 67 39 47 80 &#8211; Courriel :&nbsp;urbanisme@villeneuve-les-beziers.fr Pages li\u00e9es D\u00e9mat\u00e9rialisation des demandes d&rsquo;autorisation d&rsquo;urbanisme Depuis le 1er janvier 2022, nous sommes pr\u00eats \u00e0 recevoir vos demandes de [&hellip;]<\/p>\n","protected":false},"author":1,"featured_media":2746,"parent":199,"menu_order":0,"comment_status":"closed","ping_status":"closed","template":"","meta":{"footnotes":""},"class_list":["post-204","page","type-page","status-publish","has-post-thumbnail","hentry"],"_links":{"self":[{"href":"https:\/\/www.villeneuve-les-beziers.fr\/en\/wp-json\/wp\/v2\/pages\/204","targetHints":{"allow":["GET"]}}],"collection":[{"href":"https:\/\/www.villeneuve-les-beziers.fr\/en\/wp-json\/wp\/v2\/pages"}],"about":[{"href":"https:\/\/www.villeneuve-les-beziers.fr\/en\/wp-json\/wp\/v2\/types\/page"}],"author":[{"embeddable":true,"href":"https:\/\/www.villeneuve-les-beziers.fr\/en\/wp-json\/wp\/v2\/users\/1"}],"replies":[{"embeddable":true,"href":"https:\/\/www.villeneuve-les-beziers.fr\/en\/wp-json\/wp\/v2\/comments?post=204"}],"version-history":[{"count":32,"href":"https:\/\/www.villeneuve-les-beziers.fr\/en\/wp-json\/wp\/v2\/pages\/204\/revisions"}],"predecessor-version":[{"id":20745,"href":"https:\/\/www.villeneuve-les-beziers.fr\/en\/wp-json\/wp\/v2\/pages\/204\/revisions\/20745"}],"up":[{"embeddable":true,"href":"https:\/\/www.villeneuve-les-beziers.fr\/en\/wp-json\/wp\/v2\/pages\/199"}],"wp:featuredmedia":[{"embeddable":true,"href":"https:\/\/www.villeneuve-les-beziers.fr\/en\/wp-json\/wp\/v2\/media\/2746"}],"wp:attachment":[{"href":"https:\/\/www.villeneuve-les-beziers.fr\/en\/wp-json\/wp\/v2\/media?parent=204"}],"curies":[{"name":"wp","href":"https:\/\/api.w.org\/{rel}","templated":true}]}}