{"id":104,"date":"2019-04-09T16:15:29","date_gmt":"2019-04-09T14:15:29","guid":{"rendered":"http:\/\/localhost\/?page_id=104"},"modified":"2025-12-15T15:58:45","modified_gmt":"2025-12-15T14:58:45","slug":"el-ayuntamiento","status":"publish","type":"page","link":"https:\/\/www.villeneuve-les-beziers.fr\/es\/ma-mairie\/le-conseil-municipal\/","title":{"rendered":"El ayuntamiento"},"content":{"rendered":"<p class=\"is-style-default wp-block-paragraph\"><strong>El consejo municipal es la asamblea de representantes electos de los residentes del municipio.<br>Realiza consultas sobre la gesti\u00f3n del municipio y adopta resoluciones.<br>Generalmente abierto al p\u00fablico, debe reunirse al menos cuatro veces al a\u00f1o.<\/strong><\/p>\n\n\n\n<div class=\"wp-block-group alignwide has-global-padding is-layout-constrained wp-block-group-is-layout-constrained\">\n<h2 class=\"wp-block-heading alignwide has-text-align-center\">Deliberaciones<\/h2>\n\n\n\n<div class=\"wp-block-group alignwide is-layout-flow wp-block-group-is-layout-flow\">\n<script src=\"https:\/\/publiact.fr\/files\/public\/integration\/script.js\" defer><\/script>\n<div class=\"publiact\" data-key=\"321c4293-08cc-4a33-885b-186cb1e00e09\"><\/div>\n<\/div>\n\n\n\n<ul class=\"wp-block-list has-small-font-size\">\n<li><a href=\"https:\/\/www.villeneuve-les-beziers.fr\/wp-content\/uploads\/2023\/04\/2023-01-reglement-budgetaire-et-financier.pdf\">2023 01 reglamento presupuestario y financiero<\/a><\/li>\n\n\n\n<li><a href=\"https:\/\/www.villeneuve-les-beziers.fr\/wp-content\/uploads\/2023\/04\/2023-02-DOB-2023-Ville.pdf\">2023 02 DOB 2023 Ciudad<\/a><\/li>\n\n\n\n<li><a href=\"https:\/\/www.villeneuve-les-beziers.fr\/wp-content\/uploads\/2023\/04\/2023-03-Fonds-de-concours-agglo-les-jardins-du-chateau.pdf\">2023 03 Fonds de concours agglo les jardins du chateau<\/a><\/li>\n\n\n\n<li><a href=\"https:\/\/www.villeneuve-les-beziers.fr\/wp-content\/uploads\/2023\/04\/2023-04-Fonds-de-concours-agglo-clim-groupe-scolaire.pdf\">2023 04 Fonds de concours agglo clim groupe scolaire<\/a><\/li>\n\n\n\n<li><a href=\"https:\/\/www.villeneuve-les-beziers.fr\/wp-content\/uploads\/2023\/04\/2023-05-Fonds-de-concours-agglo-local-associatif-place-samuel-paty.pdf\">2023 05 Fonds de concours agglo local associatif place samuel paty<\/a><\/li>\n\n\n\n<li><a href=\"https:\/\/www.villeneuve-les-beziers.fr\/wp-content\/uploads\/2023\/04\/2023-06-demande-subvention-FIPD-extension-videoprotection.pdf\">2023 06 Solicitud de subvenci\u00f3n de la FIPD ampliaci\u00f3n de la protecci\u00f3n de v\u00eddeo<\/a><\/li>\n\n\n\n<li><a href=\"https:\/\/www.villeneuve-les-beziers.fr\/wp-content\/uploads\/2023\/04\/2023-07-demande-subvention-DETR-extension-videoprotection.pdf\">2023 07 Solicitud de subvenci\u00f3n DETR para la ampliaci\u00f3n de la protecci\u00f3n de v\u00eddeo<\/a><\/li>\n\n\n\n<li><a href=\"https:\/\/www.villeneuve-les-beziers.fr\/wp-content\/uploads\/2023\/04\/2023-08-Motion-de-soutien-a-la-bouvine.pdf\">2023 08 Moci\u00f3n de apoyo a la rambla<\/a><\/li>\n\n\n\n<li><a href=\"https:\/\/www.villeneuve-les-beziers.fr\/wp-content\/uploads\/2023\/04\/2023-09-Versement-contribution-la-calendreta-Lo-Garric-de-Beziers.pdf\">2023 09 Contribuci\u00f3n a la calendreta de B\u00e9ziers Lo Garric<\/a><\/li>\n\n\n\n<li><a href=\"https:\/\/www.villeneuve-les-beziers.fr\/wp-content\/uploads\/2023\/04\/2023-10-Extinction-de-leclairage-public.pdf\">2023 10 Apagado del alumbrado p\u00fablico<\/a><\/li>\n\n\n\n<li><a href=\"https:\/\/www.villeneuve-les-beziers.fr\/wp-content\/uploads\/2023\/04\/2023-11-Servitude-de-passage-de-canalisation-en-trefonds-au-profit-dENEDIS.pdf\">2023 11 Servidumbre a ENEDIS para el paso subterr\u00e1neo de una tuber\u00eda<\/a><\/li>\n\n\n\n<li><a href=\"https:\/\/www.villeneuve-les-beziers.fr\/wp-content\/uploads\/2023\/04\/2023-12-Approbation-du-compte-de-gestion-2022-budget-principal-M14-Ville.pdf\">2023 12 Aprobaci\u00f3n de la cuenta de gesti\u00f3n 2022 - M14 Presupuesto principal de la ciudad<\/a><\/li>\n\n\n\n<li><a href=\"https:\/\/www.villeneuve-les-beziers.fr\/wp-content\/uploads\/2023\/04\/2023-13-Approbation-du-CA-2022-Budget-principal-M14-Ville.pdf\">2023 13 Aprobaci\u00f3n del presupuesto principal de 2022 CA M14 Ciudad<br><\/a><a href=\"https:\/\/www.villeneuve-les-beziers.fr\/wp-content\/uploads\/2023\/04\/2023-14-Affectation-des-resultats-2022-budget-principal-M14-Ville.pdf\">2023 14 Consignaci\u00f3n de resultados 2022 presupuesto principal M14 Ciudad<\/a><\/li>\n\n\n\n<li><a href=\"https:\/\/www.villeneuve-les-beziers.fr\/wp-content\/uploads\/2023\/04\/2023-15-Taux-des-taxes-communales-2023.pdf\">2023 15 Tipos impositivos del Consejo 2023<\/a><\/li>\n\n\n\n<li><a href=\"https:\/\/www.villeneuve-les-beziers.fr\/wp-content\/uploads\/2023\/04\/2023-16-BP-2023-Budget-principal-M57-Ville.pdf\">2023 16 BP 2023 Presupuesto principal M57 Ciudad<\/a><\/li>\n\n\n\n<li><a href=\"https:\/\/www.villeneuve-les-beziers.fr\/wp-content\/uploads\/2023\/04\/2023-17-Attribution-dune-subvention-de-fonctionnement-au-CCAS-2023.pdf\">2023 17 Asignaci\u00f3n de una subvenci\u00f3n de funcionamiento a la CCAS 2023<\/a><\/li>\n\n\n\n<li><a href=\"https:\/\/www.villeneuve-les-beziers.fr\/wp-content\/uploads\/2023\/04\/2023-18-Subvention-aux-associations-au-titre-de-lannee-2023-1.pdf\">2023 18 Subvenciones a asociaciones para 2023<\/a><\/li>\n\n\n\n<li><a href=\"https:\/\/www.villeneuve-les-beziers.fr\/wp-content\/uploads\/2023\/04\/2023-19-Fixation-des-tarifs-de-la-TLPE-2024.pdf\">2023 19 Fijaci\u00f3n de las tarifas del TLPE 2024<\/a><\/li>\n\n\n\n<li><a href=\"https:\/\/www.villeneuve-les-beziers.fr\/wp-content\/uploads\/2023\/04\/2023-20-Constitution-dune-provision-pour-creances-douteuses-2.pdf\">2023 20 Provisi\u00f3n para deudas de dudoso cobro<\/a><\/li>\n\n\n\n<li><a href=\"https:\/\/www.villeneuve-les-beziers.fr\/wp-content\/uploads\/2023\/04\/2023-21-Constitution-dune-provision-pour-contentieux-PEREZ-DE-BLEECKERE.pdf\">2023 21 Constituci\u00f3n de una provisi\u00f3n para litigios MM PEREZ DE BLEECKERE SA MAIF<\/a><\/li>\n\n\n\n<li><a href=\"https:\/\/www.villeneuve-les-beziers.fr\/wp-content\/uploads\/2023\/04\/2023-22-Tarifs-de-loccupation-du-domaine-public.pdf\">2023 22 Tasas por ocupaci\u00f3n del dominio p\u00fablico<\/a><\/li>\n\n\n\n<li><a href=\"https:\/\/www.villeneuve-les-beziers.fr\/wp-content\/uploads\/2023\/04\/2023-23-Avenant-1-a-la-convention-de-mutualisation-du-service-de-medecine-preventive.pdf\">2023 23 Enmienda 1 al acuerdo para poner en com\u00fan el servicio de medicina preventiva<\/a><\/li>\n\n\n\n<li><a href=\"https:\/\/www.villeneuve-les-beziers.fr\/wp-content\/uploads\/2023\/04\/2023-24-Cession-dun-immeuble-cadastre-AB-106-Situe-4-place-de-la-revolution.pdf\">2023 24 Venta de un edificio registrado con el n\u00famero AB 106 en 4 place de la r\u00e9volution<\/a><\/li>\n\n\n\n<li><a href=\"https:\/\/www.villeneuve-les-beziers.fr\/wp-content\/uploads\/2023\/04\/2023-25-Abrogation-de-la-procedure-ZAC-la-montagnette-amenagement-densemble-avis-etude-dimpact.pdf\">2023 25 Derogaci\u00f3n del procedimiento urban\u00edstico ZAC la montagnette - dictamen de estudio de impacto<\/a><\/li>\n\n\n\n<li><a href=\"https:\/\/www.villeneuve-les-beziers.fr\/wp-content\/uploads\/2023\/04\/2023-26-Habilitation-maire-signer-tout-document-relatif-a-lacquisition-des-parcelles-AW153-et-AS109p.pdf\">2023 26 Autorizaci\u00f3n alcalde para firmar cualquier documento relativo a la adquisici\u00f3n de las parcelas AW153 y AS109p<\/a><\/li>\n\n\n\n<li><a href=\"https:\/\/www.villeneuve-les-beziers.fr\/wp-content\/uploads\/2023\/12\/2023-27-Subventions-aux-associations.pdf\">2023 27 Subvenciones a asociaciones<\/a><\/li>\n\n\n\n<li><a href=\"https:\/\/www.villeneuve-les-beziers.fr\/wp-content\/uploads\/2023\/12\/2023-28-Projet-de-convention-MO-boulevard-urbain-interco.pdf\">2023 28 Proyecto de convenio de propietario \u00fanico para la construcci\u00f3n de un bulevar urbano intermunicipal<\/a><\/li>\n\n\n\n<li><a href=\"https:\/\/www.villeneuve-les-beziers.fr\/wp-content\/uploads\/2023\/12\/2023-29-Resiliation-convention-mutualisation-informatique-agglo-1.pdf\">2023 29 Rescisi\u00f3n del acuerdo para poner en com\u00fan un servicio de sistema de informaci\u00f3n con la aglomeraci\u00f3n urbana<\/a><\/li>\n\n\n\n<li><a href=\"https:\/\/www.villeneuve-les-beziers.fr\/wp-content\/uploads\/2023\/12\/2023-30-Desaffectation-et-declassement-logement-11-rue-Abattoir.pdf\">2023 30 Desmantelamiento y clausura de la vivienda DP 11 rue de l'Abattoir<\/a><\/li>\n\n\n\n<li><a href=\"https:\/\/www.villeneuve-les-beziers.fr\/wp-content\/uploads\/2023\/12\/2023-31-Approbation-modif-8-du-PLU.pdf\">2023 31 Aprobaci\u00f3n de la modificaci\u00f3n 8 del PLU<\/a><\/li>\n\n\n\n<li><a href=\"https:\/\/www.villeneuve-les-beziers.fr\/wp-content\/uploads\/2023\/12\/2023-32-Une-naissance-un-arbre.pdf\">2023 32 El nacimiento de un \u00e1rbol<\/a><\/li>\n\n\n\n<li><a href=\"https:\/\/www.villeneuve-les-beziers.fr\/wp-content\/uploads\/2023\/12\/2023-33-Adoption-du-reglement-interieur-de-la-collectivite.pdf\">2023 33 Adopci\u00f3n de las normas internas de la autoridad local<\/a><\/li>\n\n\n\n<li><a href=\"https:\/\/www.villeneuve-les-beziers.fr\/wp-content\/uploads\/2023\/12\/2023-34-Modification-du-tableau-des-effectifs.pdf\">2023 34 Cambios en la plantilla<\/a><\/li>\n\n\n\n<li><a href=\"https:\/\/www.villeneuve-les-beziers.fr\/wp-content\/uploads\/2023\/12\/2023-35-Fonds-de-concours-agglo-climatisation-poste-de-PM.pdf\">2023 35 Contribuci\u00f3n de la aglomeraci\u00f3n para la climatizaci\u00f3n de la comisar\u00eda de polic\u00eda<\/a><\/li>\n\n\n\n<li><a href=\"https:\/\/www.villeneuve-les-beziers.fr\/wp-content\/uploads\/2023\/12\/2023-36-Fonds-de-concours-agglo-tracteur-epareuse.pdf\">2023 36 Fondo de ayuda a la aglomeraci\u00f3n para tractor esparcidor<\/a><\/li>\n\n\n\n<li><a href=\"https:\/\/www.villeneuve-les-beziers.fr\/wp-content\/uploads\/2023\/12\/2023-37-Charte-de-la-vie-associative.pdf\">2023 37 Carta de las asociaciones<\/a><\/li>\n\n\n\n<li><a href=\"https:\/\/www.villeneuve-les-beziers.fr\/wp-content\/uploads\/2023\/12\/2023-38-SIG-adhesion-de-la-commune-de-Beziers.pdf\">2023 38 Afiliaci\u00f3n conjunta al SIG BEZIERS<\/a><\/li>\n\n\n\n<li><a href=\"https:\/\/www.villeneuve-les-beziers.fr\/wp-content\/uploads\/2023\/12\/2023-39-Creation-perimetre-delimite-des-abords-eglise.pdf\">2023 39 Finalizaci\u00f3n del proyecto de per\u00edmetro alrededor de la iglesia<\/a><\/li>\n\n\n\n<li><a href=\"https:\/\/www.villeneuve-les-beziers.fr\/wp-content\/uploads\/2023\/12\/2023-40-Projet-PLU-arrete.pdf\">2023 40 Proyecto de PLU aprobado<\/a><\/li>\n\n\n\n<li><a href=\"https:\/\/www.villeneuve-les-beziers.fr\/wp-content\/uploads\/2023\/12\/2023-41-ORE-zac-pech-auriol-le-cros-et-claudery.pdf\">2023 41 ZAC Pech Auriol le Cros y ZAC Claudery ORE<\/a><\/li>\n\n\n\n<li><a href=\"https:\/\/www.villeneuve-les-beziers.fr\/wp-content\/uploads\/2023\/12\/2023-42-Convention-ENT-Ecole-2023-2024.pdf\">2023 42 Acuerdo escolar ENT 2023 2024<\/a><\/li>\n\n\n\n<li><a href=\"https:\/\/www.villeneuve-les-beziers.fr\/wp-content\/uploads\/2023\/12\/2023-43-DM1-Budget-communal-M57.pdf\">2023 43 Decisi\u00f3n rectificativa del presupuesto municipal 1<\/a><\/li>\n\n\n\n<li><a href=\"https:\/\/www.villeneuve-les-beziers.fr\/wp-content\/uploads\/2023\/12\/2023-44-Transfert-actif-et-passif-budget-alsh.pdf\">2023 44 Transferencia de activos y pasivos de ALSH<\/a><\/li>\n\n\n\n<li><a href=\"https:\/\/www.villeneuve-les-beziers.fr\/wp-content\/uploads\/2023\/12\/2023-45-Admission-en-non-valeur-de-creances-irrecouvrables.pdf\">2023 45 Desestimaci\u00f3n de cr\u00e9ditos incobrables<\/a><\/li>\n\n\n\n<li><a href=\"https:\/\/www.villeneuve-les-beziers.fr\/wp-content\/uploads\/2023\/12\/2023-46-Admission-en-non-valeur-et-incidence-sur-les-provisions.pdf\">2023 46 Admisiones de impacto sin valor sobre las provisiones<\/a><\/li>\n\n\n\n<li><a href=\"https:\/\/www.villeneuve-les-beziers.fr\/wp-content\/uploads\/2023\/12\/2023-47-Adhesion-a-la-Fondation-du-Patrimoine.pdf\">2023 47 Afiliaci\u00f3n a la Fondation du Patrimoine<\/a><\/li>\n\n\n\n<li><a href=\"https:\/\/www.villeneuve-les-beziers.fr\/wp-content\/uploads\/2023\/12\/2023-48-Fonds-concours-agglo-parking-du-chateau.pdf\">2023 48 Fondo de ayuda a los aparcamientos de la aglomeraci\u00f3n<\/a><\/li>\n\n\n\n<li><a href=\"https:\/\/www.villeneuve-les-beziers.fr\/wp-content\/uploads\/2023\/12\/2023-49-Fonds-concours-agglo-local-associatif-sis-place-samuel-paty.pdf\">2023 49 Fondo de ayuda a la aglomeraci\u00f3n para el acondicionamiento de locales de asociaciones <\/a><\/li>\n\n\n\n<li><a href=\"https:\/\/www.villeneuve-les-beziers.fr\/wp-content\/uploads\/2023\/12\/2023-50-Demande-subvention-restauration-des-objets-meubles-classe-eglise.pdf\">2023 50 Subvenciones para mobiliario catalogado Iglesia de Saint Etienne<\/a><\/li>\n\n\n\n<li><a href=\"https:\/\/www.villeneuve-les-beziers.fr\/wp-content\/uploads\/2023\/12\/2023-51-Demande-de-subvention-restauration-autel-du-Sacre-Coeur-eglise.pdf\">2023 51 Subvenciones Sacr\u00e9 Coeur altar Iglesia de Saint Etienne<\/a><\/li>\n\n\n\n<li><a href=\"https:\/\/www.villeneuve-les-beziers.fr\/wp-content\/uploads\/2023\/12\/2023-52-Demande-de-subvention-creation-pole-social.pdf\">2023 52 Subvenciones para la creaci\u00f3n del Centro Social<\/a><\/li>\n\n\n\n<li><a href=\"https:\/\/www.villeneuve-les-beziers.fr\/wp-content\/uploads\/2023\/12\/2023-53-SMETA-Charte.pdf\">2023 53 Carta SMETA<\/a><\/li>\n\n\n\n<li><a href=\"https:\/\/www.villeneuve-les-beziers.fr\/wp-content\/uploads\/2023\/12\/2023-54-CIAF-de-Beziers-cers-vlb-et-portiragnes.pdf\">2023 54 CIAF BEZIERS CERS VILLENEUVE-LES-BEZIERS PORTIRAGNES<\/a><\/li>\n\n\n\n<li><a href=\"https:\/\/www.villeneuve-les-beziers.fr\/wp-content\/uploads\/2023\/12\/2023-55-Abrogation-de-la-delib-2023-26-du-27-mars-2023.pdf\">2023 55 Derogaci\u00f3n de la deliberaci\u00f3n n\u00ba 2023 26<\/a><\/li>\n\n\n\n<li><a href=\"https:\/\/www.villeneuve-les-beziers.fr\/wp-content\/uploads\/2023\/12\/2023-56-Mise-a-jour-de-voies-relatives-a-la-base-Adresse-Locale-BAL.pdf\">2023 56 Actualizaci\u00f3n BAL<\/a><\/li>\n\n\n\n<li><a href=\"https:\/\/www.villeneuve-les-beziers.fr\/wp-content\/uploads\/2023\/12\/2023-57-Procedure-de-DUP-ZAC-Claudery-et-ZAC-Pech-Auriol-le-Cros.pdf\">2023 57 Principio de implantaci\u00f3n de una zona de desarrollo mixto DUP Claudery y de una zona de desarrollo mixto Pech Auriol le Cros<\/a><\/li>\n\n\n\n<li><a href=\"https:\/\/www.villeneuve-les-beziers.fr\/wp-content\/uploads\/2023\/12\/2023-58-Procedure-de-DUP-secteur-Montagnette.pdf\">2023 58 Principio de aplicaci\u00f3n de una DUP para el sector de Montagnette<\/a><\/li>\n\n\n\n<li><a href=\"https:\/\/www.villeneuve-les-beziers.fr\/wp-content\/uploads\/2023\/12\/2023-59-Ouvertures-dominicales-2024-des-enseignes-commerciales.pdf\">2023 59 aperturas dominicales 2024 r\u00f3tulos comerciales<\/a><\/li>\n\n\n\n<li><a href=\"https:\/\/www.villeneuve-les-beziers.fr\/wp-content\/uploads\/2023\/12\/2023-60-Adoption-du-reglement-de-fonctionnement-des-services-periscolaires.pdf\">2023 60 Normas de funcionamiento de los servicios extraescolares<\/a><\/li>\n\n\n\n<li><a href=\"https:\/\/www.villeneuve-les-beziers.fr\/wp-content\/uploads\/2023\/12\/2023-61-Adoption-du-reglement-de-fonctionnement-de-etude-surveillee.pdf\">2023 61 Reglamento de estudios supervisados<\/a><\/li>\n\n\n\n<li><a href=\"https:\/\/www.villeneuve-les-beziers.fr\/wp-content\/uploads\/2023\/12\/2023-62-Adoption-du-reglement-de-fonctionnement-du-service-de-ramassage-scolaire.pdf\">2023 62 Reglamentaci\u00f3n del servicio de autobuses escolares<\/a><\/li>\n\n\n\n<li><a href=\"https:\/\/www.villeneuve-les-beziers.fr\/wp-content\/uploads\/2023\/12\/2023-63-Revalorisation-des-tarifs-de-la-restauration-scolaire.pdf\">2023 63 Precios del catering escolar<\/a><\/li>\n\n\n\n<li><a href=\"https:\/\/www.villeneuve-les-beziers.fr\/wp-content\/uploads\/2023\/12\/2023-64-Revalorisation-des-tarifs-de-ALP.pdf\">2023 64 Tasas ALP<\/a><\/li>\n\n\n\n<li><a href=\"https:\/\/www.villeneuve-les-beziers.fr\/wp-content\/uploads\/2023\/12\/2023-65-Modification-des-tarifs-de-location-de-salles.pdf\">2023 65 Tarifas de alquiler de salas<\/a><\/li>\n\n\n\n<li><a href=\"https:\/\/www.villeneuve-les-beziers.fr\/wp-content\/uploads\/2023\/12\/2023-66-Renouvellement-CTG-2023-2027.pdf\">2023 66 Renovaci\u00f3n del CTG 2023 2027<\/a><\/li>\n\n\n\n<li><a href=\"https:\/\/www.villeneuve-les-beziers.fr\/wp-content\/uploads\/2023\/12\/2023-67-Acquisition-domaine-CASTELFORT-a-MONTBLANC.pdf\">2023 67 Adquisici\u00f3n de propiedad agr\u00edcola CASTELFORT<\/a><\/li>\n\n\n\n<li><a href=\"https:\/\/www.villeneuve-les-beziers.fr\/wp-content\/uploads\/2023\/12\/2023-68-Convention-avec-le-CEN-Occitanie.pdf\">2023 68 Acuerdo CEN Occitanie<\/a><\/li>\n\n\n\n<li><a href=\"https:\/\/www.villeneuve-les-beziers.fr\/wp-content\/uploads\/2023\/12\/2023-69-Acquisition-parcelle-AW153.pdf\">2023 69 Adquisici\u00f3n de la parcela AW 153<\/a><\/li>\n\n\n\n<li><a href=\"https:\/\/www.villeneuve-les-beziers.fr\/wp-content\/uploads\/2023\/12\/2023-70-Decision-modificative-2-budget-principal-M57.pdf\">2023 70 Decisi\u00f3n rectificativa del presupuesto municipal 2<\/a><\/li>\n\n\n\n<li><a href=\"https:\/\/www.villeneuve-les-beziers.fr\/wp-content\/uploads\/2023\/12\/2023-71-Ouverture-anticipee-des-credits-investissement-budget-principal-ville-2024.pdf\">2023 71 Apertura anticipada de pr\u00e9stamos de inversi\u00f3n<\/a><\/li>\n\n\n\n<li><a href=\"https:\/\/www.villeneuve-les-beziers.fr\/wp-content\/uploads\/2023\/12\/2023-72-Fonds-de-concours-agglo-rue-vernhes.pdf\">2023 72 Fondo de ayuda a la aglomeraci\u00f3n de la rue Vernhes<\/a><\/li>\n\n\n\n<li><a href=\"https:\/\/www.villeneuve-les-beziers.fr\/wp-content\/uploads\/2023\/12\/2023-73-Fonds-de-concours-agglo-camion-polybenne.pdf\">2023 73 Contribuci\u00f3n a la aglomeraci\u00f3n polybenne cami\u00f3n<\/a><\/li>\n\n\n\n<li><a href=\"https:\/\/www.villeneuve-les-beziers.fr\/wp-content\/uploads\/2023\/12\/2023-74-Fonds-de-concours-agglo-menuiseries-local-rue-Jean-Laures.pdf\">2023 74 Subvenci\u00f3n de aglomeraci\u00f3n para trabajos de carpinter\u00eda en locales de asociaciones<\/a><\/li>\n\n\n\n<li><a href=\"https:\/\/www.villeneuve-les-beziers.fr\/wp-content\/uploads\/2023\/12\/2023-75-Fonds-de-soutien-agglo-fonctionnement.pdf\">2023 75 Fondo de contribuci\u00f3n de aglomeraci\u00f3n (explotaci\u00f3n)<\/a><\/li>\n\n\n\n<li><a href=\"https:\/\/www.villeneuve-les-beziers.fr\/wp-admin\/post.php?post=18040&amp;action=edit\">2023 76 Informe anual 2022 SPANC<\/a><\/li>\n\n\n\n<li><a href=\"https:\/\/www.villeneuve-les-beziers.fr\/wp-admin\/post.php?post=18041&amp;action=edit\">2023 77 Zonas de aceleraci\u00f3n ENR<\/a><\/li>\n\n\n\n<li><a href=\"https:\/\/www.villeneuve-les-beziers.fr\/wp-content\/uploads\/2024\/07\/2024-01-DOB-VILLE-2024.pdf\">2024 01 DOB ciudad 2024<\/a><\/li>\n\n\n\n<li><a href=\"https:\/\/www.villeneuve-les-beziers.fr\/wp-content\/uploads\/2024\/07\/2024-02-Demande-subvention-departemt-et-agglo-pour-projet-mise-en-circulation-partagee.pdf\">2024 02 Solicitud de subvenci\u00f3n al Departamento del H\u00e9rault y a la Mancomunidad de B\u00e9ziers M\u00e9diterran\u00e9e \/ fondo de apoyo a los municipios - proyecto de tr\u00e1fico compartido <\/a><\/li>\n\n\n\n<li><a href=\"https:\/\/www.villeneuve-les-beziers.fr\/wp-content\/uploads\/2024\/07\/2024-03-Versement-contribution-calendreta-Lo-Garric-annee-scolaire-2023-2024.pdf\">2024 03 Curso escolar 2023\/2024 pago de una contribuci\u00f3n escolar a Calandreta Lo Garric<\/a> <\/li>\n\n\n\n<li><a href=\"https:\/\/www.villeneuve-les-beziers.fr\/wp-content\/uploads\/2024\/07\/2024-04-Adhesion-groupement-commande-Herault-Energies.pdf\">2024 04 Pertenencia a un consorcio para la compra de energ\u00eda, suministros y servicios relacionados con la eficiencia energ\u00e9tica y el funcionamiento<\/a><\/li>\n\n\n\n<li><a href=\"https:\/\/www.villeneuve-les-beziers.fr\/wp-admin\/post.php?post=17961&amp;action=edit\">2024 05 H\u00e9rault Energie transferencia de la responsabilidad del alumbrado p\u00fablico<\/a><\/li>\n\n\n\n<li><a href=\"https:\/\/www.villeneuve-les-beziers.fr\/wp-admin\/post.php?post=18015&amp;action=edit\">2024 06 Informe sobre el precio y la calidad del agua y las aguas residuales<\/a><\/li>\n\n\n\n<li><a href=\"https:\/\/www.villeneuve-les-beziers.fr\/wp-admin\/post.php?post=17962&amp;action=edit\">2024 07 Proyecto de enmienda 1 acuerdo op La Montagnette con EPF<\/a><\/li>\n\n\n\n<li><a href=\"https:\/\/www.villeneuve-les-beziers.fr\/wp-admin\/post.php?post=18017&amp;action=edit\">2024 08 Autorizaci\u00f3n de adquisici\u00f3n de parcelas bd urbain interco<\/a><\/li>\n\n\n\n<li><a href=\"https:\/\/www.villeneuve-les-beziers.fr\/wp-admin\/post.php?post=18018&amp;action=edit\">2024 09 Solicitud de dictamen MRAE ZAC Claudery y Pech Auriol le Cros<\/a><\/li>\n\n\n\n<li><a href=\"https:\/\/www.villeneuve-les-beziers.fr\/wp-admin\/post.php?post=18019&amp;action=edit\">2024 10 Centros de actividad I investigaci\u00f3n p\u00fablica \u00fanica<\/a><\/li>\n\n\n\n<li><a href=\"https:\/\/www.villeneuve-les-beziers.fr\/wp-admin\/post.php?post=17963&amp;action=edit\">2024 11 Aprobaci\u00f3n para iniciar una consulta con vistas a la creaci\u00f3n de un SEMOP<\/a><\/li>\n\n\n\n<li><a href=\"https:\/\/www.villeneuve-les-beziers.fr\/wp-admin\/post.php?post=17964&amp;action=edit\">2024 12 Nombres de las calles Impasse Actipolis y Rue Saint Victor<\/a><\/li>\n\n\n\n<li><a href=\"https:\/\/www.villeneuve-les-beziers.fr\/wp-admin\/post.php?post=18022&amp;action=edit\">2024 13 Supresi\u00f3n de las sanciones por demora en el pago del impuesto de urbanismo<\/a><\/li>\n\n\n\n<li><a href=\"https:\/\/www.villeneuve-les-beziers.fr\/wp-admin\/post.php?post=18023&amp;action=edit\">2024 14 Autorizaci\u00f3n para anclar equipos de PE a la fachada de propiedades privadas<\/a><\/li>\n\n\n\n<li><a href=\"https:\/\/www.villeneuve-les-beziers.fr\/wp-admin\/post.php?post=18024&amp;action=edit\">2024 15 Eliminaci\u00f3n de los caminos rurales alrededor de Montagnette y del centro de actividades I<\/a><\/li>\n\n\n\n<li><a href=\"https:\/\/www.villeneuve-les-beziers.fr\/wp-admin\/post.php?post=18025&amp;action=edit\">2024 16 Desmantelamiento y abandono de los locales de la calle Marceau c\u00f3digo catastral AA456 con vistas a su enajenaci\u00f3n<\/a><\/li>\n\n\n\n<li><a href=\"https:\/\/www.villeneuve-les-beziers.fr\/wp-admin\/post.php?post=18027&amp;action=edit\">2024 17 Solicitud de protecci\u00f3n como monumento hist\u00f3rico - cuadro que representa el Martirio de San Esteban<\/a><\/li>\n\n\n\n<li><a href=\"https:\/\/www.villeneuve-les-beziers.fr\/wp-admin\/post.php?post=17965&amp;action=edit\">2024 18 Aprobaci\u00f3n de la cuenta de gesti\u00f3n 2023 - M57 Presupuesto principal de la ciudad<\/a><\/li>\n\n\n\n<li><a href=\"https:\/\/www.villeneuve-les-beziers.fr\/wp-admin\/post.php?post=17966&amp;action=edit\">2024 19 Aprobaci\u00f3n de la cuenta administrativa 2023 - M57 Presupuesto principal de la ciudad<\/a><\/li>\n\n\n\n<li><a href=\"https:\/\/www.villeneuve-les-beziers.fr\/wp-admin\/post.php?post=17967&amp;action=edit\">2024 20 Consignaci\u00f3n de los resultados de 2023 - presupuesto principal M57 Ciudad<\/a><\/li>\n\n\n\n<li><a href=\"https:\/\/www.villeneuve-les-beziers.fr\/wp-admin\/post.php?post=17968&amp;action=edit\">2024 21 Tipos de los impuestos municipales 2024<\/a><\/li>\n\n\n\n<li><a href=\"https:\/\/www.villeneuve-les-beziers.fr\/wp-admin\/post.php?post=17969&amp;action=edit\">2024 22 Presupuesto primario 2024 - presupuesto principal M57 Ciudad<\/a><\/li>\n\n\n\n<li><a href=\"https:\/\/www.villeneuve-les-beziers.fr\/wp-admin\/post.php?post=18028&amp;action=edit\">2024 23 Asignaci\u00f3n de la subvenci\u00f3n de funcionamiento a la CCAS ejercicio 2024<\/a><\/li>\n\n\n\n<li><a href=\"https:\/\/www.villeneuve-les-beziers.fr\/wp-admin\/post.php?post=18029&amp;action=edit\">2024 24 Subvenci\u00f3n a asociaciones<\/a><\/li>\n\n\n\n<li><a href=\"https:\/\/www.villeneuve-les-beziers.fr\/wp-admin\/post.php?post=18030&amp;action=edit\">2024 25 Provisi\u00f3n para deudas de dudoso cobro<\/a><\/li>\n\n\n\n<li><a href=\"https:\/\/www.villeneuve-les-beziers.fr\/wp-admin\/post.php?post=18031&amp;action=edit\">2024 26 Transferencia de ingresos y cuentas de anticipos del presupuesto ALSH comunal al presupuesto ALSH CCAS<\/a><\/li>\n\n\n\n<li><a href=\"https:\/\/www.villeneuve-les-beziers.fr\/wp-admin\/post.php?post=17970&amp;action=edit\">2024 27 Fonds de soutien agglo adquisici\u00f3n de dos bolardos portuarios<\/a><\/li>\n\n\n\n<li><a href=\"https:\/\/www.villeneuve-les-beziers.fr\/wp-admin\/post.php?post=17971&amp;action=edit\">2024 28 Cambio del lugar de reuni\u00f3n del Consejo Municipal<\/a><\/li>\n\n\n\n<li><a href=\"https:\/\/www.villeneuve-les-beziers.fr\/wp-admin\/post.php?post=18033&amp;action=edit\">2024 29 Acuerdo de adhesi\u00f3n al servicio de instrucci\u00f3n de autorizaciones urban\u00edsticas del agglo<\/a><\/li>\n\n\n\n<li><a href=\"https:\/\/www.villeneuve-les-beziers.fr\/wp-admin\/post.php?post=18032&amp;action=edit\">2024 30 Convenio de financiaci\u00f3n de las obras de refuerzo de las redes de agua potable, comuna agglo<\/a><\/li>\n\n\n\n<li><a href=\"https:\/\/www.villeneuve-les-beziers.fr\/wp-content\/uploads\/2024\/07\/2024-31-Motion-de-soutien-a-monsieur-le-Maire-de-MONTARNAUD.pdf\">2024 31 Moci\u00f3n de apoyo al alcalde de MONTARNAUD<\/a><\/li>\n\n\n\n<li><a href=\"https:\/\/www.villeneuve-les-beziers.fr\/wp-content\/uploads\/2024\/07\/2024-32-Tarifs-TPE-2025.pdf\">2024 32 Tarifas VSE 2025<\/a><\/li>\n\n\n\n<li><a href=\"https:\/\/www.villeneuve-les-beziers.fr\/wp-content\/uploads\/2024\/07\/2024-33-Subventions-aux-associations-2024.pdf\">2024 33 Subvenciones a asociaciones<\/a><\/li>\n\n\n\n<li><a href=\"https:\/\/www.villeneuve-les-beziers.fr\/wp-content\/uploads\/2024\/07\/2024-34-Motion-mesure-economies-APVF.pdf\">2024 34 Medida de ahorro de movimiento APVF<\/a><\/li>\n\n\n\n<li><a href=\"https:\/\/www.villeneuve-les-beziers.fr\/wp-content\/uploads\/2024\/07\/2024-35-fonds-de-soutien-rue-vernhes.pdf\">2024 35 Solicitud de fondo de apoyo para la rue Vernhes<\/a><\/li>\n\n\n\n<li><a href=\"https:\/\/www.villeneuve-les-beziers.fr\/wp-content\/uploads\/2024\/07\/2024-36-fonds-de-soutien-meuble-non-classe-eglise.pdf\">2024 36 Solicitud de fondo de apoyo para mobiliario de iglesia no catalogado<\/a><\/li>\n\n\n\n<li><a href=\"https:\/\/www.villeneuve-les-beziers.fr\/wp-admin\/post.php?post=17977&amp;action=edit\">2024 37 Mecenazgo del festival de teatro Buesa<\/a><\/li>\n\n\n\n<li><a href=\"https:\/\/www.villeneuve-les-beziers.fr\/wp-admin\/post.php?post=17978&amp;action=edit\">2024 38 Venta de los terrenos AV 12 168 189 185 196 y AW 122 y 173 a SNCF RESEAU<\/a><\/li>\n\n\n\n<li><a href=\"https:\/\/www.villeneuve-les-beziers.fr\/wp-admin\/post.php?post=17979&amp;action=edit\">2024 39 Venta de locales en 11 rue Marceau<\/a><\/li>\n\n\n\n<li><a href=\"https:\/\/www.villeneuve-les-beziers.fr\/wp-admin\/post.php?post=17980&amp;action=edit\">2024 40 LNMP Acuerdo de ocupaci\u00f3n temporal<\/a><\/li>\n\n\n\n<li><a href=\"https:\/\/www.villeneuve-les-beziers.fr\/wp-admin\/post.php?post=17981&amp;action=edit\">2024 41 Acuerdo de servidumbre del oleoducto ENEDIS<\/a><\/li>\n\n\n\n<li><a href=\"https:\/\/www.villeneuve-les-beziers.fr\/wp-admin\/post.php?post=17982&amp;action=edit\">2024 42 Aprobaci\u00f3n de los documentos y nombramiento de los miembros del comit\u00e9 SEMOP<\/a><\/li>\n\n\n\n<li><a href=\"https:\/\/www.villeneuve-les-beziers.fr\/wp-admin\/post.php?post=17983&amp;action=edit\">2024 43 Acuerdo ENT 2024-2025<\/a><\/li>\n\n\n\n<li><a href=\"https:\/\/www.villeneuve-les-beziers.fr\/wp-admin\/post.php?post=17984&amp;action=edit\">2024 44 Opini\u00f3n com\u00fan sobre la instalaci\u00f3n clasificada ALMA CERSIUS en el municipio de Cers<\/a><\/li>\n\n\n\n<li><a href=\"https:\/\/www.villeneuve-les-beziers.fr\/wp-admin\/post.php?post=17985&amp;action=edit\">2024 45 Acuerdo de patrocinio con SASU LES SAVOURIES<\/a><\/li>\n\n\n\n<li><a href=\"https:\/\/www.villeneuve-les-beziers.fr\/wp-admin\/post.php?post=17986&amp;action=edit\">2024 46 Desmantelamiento para la enajenaci\u00f3n de las parcelas AX206 208 209 y 423<\/a><\/li>\n\n\n\n<li><a href=\"https:\/\/www.villeneuve-les-beziers.fr\/wp-admin\/post.php?post=18038&amp;action=edit\">2024 47 Adquisici\u00f3n de las parcelas AW340 y 548 al EPF<\/a><\/li>\n\n\n\n<li><a href=\"https:\/\/www.villeneuve-les-beziers.fr\/wp-admin\/post.php?post=18039&amp;action=edit\">2024 48 Avisos de aperturas dominicales 2025 de cadenas minoristas<\/a><\/li>\n\n\n\n<li><a href=\"https:\/\/www.villeneuve-les-beziers.fr\/wp-admin\/post.php?post=18037&amp;action=edit\">2024 49 Denominaci\u00f3n de la calle Frida Kahlo<\/a><\/li>\n\n\n\n<li><a href=\"https:\/\/www.villeneuve-les-beziers.fr\/wp-content\/uploads\/2024\/07\/2024-050-approbation-PLU.pdf\">2024 50 Aprobaci\u00f3n del PLU<\/a><\/li>\n\n\n\n<li><a href=\"https:\/\/www.villeneuve-les-beziers.fr\/wp-content\/uploads\/2024\/07\/2024-051-approbation-PDA.pdf\">2024 51 Aprobaci\u00f3n de la PDA<\/a><\/li>\n\n\n\n<li><a href=\"https:\/\/www.villeneuve-les-beziers.fr\/wp-content\/uploads\/2025\/04\/2024-52-Majoration-de-la-cotisation-de-taxe-habitation-logements-vacants.pdf\">2024 52 Aumento del impuesto sobre viviendas vac\u00edas<\/a><\/li>\n\n\n\n<li><a href=\"https:\/\/www.villeneuve-les-beziers.fr\/wp-content\/uploads\/2025\/04\/2024-53-DM-1-Budget-principal-M57-Ville.pdf\">2024 53 DM 1 Presupuesto principal M57 Ciudad<\/a><\/li>\n\n\n\n<li><a href=\"https:\/\/www.villeneuve-les-beziers.fr\/wp-content\/uploads\/2025\/04\/2024-54-Acquisition-de-deux-parcelles-AE-75-et-AE-78-sises-lieu-dit-Sait-Louis.pdf\">2024 54 Adquisici\u00f3n de dos parcelas de tierra, AE 75 y AE 78, en un lugar llamado Sait Louis<\/a><\/li>\n\n\n\n<li><a href=\"https:\/\/www.villeneuve-les-beziers.fr\/wp-content\/uploads\/2025\/04\/2024-55-Integration-au-domaine-public-bassin-retention-lot-les-balcons-du-canal.pdf\">2024 55 Transferencia al dominio p\u00fablico lote cuenca de retenci\u00f3n les balcons du canal<\/a><\/li>\n\n\n\n<li><a href=\"https:\/\/www.villeneuve-les-beziers.fr\/wp-content\/uploads\/2025\/04\/2024-56-Rapport-conseil-administration-BRL-Exercice-2023.pdf\">2024 56 Informe del Consejo de Administraci\u00f3n BRL Ejercicio 2023<\/a><\/li>\n\n\n\n<li><a href=\"https:\/\/www.villeneuve-les-beziers.fr\/wp-content\/uploads\/2025\/04\/2024-57-Bilan-de-concertation-zac-la-claudery-et-zac-pech-auriol-lecros.pdf\">2024 57 Informe sobre el proceso de consulta para los lecros zac la claudery y zac pech auriol<\/a><\/li>\n\n\n\n<li><a href=\"https:\/\/www.villeneuve-les-beziers.fr\/wp-content\/uploads\/2025\/04\/2024-58-Creation-de-postes-et-modification-tableau-des-effectifs.pdf\">2024 58 Creaci\u00f3n de puestos y modificaci\u00f3n de la plantilla de personal<\/a><\/li>\n\n\n\n<li><a href=\"https:\/\/www.villeneuve-les-beziers.fr\/wp-content\/uploads\/2025\/04\/2024-59-DM-2-Budget-principal-M57.pdf\">2024 59 DM 2 Presupuesto principal M57<\/a><\/li>\n\n\n\n<li><a href=\"https:\/\/www.villeneuve-les-beziers.fr\/wp-content\/uploads\/2025\/04\/2024-60-Versement-calendreta-los-falabreguiers.pdf\">2024 60 Pago calendreta los falabreguiers<\/a><\/li>\n\n\n\n<li><a href=\"https:\/\/www.villeneuve-les-beziers.fr\/wp-content\/uploads\/2025\/04\/2024-61-Correction-anomalies-comptables-liees-a-des-ecritures-anciennes.pdf\">2024 61 Correcci\u00f3n de anomal\u00edas contables vinculadas a asientos antiguos<\/a><\/li>\n\n\n\n<li><a href=\"https:\/\/www.villeneuve-les-beziers.fr\/wp-content\/uploads\/2025\/04\/2024-62-fonds-de-concours-au-titre-du-fonds-de-soutien-au-fonctionnement-agglo.pdf\">2024 62 fondos de apoyo a las operaciones de agglomo<\/a><\/li>\n\n\n\n<li><a href=\"https:\/\/www.villeneuve-les-beziers.fr\/wp-content\/uploads\/2025\/04\/2024-63-Retrait-delib-du-08-juillet-2024-approbation-du-PLU.pdf\">2024 63 Retirada de la decisi\u00f3n de 08 de julio de 2024 por la que se aprueba el PLU<\/a><\/li>\n\n\n\n<li><a href=\"https:\/\/www.villeneuve-les-beziers.fr\/wp-content\/uploads\/2025\/04\/2024-64-Astreintes-et-permanences-modalites-indemnisation.pdf\">2024 64 Servicio de guardia y acuerdos de compensaci\u00f3n<\/a><\/li>\n\n\n\n<li><a href=\"https:\/\/www.villeneuve-les-beziers.fr\/wp-content\/uploads\/2025\/04\/2024-65-Recensement-population-2025.pdf\">2024 65 Censo de poblaci\u00f3n 2025<\/a><\/li>\n\n\n\n<li><a href=\"https:\/\/www.villeneuve-les-beziers.fr\/wp-content\/uploads\/2025\/04\/2024-66-Regime-indemnitaire-de-la-PM.pdf\">2024 66 R\u00e9gimen de compensaci\u00f3n de los diputados<\/a><\/li>\n\n\n\n<li><a href=\"https:\/\/www.villeneuve-les-beziers.fr\/wp-content\/uploads\/2025\/04\/2024-67-Mise-en-place-indemnite-de-chaussures-et-de-petit-equipement.pdf\">2024 67 Aplicaci\u00f3n del subsidio para calzado y equipo peque\u00f1o<\/a><\/li>\n\n\n\n<li><a href=\"https:\/\/www.villeneuve-les-beziers.fr\/wp-content\/uploads\/2025\/04\/2024-68-Convention-mise-a-disposition-personnel-du-CCAS-a-la-ville.pdf\">2024 68 Acuerdo para que el personal de la CCAS se ponga a disposici\u00f3n de la ciudad<\/a><\/li>\n\n\n\n<li><a href=\"https:\/\/www.villeneuve-les-beziers.fr\/wp-content\/uploads\/2025\/04\/2024-69-Convention-mise-a-disposition-monsieur-RASSIER-sur-la-ville.pdf\">2024 69 Acuerdo por el que se pone a Jean-Marie RASSIER a disposici\u00f3n de la ciudad<\/a><\/li>\n\n\n\n<li><a href=\"https:\/\/www.villeneuve-les-beziers.fr\/wp-content\/uploads\/2025\/04\/2024-70-decision-budgetaire-modificative-3.pdf\">2024 70 decisi\u00f3n presupuestaria rectificativa 3<\/a><\/li>\n\n\n\n<li><a href=\"https:\/\/www.villeneuve-les-beziers.fr\/wp-content\/uploads\/2025\/04\/2024-71-ouverture-anticipee-credits-investissement-BP-ville-2025.pdf\">2024 71 Apertura anticipada de los cr\u00e9ditos de inversi\u00f3n Presupuesto de la ciudad 2025<\/a><\/li>\n\n\n\n<li><a href=\"https:\/\/www.villeneuve-les-beziers.fr\/wp-content\/uploads\/2025\/04\/2024-72-aide-exceptionnelle-CABEM-fonctionnement-pendant-les-JO-2024.pdf\">2024 72 Ayuda excepcional al funcionamiento del CABEM durante los Juegos Ol\u00edmpicos de 2024<\/a><\/li>\n\n\n\n<li><a href=\"https:\/\/www.villeneuve-les-beziers.fr\/wp-content\/uploads\/2025\/04\/2024-73-subventions-aux-associations-2024.pdf\">2024 73 subvenciones a asociaciones<\/a><\/li>\n\n\n\n<li><a href=\"https:\/\/www.villeneuve-les-beziers.fr\/wp-content\/uploads\/2025\/04\/2024-74-avenant-2-convention-EPF-abords-du-centre-ville.pdf\">2024 74 enmienda 2 acuerdo EPF para la zona del centro de la ciudad<\/a><\/li>\n\n\n\n<li><a href=\"https:\/\/www.villeneuve-les-beziers.fr\/wp-content\/uploads\/2025\/04\/2024-75-acquisition-des-parcelles-AO-435-436-et-437-a-EPF.pdf\">2024 75 adquisici\u00f3n de las parcelas AO 435 436 y 437 a EPF<\/a><\/li>\n\n\n\n<li><a href=\"https:\/\/www.villeneuve-les-beziers.fr\/wp-content\/uploads\/2025\/04\/2024-76-acquisition-parcelle-AZ-85-a-Monsieur-Serge-MOLINIER.pdf\">2024 76 adquisici\u00f3n de la parcela AZ 85 al Sr. Serge MOLINIER<\/a><\/li>\n\n\n\n<li><a href=\"https:\/\/www.villeneuve-les-beziers.fr\/wp-content\/uploads\/2025\/04\/2024-77-VIC-14-avenant-1-convention-maitrise-ouvrage.pdf\">2024 77 VIC 14 enmienda 1 acuerdo de gesti\u00f3n del proyecto<\/a><\/li>\n\n\n\n<li><a href=\"https:\/\/www.villeneuve-les-beziers.fr\/wp-content\/uploads\/2025\/04\/2024-78-mise-a-jour-BAL.pdf\">2024 Actualizaci\u00f3n del 78 BAL<\/a><\/li>\n\n\n\n<li><a href=\"https:\/\/www.villeneuve-les-beziers.fr\/wp-content\/uploads\/2025\/04\/2025-01-DOB-2025-ville.pdf\">2025 01 DOB 2025 ciudad<\/a><\/li>\n\n\n\n<li><a href=\"https:\/\/www.villeneuve-les-beziers.fr\/wp-content\/uploads\/2025\/04\/2025-02-approbation-rapport-CLECT.pdf\">2025 02 aprobaci\u00f3n del informe CLECT<\/a><\/li>\n\n\n\n<li><a href=\"https:\/\/www.villeneuve-les-beziers.fr\/wp-content\/uploads\/2025\/04\/2025-03-participation-financiere-travaux-fosse-CERS.pdf\">2025 03 contribuci\u00f3n financiera para las obras del pozo CERS<\/a><\/li>\n\n\n\n<li><a href=\"https:\/\/www.villeneuve-les-beziers.fr\/wp-content\/uploads\/2025\/04\/2025-04-contribution-scolaire-calandreta-lo-garric.pdf\">2025 04 contribuci\u00f3n escolar calandreta lo garric<\/a><\/li>\n\n\n\n<li><a href=\"https:\/\/www.villeneuve-les-beziers.fr\/wp-content\/uploads\/2025\/04\/2025-05-contribution-scolaire-calandreta-de-seta.pdf\">2025 05 contribuci\u00f3n escolar calandreta de seta<\/a><\/li>\n\n\n\n<li><a href=\"https:\/\/www.villeneuve-les-beziers.fr\/wp-content\/uploads\/2025\/04\/2025-06-subvention-CFA-lezignan-corbieres.pdf\">2025 06 CFA subvenci\u00f3n lezignan corbieres<\/a><\/li>\n\n\n\n<li><a href=\"https:\/\/www.villeneuve-les-beziers.fr\/wp-content\/uploads\/2025\/04\/2025-07-annulation-procedure-revision-PLU-et-relance.pdf\">2025 07 anulaci\u00f3n del procedimiento de revisi\u00f3n del PLU y relanzamiento del procedimiento<\/a><\/li>\n\n\n\n<li><a href=\"https:\/\/www.villeneuve-les-beziers.fr\/wp-content\/uploads\/2025\/04\/2025-08-modification-nombre-de-postes-adjoints-au-maire.pdf\">2025 08 cambio en el n\u00famero de tenientes de alcalde<\/a><\/li>\n\n\n\n<li><a href=\"https:\/\/www.villeneuve-les-beziers.fr\/wp-content\/uploads\/2025\/04\/2025-09b-election-8eme-adjoint-au-maire.pdf\">2025 09 elecci\u00f3n del 8\u00ba teniente de alcalde<\/a><\/li>\n\n\n\n<li><a href=\"https:\/\/www.villeneuve-les-beziers.fr\/wp-content\/uploads\/2025\/04\/2025-10-indemnites-de-fonction-des-elus.pdf\">2025 10 remuneraci\u00f3n de los representantes electos<\/a><\/li>\n\n\n\n<li><a href=\"https:\/\/www.villeneuve-les-beziers.fr\/wp-content\/uploads\/2025\/04\/2025-11-cabm-nouvelle-convention-mise-a-disposition-rpe.pdf\">2025 11 cabm nuevo acuerdo para el suministro de rpe<\/a><\/li>\n\n\n\n<li><a href=\"https:\/\/www.villeneuve-les-beziers.fr\/wp-content\/uploads\/2025\/04\/2025-12-participation-appel-offres-renouvellement-contrats-assurances-statutaires-cdg34.pdf\">2025 12 participaci\u00f3n en la licitaci\u00f3n para la renovaci\u00f3n de contratos de seguros obligatorios cdg34<\/a><\/li>\n\n\n\n<li><a href=\"https:\/\/www.villeneuve-les-beziers.fr\/wp-content\/uploads\/2025\/04\/2025-13-adhesion-mission-signalement-actes-violences-harcelement-cdg34.pdf\">2025 13 misi\u00f3n de adhesi\u00f3n denuncia de actos de violencia acoso cdg34<\/a><\/li>\n\n\n\n<li><a href=\"https:\/\/www.villeneuve-les-beziers.fr\/wp-content\/uploads\/2025\/05\/2025-14-Approbation-du-compte-de-gestion-2024-budget-principal-ville-M57.pdf\">2025 14 Aprobaci\u00f3n de la cuenta de gesti\u00f3n 2024 para el presupuesto de la ciudad M57<\/a><\/li>\n\n\n\n<li><a href=\"https:\/\/www.villeneuve-les-beziers.fr\/wp-content\/uploads\/2025\/05\/2025-15-Approbation-du-compta-administratif-2024-budget-principal-ville-M57.pdf\">2025 15 Aprobaci\u00f3n de la cuenta administrativa 2024 para el presupuesto principal de la ciudad M57<\/a><\/li>\n\n\n\n<li><a href=\"https:\/\/www.villeneuve-les-beziers.fr\/wp-content\/uploads\/2025\/05\/2025-16-Affectation-des-resultats-2024-budget-principal-ville-M57.pdf\">2025 16 Consignaci\u00f3n de resultados 2024 presupuesto principal de la ciudad M57<\/a><\/li>\n\n\n\n<li><a href=\"https:\/\/www.villeneuve-les-beziers.fr\/wp-content\/uploads\/2025\/05\/2025-17-Taux-des-taxes-communales-2025.pdf\">2025 17 Tipos impositivos municipales 2025<\/a><\/li>\n\n\n\n<li><a href=\"https:\/\/www.villeneuve-les-beziers.fr\/wp-content\/uploads\/2025\/05\/2025-18-Budget-primitif-2025-budget-principal-M57-Ville.pdf\">2025 18 Presupuesto primario 2025 presupuesto principal M57 Ciudad<\/a><\/li>\n\n\n\n<li><a href=\"https:\/\/www.villeneuve-les-beziers.fr\/wp-content\/uploads\/2025\/05\/2025-19-Attribution-subvention-de-fonctionnement-au-CCAS-exercice-2025.pdf\">2025 19 Asignaci\u00f3n de la subvenci\u00f3n de funcionamiento al ejercicio 2025 de la CCAS<\/a><\/li>\n\n\n\n<li><a href=\"https:\/\/www.villeneuve-les-beziers.fr\/wp-content\/uploads\/2025\/05\/2025-20-Subvention-aux-associations-au-titre-de-2025.pdf\">2025 20 Subvenci\u00f3n a las asociaciones para 2025<\/a><\/li>\n\n\n\n<li><a href=\"https:\/\/www.villeneuve-les-beziers.fr\/wp-content\/uploads\/2025\/05\/2025-21-Constitution-provision-pour-creances-douteuses.pdf\">2025 21 Provisi\u00f3n para deudas de dudoso cobro<\/a><\/li>\n\n\n\n<li><a href=\"https:\/\/www.villeneuve-les-beziers.fr\/wp-content\/uploads\/2025\/05\/2025-22-Qualite-comptable-budget-principal-regul-admissions-en-non-valeur.pdf\">2025 22 Calidad contable presupuesto principal admisiones regulares en no valor<\/a><\/li>\n\n\n\n<li><a href=\"https:\/\/www.villeneuve-les-beziers.fr\/wp-content\/uploads\/2025\/05\/2025-23-Debat-sur-les-orientations-du-PADD-relatif-a-la-revision-du-PLU-1.pdf\">2025 23 Debate sobre las orientaciones del PADD relativas a la revisi\u00f3n del PLU<\/a><\/li>\n\n\n\n<li><a href=\"https:\/\/www.villeneuve-les-beziers.fr\/wp-content\/uploads\/2025\/05\/2025-24-Communication-du-rapport-activite-2022-2023-de-la-CABEM.pdf\">2025 24 Comunicaci\u00f3n del informe de actividades del CABEM 2022 2023<\/a><\/li>\n\n\n\n<li><a href=\"https:\/\/www.villeneuve-les-beziers.fr\/wp-content\/uploads\/2025\/07\/2025-25-Fixation-des-tarifs-TPE-2026.pdf\">2025 25 Fijaci\u00f3n de las tarifas VSE 2026<\/a><\/li>\n\n\n\n<li><a href=\"https:\/\/www.villeneuve-les-beziers.fr\/wp-content\/uploads\/2025\/07\/2025-26-Demande-fonds-de-concours-agglo-pour-pole-social.pdf\">2025 26 Solicitud de subvenci\u00f3n agglo para centro social<\/a><\/li>\n\n\n\n<li><a href=\"https:\/\/www.villeneuve-les-beziers.fr\/wp-content\/uploads\/2025\/07\/2025-27-Remboursement-frais-engages-par-monsieur-Le-Maire-mandat-special.pdf\">2025 27 Reembolso de los gastos del alcalde mandato especial<\/a><\/li>\n\n\n\n<li><a href=\"https:\/\/www.villeneuve-les-beziers.fr\/wp-content\/uploads\/2025\/07\/2025-28-Herault-Energies-convention-relative-aux-modalites-de-participation-financiere-travaux-invest.pdf\">2025 28 Acuerdo H\u00e9rault Energies sobre las condiciones de participaci\u00f3n financiera en las obras de inversi\u00f3n<\/a><\/li>\n\n\n\n<li><a href=\"https:\/\/www.villeneuve-les-beziers.fr\/wp-content\/uploads\/2025\/07\/2025-29-Retrocession-impasse-des-arbousiers.pdf\">2025 29 Retrocesi\u00f3n del impasse des arbousiers<\/a><\/li>\n\n\n\n<li><a href=\"https:\/\/www.villeneuve-les-beziers.fr\/wp-content\/uploads\/2025\/07\/2025-30-Vente-de-la-maison-sise-11-rue-de-l-abattoir.pdf\">2025 30 Venta de la casa situada en 11 rue de l abattoir<\/a><\/li>\n\n\n\n<li><a href=\"https:\/\/www.villeneuve-les-beziers.fr\/wp-content\/uploads\/2025\/07\/2025-31-EPF-avenant-2-convention-operationnelle-Montagnette.pdf\">2025 31 Enmienda EPF 2 Acuerdo de explotaci\u00f3n Montagnette<\/a><\/li>\n\n\n\n<li><a href=\"https:\/\/www.villeneuve-les-beziers.fr\/wp-content\/uploads\/2025\/07\/2025-32-Procedure-de-creation-ZAC-Claudery-arret-bilan-PPVE.pdf\">2025 32 Procedimiento de creaci\u00f3n de la ZAC Claudery - Aprobaci\u00f3n del balance de la PPVE<\/a><\/li>\n\n\n\n<li><a href=\"https:\/\/www.villeneuve-les-beziers.fr\/wp-content\/uploads\/2025\/07\/2025-33-Procedure-creation-ZAC-multi-sites-Pech-Auriol-le-Cros-arret-bilan-PPVE.pdf\">2025 33 Procedimiento de creaci\u00f3n de la zona de ordenaci\u00f3n m\u00faltiple de Pech Auriol le Cros - Aprobaci\u00f3n del balance de la PPVE<\/a><\/li>\n\n\n\n<li><a href=\"https:\/\/www.villeneuve-les-beziers.fr\/wp-content\/uploads\/2025\/08\/2025-034-Creation-ZAC-La-Claudery.pdf\">2025 34 Creaci\u00f3n ZAC La Claudery<\/a><\/li>\n\n\n\n<li><a href=\"https:\/\/www.villeneuve-les-beziers.fr\/wp-content\/uploads\/2025\/08\/2025-035-Creation-ZAC-Pech-Auriol-Le-Cros.pdf\">2025 35 Creaci\u00f3n ZAC Pech Auriol Le Cros<\/a><\/li>\n\n\n\n<li><a href=\"https:\/\/www.villeneuve-les-beziers.fr\/wp-content\/uploads\/2025\/07\/2025-36-revision-PLU-bilan-de-la-concertation-approbation-projet-PLU-arrete.pdf\">2025 36 revisi\u00f3n del PLU evaluaci\u00f3n del proceso de consulta aprobaci\u00f3n del proyecto final del PLU<\/a><\/li>\n\n\n\n<li><a href=\"https:\/\/www.villeneuve-les-beziers.fr\/wp-content\/uploads\/2025\/07\/2025-37-Convention-ENT-2025-2026-1.pdf\">2025 37 Acuerdo ENT 2025-2026<\/a><\/li>\n\n\n\n<li><a href=\"https:\/\/www.villeneuve-les-beziers.fr\/wp-content\/uploads\/2025\/10\/2025-38-Approbation-du-proces-verbal-du-27-juin-2025.pdf\">2025 38 Aprobaci\u00f3n del acta del 27 de junio de 2025<\/a><\/li>\n\n\n\n<li><a href=\"https:\/\/www.villeneuve-les-beziers.fr\/wp-content\/uploads\/2025\/10\/2025-39-DM-1-Budget-principal-M57-Ville.pdf\">2025 39 DM 1 Presupuesto principal M57 Ciudad<\/a><\/li>\n\n\n\n<li><a href=\"https:\/\/www.villeneuve-les-beziers.fr\/wp-content\/uploads\/2025\/10\/2025-40-fonds-de-soutien-au-fonctionnement.pdf\">2025 40 fondo de apoyo operativo<\/a><\/li>\n\n\n\n<li><a href=\"https:\/\/www.villeneuve-les-beziers.fr\/wp-content\/uploads\/2025\/10\/2025-41-convention-mecenat-les-savouries-pour-le-theatre-et-le-jazz.pdf\">2025 41 convenio de mecenazgo les savouries para el teatro y el jazz<\/a><\/li>\n\n\n\n<li><a href=\"https:\/\/www.villeneuve-les-beziers.fr\/wp-content\/uploads\/2025\/10\/2025-42-convention-mecenat-snc-perles-do-pour-le-theatre.pdf\">2025 42 acuerdo de patrocinio snc perles d'o para el teatro<\/a><\/li>\n\n\n\n<li><a href=\"https:\/\/www.villeneuve-les-beziers.fr\/wp-content\/uploads\/2025\/10\/2025-43-convention-mecenat-technic-clotures-pour-le-theatre.pdf\">2025 43 acuerdo de patrocinio cloturas t\u00e9cnicas para el teatro<\/a><\/li>\n\n\n\n<li><a href=\"https:\/\/www.villeneuve-les-beziers.fr\/wp-content\/uploads\/2025\/10\/2025-44-rapport-des-representants-au-conseil-dadministration-de-BRL-exercice-2024.pdf\">2025 44 informe de los representantes en el consejo de administraci\u00f3n BRL ejercicio 2024<\/a><\/li>\n\n\n\n<li><a href=\"https:\/\/www.villeneuve-les-beziers.fr\/wp-content\/uploads\/2025\/10\/2025-45-convention-darchivage-avec-le-CDG34.pdf\">2025 45 acuerdo de archivo con CDG34<\/a><\/li>\n\n\n\n<li><a href=\"https:\/\/www.villeneuve-les-beziers.fr\/wp-content\/uploads\/2025\/10\/2025-46-SIG-Modification-du-mode-de-calcul-des-couts-nouvelle-convention-de-mutualisation.pdf\">2025 46 SIG Modificaci\u00f3n del m\u00e9todo de c\u00e1lculo de costes nuevo acuerdo de mutualizaci\u00f3n<\/a><\/li>\n\n\n\n<li><a href=\"https:\/\/www.villeneuve-les-beziers.fr\/wp-content\/uploads\/2025\/10\/2025-47-cesssion-dun-local-11-rue-marceau.pdf\">2025 47 traspaso de local 11 rue marceau<\/a><\/li>\n\n\n\n<li><a href=\"https:\/\/www.villeneuve-les-beziers.fr\/wp-content\/uploads\/2025\/10\/2025-48-mise-a-jour-du-lineaire-de-voirie-communale.pdf\">2025 48 Actualizaci\u00f3n de la longitud de las carreteras municipales<\/a><\/li>\n\n\n\n<li><a href=\"https:\/\/www.villeneuve-les-beziers.fr\/wp-content\/uploads\/2025\/10\/2025-49-projet-urbain-la-montagnette-demande-ouverture-enquete-publique.pdf\">2025 49 proyecto urbano la montagnette solicitud de apertura de una encuesta p\u00fablica<\/a><\/li>\n\n\n\n<li><a href=\"https:\/\/www.villeneuve-les-beziers.fr\/wp-content\/uploads\/2025\/10\/2025-50-avis-sur-les-dates-douvertures-dominicales-2026-des-enseignes-commerciales.pdf\">2025 50 dict\u00e1menes sobre las fechas de apertura de los domingos 2026 para las cadenas minoristas<\/a><\/li>\n\n\n\n<li><a href=\"https:\/\/www.villeneuve-les-beziers.fr\/wp-content\/uploads\/2025\/10\/2025-51-Approbation-du-PV-du-CM-du-28-07-2025.pdf\">2025 51 Aprobaci\u00f3n del acta del CM del 28 07 2025<\/a><\/li>\n\n\n\n<li><a href=\"https:\/\/www.villeneuve-les-beziers.fr\/wp-content\/uploads\/2025\/10\/2025-52-Decision-budgetaire-modificative-n\u00b02.pdf\">2025 52 Decisi\u00f3n presupuestaria rectificativa n\u00ba 2<\/a><\/li>\n\n\n\n<li><a href=\"https:\/\/www.villeneuve-les-beziers.fr\/wp-content\/uploads\/2025\/10\/2025-53-Attribution-d-une-subvention-exceptionnelle-ESPCV-XV.pdf\">2025 53 Asignaci\u00f3n de una subvenci\u00f3n excepcional ESPCV XV<\/a><\/li>\n\n\n\n<li><a href=\"https:\/\/www.villeneuve-les-beziers.fr\/wp-content\/uploads\/2025\/10\/2025-54-Demande-subvention-DRAC-et-CABM-objets-meubles-classes.pdf\">2025 54 Solicitud de subvenci\u00f3n DRAC y CABM para objetos muebles catalogados<\/a><\/li>\n\n\n\n<li><a href=\"https:\/\/www.villeneuve-les-beziers.fr\/wp-content\/uploads\/2025\/10\/2025-55-Denomination-Parc-Anne-Marie-RANC.pdf\">2025 55 Nombre del parque Anne-Marie RANC<\/a><\/li>\n\n\n\n<li><a href=\"https:\/\/www.villeneuve-les-beziers.fr\/wp-content\/uploads\/2025\/10\/2025-56-Echange-de-terrains-ASTRE-AO-477-et-Commune-AO-437-lot-E.pdf\">2025 56 Intercambio de terrenos ASTRE AO 477 y Comuna AO 437 lote E<\/a><\/li>\n\n\n\n<li><a href=\"https:\/\/www.villeneuve-les-beziers.fr\/wp-content\/uploads\/2025\/10\/2025-57-Cession-immeuble-AA-431-10-Rue-La-Fontaine.pdf\">2025 57 Venta del edificio AA 431 10 Rue La Fontaine<\/a><\/li>\n\n\n\n<li><a href=\"https:\/\/www.villeneuve-les-beziers.fr\/wp-content\/uploads\/2025\/10\/202558-Mise-a-jour-de-voies-relative-a-la-BAL.pdf\">2025 58 Actualizaci\u00f3n de las v\u00edas BAL<\/a><\/li>\n\n\n\n<li><a href=\"https:\/\/www.villeneuve-les-beziers.fr\/wp-content\/uploads\/2025\/10\/2025-59-Convention-ENEDIS-operation-autoconsommation-collective.pdf\">2025 59 Acuerdo ENEDIS para la operaci\u00f3n de autoconsumo colectivo<\/a><\/li>\n<\/ul>\n<\/div>\n\n\n\n<div class=\"wp-block-group has-global-padding is-layout-constrained wp-block-group-is-layout-constrained\">\n<h2 class=\"wp-block-heading\">Actas<\/h2>\n\n\n\n<ul class=\"wp-block-list has-small-font-size\">\n<li><a href=\"https:\/\/www.villeneuve-les-beziers.fr\/wp-content\/uploads\/2025\/07\/PV-CM-27062025.pdf\">Acta de la reuni\u00f3n del Consejo Municipal del 27 de junio de 2025<\/a><\/li>\n\n\n\n<li><a href=\"https:\/\/www.villeneuve-les-beziers.fr\/wp-content\/uploads\/2025\/07\/PV-CM-08042025.pdf\">Acta del consejo municipal del 8 de abril de 2025<\/a><\/li>\n\n\n\n<li><a href=\"https:\/\/www.villeneuve-les-beziers.fr\/wp-content\/uploads\/2025\/05\/20250527144503.pdf\">Acta de la reuni\u00f3n del Consejo Municipal del 5 de marzo de 2025<\/a><\/li>\n\n\n\n<li><a href=\"https:\/\/www.villeneuve-les-beziers.fr\/wp-content\/uploads\/2025\/04\/PV-CM-17122024.pdf\">Acta del consejo municipal del 17 de diciembre de 2024<\/a><\/li>\n\n\n\n<li><a href=\"https:\/\/www.villeneuve-les-beziers.fr\/wp-content\/uploads\/2025\/04\/PV-CM-06112024.pdf\">Acta del consejo municipal del 6 de noviembre de 2024<\/a><\/li>\n\n\n\n<li><a href=\"https:\/\/www.villeneuve-les-beziers.fr\/wp-content\/uploads\/2025\/04\/PV-CM-30092024-SIGNE.pdf\">Acta del consejo municipal del 30 de septiembre de 2024<\/a><\/li>\n\n\n\n<li><a href=\"https:\/\/www.villeneuve-les-beziers.fr\/wp-content\/uploads\/2025\/04\/PV-CM-08072024.pdf\">Acta del consejo municipal del 8 de julio de 2024<\/a><\/li>\n\n\n\n<li><a href=\"https:\/\/www.villeneuve-les-beziers.fr\/wp-content\/uploads\/2024\/07\/PV-CM10062024.pdf\">Acta del consejo municipal del 10 de junio de 2024<\/a><\/li>\n\n\n\n<li><a href=\"https:\/\/www.villeneuve-les-beziers.fr\/wp-content\/uploads\/2024\/07\/PV-CM10042024.pdf\">Acta del consejo municipal del 10 de abril de 2024<\/a><\/li>\n\n\n\n<li><a href=\"https:\/\/www.villeneuve-les-beziers.fr\/wp-content\/uploads\/2024\/07\/PV-CM29022024.pdf\">Acta del consejo municipal del 29 de febrero de 2024<\/a><\/li>\n\n\n\n<li><a href=\"https:\/\/www.villeneuve-les-beziers.fr\/wp-content\/uploads\/2024\/07\/PV-CM27112023.pdf\">Acta del consejo municipal del 27 de noviembre de 2023<\/a><\/li>\n\n\n\n<li><a href=\"https:\/\/www.villeneuve-les-beziers.fr\/wp-content\/uploads\/2024\/07\/PV-CM23102023.pdf\">Acta del consejo municipal del 23 de octubre de 2023<\/a><\/li>\n\n\n\n<li><a href=\"https:\/\/www.villeneuve-les-beziers.fr\/wp-content\/uploads\/2023\/11\/PV25092023.pdf\">Acta de la reuni\u00f3n del Consejo Municipal del 25 de septiembre de 2023<\/a><\/li>\n\n\n\n<li><a href=\"https:\/\/www.villeneuve-les-beziers.fr\/wp-content\/uploads\/2023\/11\/PV10072023.pdf\">Acta del consejo municipal del 10 de julio de 2023<\/a><\/li>\n\n\n\n<li><a href=\"https:\/\/www.villeneuve-les-beziers.fr\/wp-content\/uploads\/2023\/07\/PV22052023-signe.pdf\">Acta de la reuni\u00f3n del Consejo Municipal del 22 de mayo de 2023<\/a><\/li>\n\n\n\n<li><a href=\"https:\/\/www.villeneuve-les-beziers.fr\/wp-content\/uploads\/2023\/07\/PV-27032023-signe.pdf\">Acta de la reuni\u00f3n del Consejo Municipal del 27 de marzo de 2023<\/a><\/li>\n\n\n\n<li><a href=\"https:\/\/www.villeneuve-les-beziers.fr\/wp-content\/uploads\/2023\/04\/PV-20022023.pdf\">Acta de la reuni\u00f3n del Consejo Municipal del 20 de febrero de 2023<\/a><\/li>\n\n\n\n<li><a href=\"https:\/\/www.villeneuve-les-beziers.fr\/wp-content\/uploads\/2023\/04\/CM05122022-PV-VISE.pdf\">Acta de la reuni\u00f3n del Consejo Municipal del 5 de diciembre de 2022<\/a><\/li>\n\n\n\n<li><a href=\"https:\/\/www.villeneuve-les-beziers.fr\/wp-content\/uploads\/2022\/12\/221107_PV-CM.pdf\">Acta del consejo municipal del 7 de noviembre de 2022<\/a><\/li>\n\n\n\n<li><a href=\"https:\/\/www.villeneuve-les-beziers.fr\/wp-content\/uploads\/2022\/11\/CM19092022-PV-arrete.pdf\">Acta de la sesi\u00f3n del Consejo Municipal del 19 de septiembre de 2022<\/a><\/li>\n\n\n\n<li><a href=\"https:\/\/www.villeneuve-les-beziers.fr\/wp-content\/uploads\/2022\/07\/PV-CMVLB-27_06_22-1.pdf\">Acta de la reuni\u00f3n del Consejo Municipal del 27 de junio de 2022<\/a><\/li>\n\n\n\n<li><a href=\"https:\/\/www.villeneuve-les-beziers.fr\/wp-content\/uploads\/2022\/06\/compte-rendu-PV-CM.pdf\">Acta de la reuni\u00f3n del Consejo Municipal del 23 de mayo de 2022<\/a><\/li>\n\n\n\n<li><a href=\"https:\/\/www.villeneuve-les-beziers.fr\/wp-content\/uploads\/2022\/04\/pv-cm-28032022.pdf\">Acta de la reuni\u00f3n del Consejo Municipal del 28 de marzo de 2022<\/a><\/li>\n\n\n\n<li><a href=\"http:\/\/www.villeneuve-les-beziers.fr\/wp-content\/uploads\/2021\/10\/CM07022022-PV.pdf\" target=\"_blank\" rel=\"noopener noreferrer nofollow\">Acta del Consejo Municipal del 07 de febrero de 2022<\/a><\/li>\n\n\n\n<li><a style=\"font-variant-ligatures: normal; font-variant-caps: normal; background-color: #ffffff;\" href=\"http:\/\/www.villeneuve-les-beziers.fr\/wp-content\/uploads\/2021\/10\/cm131221.pdf\" target=\"_blank\" rel=\"noopener noreferrer nofollow\">Acta del consejo municipal del 13 de diciembre de 2021<\/a><\/li>\n\n\n\n<li><a style=\"font-variant-ligatures: normal; font-variant-caps: normal; background-color: #ffffff;\" href=\"http:\/\/www.villeneuve-les-beziers.fr\/wp-content\/uploads\/2021\/10\/20211206122344860_compressed.pdf\" target=\"_blank\" rel=\"noopener noreferrer nofollow\">Acta del consejo municipal del 29 de noviembre de 2021<\/a><\/li>\n\n\n\n<li><a style=\"font-variant-ligatures: normal; font-variant-caps: normal; background-color: #ffffff;\" href=\"http:\/\/www.villeneuve-les-beziers.fr\/wp-content\/uploads\/2021\/10\/pv-CMvlb-270921.pdf\" target=\"_blank\" rel=\"noopener noreferrer nofollow\">Acta del consejo municipal del 27 de septiembre de 2021<\/a><\/li>\n\n\n\n<li><a style=\"font-variant-ligatures: normal; font-variant-caps: normal; background-color: #ffffff;\" href=\"http:\/\/www.villeneuve-les-beziers.fr\/wp-content\/uploads\/2021\/08\/CM20210726-PV.pdf\" target=\"_blank\" rel=\"noopener noreferrer nofollow\">Acta del consejo municipal del 26 de julio de 2021<\/a><\/li>\n\n\n\n<li><a style=\"font-variant-ligatures: normal; font-variant-caps: normal; background-color: #ffffff;\" href=\"http:\/\/www.villeneuve-les-beziers.fr\/wp-content\/uploads\/2021\/06\/CM250521-VLB.pdf\" target=\"_blank\" rel=\"noopener noreferrer nofollow\">Acta de la reuni\u00f3n del Consejo Municipal del 25 de mayo de 2021<\/a><\/li>\n\n\n\n<li><a style=\"font-variant-ligatures: normal; font-variant-caps: normal; background-color: #ffffff;\" href=\"http:\/\/www.villeneuve-les-beziers.fr\/wp-content\/uploads\/2021\/04\/cm290321vlb.pdf\" target=\"_blank\" rel=\"noopener noreferrer nofollow\">Acta de la reuni\u00f3n del Consejo Municipal del 29 de marzo de 2021<\/a><\/li>\n\n\n\n<li><a style=\"font-variant-ligatures: normal; font-variant-caps: normal; background-color: #ffffff;\" href=\"http:\/\/www.villeneuve-les-beziers.fr\/wp-content\/uploads\/2021\/05\/cm_22_02_21.pdf\" target=\"_blank\" rel=\"noopener noreferrer nofollow\">Acta de la reuni\u00f3n del Consejo Municipal del 22 de febrero de 2021<\/a><\/li>\n\n\n\n<li><a style=\"font-variant-ligatures: normal; font-variant-caps: normal; background-color: #ffffff;\" href=\"http:\/\/www.villeneuve-les-beziers.fr\/wp-content\/uploads\/2020\/12\/pv-cm-14122020.pdf\" target=\"_blank\" rel=\"noopener noreferrer nofollow\">Acta del consejo municipal del 14 de diciembre de 2020<\/a><\/li>\n\n\n\n<li><a style=\"font-variant-ligatures: normal; font-variant-caps: normal; background-color: #ffffff;\" href=\"http:\/\/www.villeneuve-les-beziers.fr\/wp-content\/uploads\/2020\/11\/CM20201026_PV.pdf\" target=\"_blank\" rel=\"noopener noreferrer nofollow\">Acta del consejo municipal del 26 de octubre de 2020<\/a><\/li>\n\n\n\n<li><a style=\"font-variant-ligatures: normal; font-variant-caps: normal; background-color: #ffffff;\" href=\"http:\/\/www.villeneuve-les-beziers.fr\/wp-content\/uploads\/2020\/09\/CM20200831_PV.pdf\" target=\"_blank\" rel=\"noopener\">Acta del consejo municipal del 31 de agosto de 2020<\/a><\/li>\n\n\n\n<li><a style=\"font-variant-ligatures: normal; font-variant-caps: normal; background-color: #ffffff;\" href=\"http:\/\/www.villeneuve-les-beziers.fr\/wp-content\/uploads\/2020\/07\/CM20200727_PV.pdf\" target=\"_blank\" rel=\"noopener\">Acta del consejo municipal del 27 de julio de 2020<\/a><\/li>\n\n\n\n<li><a style=\"font-variant-ligatures: normal; font-variant-caps: normal; background-color: #ffffff;\" href=\"http:\/\/www.villeneuve-les-beziers.fr\/wp-content\/uploads\/2020\/07\/CM20200710_PV.pdf\" target=\"_blank\" rel=\"noopener\">Acta del consejo municipal del 10 de julio de 2020<\/a><\/li>\n\n\n\n<li><a style=\"font-variant-ligatures: normal; font-variant-caps: normal; background-color: #ffffff;\" href=\"http:\/\/www.villeneuve-les-beziers.fr\/wp-content\/uploads\/2020\/07\/CM20200704installation_PV.pdf\" target=\"_blank\" rel=\"noopener\">Acta del consejo municipal del 4 de julio de 2020<\/a><\/li>\n<\/ul>\n<\/div>","protected":false},"excerpt":{"rendered":"<p>El ayuntamiento es la asamblea de los representantes electos de los habitantes del municipio. En \u00e9l se deliberan cuestiones relativas a la gesti\u00f3n del municipio y se aprueban acuerdos. Por lo general, sus sesiones est\u00e1n abiertas al p\u00fablico y debe reunirse al menos cuatro veces al a\u00f1o. Acuerdos Actas<\/p>","protected":false},"author":1,"featured_media":3220,"parent":14,"menu_order":0,"comment_status":"closed","ping_status":"closed","template":"","meta":{"footnotes":""},"class_list":["post-104","page","type-page","status-publish","has-post-thumbnail","hentry"],"_links":{"self":[{"href":"https:\/\/www.villeneuve-les-beziers.fr\/es\/wp-json\/wp\/v2\/pages\/104","targetHints":{"allow":["GET"]}}],"collection":[{"href":"https:\/\/www.villeneuve-les-beziers.fr\/es\/wp-json\/wp\/v2\/pages"}],"about":[{"href":"https:\/\/www.villeneuve-les-beziers.fr\/es\/wp-json\/wp\/v2\/types\/page"}],"author":[{"embeddable":true,"href":"https:\/\/www.villeneuve-les-beziers.fr\/es\/wp-json\/wp\/v2\/users\/1"}],"replies":[{"embeddable":true,"href":"https:\/\/www.villeneuve-les-beziers.fr\/es\/wp-json\/wp\/v2\/comments?post=104"}],"version-history":[{"count":13,"href":"https:\/\/www.villeneuve-les-beziers.fr\/es\/wp-json\/wp\/v2\/pages\/104\/revisions"}],"predecessor-version":[{"id":20534,"href":"https:\/\/www.villeneuve-les-beziers.fr\/es\/wp-json\/wp\/v2\/pages\/104\/revisions\/20534"}],"up":[{"embeddable":true,"href":"https:\/\/www.villeneuve-les-beziers.fr\/es\/wp-json\/wp\/v2\/pages\/14"}],"wp:featuredmedia":[{"embeddable":true,"href":"https:\/\/www.villeneuve-les-beziers.fr\/es\/wp-json\/wp\/v2\/media\/3220"}],"wp:attachment":[{"href":"https:\/\/www.villeneuve-les-beziers.fr\/es\/wp-json\/wp\/v2\/media?parent=104"}],"curies":[{"name":"wp","href":"https:\/\/api.w.org\/{rel}","templated":true}]}}