{"id":12190,"date":"2022-05-12T13:48:47","date_gmt":"2022-05-12T11:48:47","guid":{"rendered":"https:\/\/www.villeneuve-les-beziers.fr\/?page_id=12190"},"modified":"2024-11-22T12:33:30","modified_gmt":"2024-11-22T11:33:30","slug":"proteccion-por-video-y-videovigilancia","status":"publish","type":"page","link":"https:\/\/www.villeneuve-les-beziers.fr\/es\/vie-pratique\/securite\/videoprotection-et-video-verbalisation\/","title":{"rendered":"Videoprotecci\u00f3n y videobloqueo"},"content":{"rendered":"<h2 class=\"wp-block-heading\">Centro de Supervisi\u00f3n Urbana (CSU)<\/h2>\n\n\n\n<p>Las c\u00e1maras de videovigilancia est\u00e1n conectadas al Centro de Supervisi\u00f3n Urbana (CSU). Algunos emplazamientos est\u00e1n equipados con c\u00e1maras que leen las matr\u00edculas. Un operador est\u00e1 regularmente de guardia durante el d\u00eda y a veces por la noche, sobre todo los fines de semana, para garantizar la interoperabilidad entre los equipos de v\u00eddeo y de campo.<br>La protecci\u00f3n por v\u00eddeo ya se ha utilizado para resolver una serie de casos, como da\u00f1os a la propiedad privada, intento de robo de un veh\u00edculo e incendio de un veh\u00edculo, que actualmente se est\u00e1 investigando.<\/p>\n\n\n\n<p>La videovigilancia se utiliza en cuanto se colocan las se\u00f1ales en las entradas de la ciudad y se instalan los carteles recordatorios, sobre todo alrededor de las escuelas, Bd de la R\u00e9publique y Bd pasteur. El operador de videovigilancia utiliza las c\u00e1maras de videovigilancia para poner multas. <\/p>\n\n\n\n<div class=\"wp-block-columns are-vertically-aligned-center is-layout-flex wp-container-core-columns-is-layout-28f84493 wp-block-columns-is-layout-flex\">\n<div class=\"wp-block-column is-vertically-aligned-center is-layout-flow wp-block-column-is-layout-flow\">\n<p>Entre ellas se incluyen las infracciones de tr\u00e1fico (no obedecer una se\u00f1al de STOP, cruzar una l\u00ednea blanca, no llevar casco, no usar el cintur\u00f3n de seguridad, utilizar el tel\u00e9fono m\u00f3vil mientras conduce, etc.) y las infracciones de aparcamiento (en la acera, en doble fila, en las rotondas, fuera de las plazas de aparcamiento se\u00f1alizadas, etc.).<\/p>\n\n\n\n<p>El etiquetado por v\u00eddeo est\u00e1 activo en toda la comuna. Ayuda a prevenir, disuadir y proteger a los residentes. Tambi\u00e9n pueden utilizarse para sancionar los vertidos ilegales.<\/p>\n<\/div>\n\n\n\n<div class=\"wp-block-column is-vertically-aligned-center is-layout-flow wp-block-column-is-layout-flow\">\n<figure class=\"wp-block-image size-large\"><img loading=\"lazy\" decoding=\"async\" width=\"1024\" height=\"624\" src=\"https:\/\/www.villeneuve-les-beziers.fr\/wp-content\/uploads\/2022\/06\/Capture-decran-2022-06-21-a-11.55.28-1024x624.png\" alt=\"\" class=\"wp-image-15964\" srcset=\"https:\/\/www.villeneuve-les-beziers.fr\/wp-content\/uploads\/2022\/06\/Capture-decran-2022-06-21-a-11.55.28-1024x624.png 1024w, https:\/\/www.villeneuve-les-beziers.fr\/wp-content\/uploads\/2022\/06\/Capture-decran-2022-06-21-a-11.55.28-300x183.png 300w, https:\/\/www.villeneuve-les-beziers.fr\/wp-content\/uploads\/2022\/06\/Capture-decran-2022-06-21-a-11.55.28-768x468.png 768w, https:\/\/www.villeneuve-les-beziers.fr\/wp-content\/uploads\/2022\/06\/Capture-decran-2022-06-21-a-11.55.28.png 1286w\" sizes=\"auto, (max-width: 1024px) 100vw, 1024px\" \/><\/figure>\n<\/div>\n<\/div>\n\n\n\n<p>A diario, este sistema permite a la polic\u00eda resolver diversos casos.<\/p>\n\n\n\n<div class=\"wp-block-group has-global-padding is-layout-constrained wp-container-core-group-is-layout-6ecc7d59 wp-block-group-is-layout-constrained\" style=\"margin-top:var(--wp--preset--spacing--40);margin-bottom:var(--wp--preset--spacing--40);padding-top:var(--wp--preset--spacing--30);padding-right:var(--wp--preset--spacing--30);padding-bottom:var(--wp--preset--spacing--30);padding-left:var(--wp--preset--spacing--30)\">\n<h2 class=\"wp-block-heading\">Contacto Polic\u00eda Municipal<\/h2>\n\n\n\n<div class=\"wp-block-group is-content-justification-space-between is-layout-flex wp-container-core-group-is-layout-9366075c wp-block-group-is-layout-flex\">\n<p>Lugar Gabriel Peri<br>34420 Villeneuve-l\u00e8s-B\u00e9ziers<br>Tel.: 04 67 39 90 01<\/p>\n\n\n\n<figure class=\"wp-block-image is-resized\"><a href=\"mailto:pm@villeneuve-les-beziers.fr\"><img loading=\"lazy\" decoding=\"async\" width=\"300\" height=\"300\" src=\"https:\/\/www.villeneuve-les-beziers.fr\/wp-content\/uploads\/2019\/04\/close-envelope-300x300.png\" alt=\"\" class=\"wp-image-600\" style=\"object-fit:cover;width:32px;height:32px\"\/><\/a><\/figure>\n\n\n\n<iframe src=\"https:\/\/www.google.com\/maps\/embed?pb=!1m18!1m12!1m3!1d2902.9822562646777!2d3.2755785775133903!3d43.314630871120315!2m3!1f0!2f0!3f0!3m2!1i1024!2i768!4f13.1!3m3!1m2!1s0x12b110362f575e11%3A0x22cca18efef55caf!2sPolice%20Municipale!5e0!3m2!1sfr!2sfr!4v1732273911412!5m2!1sfr!2sfr\" width=\"50%\" height=\"300\" style=\"border:0;\" allowfullscreen=\"\" loading=\"lazy\" referrerpolicy=\"no-referrer-when-downgrade\"><\/iframe>\n<\/div>\n<\/div>","protected":false},"excerpt":{"rendered":"<p>Centre de Supervision Urbain (CSU) Les cam\u00e9ras de vid\u00e9o protections sont reli\u00e9es au Centre de Supervision Urbain (CSU). Certains sites sont \u00e9quip\u00e9s de cam\u00e9ras \u00e0 lecture de plaques d\u2019immatriculation. Un op\u00e9rateur est r\u00e9guli\u00e8rement en service de jour et parfois de nuit, notamment en fin de semaine, pour permettre l&rsquo;interop\u00e9rabilit\u00e9 entre vid\u00e9o et \u00e9quipe sur le [&hellip;]<\/p>\n","protected":false},"author":1,"featured_media":897,"parent":12169,"menu_order":0,"comment_status":"closed","ping_status":"closed","template":"","meta":{"footnotes":""},"class_list":["post-12190","page","type-page","status-publish","has-post-thumbnail","hentry"],"_links":{"self":[{"href":"https:\/\/www.villeneuve-les-beziers.fr\/es\/wp-json\/wp\/v2\/pages\/12190","targetHints":{"allow":["GET"]}}],"collection":[{"href":"https:\/\/www.villeneuve-les-beziers.fr\/es\/wp-json\/wp\/v2\/pages"}],"about":[{"href":"https:\/\/www.villeneuve-les-beziers.fr\/es\/wp-json\/wp\/v2\/types\/page"}],"author":[{"embeddable":true,"href":"https:\/\/www.villeneuve-les-beziers.fr\/es\/wp-json\/wp\/v2\/users\/1"}],"replies":[{"embeddable":true,"href":"https:\/\/www.villeneuve-les-beziers.fr\/es\/wp-json\/wp\/v2\/comments?post=12190"}],"version-history":[{"count":0,"href":"https:\/\/www.villeneuve-les-beziers.fr\/es\/wp-json\/wp\/v2\/pages\/12190\/revisions"}],"up":[{"embeddable":true,"href":"https:\/\/www.villeneuve-les-beziers.fr\/es\/wp-json\/wp\/v2\/pages\/12169"}],"wp:featuredmedia":[{"embeddable":true,"href":"https:\/\/www.villeneuve-les-beziers.fr\/es\/wp-json\/wp\/v2\/media\/897"}],"wp:attachment":[{"href":"https:\/\/www.villeneuve-les-beziers.fr\/es\/wp-json\/wp\/v2\/media?parent=12190"}],"curies":[{"name":"wp","href":"https:\/\/api.w.org\/{rel}","templated":true}]}}