{"id":14883,"date":"2022-06-07T14:57:10","date_gmt":"2022-06-07T12:57:10","guid":{"rendered":"https:\/\/www.villeneuve-les-beziers.fr\/?page_id=14883"},"modified":"2026-04-13T15:46:54","modified_gmt":"2026-04-13T13:46:54","slug":"ccas","status":"publish","type":"page","link":"https:\/\/www.villeneuve-les-beziers.fr\/es\/mon-quotidien\/ccas\/","title":{"rendered":"CCAS - Centro Comunitario de Acci\u00f3n Social"},"content":{"rendered":"<h2 class=\"wp-block-heading\">El Centre Communal d'Action Sociale le apoya a diario<\/h2>\n\n\n\n<div class=\"wp-block-group is-nowrap is-layout-flex wp-container-core-group-is-layout-6c531013 wp-block-group-is-layout-flex\">\n<figure class=\"wp-block-image size-medium\"><img loading=\"lazy\" decoding=\"async\" width=\"300\" height=\"300\" src=\"https:\/\/www.villeneuve-les-beziers.fr\/wp-content\/uploads\/2026\/04\/LogoCCAS-300x300.png\" alt=\"\" class=\"wp-image-20716\" srcset=\"https:\/\/www.villeneuve-les-beziers.fr\/wp-content\/uploads\/2026\/04\/LogoCCAS-300x300.png 300w, https:\/\/www.villeneuve-les-beziers.fr\/wp-content\/uploads\/2026\/04\/LogoCCAS-150x150.png 150w, https:\/\/www.villeneuve-les-beziers.fr\/wp-content\/uploads\/2026\/04\/LogoCCAS-768x771.png 768w, https:\/\/www.villeneuve-les-beziers.fr\/wp-content\/uploads\/2026\/04\/LogoCCAS.png 811w\" sizes=\"auto, (max-width: 300px) 100vw, 300px\" \/><\/figure>\n\n\n\n<p>La CCAS le ofrece soluciones para mejorar su vida cotidiana y hacer frente a las dificultades de la vida. Lleva a cabo un programa general de prevenci\u00f3n y desarrollo social en la comuna, en estrecha colaboraci\u00f3n con instituciones p\u00fablicas y privadas.<\/p>\n<\/div>\n\n\n\n<p>El CCAS est\u00e1 abierto a todos los habitantes de Villeneuve. Ofrece una amplia gama de servicios, desde la simple informaci\u00f3n hasta el apoyo personalizado y la asistencia de emergencia.<\/p>\n\n\n\n<h3 class=\"wp-block-heading\">Horario de recepci\u00f3n<\/h3>\n\n\n\n<div class=\"wp-block-group has-global-padding is-layout-constrained wp-block-group-is-layout-constrained\">\n<p><strong>No es necesario pedir cita - Lunes<\/strong> 9.00 a 12.00 horas<br><strong>S\u00f3lo con cita previa<\/strong> Mi\u00e9rcoles: 14 - 16.30 h y jueves 9 - 12 h \/ 14 - 16.30 h<br><strong>L\u00edneas telef\u00f3nicas directas<\/strong> Martes y mi\u00e9rcoles: de 8.30 a 12.00 horas<br><strong>Direcci\u00f3n<\/strong> 34 Bis, Bd Gambetta - 34420 Villeneuve-l\u00e8s-B\u00e9ziers<strong><br>Tel\u00e9fono<\/strong> : 04 67 39 90 03<strong><br>Correo electr\u00f3nico<\/strong> : <a href=\"mailto:ccas@villeneuve-les-beziers.fr\" target=\"_blank\" rel=\"noreferrer noopener\">ccas@villeneuve-les-beziers.fr<\/a> <\/p>\n<\/div>\n\n\n\n<h2 class=\"wp-block-heading has-text-align-center\">Las tareas de la CCAS<\/h2>\n\n\n\n<div class=\"wp-block-columns alignwide is-layout-flex wp-container-core-columns-is-layout-28f84493 wp-block-columns-is-layout-flex\">\n<div class=\"wp-block-column is-vertically-aligned-center is-layout-flow wp-block-column-is-layout-flow\">\n<div class=\"wp-block-group is-style-section-1 has-global-padding is-layout-constrained wp-container-core-group-is-layout-825b88d4 wp-block-group-is-layout-constrained is-style-section-1--1\" style=\"border-radius:32px;margin-top:var(--wp--preset--spacing--50);margin-bottom:var(--wp--preset--spacing--50);padding-top:var(--wp--preset--spacing--30);padding-right:var(--wp--preset--spacing--30);padding-bottom:var(--wp--preset--spacing--30);padding-left:var(--wp--preset--spacing--30);box-shadow:var(--wp--preset--shadow--natural)\">\n<h3 class=\"wp-block-heading has-text-align-center\">Ayuda alimentaria<\/h3>\n\n\n\n<div class=\"wp-block-group is-content-justification-center is-nowrap is-layout-flex wp-container-core-group-is-layout-e15f7caf wp-block-group-is-layout-flex\" style=\"margin-top:var(--wp--preset--spacing--30);margin-bottom:var(--wp--preset--spacing--30);padding-top:0;padding-right:0;padding-bottom:0;padding-left:0\">\n<figure class=\"wp-block-image size-medium\"><img loading=\"lazy\" decoding=\"async\" width=\"300\" height=\"149\" src=\"https:\/\/www.villeneuve-les-beziers.fr\/wp-content\/uploads\/2021\/08\/Aide-Alim-1-bandeau-300x149.jpg\" alt=\"\" class=\"wp-image-5886\" srcset=\"https:\/\/www.villeneuve-les-beziers.fr\/wp-content\/uploads\/2021\/08\/Aide-Alim-1-bandeau-300x149.jpg 300w, https:\/\/www.villeneuve-les-beziers.fr\/wp-content\/uploads\/2021\/08\/Aide-Alim-1-bandeau-768x383.jpg 768w, https:\/\/www.villeneuve-les-beziers.fr\/wp-content\/uploads\/2021\/08\/Aide-Alim-1-bandeau.jpg 1024w\" sizes=\"auto, (max-width: 300px) 100vw, 300px\" \/><\/figure>\n\n\n\n<div class=\"wp-block-buttons is-layout-flex wp-block-buttons-is-layout-flex\">\n<div class=\"wp-block-button\"><a class=\"wp-block-button__link wp-element-button\" href=\"\/es\/mi-vida-cotidiana\/ccas\/ayuda-alimentaria\/\">Solicitud de ayuda alimentaria<\/a><\/div>\n<\/div>\n<\/div>\n<\/div>\n\n\n\n<div class=\"wp-block-group is-style-section-1 has-global-padding is-layout-constrained wp-container-core-group-is-layout-d7a40c7c wp-block-group-is-layout-constrained is-style-section-1--2\" style=\"margin-top:var(--wp--preset--spacing--50);margin-bottom:var(--wp--preset--spacing--50);padding-top:var(--wp--preset--spacing--30);padding-right:var(--wp--preset--spacing--30);padding-bottom:var(--wp--preset--spacing--30);padding-left:var(--wp--preset--spacing--30)\">\n<h3 class=\"wp-block-heading has-text-align-center\">Vivienda<\/h3>\n\n\n\n<div class=\"wp-block-group is-vertical is-content-justification-center is-layout-flex wp-container-core-group-is-layout-81423f52 wp-block-group-is-layout-flex\">\n<h4 class=\"wp-block-heading has-text-align-center\">Solicitudes de vivienda social<\/h4>\n\n\n\n<figure class=\"wp-block-image size-medium\"><img loading=\"lazy\" decoding=\"async\" width=\"300\" height=\"104\" src=\"https:\/\/www.villeneuve-les-beziers.fr\/wp-content\/uploads\/2019\/02\/lgtssociaux1-300x104.jpg\" alt=\"\" class=\"wp-image-3280\" srcset=\"https:\/\/www.villeneuve-les-beziers.fr\/wp-content\/uploads\/2019\/02\/lgtssociaux1-300x104.jpg 300w, https:\/\/www.villeneuve-les-beziers.fr\/wp-content\/uploads\/2019\/02\/lgtssociaux1-768x266.jpg 768w, https:\/\/www.villeneuve-les-beziers.fr\/wp-content\/uploads\/2019\/02\/lgtssociaux1.jpg 892w\" sizes=\"auto, (max-width: 300px) 100vw, 300px\" \/><\/figure>\n\n\n\n<p class=\"has-text-align-center\">Solicitar un expediente<\/p>\n<\/div>\n<\/div>\n\n\n\n<div class=\"wp-block-group is-style-section-1 has-global-padding is-layout-constrained wp-container-core-group-is-layout-d7a40c7c wp-block-group-is-layout-constrained is-style-section-1--3\" style=\"margin-top:var(--wp--preset--spacing--50);margin-bottom:var(--wp--preset--spacing--50);padding-top:var(--wp--preset--spacing--30);padding-right:var(--wp--preset--spacing--30);padding-bottom:var(--wp--preset--spacing--30);padding-left:var(--wp--preset--spacing--30)\">\n<h3 class=\"wp-block-heading has-text-align-center\">Transporte<\/h3>\n\n\n\n<div class=\"wp-block-group is-vertical is-content-justification-center is-layout-flex wp-container-core-group-is-layout-81423f52 wp-block-group-is-layout-flex\">\n<h4 class=\"wp-block-heading has-text-align-center\">Lanzadera<\/h4>\n\n\n\n<figure class=\"wp-block-image size-medium\"><img loading=\"lazy\" decoding=\"async\" width=\"300\" height=\"136\" src=\"https:\/\/www.villeneuve-les-beziers.fr\/wp-content\/uploads\/2022\/06\/navette-ccas-300x136.png\" alt=\"\" class=\"wp-image-16022\" srcset=\"https:\/\/www.villeneuve-les-beziers.fr\/wp-content\/uploads\/2022\/06\/navette-ccas-300x136.png 300w, https:\/\/www.villeneuve-les-beziers.fr\/wp-content\/uploads\/2022\/06\/navette-ccas.png 440w\" sizes=\"auto, (max-width: 300px) 100vw, 300px\" \/><\/figure>\n\n\n\n<p class=\"has-text-align-center\">Servicio de transporte disponible para determinados grupos.<\/p>\n<\/div>\n<\/div>\n<\/div>\n\n\n\n<div class=\"wp-block-column is-vertically-aligned-center is-layout-flow wp-block-column-is-layout-flow\">\n<div class=\"wp-block-group is-style-section-1 has-global-padding is-layout-constrained wp-container-core-group-is-layout-e9d644b1 wp-block-group-is-layout-constrained is-style-section-1--4\" style=\"margin-top:var(--wp--preset--spacing--50);margin-bottom:var(--wp--preset--spacing--50);padding-top:var(--wp--preset--spacing--30);padding-right:var(--wp--preset--spacing--40);padding-bottom:var(--wp--preset--spacing--30);padding-left:var(--wp--preset--spacing--40)\">\n<h3 class=\"wp-block-heading has-text-align-center\">Ayuda<\/h3>\n\n\n\n<div class=\"wp-block-group is-vertical is-content-justification-center is-layout-flex wp-container-core-group-is-layout-81423f52 wp-block-group-is-layout-flex\">\n<h4 class=\"wp-block-heading has-text-align-center\">Plan para la ola de calor<\/h4>\n\n\n\n<figure class=\"wp-block-image size-medium\"><img loading=\"lazy\" decoding=\"async\" width=\"300\" height=\"157\" src=\"https:\/\/www.villeneuve-les-beziers.fr\/wp-content\/uploads\/2022\/06\/287706396_1918371461692345_478633446096219473_n-300x157.jpg\" alt=\"\" class=\"wp-image-15840\" srcset=\"https:\/\/www.villeneuve-les-beziers.fr\/wp-content\/uploads\/2022\/06\/287706396_1918371461692345_478633446096219473_n-300x157.jpg 300w, https:\/\/www.villeneuve-les-beziers.fr\/wp-content\/uploads\/2022\/06\/287706396_1918371461692345_478633446096219473_n-1024x537.jpg 1024w, https:\/\/www.villeneuve-les-beziers.fr\/wp-content\/uploads\/2022\/06\/287706396_1918371461692345_478633446096219473_n-768x403.jpg 768w, https:\/\/www.villeneuve-les-beziers.fr\/wp-content\/uploads\/2022\/06\/287706396_1918371461692345_478633446096219473_n-1536x805.jpg 1536w, https:\/\/www.villeneuve-les-beziers.fr\/wp-content\/uploads\/2022\/06\/287706396_1918371461692345_478633446096219473_n.jpg 2022w\" sizes=\"auto, (max-width: 300px) 100vw, 300px\" \/><\/figure>\n\n\n\n<p class=\"has-text-align-center has-medium-font-size\">La CCAS invita a las personas vulnerables y aisladas a inscribirse en el registro de olas de calor para que puedan recibir asistencia durante el verano en caso de ola de calor.<\/p>\n<\/div>\n\n\n\n<p><style id=\"eael-fg-inline-css-a58d288\">@media only screen and (max-width: 2399px) {<br \/>\n\t\t\t\t\t.elementor-element.elementor-element-a58d288 .eael-filterable-gallery-item-wrap {<br \/>\n\t\t\t\t\t        width: 33.333333333333%;<br \/>\n\t\t\t\t\t    }<br \/>\n\t\t\t\t\t}@media only screen and (max-width: 1024px) {<br \/>\n\t\t\t\t\t.elementor-element.elementor-element-a58d288  .eael-filterable-gallery-item-wrap {<br \/>\n\t\t\t\t\t        width: 50%;<br \/>\n\t\t\t\t\t    }<br \/>\n\t\t\t\t\t}@media only screen and (max-width: 767px) {<br \/>\n\t\t\t\t\t.elementor-element.elementor-element-a58d288  .eael-filterable-gallery-item-wrap {<br \/>\n\t\t\t\t\t        width: 100%;<br \/>\n\t\t\t\t\t    }<br \/>\n\t\t\t\t\t}<\/style><\/p>\n\n\n\n<div class=\"wp-block-group is-vertical is-content-justification-center is-layout-flex wp-container-core-group-is-layout-81423f52 wp-block-group-is-layout-flex\">\n<h4 class=\"wp-block-heading has-text-align-center\">Servicios de asistencia personal<\/h4>\n\n\n\n<figure class=\"wp-block-image size-medium\"><img loading=\"lazy\" decoding=\"async\" width=\"300\" height=\"200\" src=\"https:\/\/www.villeneuve-les-beziers.fr\/wp-content\/uploads\/2024\/11\/aide-a-domicile_upscayl-300x200.jpg\" alt=\"\" class=\"wp-image-19092\" srcset=\"https:\/\/www.villeneuve-les-beziers.fr\/wp-content\/uploads\/2024\/11\/aide-a-domicile_upscayl-300x200.jpg 300w, https:\/\/www.villeneuve-les-beziers.fr\/wp-content\/uploads\/2024\/11\/aide-a-domicile_upscayl-150x100.jpg 150w, https:\/\/www.villeneuve-les-beziers.fr\/wp-content\/uploads\/2024\/11\/aide-a-domicile_upscayl-768x512.jpg 768w, https:\/\/www.villeneuve-les-beziers.fr\/wp-content\/uploads\/2024\/11\/aide-a-domicile_upscayl-1024x683.jpg 1024w, https:\/\/www.villeneuve-les-beziers.fr\/wp-content\/uploads\/2024\/11\/aide-a-domicile_upscayl-1536x1024.jpg 1536w, https:\/\/www.villeneuve-les-beziers.fr\/wp-content\/uploads\/2024\/11\/aide-a-domicile_upscayl-2048x1365.jpg 2048w\" sizes=\"auto, (max-width: 300px) 100vw, 300px\" \/><\/figure>\n\n\n\n<p class=\"has-text-align-center\">Provisi\u00f3n que ofrece varios tipos de asistencia.<\/p>\n<\/div>\n\n\n\n<div class=\"wp-block-group is-vertical is-content-justification-center is-layout-flex wp-container-core-group-is-layout-81423f52 wp-block-group-is-layout-flex\">\n<h4 class=\"wp-block-heading has-text-align-center\">Comidas sobre ruedas<\/h4>\n\n\n\n<figure class=\"wp-block-image size-medium\"><img loading=\"lazy\" decoding=\"async\" width=\"300\" height=\"179\" src=\"https:\/\/www.villeneuve-les-beziers.fr\/wp-content\/uploads\/2022\/05\/portage-repas-e1654609549526-300x179.jpg\" alt=\"\" class=\"wp-image-14341\" srcset=\"https:\/\/www.villeneuve-les-beziers.fr\/wp-content\/uploads\/2022\/05\/portage-repas-e1654609549526-300x179.jpg 300w, https:\/\/www.villeneuve-les-beziers.fr\/wp-content\/uploads\/2022\/05\/portage-repas-e1654609549526.jpg 600w\" sizes=\"auto, (max-width: 300px) 100vw, 300px\" \/><\/figure>\n\n\n\n<p class=\"has-text-align-center\">El servicio de reparto de comidas de las autoridades locales.<\/p>\n<\/div>\n\n\n\n<div class=\"wp-block-group is-vertical is-content-justification-center is-layout-flex wp-container-core-group-is-layout-81423f52 wp-block-group-is-layout-flex\">\n<h4 class=\"wp-block-heading has-text-align-center\">Cheque energ\u00e9tico<\/h4>\n\n\n\n<figure class=\"wp-block-image size-medium\"><img loading=\"lazy\" decoding=\"async\" width=\"300\" height=\"170\" src=\"https:\/\/www.villeneuve-les-beziers.fr\/wp-content\/uploads\/2022\/04\/logo_cheque_energie-300x170.png\" alt=\"\" class=\"wp-image-9539\" srcset=\"https:\/\/www.villeneuve-les-beziers.fr\/wp-content\/uploads\/2022\/04\/logo_cheque_energie-300x170.png 300w, https:\/\/www.villeneuve-les-beziers.fr\/wp-content\/uploads\/2022\/04\/logo_cheque_energie-1024x580.png 1024w, https:\/\/www.villeneuve-les-beziers.fr\/wp-content\/uploads\/2022\/04\/logo_cheque_energie-768x435.png 768w, https:\/\/www.villeneuve-les-beziers.fr\/wp-content\/uploads\/2022\/04\/logo_cheque_energie-1536x870.png 1536w, https:\/\/www.villeneuve-les-beziers.fr\/wp-content\/uploads\/2022\/04\/logo_cheque_energie-2048x1160.png 2048w, https:\/\/www.villeneuve-les-beziers.fr\/wp-content\/uploads\/2022\/04\/logo_cheque_energie-800x450.png 800w, https:\/\/www.villeneuve-les-beziers.fr\/wp-content\/uploads\/2022\/04\/logo_cheque_energie-24x14.png 24w, https:\/\/www.villeneuve-les-beziers.fr\/wp-content\/uploads\/2022\/04\/logo_cheque_energie-36x20.png 36w, https:\/\/www.villeneuve-les-beziers.fr\/wp-content\/uploads\/2022\/04\/logo_cheque_energie-48x27.png 48w\" sizes=\"auto, (max-width: 300px) 100vw, 300px\" \/><\/figure>\n\n\n\n<p class=\"has-text-align-center\">La introducci\u00f3n de cheques energ\u00e9ticos.<\/p>\n<\/div>\n<\/div>\n<\/div>\n<\/div>\n\n\n\n<h2 class=\"wp-block-heading\">Actos y deliberaciones<\/h2>\n\n\n\n<script src=\"https:\/\/publiact.fr\/files\/public\/integration\/script.js\" defer><\/script>\n<div class=\"publiact\" data-key=\"567aa14b-460e-44de-8100-e8338cc672a8\"><\/div>","protected":false},"excerpt":{"rendered":"<p>Le Centre Communal d&rsquo;Action Sociale vous accompagne au quotidien Le CCAS vous apporte des solutions pour am\u00e9liorer le quotidien et faire face aux difficult\u00e9s de la vie. Il anime une action g\u00e9n\u00e9rale de pr\u00e9vention et de d\u00e9veloppement social dans la commune, en liaison \u00e9troite avec les institutions publiques et priv\u00e9es. Tous les Villeneuvois peuvent faire [&hellip;]<\/p>\n","protected":false},"author":1,"featured_media":9333,"parent":501,"menu_order":0,"comment_status":"closed","ping_status":"closed","template":"","meta":{"footnotes":""},"class_list":["post-14883","page","type-page","status-publish","has-post-thumbnail","hentry"],"_links":{"self":[{"href":"https:\/\/www.villeneuve-les-beziers.fr\/es\/wp-json\/wp\/v2\/pages\/14883","targetHints":{"allow":["GET"]}}],"collection":[{"href":"https:\/\/www.villeneuve-les-beziers.fr\/es\/wp-json\/wp\/v2\/pages"}],"about":[{"href":"https:\/\/www.villeneuve-les-beziers.fr\/es\/wp-json\/wp\/v2\/types\/page"}],"author":[{"embeddable":true,"href":"https:\/\/www.villeneuve-les-beziers.fr\/es\/wp-json\/wp\/v2\/users\/1"}],"replies":[{"embeddable":true,"href":"https:\/\/www.villeneuve-les-beziers.fr\/es\/wp-json\/wp\/v2\/comments?post=14883"}],"version-history":[{"count":7,"href":"https:\/\/www.villeneuve-les-beziers.fr\/es\/wp-json\/wp\/v2\/pages\/14883\/revisions"}],"predecessor-version":[{"id":20717,"href":"https:\/\/www.villeneuve-les-beziers.fr\/es\/wp-json\/wp\/v2\/pages\/14883\/revisions\/20717"}],"up":[{"embeddable":true,"href":"https:\/\/www.villeneuve-les-beziers.fr\/es\/wp-json\/wp\/v2\/pages\/501"}],"wp:featuredmedia":[{"embeddable":true,"href":"https:\/\/www.villeneuve-les-beziers.fr\/es\/wp-json\/wp\/v2\/media\/9333"}],"wp:attachment":[{"href":"https:\/\/www.villeneuve-les-beziers.fr\/es\/wp-json\/wp\/v2\/media?parent=14883"}],"curies":[{"name":"wp","href":"https:\/\/api.w.org\/{rel}","templated":true}]}}