{"id":1664,"date":"2016-11-06T00:11:41","date_gmt":"2016-11-06T00:11:41","guid":{"rendered":"https:\/\/oceanwp.org\/gym\/?page_id=240"},"modified":"2026-09-03T09:44:25","modified_gmt":"2026-09-03T07:44:25","slug":"casa","status":"publish","type":"page","link":"https:\/\/www.villeneuve-les-beziers.fr\/it\/","title":{"rendered":"Casa"},"content":{"rendered":"<div class=\"wp-block-media-text alignfull has-media-on-the-right is-stacked-on-mobile is-vertically-aligned-top has-text-color has-background has-link-color wp-elements-1\" style=\"color:#fffdc7;background-color:#121c1c;grid-template-columns:auto 70%\"><div class=\"wp-block-media-text__content\">\n<div class=\"wp-block-group has-link-color wp-elements-2 is-layout-flow wp-block-group-is-layout-flow\" style=\"padding-top:2em;padding-right:2em;padding-bottom:2em;padding-left:2em\">\n<h2 class=\"wp-block-heading is-style-default\" style=\"font-size:clamp(27.894px, 1.743rem + ((1vw - 3.2px) * 1.764), 48px);font-weight:700;line-height:1.15\">FESTIVITES ETE  2026<\/h2>\n\n\n\n<p class=\"has-text-color has-link-color wp-elements-3 wp-block-paragraph\" style=\"color:#fffdc7\"><a href=\"https:\/\/www.villeneuve-les-beziers.fr\/it\/prima-pagina\/feria-3-4-5-juillet\/\" target=\"_blank\" rel=\"noreferrer noopener\">FERIA <\/a>, <a href=\"https:\/\/www.villeneuve-les-beziers.fr\/it\/prima-pagina\/ogni-12-del-mese-vi-aspettiamo-in-piazza-michel-solans-per-levento-il-12-e-la-birra\/\">LE 12, C&rsquo;EST LA BINOUZE,  <\/a><\/p>\n\n\n\n<p class=\"wp-block-paragraph\">L<a href=\"https:\/\/www.villeneuve-les-beziers.fr\/it\/prima-pagina\/due-giorni-di-festeggiamenti-per-la-festa-nazionale\/\" target=\"_blank\" rel=\"noreferrer noopener\">A VEILLEE DE LA FETE NATIONALE<\/a><\/p>\n\n\n\n<p class=\"wp-block-paragraph\"><a href=\"https:\/\/www.villeneuve-les-beziers.fr\/it\/prima-pagina\/due-giorni-di-festeggiamenti-per-la-festa-nazionale\/\" target=\"_blank\" rel=\"noreferrer noopener\">FETE NATIONALE<\/a>, <a href=\"https:\/\/www.villeneuve-les-beziers.fr\/it\/prima-pagina\/une-seance-de-cinema-sous-les-etoiles\/\">CINEMA EN PLEIN AIR<\/a><\/p>\n\n\n\n<p class=\"wp-block-paragraph\"><a href=\"https:\/\/www.villeneuve-les-beziers.fr\/it\/prima-pagina\/le-festival-rock-so-mad-fait-vibrer-villeneuve-les-beziers\/\">FESTIVAL ROCK SO MAD<\/a> &#8230; <\/p>\n\n\n\n<p class=\"wp-block-paragraph\"><strong><mark style=\"background-color:rgba(0, 0, 0, 0)\" class=\"has-inline-color has-custom-rouge-villeneuve-color\"> <\/mark><mark style=\"background-color:#FFFFFF\" class=\"has-inline-color has-custom-rouge-villeneuve-color\">                        AO\u00dbT 2026                                <\/mark><\/strong>   <\/p>\n\n\n\n<p class=\"wp-block-paragraph\"><a href=\"https:\/\/www.villeneuve-les-beziers.fr\/it\/prima-pagina\/la-fete-locale-le-rendez-vous-incontournable-de-lete\/\">F\u00caTE LOCALE<\/a>, <a href=\"https:\/\/www.villeneuve-les-beziers.fr\/it\/prima-pagina\/blind-test-retour-vers-les-annees-80\/\">BLIND TEST-RETOUR VERS LES ANNEES 80<\/a>, <\/p>\n\n\n\n<p class=\"wp-block-paragraph\"><strong>LE 12, C&rsquo;EST LA BINOUZE<\/strong><\/p>\n\n\n\n<p class=\"wp-block-paragraph\"><a href=\"https:\/\/www.villeneuve-les-beziers.fr\/it\/prima-pagina\/festival-jazz-a-villeneuve-les-beziers-deux-soirees-de-jazz-sous-les-etoiles-les-21-et-22-aout-2026\/\"><strong>FESTIVAL DE JAZZ <\/strong> <strong>\u2192<\/strong><\/a><\/p>\n\n\n\n<p class=\"wp-block-paragraph\"><strong><a href=\"https:\/\/www.villeneuve-les-beziers.fr\/it\/prima-pagina\/marche-nocturne-des-artisans-createurs-et-producteurs\/\">MARCHE NOCTURNE<\/a><\/strong><\/p>\n\n\n\n<p class=\"wp-block-paragraph\">&#8230; SEPTEMBRE 2026<\/p>\n\n\n\n<p class=\"wp-block-paragraph\"><strong><a href=\"https:\/\/www.villeneuve-les-beziers.fr\/it\/prima-pagina\/bouge-avec-les-assos-le-rendez-vous-de-la-rentree\/\">BOUGE AVEC LES ASSOS !<\/a><\/strong><\/p>\n\n\n\n<p class=\"wp-block-paragraph\">GRANDE SOIREE COUNTRY<\/p>\n\n\n\n<p class=\"wp-block-paragraph\">LES TRESORS DE VILLENEUVE-LES-BEZIERS<\/p>\n\n\n\n<p class=\"wp-block-paragraph\"><a href=\"https:\/\/www.villeneuve-les-beziers.fr\/it\/sport\/villanova-run-recherche-des-signaleurs-benevoles-pour-le-20-septembre-2026\/\"><strong>VILANOVA RUN \u2192<\/strong><\/a><\/p>\n\n\n\n<p class=\"wp-block-paragraph\">JOURNEE ACTIONS CITOYENNES ACTE 1 : RAMASSAGE DES DECHETS <\/p>\n<\/div>\n<\/div><figure class=\"wp-block-media-text__media\"><img loading=\"lazy\" decoding=\"async\" width=\"2530\" height=\"1427\" src=\"https:\/\/www.villeneuve-les-beziers.fr\/wp-content\/uploads\/2026\/07\/festivites-1.png\" alt=\"\" class=\"wp-image-21165 size-full\" srcset=\"https:\/\/www.villeneuve-les-beziers.fr\/wp-content\/uploads\/2026\/07\/festivites-1.png 2530w, https:\/\/www.villeneuve-les-beziers.fr\/wp-content\/uploads\/2026\/07\/festivites-1-300x169.png 300w, https:\/\/www.villeneuve-les-beziers.fr\/wp-content\/uploads\/2026\/07\/festivites-1-1024x578.png 1024w, https:\/\/www.villeneuve-les-beziers.fr\/wp-content\/uploads\/2026\/07\/festivites-1-150x85.png 150w, https:\/\/www.villeneuve-les-beziers.fr\/wp-content\/uploads\/2026\/07\/festivites-1-768x433.png 768w, https:\/\/www.villeneuve-les-beziers.fr\/wp-content\/uploads\/2026\/07\/festivites-1-1536x866.png 1536w, https:\/\/www.villeneuve-les-beziers.fr\/wp-content\/uploads\/2026\/07\/festivites-1-2048x1155.png 2048w\" sizes=\"auto, (max-width: 2530px) 100vw, 2530px\" \/><\/figure><\/div>\n\n\n\n<figure class=\"wp-block-pullquote\"><blockquote><p>Programme <br>des animations de la m\u00e9diath\u00e8que <br>de septembre \u00e0 d\u00e9cembre 2026 <br><\/p><cite>Cliquez sur l&rsquo;image ci-dessous<\/cite><\/blockquote><\/figure>\n\n\n\n<figure class=\"wp-block-image aligncenter size-large\"><a href=\"https:\/\/www.calameo.com\/read\/0064481166101f0105c64\" target=\"_blank\" rel=\"noopener noreferrer nofollow\"><img loading=\"lazy\" decoding=\"async\" width=\"1024\" height=\"791\" src=\"https:\/\/www.villeneuve-les-beziers.fr\/wp-content\/uploads\/2026\/09\/couverture-1024x791.jpg\" alt=\"\" class=\"wp-image-21360\" srcset=\"https:\/\/www.villeneuve-les-beziers.fr\/wp-content\/uploads\/2026\/09\/couverture-1024x791.jpg 1024w, https:\/\/www.villeneuve-les-beziers.fr\/wp-content\/uploads\/2026\/09\/couverture-150x116.jpg 150w, https:\/\/www.villeneuve-les-beziers.fr\/wp-content\/uploads\/2026\/09\/couverture-300x232.jpg 300w, https:\/\/www.villeneuve-les-beziers.fr\/wp-content\/uploads\/2026\/09\/couverture-767x593.jpg 767w, https:\/\/www.villeneuve-les-beziers.fr\/wp-content\/uploads\/2026\/09\/couverture-1536x1187.jpg 1536w, https:\/\/www.villeneuve-les-beziers.fr\/wp-content\/uploads\/2026\/09\/couverture.jpg 1650w\" sizes=\"auto, (max-width: 1024px) 100vw, 1024px\" \/><\/a><\/figure>\n\n\n\n<div class=\"wp-block-group is-style-default has-global-padding is-layout-constrained wp-container-core-group-is-layout-ef6d0d52 wp-block-group-is-layout-constrained\" style=\"border-radius:4em;margin-top:var(--wp--preset--spacing--50);margin-bottom:var(--wp--preset--spacing--50);padding-top:var(--wp--preset--spacing--30);padding-right:var(--wp--preset--spacing--20);padding-bottom:var(--wp--preset--spacing--30);padding-left:var(--wp--preset--spacing--20);box-shadow:var(--wp--preset--shadow--natural)\" data-aos=\"fade-up\">\n<p class=\"has-text-align-center is-style-text-subtitle is-style-text-subtitle--1 wp-block-paragraph\">Navigazione con 1 clic<\/p>\n\n\n\n<div class=\"wp-block-buttons is-content-justification-center is-layout-flex wp-container-core-buttons-is-layout-ffc45b7c wp-block-buttons-is-layout-flex\" style=\"padding-right:0;padding-left:0\">\n<div class=\"wp-block-button\"><a class=\"wp-block-button__link wp-element-button\" href=\"\/it\/procedure\/\">Passi<\/a><\/div>\n\n\n\n<div class=\"wp-block-button\"><a class=\"wp-block-button__link wp-element-button\" href=\"\/it\/ma-mairie\/servizi\/\">Servizi comunali<\/a><\/div>\n\n\n\n<div class=\"wp-block-button\"><a class=\"wp-block-button__link wp-element-button\" href=\"\/it\/vita-pratica\/associazioni\/\">Associazioni<\/a><\/div>\n\n\n\n<div class=\"wp-block-button\"><a class=\"wp-block-button__link wp-element-button\" href=\"\/it\/ci-scriva\/\">Contatto<\/a><\/div>\n<\/div>\n<\/div>\n\n\n\n<div class=\"wp-block-group is-content-justification-center is-nowrap is-layout-flex wp-container-core-group-is-layout-3b4ab870 wp-block-group-is-layout-flex\" style=\"margin-top:var(--wp--preset--spacing--40);margin-bottom:var(--wp--preset--spacing--40)\" data-aos=\"fade-up\" data-aos-delay=\"200\">\n<figure class=\"wp-block-image aligncenter size-thumbnail is-resized has-custom-border\"><img loading=\"lazy\" decoding=\"async\" width=\"150\" height=\"150\" src=\"https:\/\/www.villeneuve-les-beziers.fr\/wp-content\/uploads\/2024\/11\/illiwap-150x150.png\" alt=\"\" class=\"wp-image-19837\" style=\"border-radius:16px;width:96px;height:auto\" srcset=\"https:\/\/www.villeneuve-les-beziers.fr\/wp-content\/uploads\/2024\/11\/illiwap-150x150.png 150w, https:\/\/www.villeneuve-les-beziers.fr\/wp-content\/uploads\/2024\/11\/illiwap-300x300.png 300w, https:\/\/www.villeneuve-les-beziers.fr\/wp-content\/uploads\/2024\/11\/illiwap.png 480w\" sizes=\"auto, (max-width: 150px) 100vw, 150px\" \/><figcaption class=\"wp-element-caption\"><strong>illiwap<\/strong><\/figcaption><\/figure>\n\n\n\n<div class=\"wp-block-group is-vertical is-layout-flex wp-container-core-group-is-layout-831b2db5 wp-block-group-is-layout-flex\">\n<figure class=\"wp-block-image size-medium is-resized\"><a href=\"https:\/\/play.google.com\/store\/apps\/details?id=qsmart.com.illiwap&amp;hl=fr\" target=\"_blank\" rel=\" noreferrer noopener\"><img loading=\"lazy\" decoding=\"async\" width=\"300\" height=\"89\" src=\"https:\/\/www.villeneuve-les-beziers.fr\/wp-content\/uploads\/2024\/11\/google-play-store-icon-300x89.png\" alt=\"\" class=\"wp-image-19838\" style=\"width:150px;height:auto\" srcset=\"https:\/\/www.villeneuve-les-beziers.fr\/wp-content\/uploads\/2024\/11\/google-play-store-icon-300x89.png 300w, https:\/\/www.villeneuve-les-beziers.fr\/wp-content\/uploads\/2024\/11\/google-play-store-icon-150x45.png 150w, https:\/\/www.villeneuve-les-beziers.fr\/wp-content\/uploads\/2024\/11\/google-play-store-icon.png 407w\" sizes=\"auto, (max-width: 300px) 100vw, 300px\" \/><\/a><\/figure>\n\n\n\n<figure class=\"wp-block-image size-medium is-resized\"><a href=\"https:\/\/apps.apple.com\/fr\/app\/illiwap\/id1073657489\" target=\"_blank\" rel=\" noreferrer noopener\"><img loading=\"lazy\" decoding=\"async\" width=\"300\" height=\"89\" src=\"https:\/\/www.villeneuve-les-beziers.fr\/wp-content\/uploads\/2024\/11\/apple-store-icon-300x89.png\" alt=\"\" class=\"wp-image-19839\" style=\"width:150px;height:auto\" srcset=\"https:\/\/www.villeneuve-les-beziers.fr\/wp-content\/uploads\/2024\/11\/apple-store-icon-300x89.png 300w, https:\/\/www.villeneuve-les-beziers.fr\/wp-content\/uploads\/2024\/11\/apple-store-icon-150x45.png 150w, https:\/\/www.villeneuve-les-beziers.fr\/wp-content\/uploads\/2024\/11\/apple-store-icon.png 409w\" sizes=\"auto, (max-width: 300px) 100vw, 300px\" \/><\/a><\/figure>\n<\/div>\n\n\n\n<div class=\"wp-block-buttons is-layout-flex wp-block-buttons-is-layout-flex\">\n<div class=\"wp-block-button\"><a class=\"wp-block-button__link wp-element-button\" href=\"\/it\/prima-pagina\/illiwap-lappli-che-cambia-la-vita\/\">Per saperne di pi\u00f9 su illiwap<\/a><\/div>\n<\/div>\n<\/div>\n\n\n\n<div class=\"wp-block-group alignfull is-style-section-1 has-global-padding is-layout-constrained wp-container-core-group-is-layout-8a1fe4ab wp-block-group-is-layout-constrained is-style-section-1--2\" style=\"border-radius:16px;margin-top:var(--wp--preset--spacing--50);margin-bottom:var(--wp--preset--spacing--50);padding-top:var(--wp--preset--spacing--30);padding-right:var(--wp--preset--spacing--30);padding-bottom:var(--wp--preset--spacing--30);padding-left:var(--wp--preset--spacing--30)\">\n<h2 class=\"wp-block-heading has-text-align-center has-xx-large-font-size\">Le ultime notizie<\/h2>\n\n\n\n<p class=\"has-text-align-center is-style-text-subtitle is-style-text-subtitle--3 wp-block-paragraph\"><em>Retrouvez les communiqu\u00e9s de votre ville<\/em><\/p>\n\n\n\n<div class=\"wp-block-query alignwide is-layout-flow wp-block-query-is-layout-flow\" data-aos=\"fade-up\"><ul class=\"columns-4 wp-block-post-template is-layout-grid wp-container-core-post-template-is-layout-371c2f35 wp-block-post-template-is-layout-grid\"><li class=\"wp-block-post post-20710 post type-post status-publish format-standard has-post-thumbnail hentry category-a-la-une\">\n<figure style=\"padding-right:0;padding-left:0;margin-right:0;margin-left:0\" class=\"wp-block-post-featured-image\"><a href=\"https:\/\/www.villeneuve-les-beziers.fr\/it\/a-la-une\/inscriptions-scolaires-pour-qui-comment\/\" target=\"_self\"><img loading=\"lazy\" decoding=\"async\" width=\"660\" height=\"440\" src=\"https:\/\/www.villeneuve-les-beziers.fr\/wp-content\/uploads\/2025\/08\/rentree-scolaire.png\" class=\"attachment-large size-large wp-post-image\" alt=\"INFORMATIONS RENTREE SCOLAIRE\" style=\"width:100%;object-fit:cover;\" srcset=\"https:\/\/www.villeneuve-les-beziers.fr\/wp-content\/uploads\/2025\/08\/rentree-scolaire.png 660w, https:\/\/www.villeneuve-les-beziers.fr\/wp-content\/uploads\/2025\/08\/rentree-scolaire-300x200.png 300w, https:\/\/www.villeneuve-les-beziers.fr\/wp-content\/uploads\/2025\/08\/rentree-scolaire-150x100.png 150w\" sizes=\"auto, (max-width: 660px) 100vw, 660px\" \/><\/a><\/figure>\n\n\n<div class=\"wp-block-group has-border-color is-layout-flow wp-container-core-group-is-layout-9ea07a06 wp-block-group-is-layout-flow\" style=\"border-color:#F8F7F5;border-width:1px;border-radius:16px;margin-top:0;margin-bottom:0;padding-top:0;padding-right:0;padding-bottom:var(--wp--preset--spacing--20);padding-left:0;box-shadow:var(--wp--preset--shadow--natural)\"><h3 style=\"font-style:normal;font-weight:600;padding-right:var(--wp--preset--spacing--20);padding-left:var(--wp--preset--spacing--20)\" class=\"wp-block-post-title has-large-font-size has-text-align-center\"><a href=\"https:\/\/www.villeneuve-les-beziers.fr\/it\/a-la-une\/inscriptions-scolaires-pour-qui-comment\/\" target=\"_self\">INFORMATIONS RENTREE SCOLAIRE<\/a><\/h3>\n\n\n<div class=\"wp-block-group is-content-justification-center is-nowrap is-layout-flex wp-container-core-group-is-layout-25a3e2b6 wp-block-group-is-layout-flex\" style=\"margin-top:4px;margin-bottom:4px;padding-right:var(--wp--preset--spacing--30);padding-left:var(--wp--preset--spacing--30)\">\n<p class=\"has-small-font-size wp-block-paragraph\">Pubblicato su<\/p>\n\n\n<div style=\"text-transform:capitalize\" class=\"wp-block-post-date\"><time datetime=\"2026-04-09T17:27:18+02:00\">Gio 9 Apr 2026<\/time><\/div><\/div>\n\n\n<div style=\"padding-right:var(--wp--preset--spacing--30);padding-left:var(--wp--preset--spacing--30);margin-right:var(--wp--preset--spacing--20);margin-left:var(--wp--preset--spacing--20)\" class=\"wp-block-post-excerpt has-small-font-size has-text-align-left\"><p class=\"wp-block-post-excerpt__excerpt\">Communiqu\u00e9 (in extenso) d&rsquo;Herv\u00e9 Lagrange, Directeur des \u00e9coles Chers Parents, Voici quelques informations pour vous pr\u00e9parer \u00e0 la rentr\u00e9e scolaire&hellip; <a class=\"wp-block-post-excerpt__more-link\" href=\"https:\/\/www.villeneuve-les-beziers.fr\/it\/a-la-une\/inscriptions-scolaires-pour-qui-comment\/\">Leggi di pi\u00f9<\/a><\/p><\/div><\/div>\n\n<\/li><li class=\"wp-block-post post-21366 post type-post status-publish format-standard has-post-thumbnail hentry category-a-la-une\">\n<figure style=\"padding-right:0;padding-left:0;margin-right:0;margin-left:0\" class=\"wp-block-post-featured-image\"><a href=\"https:\/\/www.villeneuve-les-beziers.fr\/it\/a-la-une\/21366\/\" target=\"_self\"><img loading=\"lazy\" decoding=\"async\" width=\"725\" height=\"1024\" src=\"https:\/\/www.villeneuve-les-beziers.fr\/wp-content\/uploads\/2026\/09\/affiche-voyage-sur-reseau-LIO_page-0001-1-725x1024.jpg\" class=\"attachment-large size-large wp-post-image\" alt=\"Articolo senza titolo 21366\" style=\"width:100%;object-fit:cover;\" srcset=\"https:\/\/www.villeneuve-les-beziers.fr\/wp-content\/uploads\/2026\/09\/affiche-voyage-sur-reseau-LIO_page-0001-1-725x1024.jpg 725w, https:\/\/www.villeneuve-les-beziers.fr\/wp-content\/uploads\/2026\/09\/affiche-voyage-sur-reseau-LIO_page-0001-1-212x300.jpg 212w, https:\/\/www.villeneuve-les-beziers.fr\/wp-content\/uploads\/2026\/09\/affiche-voyage-sur-reseau-LIO_page-0001-1-106x150.jpg 106w, https:\/\/www.villeneuve-les-beziers.fr\/wp-content\/uploads\/2026\/09\/affiche-voyage-sur-reseau-LIO_page-0001-1-768x1085.jpg 768w, https:\/\/www.villeneuve-les-beziers.fr\/wp-content\/uploads\/2026\/09\/affiche-voyage-sur-reseau-LIO_page-0001-1-1087x1536.jpg 1087w, https:\/\/www.villeneuve-les-beziers.fr\/wp-content\/uploads\/2026\/09\/affiche-voyage-sur-reseau-LIO_page-0001-1.jpg 1241w\" sizes=\"auto, (max-width: 725px) 100vw, 725px\" \/><\/a><\/figure>\n\n\n<div class=\"wp-block-group has-border-color is-layout-flow wp-container-core-group-is-layout-9ea07a06 wp-block-group-is-layout-flow\" style=\"border-color:#F8F7F5;border-width:1px;border-radius:16px;margin-top:0;margin-bottom:0;padding-top:0;padding-right:0;padding-bottom:var(--wp--preset--spacing--20);padding-left:0;box-shadow:var(--wp--preset--shadow--natural)\">\n\n\n<div class=\"wp-block-group is-content-justification-center is-nowrap is-layout-flex wp-container-core-group-is-layout-25a3e2b6 wp-block-group-is-layout-flex\" style=\"margin-top:4px;margin-bottom:4px;padding-right:var(--wp--preset--spacing--30);padding-left:var(--wp--preset--spacing--30)\">\n<p class=\"has-small-font-size wp-block-paragraph\">Pubblicato su<\/p>\n\n\n<div style=\"text-transform:capitalize\" class=\"wp-block-post-date\"><time datetime=\"2026-09-01T17:16:44+02:00\">Mar 1 Set 2026<\/time><\/div><\/div>\n\n\n<div style=\"padding-right:var(--wp--preset--spacing--30);padding-left:var(--wp--preset--spacing--30);margin-right:var(--wp--preset--spacing--20);margin-left:var(--wp--preset--spacing--20)\" class=\"wp-block-post-excerpt has-small-font-size has-text-align-left\"><p class=\"wp-block-post-excerpt__excerpt\"> <a class=\"wp-block-post-excerpt__more-link\" href=\"https:\/\/www.villeneuve-les-beziers.fr\/it\/a-la-une\/21366\/\">Leggi di pi\u00f9<\/a><\/p><\/div><\/div>\n\n<\/li><li class=\"wp-block-post post-21362 post type-post status-publish format-standard has-post-thumbnail hentry category-a-la-une\">\n<figure style=\"padding-right:0;padding-left:0;margin-right:0;margin-left:0\" class=\"wp-block-post-featured-image\"><a href=\"https:\/\/www.villeneuve-les-beziers.fr\/it\/a-la-une\/mammobile-le-24-septembre\/\" target=\"_self\"><img loading=\"lazy\" decoding=\"async\" width=\"724\" height=\"1024\" src=\"https:\/\/www.villeneuve-les-beziers.fr\/wp-content\/uploads\/2026\/09\/20260831150308_page-0001-724x1024.jpg\" class=\"attachment-large size-large wp-post-image\" alt=\"MAMMOBILE  LE 24 SEPTEMBRE\" style=\"width:100%;object-fit:cover;\" srcset=\"https:\/\/www.villeneuve-les-beziers.fr\/wp-content\/uploads\/2026\/09\/20260831150308_page-0001-724x1024.jpg 724w, https:\/\/www.villeneuve-les-beziers.fr\/wp-content\/uploads\/2026\/09\/20260831150308_page-0001-212x300.jpg 212w, https:\/\/www.villeneuve-les-beziers.fr\/wp-content\/uploads\/2026\/09\/20260831150308_page-0001-106x150.jpg 106w, https:\/\/www.villeneuve-les-beziers.fr\/wp-content\/uploads\/2026\/09\/20260831150308_page-0001-768x1086.jpg 768w, https:\/\/www.villeneuve-les-beziers.fr\/wp-content\/uploads\/2026\/09\/20260831150308_page-0001-1086x1536.jpg 1086w, https:\/\/www.villeneuve-les-beziers.fr\/wp-content\/uploads\/2026\/09\/20260831150308_page-0001.jpg 1240w\" sizes=\"auto, (max-width: 724px) 100vw, 724px\" \/><\/a><\/figure>\n\n\n<div class=\"wp-block-group has-border-color is-layout-flow wp-container-core-group-is-layout-9ea07a06 wp-block-group-is-layout-flow\" style=\"border-color:#F8F7F5;border-width:1px;border-radius:16px;margin-top:0;margin-bottom:0;padding-top:0;padding-right:0;padding-bottom:var(--wp--preset--spacing--20);padding-left:0;box-shadow:var(--wp--preset--shadow--natural)\"><h3 style=\"font-style:normal;font-weight:600;padding-right:var(--wp--preset--spacing--20);padding-left:var(--wp--preset--spacing--20)\" class=\"wp-block-post-title has-large-font-size has-text-align-center\"><a href=\"https:\/\/www.villeneuve-les-beziers.fr\/it\/a-la-une\/mammobile-le-24-septembre\/\" target=\"_self\">MAMMOBILE  LE 24 SEPTEMBRE<\/a><\/h3>\n\n\n<div class=\"wp-block-group is-content-justification-center is-nowrap is-layout-flex wp-container-core-group-is-layout-25a3e2b6 wp-block-group-is-layout-flex\" style=\"margin-top:4px;margin-bottom:4px;padding-right:var(--wp--preset--spacing--30);padding-left:var(--wp--preset--spacing--30)\">\n<p class=\"has-small-font-size wp-block-paragraph\">Pubblicato su<\/p>\n\n\n<div style=\"text-transform:capitalize\" class=\"wp-block-post-date\"><time datetime=\"2026-09-01T16:54:44+02:00\">Mar 1 Set 2026<\/time><\/div><\/div>\n\n\n<div style=\"padding-right:var(--wp--preset--spacing--30);padding-left:var(--wp--preset--spacing--30);margin-right:var(--wp--preset--spacing--20);margin-left:var(--wp--preset--spacing--20)\" class=\"wp-block-post-excerpt has-small-font-size has-text-align-left\"><p class=\"wp-block-post-excerpt__excerpt\"> <a class=\"wp-block-post-excerpt__more-link\" href=\"https:\/\/www.villeneuve-les-beziers.fr\/it\/a-la-une\/mammobile-le-24-septembre\/\">Leggi di pi\u00f9<\/a><\/p><\/div><\/div>\n\n<\/li><li class=\"wp-block-post post-21356 post type-post status-publish format-standard has-post-thumbnail hentry category-a-la-une\">\n<figure style=\"padding-right:0;padding-left:0;margin-right:0;margin-left:0\" class=\"wp-block-post-featured-image\"><a href=\"https:\/\/www.villeneuve-les-beziers.fr\/it\/a-la-une\/attention-moustiques\/\" target=\"_self\"><img loading=\"lazy\" decoding=\"async\" width=\"682\" height=\"1024\" src=\"https:\/\/www.villeneuve-les-beziers.fr\/wp-content\/uploads\/2026\/09\/file_0000000085d881f4841ecc1e8f74e5db-682x1024.webp\" class=\"attachment-large size-large wp-post-image\" alt=\"ATTENTION MOUSTIQUES !\" style=\"width:100%;object-fit:cover;\" srcset=\"https:\/\/www.villeneuve-les-beziers.fr\/wp-content\/uploads\/2026\/09\/file_0000000085d881f4841ecc1e8f74e5db-682x1024.webp 682w, https:\/\/www.villeneuve-les-beziers.fr\/wp-content\/uploads\/2026\/09\/file_0000000085d881f4841ecc1e8f74e5db-200x300.webp 200w, https:\/\/www.villeneuve-les-beziers.fr\/wp-content\/uploads\/2026\/09\/file_0000000085d881f4841ecc1e8f74e5db-100x150.webp 100w, https:\/\/www.villeneuve-les-beziers.fr\/wp-content\/uploads\/2026\/09\/file_0000000085d881f4841ecc1e8f74e5db-768x1152.webp 768w, https:\/\/www.villeneuve-les-beziers.fr\/wp-content\/uploads\/2026\/09\/file_0000000085d881f4841ecc1e8f74e5db.webp 933w\" sizes=\"auto, (max-width: 682px) 100vw, 682px\" \/><\/a><\/figure>\n\n\n<div class=\"wp-block-group has-border-color is-layout-flow wp-container-core-group-is-layout-9ea07a06 wp-block-group-is-layout-flow\" style=\"border-color:#F8F7F5;border-width:1px;border-radius:16px;margin-top:0;margin-bottom:0;padding-top:0;padding-right:0;padding-bottom:var(--wp--preset--spacing--20);padding-left:0;box-shadow:var(--wp--preset--shadow--natural)\"><h3 style=\"font-style:normal;font-weight:600;padding-right:var(--wp--preset--spacing--20);padding-left:var(--wp--preset--spacing--20)\" class=\"wp-block-post-title has-large-font-size has-text-align-center\"><a href=\"https:\/\/www.villeneuve-les-beziers.fr\/it\/a-la-une\/attention-moustiques\/\" target=\"_self\">ATTENTION MOUSTIQUES !<\/a><\/h3>\n\n\n<div class=\"wp-block-group is-content-justification-center is-nowrap is-layout-flex wp-container-core-group-is-layout-25a3e2b6 wp-block-group-is-layout-flex\" style=\"margin-top:4px;margin-bottom:4px;padding-right:var(--wp--preset--spacing--30);padding-left:var(--wp--preset--spacing--30)\">\n<p class=\"has-small-font-size wp-block-paragraph\">Pubblicato su<\/p>\n\n\n<div style=\"text-transform:capitalize\" class=\"wp-block-post-date\"><time datetime=\"2026-09-01T16:22:24+02:00\">Mar 1 Set 2026<\/time><\/div><\/div>\n\n\n<div style=\"padding-right:var(--wp--preset--spacing--30);padding-left:var(--wp--preset--spacing--30);margin-right:var(--wp--preset--spacing--20);margin-left:var(--wp--preset--spacing--20)\" class=\"wp-block-post-excerpt has-small-font-size has-text-align-left\"><p class=\"wp-block-post-excerpt__excerpt\"> <a class=\"wp-block-post-excerpt__more-link\" href=\"https:\/\/www.villeneuve-les-beziers.fr\/it\/a-la-une\/attention-moustiques\/\">Leggi di pi\u00f9<\/a><\/p><\/div><\/div>\n\n<\/li><li class=\"wp-block-post post-21347 post type-post status-publish format-standard has-post-thumbnail hentry category-a-la-une\">\n<figure style=\"padding-right:0;padding-left:0;margin-right:0;margin-left:0\" class=\"wp-block-post-featured-image\"><a href=\"https:\/\/www.villeneuve-les-beziers.fr\/it\/a-la-une\/communique-du-ccas-2\/\" target=\"_self\"><img loading=\"lazy\" decoding=\"async\" width=\"791\" height=\"1024\" src=\"https:\/\/www.villeneuve-les-beziers.fr\/wp-content\/uploads\/2026\/09\/Affiche_Comptoir_Alimentaire-1_page-0001-791x1024.jpg\" class=\"attachment-large size-large wp-post-image\" alt=\"Comunicato del CCAS\" style=\"width:100%;object-fit:cover;\" srcset=\"https:\/\/www.villeneuve-les-beziers.fr\/wp-content\/uploads\/2026\/09\/Affiche_Comptoir_Alimentaire-1_page-0001-791x1024.jpg 791w, https:\/\/www.villeneuve-les-beziers.fr\/wp-content\/uploads\/2026\/09\/Affiche_Comptoir_Alimentaire-1_page-0001-116x150.jpg 116w, https:\/\/www.villeneuve-les-beziers.fr\/wp-content\/uploads\/2026\/09\/Affiche_Comptoir_Alimentaire-1_page-0001-232x300.jpg 232w, https:\/\/www.villeneuve-les-beziers.fr\/wp-content\/uploads\/2026\/09\/Affiche_Comptoir_Alimentaire-1_page-0001-767x993.jpg 767w, https:\/\/www.villeneuve-les-beziers.fr\/wp-content\/uploads\/2026\/09\/Affiche_Comptoir_Alimentaire-1_page-0001-1187x1536.jpg 1187w, https:\/\/www.villeneuve-les-beziers.fr\/wp-content\/uploads\/2026\/09\/Affiche_Comptoir_Alimentaire-1_page-0001.jpg 1275w\" sizes=\"auto, (max-width: 791px) 100vw, 791px\" \/><\/a><\/figure>\n\n\n<div class=\"wp-block-group has-border-color is-layout-flow wp-container-core-group-is-layout-9ea07a06 wp-block-group-is-layout-flow\" style=\"border-color:#F8F7F5;border-width:1px;border-radius:16px;margin-top:0;margin-bottom:0;padding-top:0;padding-right:0;padding-bottom:var(--wp--preset--spacing--20);padding-left:0;box-shadow:var(--wp--preset--shadow--natural)\"><h3 style=\"font-style:normal;font-weight:600;padding-right:var(--wp--preset--spacing--20);padding-left:var(--wp--preset--spacing--20)\" class=\"wp-block-post-title has-large-font-size has-text-align-center\"><a href=\"https:\/\/www.villeneuve-les-beziers.fr\/it\/a-la-une\/communique-du-ccas-2\/\" target=\"_self\">Comunicato del CCAS<\/a><\/h3>\n\n\n<div class=\"wp-block-group is-content-justification-center is-nowrap is-layout-flex wp-container-core-group-is-layout-25a3e2b6 wp-block-group-is-layout-flex\" style=\"margin-top:4px;margin-bottom:4px;padding-right:var(--wp--preset--spacing--30);padding-left:var(--wp--preset--spacing--30)\">\n<p class=\"has-small-font-size wp-block-paragraph\">Pubblicato su<\/p>\n\n\n<div style=\"text-transform:capitalize\" class=\"wp-block-post-date\"><time datetime=\"2026-09-01T15:56:22+02:00\">Mar 1 Set 2026<\/time><\/div><\/div>\n\n\n<div style=\"padding-right:var(--wp--preset--spacing--30);padding-left:var(--wp--preset--spacing--30);margin-right:var(--wp--preset--spacing--20);margin-left:var(--wp--preset--spacing--20)\" class=\"wp-block-post-excerpt has-small-font-size has-text-align-left\"><p class=\"wp-block-post-excerpt__excerpt\"> <a class=\"wp-block-post-excerpt__more-link\" href=\"https:\/\/www.villeneuve-les-beziers.fr\/it\/a-la-une\/communique-du-ccas-2\/\">Leggi di pi\u00f9<\/a><\/p><\/div><\/div>\n\n<\/li><li class=\"wp-block-post post-21339 post type-post status-publish format-standard has-post-thumbnail hentry category-urbanisme\">\n<figure style=\"padding-right:0;padding-left:0;margin-right:0;margin-left:0\" class=\"wp-block-post-featured-image\"><a href=\"https:\/\/www.villeneuve-les-beziers.fr\/it\/urbanisme\/dispositif-alabri-orb-libron\/\" target=\"_self\"><img loading=\"lazy\" decoding=\"async\" width=\"1024\" height=\"576\" src=\"https:\/\/www.villeneuve-les-beziers.fr\/wp-content\/uploads\/2026\/08\/DJI_0037-1024x576-1.jpg\" class=\"attachment-large size-large wp-post-image\" alt=\"Dispositif ALABRI Orb &#038; Libron :\" style=\"width:100%;object-fit:cover;\" srcset=\"https:\/\/www.villeneuve-les-beziers.fr\/wp-content\/uploads\/2026\/08\/DJI_0037-1024x576-1.jpg 1024w, https:\/\/www.villeneuve-les-beziers.fr\/wp-content\/uploads\/2026\/08\/DJI_0037-1024x576-1-300x169.jpg 300w, https:\/\/www.villeneuve-les-beziers.fr\/wp-content\/uploads\/2026\/08\/DJI_0037-1024x576-1-150x84.jpg 150w, https:\/\/www.villeneuve-les-beziers.fr\/wp-content\/uploads\/2026\/08\/DJI_0037-1024x576-1-768x432.jpg 768w\" sizes=\"auto, (max-width: 1024px) 100vw, 1024px\" \/><\/a><\/figure>\n\n\n<div class=\"wp-block-group has-border-color is-layout-flow wp-container-core-group-is-layout-9ea07a06 wp-block-group-is-layout-flow\" style=\"border-color:#F8F7F5;border-width:1px;border-radius:16px;margin-top:0;margin-bottom:0;padding-top:0;padding-right:0;padding-bottom:var(--wp--preset--spacing--20);padding-left:0;box-shadow:var(--wp--preset--shadow--natural)\"><h3 style=\"font-style:normal;font-weight:600;padding-right:var(--wp--preset--spacing--20);padding-left:var(--wp--preset--spacing--20)\" class=\"wp-block-post-title has-large-font-size has-text-align-center\"><a href=\"https:\/\/www.villeneuve-les-beziers.fr\/it\/urbanisme\/dispositif-alabri-orb-libron\/\" target=\"_self\">Dispositif ALABRI Orb &#038; Libron :<\/a><\/h3>\n\n\n<div class=\"wp-block-group is-content-justification-center is-nowrap is-layout-flex wp-container-core-group-is-layout-25a3e2b6 wp-block-group-is-layout-flex\" style=\"margin-top:4px;margin-bottom:4px;padding-right:var(--wp--preset--spacing--30);padding-left:var(--wp--preset--spacing--30)\">\n<p class=\"has-small-font-size wp-block-paragraph\">Pubblicato su<\/p>\n\n\n<div style=\"text-transform:capitalize\" class=\"wp-block-post-date\"><time datetime=\"2026-08-25T11:44:04+02:00\">Mar 25 Ago 2026<\/time><\/div><\/div>\n\n\n<div style=\"padding-right:var(--wp--preset--spacing--30);padding-left:var(--wp--preset--spacing--30);margin-right:var(--wp--preset--spacing--20);margin-left:var(--wp--preset--spacing--20)\" class=\"wp-block-post-excerpt has-small-font-size has-text-align-left\"><p class=\"wp-block-post-excerpt__excerpt\">Un accompagnement pour prot\u00e9ger votre habitation Face au risque d\u2019inondation, le dispositif ALABRI Orb &amp; Libron propose aux habitants concern\u00e9s&hellip; <a class=\"wp-block-post-excerpt__more-link\" href=\"https:\/\/www.villeneuve-les-beziers.fr\/it\/urbanisme\/dispositif-alabri-orb-libron\/\">Leggi di pi\u00f9<\/a><\/p><\/div><\/div>\n\n<\/li><li class=\"wp-block-post post-21336 post type-post status-publish format-standard hentry category-a-la-une\">\n\n\n\n<div class=\"wp-block-group has-border-color is-layout-flow wp-container-core-group-is-layout-9ea07a06 wp-block-group-is-layout-flow\" style=\"border-color:#F8F7F5;border-width:1px;border-radius:16px;margin-top:0;margin-bottom:0;padding-top:0;padding-right:0;padding-bottom:var(--wp--preset--spacing--20);padding-left:0;box-shadow:var(--wp--preset--shadow--natural)\"><h3 style=\"font-style:normal;font-weight:600;padding-right:var(--wp--preset--spacing--20);padding-left:var(--wp--preset--spacing--20)\" class=\"wp-block-post-title has-large-font-size has-text-align-center\"><a href=\"https:\/\/www.villeneuve-les-beziers.fr\/it\/a-la-une\/vigilance-orange-orages-dans-lherault\/\" target=\"_self\">Vigilance orange \u00ab Orages \u00bb dans l\u2019H\u00e9rault<\/a><\/h3>\n\n\n<div class=\"wp-block-group is-content-justification-center is-nowrap is-layout-flex wp-container-core-group-is-layout-25a3e2b6 wp-block-group-is-layout-flex\" style=\"margin-top:4px;margin-bottom:4px;padding-right:var(--wp--preset--spacing--30);padding-left:var(--wp--preset--spacing--30)\">\n<p class=\"has-small-font-size wp-block-paragraph\">Pubblicato su<\/p>\n\n\n<div style=\"text-transform:capitalize\" class=\"wp-block-post-date\"><time datetime=\"2026-08-24T09:24:03+02:00\">Lun 24 Ago 2026<\/time><\/div><\/div>\n\n\n<div style=\"padding-right:var(--wp--preset--spacing--30);padding-left:var(--wp--preset--spacing--30);margin-right:var(--wp--preset--spacing--20);margin-left:var(--wp--preset--spacing--20)\" class=\"wp-block-post-excerpt has-small-font-size has-text-align-left\"><p class=\"wp-block-post-excerpt__excerpt\">M\u00e9t\u00e9o-France a plac\u00e9 le d\u00e9partement de l\u2019H\u00e9rault en vigilance orange pour le risque d\u2019orages, \u00e0 compter du lundi 24 ao\u00fbt&hellip; <a class=\"wp-block-post-excerpt__more-link\" href=\"https:\/\/www.villeneuve-les-beziers.fr\/it\/a-la-une\/vigilance-orange-orages-dans-lherault\/\">Leggi di pi\u00f9<\/a><\/p><\/div><\/div>\n\n<\/li><\/ul><\/div>\n\n\n\n<div class=\"wp-block-buttons is-content-justification-center is-layout-flex wp-container-core-buttons-is-layout-35f06ea7 wp-block-buttons-is-layout-flex\">\n<div class=\"wp-block-button\"><a class=\"wp-block-button__link wp-element-button\" href=\"\/it\/ma-mairie\/notizie\/\">Vedi altre notizie<\/a><\/div>\n<\/div>\n<\/div>\n\n\n\n<div class=\"wp-block-group is-style-section-1 has-border-color has-accent-3-border-color has-global-padding is-layout-constrained wp-container-core-group-is-layout-64a38c7c wp-block-group-is-layout-constrained is-style-section-1--4\" style=\"border-width:1px;border-radius:16px;margin-top:var(--wp--preset--spacing--50);margin-bottom:var(--wp--preset--spacing--50);padding-top:var(--wp--preset--spacing--50);padding-right:var(--wp--preset--spacing--50);padding-bottom:var(--wp--preset--spacing--50);padding-left:var(--wp--preset--spacing--50);box-shadow:var(--wp--preset--shadow--natural)\" data-aos=\"zoom-in\" data-aos-duration=\"750\">\n<h2 class=\"wp-block-heading has-text-align-center has-xx-large-font-size\"><a href=\"\/it\/notizie\/aqui-es-vilanova\/\">La sua rivista comunale<\/a><\/h2>\n\n\n\n<p class=\"has-text-align-center wp-block-paragraph\">AQUI ES VILANOVA, il notiziario di Villeneuve-l\u00e8s-B\u00e9ziers. Trovi tutte le novit\u00e0 della citt\u00e0 negli ultimi numeri.<\/p>\n\n\n\n<div class=\"wp-block-query is-layout-flow wp-block-query-is-layout-flow\"><ul class=\"wp-block-post-template is-layout-flow wp-container-core-post-template-is-layout-f9cd94f0 wp-block-post-template-is-layout-flow\"><li class=\"wp-block-post post-20121 post type-post status-publish format-standard has-post-thumbnail hentry category-magazine-municipal category-aqui-es-vilanova\">\n\n<div class=\"wp-block-group is-content-justification-center is-nowrap is-layout-flex wp-container-core-group-is-layout-1ae31b8e wp-block-group-is-layout-flex\" style=\"padding-top:var(--wp--preset--spacing--20);padding-bottom:var(--wp--preset--spacing--20)\"><h3 class=\"wp-block-post-title has-x-large-font-size has-text-align-center\"><a href=\"https:\/\/www.villeneuve-les-beziers.fr\/it\/magazine-municipal\/aqui-es-vilanova-n16\/\" target=\"_self\">Aqui es Vilanova - N\u00b016<\/a><\/h3>\n\n<div style=\"text-transform:capitalize\" class=\"wp-block-post-date has-large-font-size\"><a href=\"https:\/\/www.villeneuve-les-beziers.fr\/it\/magazine-municipal\/aqui-es-vilanova-n16\/\"><time datetime=\"2025-06-02T11:50:00+02:00\">Giugno 2025<\/time><\/a><\/div><\/div>\n\n\n<figure class=\"alignwide wp-block-post-featured-image\"><a href=\"https:\/\/www.villeneuve-les-beziers.fr\/it\/magazine-municipal\/aqui-es-vilanova-n16\/\" target=\"_self\"><img loading=\"lazy\" decoding=\"async\" width=\"1024\" height=\"721\" src=\"https:\/\/www.villeneuve-les-beziers.fr\/wp-content\/uploads\/2025\/07\/aqui-es-vilanova-16-1024x721.jpg\" class=\"attachment-large size-large wp-post-image\" alt=\"Aqui es Vilanova - N\u00b016\" style=\"border-top-left-radius:32px;border-top-right-radius:32px;border-bottom-left-radius:0px;border-bottom-right-radius:32px;object-fit:cover;\" srcset=\"https:\/\/www.villeneuve-les-beziers.fr\/wp-content\/uploads\/2025\/07\/aqui-es-vilanova-16-1024x721.jpg 1024w, https:\/\/www.villeneuve-les-beziers.fr\/wp-content\/uploads\/2025\/07\/aqui-es-vilanova-16-300x211.jpg 300w, https:\/\/www.villeneuve-les-beziers.fr\/wp-content\/uploads\/2025\/07\/aqui-es-vilanova-16-150x106.jpg 150w, https:\/\/www.villeneuve-les-beziers.fr\/wp-content\/uploads\/2025\/07\/aqui-es-vilanova-16-768x541.jpg 768w, https:\/\/www.villeneuve-les-beziers.fr\/wp-content\/uploads\/2025\/07\/aqui-es-vilanova-16.jpg 1518w\" sizes=\"auto, (max-width: 1024px) 100vw, 1024px\" \/><\/a><\/figure>\n\n\n<hr class=\"wp-block-separator has-css-opacity\"\/>\n\n<\/li><\/ul><\/div>\n\n\n\n<div data-wp-context=\"{}\" data-wp-interactive=\"core\/query\" data-wp-key=\"14\" data-wp-router-region=\"query-14\" class=\"wp-block-query alignwide is-layout-flow wp-block-query-is-layout-flow\">\n<div class=\"wp-block-group is-layout-flow wp-block-group-is-layout-flow\" style=\"padding-top:var(--wp--preset--spacing--50);padding-bottom:var(--wp--preset--spacing--50)\"><ul class=\"wp-block-post-template is-layout-grid wp-container-core-post-template-is-layout-f9654b6d wp-block-post-template-is-layout-grid\"><li data-wp-key=\"post-template-item-19909\" class=\"wp-block-post post-19909 post type-post status-publish format-standard has-post-thumbnail hentry category-magazine-municipal category-aqui-es-vilanova\">\n\n<div class=\"wp-block-group is-content-justification-center is-nowrap is-layout-flex wp-container-core-group-is-layout-1ae31b8e wp-block-group-is-layout-flex\" style=\"padding-top:var(--wp--preset--spacing--20);padding-bottom:var(--wp--preset--spacing--20)\"><h3 class=\"wp-block-post-title\">Aqui es Vilanova - N\u00b015<\/h3>\n\n<div style=\"text-transform:capitalize\" class=\"wp-block-post-date has-large-font-size\"><a href=\"https:\/\/www.villeneuve-les-beziers.fr\/it\/magazine-municipal\/aqui-es-vilanova-n15\/\"><time datetime=\"2025-01-08T11:34:18+01:00\">Gennaio 2025<\/time><\/a><\/div><\/div>\n\n\n<figure class=\"wp-block-post-featured-image\"><a href=\"https:\/\/www.villeneuve-les-beziers.fr\/it\/magazine-municipal\/aqui-es-vilanova-n15\/\" target=\"_self\"><img loading=\"lazy\" decoding=\"async\" width=\"1024\" height=\"723\" src=\"https:\/\/www.villeneuve-les-beziers.fr\/wp-content\/uploads\/2025\/04\/aqui-es-vilanova-Janvier-2025-1024x723.jpg\" class=\"attachment-large size-large wp-post-image\" alt=\"Aqui es Vilanova - N\u00b015\" style=\"border-top-left-radius:32px;border-top-right-radius:32px;border-bottom-left-radius:0px;border-bottom-right-radius:32px;width:100%;object-fit:cover;\" srcset=\"https:\/\/www.villeneuve-les-beziers.fr\/wp-content\/uploads\/2025\/04\/aqui-es-vilanova-Janvier-2025-1024x723.jpg 1024w, https:\/\/www.villeneuve-les-beziers.fr\/wp-content\/uploads\/2025\/04\/aqui-es-vilanova-Janvier-2025-300x212.jpg 300w, https:\/\/www.villeneuve-les-beziers.fr\/wp-content\/uploads\/2025\/04\/aqui-es-vilanova-Janvier-2025-150x106.jpg 150w, https:\/\/www.villeneuve-les-beziers.fr\/wp-content\/uploads\/2025\/04\/aqui-es-vilanova-Janvier-2025-768x543.jpg 768w, https:\/\/www.villeneuve-les-beziers.fr\/wp-content\/uploads\/2025\/04\/aqui-es-vilanova-Janvier-2025-1536x1085.jpg 1536w, https:\/\/www.villeneuve-les-beziers.fr\/wp-content\/uploads\/2025\/04\/aqui-es-vilanova-Janvier-2025.jpg 1635w\" sizes=\"auto, (max-width: 1024px) 100vw, 1024px\" \/><\/a><\/figure>\n<\/li><li data-wp-key=\"post-template-item-19043\" class=\"wp-block-post post-19043 post type-post status-publish format-standard has-post-thumbnail hentry category-aqui-es-vilanova category-magazine-municipal\">\n\n<div class=\"wp-block-group is-content-justification-center is-nowrap is-layout-flex wp-container-core-group-is-layout-1ae31b8e wp-block-group-is-layout-flex\" style=\"padding-top:var(--wp--preset--spacing--20);padding-bottom:var(--wp--preset--spacing--20)\"><h3 class=\"wp-block-post-title\">Aqui es Vilanova - N\u00b014<\/h3>\n\n<div style=\"text-transform:capitalize\" class=\"wp-block-post-date has-large-font-size\"><a href=\"https:\/\/www.villeneuve-les-beziers.fr\/it\/magazine-municipal\/aqui-es-vilanova-n14\/\"><time datetime=\"2024-10-01T12:00:00+02:00\">Ottobre 2024<\/time><\/a><\/div><\/div>\n\n\n<figure class=\"wp-block-post-featured-image\"><a href=\"https:\/\/www.villeneuve-les-beziers.fr\/it\/magazine-municipal\/aqui-es-vilanova-n14\/\" target=\"_self\"><img loading=\"lazy\" decoding=\"async\" width=\"1024\" height=\"724\" src=\"https:\/\/www.villeneuve-les-beziers.fr\/wp-content\/uploads\/2024\/11\/aqui-es-vilanova-14-1024x724.jpg\" class=\"attachment-large size-large wp-post-image\" alt=\"Aqui es Vilanova - N\u00b014\" style=\"border-top-left-radius:32px;border-top-right-radius:32px;border-bottom-left-radius:0px;border-bottom-right-radius:32px;width:100%;object-fit:cover;\" srcset=\"https:\/\/www.villeneuve-les-beziers.fr\/wp-content\/uploads\/2024\/11\/aqui-es-vilanova-14-1024x724.jpg 1024w, https:\/\/www.villeneuve-les-beziers.fr\/wp-content\/uploads\/2024\/11\/aqui-es-vilanova-14-150x106.jpg 150w, https:\/\/www.villeneuve-les-beziers.fr\/wp-content\/uploads\/2024\/11\/aqui-es-vilanova-14-300x212.jpg 300w, https:\/\/www.villeneuve-les-beziers.fr\/wp-content\/uploads\/2024\/11\/aqui-es-vilanova-14-768x543.jpg 768w, https:\/\/www.villeneuve-les-beziers.fr\/wp-content\/uploads\/2024\/11\/aqui-es-vilanova-14-1536x1086.jpg 1536w, https:\/\/www.villeneuve-les-beziers.fr\/wp-content\/uploads\/2024\/11\/aqui-es-vilanova-14.jpg 1675w\" sizes=\"auto, (max-width: 1024px) 100vw, 1024px\" \/><\/a><\/figure>\n<\/li><\/ul><\/div>\n<\/div>\n\n\n\n<div class=\"wp-block-buttons is-content-justification-center is-layout-flex wp-container-core-buttons-is-layout-c3fae176 wp-block-buttons-is-layout-flex\" style=\"margin-top:var(--wp--preset--spacing--20);margin-bottom:var(--wp--preset--spacing--20)\">\n<div class=\"wp-block-button\"><a class=\"wp-block-button__link wp-element-button\" href=\"\/it\/notizie\/aqui-es-vilanova\/\">Tutte le riviste<\/a><\/div>\n<\/div>\n<\/div>","protected":false},"excerpt":{"rendered":"<p>Programme des animations de la m\u00e9diath\u00e8que de septembre \u00e0 d\u00e9cembre 2026 Cliquez sur l&rsquo;image ci-dessous Navigation en 1 clic Les derni\u00e8res actualit\u00e9s Retrouvez les communiqu\u00e9s de votre ville Votre magazine municipal AQUI ES VILANOVA, le magazine d&rsquo;information de Villeneuve-l\u00e8s-B\u00e9ziers.&nbsp;Retrouvez toute l&rsquo;actualit\u00e9 de la commune dans les derni\u00e8res parutions.<\/p>","protected":false},"author":1,"featured_media":21071,"parent":0,"menu_order":0,"comment_status":"closed","ping_status":"closed","template":"page-no-title","meta":{"footnotes":""},"class_list":["post-1664","page","type-page","status-publish","has-post-thumbnail","hentry"],"_links":{"self":[{"href":"https:\/\/www.villeneuve-les-beziers.fr\/it\/wp-json\/wp\/v2\/pages\/1664","targetHints":{"allow":["GET"]}}],"collection":[{"href":"https:\/\/www.villeneuve-les-beziers.fr\/it\/wp-json\/wp\/v2\/pages"}],"about":[{"href":"https:\/\/www.villeneuve-les-beziers.fr\/it\/wp-json\/wp\/v2\/types\/page"}],"author":[{"embeddable":true,"href":"https:\/\/www.villeneuve-les-beziers.fr\/it\/wp-json\/wp\/v2\/users\/1"}],"replies":[{"embeddable":true,"href":"https:\/\/www.villeneuve-les-beziers.fr\/it\/wp-json\/wp\/v2\/comments?post=1664"}],"version-history":[{"count":96,"href":"https:\/\/www.villeneuve-les-beziers.fr\/it\/wp-json\/wp\/v2\/pages\/1664\/revisions"}],"predecessor-version":[{"id":21372,"href":"https:\/\/www.villeneuve-les-beziers.fr\/it\/wp-json\/wp\/v2\/pages\/1664\/revisions\/21372"}],"wp:featuredmedia":[{"embeddable":true,"href":"https:\/\/www.villeneuve-les-beziers.fr\/it\/wp-json\/wp\/v2\/media\/21071"}],"wp:attachment":[{"href":"https:\/\/www.villeneuve-les-beziers.fr\/it\/wp-json\/wp\/v2\/media?parent=1664"}],"curies":[{"name":"wp","href":"https:\/\/api.w.org\/{rel}","templated":true}]}}