{"id":204,"date":"2019-04-10T11:50:19","date_gmt":"2019-04-10T09:50:19","guid":{"rendered":"http:\/\/localhost\/?page_id=204"},"modified":"2026-04-24T10:21:58","modified_gmt":"2026-04-24T08:21:58","slug":"pianificazione-urbanistica","status":"publish","type":"page","link":"https:\/\/www.villeneuve-les-beziers.fr\/it\/vie-pratique\/urbanisme\/","title":{"rendered":"Pianificazione urbanistica"},"content":{"rendered":"<div class=\"wp-block-group has-global-padding is-layout-constrained wp-container-core-group-is-layout-e0082cf6 wp-block-group-is-layout-constrained\">\n<p class=\"has-text-align-center is-style-text-subtitle is-style-text-subtitle--1\">L'ufficio urbanistica pu\u00f2 fornirle informazioni e supporto per i suoi progetti immobiliari.<\/p>\n\n\n\n<p class=\"has-text-align-center\">Dipartimento Urbanistica - H\u00f4tel de Ville, 1 rue de la Marianne, 34420 Villeneuve-l\u00e8s-B\u00e9ziers<\/p>\n\n\n\n<p class=\"has-text-align-center\">Tel: 04 67 39 47 80 - E-mail:&nbsp;<a style=\"font-size: 14px; color: #006fa3;\" href=\"mailto:urbanisme@villeneuve-les-beziers.fr\">urbanisme@villeneuve-les-beziers.fr<\/a><\/p>\n<\/div>\n\n\n\n<div class=\"wp-block-group is-style-section-1 has-global-padding is-layout-constrained wp-container-core-group-is-layout-7ececc86 wp-block-group-is-layout-constrained is-style-section-1--2\" style=\"margin-top:var(--wp--preset--spacing--50);margin-bottom:var(--wp--preset--spacing--50);padding-top:var(--wp--preset--spacing--30);padding-right:var(--wp--preset--spacing--30);padding-bottom:var(--wp--preset--spacing--30);padding-left:var(--wp--preset--spacing--30)\">\n<h2 class=\"wp-block-heading has-text-align-center\">Pagine correlate<\/h2>\n\n\n\n<div class=\"wp-block-query is-layout-flow wp-block-query-is-layout-flow\"><ul class=\"columns-3 wp-block-post-template is-layout-grid wp-container-core-post-template-is-layout-572542b5 wp-block-post-template-is-layout-grid\"><li class=\"wp-block-post post-5777 page type-page status-publish has-post-thumbnail hentry\">\n\n<div class=\"wp-block-group has-global-padding is-layout-constrained wp-container-core-group-is-layout-69fdc361 wp-block-group-is-layout-constrained\" style=\"border-radius:32px;padding-top:0;padding-right:0;padding-bottom:var(--wp--preset--spacing--20);padding-left:0;box-shadow:var(--wp--preset--shadow--natural)\"><figure style=\"aspect-ratio:16\/9;\" class=\"wp-block-post-featured-image\"><a href=\"https:\/\/www.villeneuve-les-beziers.fr\/it\/vie-pratique\/urbanisme\/avis-de-participation-du-public-par-voie-electronique\/\" target=\"_self\"  ><img loading=\"lazy\" decoding=\"async\" width=\"640\" height=\"340\" src=\"https:\/\/www.villeneuve-les-beziers.fr\/wp-content\/uploads\/2019\/10\/urbanisme_cerfa.jpg\" class=\"attachment-post-thumbnail size-post-thumbnail wp-post-image\" alt=\"Avviso di partecipazione pubblica elettronica\" style=\"width:100%;height:100%;object-fit:cover;\" srcset=\"https:\/\/www.villeneuve-les-beziers.fr\/wp-content\/uploads\/2019\/10\/urbanisme_cerfa.jpg 640w, https:\/\/www.villeneuve-les-beziers.fr\/wp-content\/uploads\/2019\/10\/urbanisme_cerfa-150x80.jpg 150w, https:\/\/www.villeneuve-les-beziers.fr\/wp-content\/uploads\/2019\/10\/urbanisme_cerfa-300x159.jpg 300w\" sizes=\"auto, (max-width: 640px) 100vw, 640px\" \/><\/a><\/figure>\n\n<h3 class=\"has-text-align-center wp-block-post-title has-large-font-size\"><a href=\"https:\/\/www.villeneuve-les-beziers.fr\/it\/vie-pratique\/urbanisme\/avis-de-participation-du-public-par-voie-electronique\/\" target=\"_self\" >Avviso di partecipazione pubblica elettronica<\/a><\/h3><\/div>\n\n<\/li><li class=\"wp-block-post post-6714 page type-page status-publish has-post-thumbnail hentry\">\n\n<div class=\"wp-block-group has-global-padding is-layout-constrained wp-container-core-group-is-layout-69fdc361 wp-block-group-is-layout-constrained\" style=\"border-radius:32px;padding-top:0;padding-right:0;padding-bottom:var(--wp--preset--spacing--20);padding-left:0;box-shadow:var(--wp--preset--shadow--natural)\"><figure style=\"aspect-ratio:16\/9;\" class=\"wp-block-post-featured-image\"><a href=\"https:\/\/www.villeneuve-les-beziers.fr\/it\/vie-pratique\/urbanisme\/consultation-du-cadastre\/\" target=\"_self\"  ><img loading=\"lazy\" decoding=\"async\" width=\"300\" height=\"169\" src=\"https:\/\/www.villeneuve-les-beziers.fr\/wp-content\/uploads\/2024\/11\/cadastre.png\" class=\"attachment-post-thumbnail size-post-thumbnail wp-post-image\" alt=\"Consultazione sul catasto\" style=\"width:100%;height:100%;object-fit:cover;\" srcset=\"https:\/\/www.villeneuve-les-beziers.fr\/wp-content\/uploads\/2024\/11\/cadastre.png 300w, https:\/\/www.villeneuve-les-beziers.fr\/wp-content\/uploads\/2024\/11\/cadastre-150x85.png 150w\" sizes=\"auto, (max-width: 300px) 100vw, 300px\" \/><\/a><\/figure>\n\n<h3 class=\"has-text-align-center wp-block-post-title has-large-font-size\"><a href=\"https:\/\/www.villeneuve-les-beziers.fr\/it\/vie-pratique\/urbanisme\/consultation-du-cadastre\/\" target=\"_self\" >Consultazione sul catasto<\/a><\/h3><\/div>\n\n<\/li><li class=\"wp-block-post post-833 page type-page status-publish has-post-thumbnail hentry\">\n\n<div class=\"wp-block-group has-global-padding is-layout-constrained wp-container-core-group-is-layout-69fdc361 wp-block-group-is-layout-constrained\" style=\"border-radius:32px;padding-top:0;padding-right:0;padding-bottom:var(--wp--preset--spacing--20);padding-left:0;box-shadow:var(--wp--preset--shadow--natural)\"><figure style=\"aspect-ratio:16\/9;\" class=\"wp-block-post-featured-image\"><a href=\"https:\/\/www.villeneuve-les-beziers.fr\/it\/vie-pratique\/urbanisme\/demarches-durbanisme\/\" target=\"_self\"  ><img loading=\"lazy\" decoding=\"async\" width=\"640\" height=\"340\" src=\"https:\/\/www.villeneuve-les-beziers.fr\/wp-content\/uploads\/2019\/10\/urbanisme_cerfa.jpg\" class=\"attachment-post-thumbnail size-post-thumbnail wp-post-image\" alt=\"Procedure di pianificazione\" style=\"width:100%;height:100%;object-fit:cover;\" srcset=\"https:\/\/www.villeneuve-les-beziers.fr\/wp-content\/uploads\/2019\/10\/urbanisme_cerfa.jpg 640w, https:\/\/www.villeneuve-les-beziers.fr\/wp-content\/uploads\/2019\/10\/urbanisme_cerfa-150x80.jpg 150w, https:\/\/www.villeneuve-les-beziers.fr\/wp-content\/uploads\/2019\/10\/urbanisme_cerfa-300x159.jpg 300w\" sizes=\"auto, (max-width: 640px) 100vw, 640px\" \/><\/a><\/figure>\n\n<h3 class=\"has-text-align-center wp-block-post-title has-large-font-size\"><a href=\"https:\/\/www.villeneuve-les-beziers.fr\/it\/vie-pratique\/urbanisme\/demarches-durbanisme\/\" target=\"_self\" >Procedure di pianificazione<\/a><\/h3><\/div>\n\n<\/li><li class=\"wp-block-post post-6558 page type-page status-publish has-post-thumbnail hentry\">\n\n<div class=\"wp-block-group has-global-padding is-layout-constrained wp-container-core-group-is-layout-69fdc361 wp-block-group-is-layout-constrained\" style=\"border-radius:32px;padding-top:0;padding-right:0;padding-bottom:var(--wp--preset--spacing--20);padding-left:0;box-shadow:var(--wp--preset--shadow--natural)\"><figure style=\"aspect-ratio:16\/9;\" class=\"wp-block-post-featured-image\"><a href=\"https:\/\/www.villeneuve-les-beziers.fr\/it\/vie-pratique\/urbanisme\/dematerialisation-des-dossiers-durbanisme\/\" target=\"_self\"  ><img loading=\"lazy\" decoding=\"async\" width=\"3608\" height=\"1528\" src=\"https:\/\/www.villeneuve-les-beziers.fr\/wp-content\/uploads\/2021\/12\/dematurba.png\" class=\"attachment-post-thumbnail size-post-thumbnail wp-post-image\" alt=\"Dematerializzazione delle pratiche urbanistiche\" style=\"width:100%;height:100%;object-fit:cover;\" srcset=\"https:\/\/www.villeneuve-les-beziers.fr\/wp-content\/uploads\/2021\/12\/dematurba.png 3608w, https:\/\/www.villeneuve-les-beziers.fr\/wp-content\/uploads\/2021\/12\/dematurba-150x64.png 150w, https:\/\/www.villeneuve-les-beziers.fr\/wp-content\/uploads\/2021\/12\/dematurba-300x127.png 300w, https:\/\/www.villeneuve-les-beziers.fr\/wp-content\/uploads\/2021\/12\/dematurba-768x325.png 768w, https:\/\/www.villeneuve-les-beziers.fr\/wp-content\/uploads\/2021\/12\/dematurba-1024x434.png 1024w, https:\/\/www.villeneuve-les-beziers.fr\/wp-content\/uploads\/2021\/12\/dematurba-1536x651.png 1536w, https:\/\/www.villeneuve-les-beziers.fr\/wp-content\/uploads\/2021\/12\/dematurba-2048x867.png 2048w\" sizes=\"auto, (max-width: 3608px) 100vw, 3608px\" \/><\/a><\/figure>\n\n<h3 class=\"has-text-align-center wp-block-post-title has-large-font-size\"><a href=\"https:\/\/www.villeneuve-les-beziers.fr\/it\/vie-pratique\/urbanisme\/dematerialisation-des-dossiers-durbanisme\/\" target=\"_self\" >Dematerializzazione delle pratiche urbanistiche<\/a><\/h3><\/div>\n\n<\/li><li class=\"wp-block-post post-3869 page type-page status-publish has-post-thumbnail hentry\">\n\n<div class=\"wp-block-group has-global-padding is-layout-constrained wp-container-core-group-is-layout-69fdc361 wp-block-group-is-layout-constrained\" style=\"border-radius:32px;padding-top:0;padding-right:0;padding-bottom:var(--wp--preset--spacing--20);padding-left:0;box-shadow:var(--wp--preset--shadow--natural)\"><figure style=\"aspect-ratio:16\/9;\" class=\"wp-block-post-featured-image\"><a href=\"https:\/\/www.villeneuve-les-beziers.fr\/it\/vie-pratique\/urbanisme\/permis-de-louer\/\" target=\"_self\"  ><img loading=\"lazy\" decoding=\"async\" width=\"2408\" height=\"1694\" src=\"https:\/\/www.villeneuve-les-beziers.fr\/wp-content\/uploads\/2021\/05\/Capture-decran-2021-05-20-a-15.56.17.png\" class=\"attachment-post-thumbnail size-post-thumbnail wp-post-image\" alt=\"Permessi di noleggio\" style=\"width:100%;height:100%;object-fit:cover;\" srcset=\"https:\/\/www.villeneuve-les-beziers.fr\/wp-content\/uploads\/2021\/05\/Capture-decran-2021-05-20-a-15.56.17.png 2408w, https:\/\/www.villeneuve-les-beziers.fr\/wp-content\/uploads\/2021\/05\/Capture-decran-2021-05-20-a-15.56.17-150x106.png 150w, https:\/\/www.villeneuve-les-beziers.fr\/wp-content\/uploads\/2021\/05\/Capture-decran-2021-05-20-a-15.56.17-300x211.png 300w, https:\/\/www.villeneuve-les-beziers.fr\/wp-content\/uploads\/2021\/05\/Capture-decran-2021-05-20-a-15.56.17-768x540.png 768w, https:\/\/www.villeneuve-les-beziers.fr\/wp-content\/uploads\/2021\/05\/Capture-decran-2021-05-20-a-15.56.17-1024x720.png 1024w, https:\/\/www.villeneuve-les-beziers.fr\/wp-content\/uploads\/2021\/05\/Capture-decran-2021-05-20-a-15.56.17-1536x1081.png 1536w, https:\/\/www.villeneuve-les-beziers.fr\/wp-content\/uploads\/2021\/05\/Capture-decran-2021-05-20-a-15.56.17-2048x1441.png 2048w\" sizes=\"auto, (max-width: 2408px) 100vw, 2408px\" \/><\/a><\/figure>\n\n<h3 class=\"has-text-align-center wp-block-post-title has-large-font-size\"><a href=\"https:\/\/www.villeneuve-les-beziers.fr\/it\/vie-pratique\/urbanisme\/permis-de-louer\/\" target=\"_self\" >Permessi di noleggio<\/a><\/h3><\/div>\n\n<\/li><li class=\"wp-block-post post-6737 page type-page status-publish has-post-thumbnail hentry\">\n\n<div class=\"wp-block-group has-global-padding is-layout-constrained wp-container-core-group-is-layout-69fdc361 wp-block-group-is-layout-constrained\" style=\"border-radius:32px;padding-top:0;padding-right:0;padding-bottom:var(--wp--preset--spacing--20);padding-left:0;box-shadow:var(--wp--preset--shadow--natural)\"><figure style=\"aspect-ratio:16\/9;\" class=\"wp-block-post-featured-image\"><a href=\"https:\/\/www.villeneuve-les-beziers.fr\/it\/vie-pratique\/urbanisme\/plan-de-prevention-des-risques-dinondations\/\" target=\"_self\"  ><img loading=\"lazy\" decoding=\"async\" width=\"870\" height=\"489\" src=\"https:\/\/www.villeneuve-les-beziers.fr\/wp-content\/uploads\/2019\/10\/870x489_maxnewsworldtwo137709.jpg\" class=\"attachment-post-thumbnail size-post-thumbnail wp-post-image\" alt=\"Piano di prevenzione del rischio di alluvione\" style=\"width:100%;height:100%;object-fit:cover;\" srcset=\"https:\/\/www.villeneuve-les-beziers.fr\/wp-content\/uploads\/2019\/10\/870x489_maxnewsworldtwo137709.jpg 870w, https:\/\/www.villeneuve-les-beziers.fr\/wp-content\/uploads\/2019\/10\/870x489_maxnewsworldtwo137709-150x84.jpg 150w, https:\/\/www.villeneuve-les-beziers.fr\/wp-content\/uploads\/2019\/10\/870x489_maxnewsworldtwo137709-300x169.jpg 300w, https:\/\/www.villeneuve-les-beziers.fr\/wp-content\/uploads\/2019\/10\/870x489_maxnewsworldtwo137709-768x432.jpg 768w\" sizes=\"auto, (max-width: 870px) 100vw, 870px\" \/><\/a><\/figure>\n\n<h3 class=\"has-text-align-center wp-block-post-title has-large-font-size\"><a href=\"https:\/\/www.villeneuve-les-beziers.fr\/it\/vie-pratique\/urbanisme\/plan-de-prevention-des-risques-dinondations\/\" target=\"_self\" >Piano di prevenzione del rischio di alluvione<\/a><\/h3><\/div>\n\n<\/li><li class=\"wp-block-post post-818 page type-page status-publish has-post-thumbnail hentry\">\n\n<div class=\"wp-block-group has-global-padding is-layout-constrained wp-container-core-group-is-layout-69fdc361 wp-block-group-is-layout-constrained\" style=\"border-radius:32px;padding-top:0;padding-right:0;padding-bottom:var(--wp--preset--spacing--20);padding-left:0;box-shadow:var(--wp--preset--shadow--natural)\"><figure style=\"aspect-ratio:16\/9;\" class=\"wp-block-post-featured-image\"><a href=\"https:\/\/www.villeneuve-les-beziers.fr\/it\/vie-pratique\/urbanisme\/plan-local-durbanisme-plu\/\" target=\"_self\"  ><img loading=\"lazy\" decoding=\"async\" width=\"2560\" height=\"1917\" src=\"https:\/\/www.villeneuve-les-beziers.fr\/wp-content\/uploads\/2020\/03\/DJI_0077-scaled.jpg\" class=\"attachment-post-thumbnail size-post-thumbnail wp-post-image\" alt=\"Piano di sviluppo urbano locale\" style=\"width:100%;height:100%;object-fit:cover;\" srcset=\"https:\/\/www.villeneuve-les-beziers.fr\/wp-content\/uploads\/2020\/03\/DJI_0077-scaled.jpg 2560w, https:\/\/www.villeneuve-les-beziers.fr\/wp-content\/uploads\/2020\/03\/DJI_0077-150x112.jpg 150w, https:\/\/www.villeneuve-les-beziers.fr\/wp-content\/uploads\/2020\/03\/DJI_0077-300x225.jpg 300w, https:\/\/www.villeneuve-les-beziers.fr\/wp-content\/uploads\/2020\/03\/DJI_0077-768x575.jpg 768w, https:\/\/www.villeneuve-les-beziers.fr\/wp-content\/uploads\/2020\/03\/DJI_0077-1024x767.jpg 1024w, https:\/\/www.villeneuve-les-beziers.fr\/wp-content\/uploads\/2020\/03\/DJI_0077-1536x1150.jpg 1536w, https:\/\/www.villeneuve-les-beziers.fr\/wp-content\/uploads\/2020\/03\/DJI_0077-2048x1534.jpg 2048w\" sizes=\"auto, (max-width: 2560px) 100vw, 2560px\" \/><\/a><\/figure>\n\n<h3 class=\"has-text-align-center wp-block-post-title has-large-font-size\"><a href=\"https:\/\/www.villeneuve-les-beziers.fr\/it\/vie-pratique\/urbanisme\/plan-local-durbanisme-plu\/\" target=\"_self\" >Piano di sviluppo urbano locale<\/a><\/h3><\/div>\n\n<\/li><li class=\"wp-block-post post-6819 page type-page status-publish has-post-thumbnail hentry\">\n\n<div class=\"wp-block-group has-global-padding is-layout-constrained wp-container-core-group-is-layout-69fdc361 wp-block-group-is-layout-constrained\" style=\"border-radius:32px;padding-top:0;padding-right:0;padding-bottom:var(--wp--preset--spacing--20);padding-left:0;box-shadow:var(--wp--preset--shadow--natural)\"><figure style=\"aspect-ratio:16\/9;\" class=\"wp-block-post-featured-image\"><a href=\"https:\/\/www.villeneuve-les-beziers.fr\/it\/vie-pratique\/urbanisme\/revision-du-plu\/\" target=\"_self\"  ><img loading=\"lazy\" decoding=\"async\" width=\"1348\" height=\"688\" src=\"https:\/\/www.villeneuve-les-beziers.fr\/wp-content\/uploads\/2022\/04\/Capture-decran-2022-04-05-a-15.16.02-1.png\" class=\"attachment-post-thumbnail size-post-thumbnail wp-post-image\" alt=\"Revisione generale del PLU\" style=\"width:100%;height:100%;object-fit:cover;\" srcset=\"https:\/\/www.villeneuve-les-beziers.fr\/wp-content\/uploads\/2022\/04\/Capture-decran-2022-04-05-a-15.16.02-1.png 1348w, https:\/\/www.villeneuve-les-beziers.fr\/wp-content\/uploads\/2022\/04\/Capture-decran-2022-04-05-a-15.16.02-1-150x77.png 150w, https:\/\/www.villeneuve-les-beziers.fr\/wp-content\/uploads\/2022\/04\/Capture-decran-2022-04-05-a-15.16.02-1-300x153.png 300w, https:\/\/www.villeneuve-les-beziers.fr\/wp-content\/uploads\/2022\/04\/Capture-decran-2022-04-05-a-15.16.02-1-768x392.png 768w, https:\/\/www.villeneuve-les-beziers.fr\/wp-content\/uploads\/2022\/04\/Capture-decran-2022-04-05-a-15.16.02-1-1024x523.png 1024w\" sizes=\"auto, (max-width: 1348px) 100vw, 1348px\" \/><\/a><\/figure>\n\n<h3 class=\"has-text-align-center wp-block-post-title has-large-font-size\"><a href=\"https:\/\/www.villeneuve-les-beziers.fr\/it\/vie-pratique\/urbanisme\/revision-du-plu\/\" target=\"_self\" >Revisione generale del PLU<\/a><\/h3><\/div>\n\n<\/li><\/ul><\/div>\n<\/div>\n\n\n\n<div class=\"wp-block-group is-style-section-1 has-global-padding is-layout-constrained wp-container-core-group-is-layout-cc9ecf56 wp-block-group-is-layout-constrained is-style-section-1--3\" style=\"margin-top:var(--wp--preset--spacing--50);margin-bottom:var(--wp--preset--spacing--50);padding-top:var(--wp--preset--spacing--50);padding-right:var(--wp--preset--spacing--50);padding-bottom:var(--wp--preset--spacing--50);padding-left:var(--wp--preset--spacing--50)\">\n<h2 class=\"wp-block-heading has-text-align-center\">Richieste elettroniche di permesso di pianificazione<\/h2>\n\n\n\n<figure class=\"wp-block-image\"><a href=\"https:\/\/gnau.beziers-mediterranee.fr\/gnau\/#\/\" target=\"_blank\" rel=\"noopener noreferrer nofollow\"><img decoding=\"async\" src=\"https:\/\/www.villeneuve-les-beziers.fr\/wp-content\/uploads\/2024\/11\/GNAU.jpg\" alt=\"\"\/><\/a><\/figure>\n\n\n\n<div class=\"wp-block-buttons is-content-justification-center is-layout-flex wp-container-core-buttons-is-layout-a89b3969 wp-block-buttons-is-layout-flex\">\n<div class=\"wp-block-button\"><a class=\"wp-block-button__link wp-element-button\" href=\"https:\/\/gnau.beziers-mediterranee.fr\/gnau\/\" target=\"_blank\" rel=\"noopener noreferrer nofollow\">Accedere al servizio di teleassistenza<\/a><\/div>\n<\/div>\n\n\n\n<div class=\"wp-block-file\" style=\"padding-right:0;padding-left:0\"><a id=\"wp-block-file--media-df8e5f56-b3c6-4b3d-b0fd-163e87980623\" href=\"https:\/\/www.villeneuve-les-beziers.fr\/wp-content\/uploads\/2024\/07\/Guide_du_Guichet_Numerique_des_Autorisations_dUrbanisme_en_4_etapes.pdf\">Guida in 4 fasi al Guichet Num\u00e9rique per la concessione di un permesso di costruzione.<\/a><a href=\"https:\/\/www.villeneuve-les-beziers.fr\/wp-content\/uploads\/2024\/07\/Guide_du_Guichet_Numerique_des_Autorisations_dUrbanisme_en_4_etapes.pdf\" class=\"wp-block-file__button wp-element-button\" aria-describedby=\"wp-block-file--media-df8e5f56-b3c6-4b3d-b0fd-163e87980623\" download>Scaricare<\/a><\/div>\n\n\n\n<p>Dal 1\u00b0 gennaio 2022, siamo pronti a ricevere le sue domande in modo rapido e semplice. Dovr\u00e0 identificare il Cerfa ufficiale che dovr\u00e0 selezionare nel portale di presentazione. Pu\u00f2 accedere al Cerfa dalla pagina&nbsp;<a style=\"font-size: 16px; color: var(--pdv-primary); text-decoration-line: underline; transition-duration: 0.35s; transition-timing-function: ease-in-out;\" href=\"https:\/\/www.service-public.fr\/particuliers\/vosdroits\/R52221\" target=\"_blank\" rel=\"noreferrer noopener\">servizio pubblico<\/a>.<\/p>\n\n\n\n<p><strong>IMPORTANTE: se commette un errore nella compilazione del modulo, dimentica di presentare un documento o presenta un documento sbagliato (ecc...), la domanda non pu\u00f2 essere modificata senza l'intervento del funzionario istruttore. La preghiamo di non presentare una nuova domanda e di inviare un'e-mail al Dipartimento di Pianificazione segnalando gli errori.<\/strong><\/p>\n\n\n\n<p>Inoltre, in caso di errore involontario (ad esempio, l'invio di un file due volte), pu\u00f2 richiedere il ritiro del suo file. Veda la procedura qui: <a href=\"https:\/\/gnau.beziers-mediterranee.fr\/gnau\/fichiers\/05_DEMANDER_SUPPRESSION_DOSSIER.pdf\" target=\"_blank\" rel=\"noopener noreferrer nofollow\">https:\/\/gnau.beziers-mediterranee.fr\/gnau\/fichiers\/05_DEMANDER_SUPPRESSION_DOSSIER.pdf<\/a><\/p>\n\n\n\n<p>Ai sensi dell'Articolo<strong>&nbsp;L.112-9 del Codice delle relazioni tra il pubblico e l'amministrazione<\/strong>, Tuttavia, la creazione di questo teleservizio esclude qualsiasi altro metodo di invio elettronico.<\/p>\n<\/div>\n\n\n\n<div class=\"wp-block-group is-style-section-1 has-global-padding is-layout-constrained wp-container-core-group-is-layout-cc9ecf56 wp-block-group-is-layout-constrained is-style-section-1--4\" style=\"margin-top:var(--wp--preset--spacing--50);margin-bottom:var(--wp--preset--spacing--50);padding-top:var(--wp--preset--spacing--50);padding-right:var(--wp--preset--spacing--50);padding-bottom:var(--wp--preset--spacing--50);padding-left:var(--wp--preset--spacing--50)\">\n<h2 class=\"wp-block-heading has-text-align-center\">Piano urbanistico locale (PLU)<\/h2>\n\n\n\n<figure class=\"wp-block-image aligncenter\"><a href=\"https:\/\/www.geoportail-urbanisme.gouv.fr\/\" target=\"_blank\" rel=\"noopener noreferrer nofollow\"><img decoding=\"async\" src=\"https:\/\/www.villeneuve-les-beziers.fr\/wp-content\/uploads\/2024\/11\/geoportailurba.jpg\" alt=\"\"\/><\/a><\/figure>\n\n\n\n<div class=\"wp-block-buttons is-content-justification-center is-layout-flex wp-container-core-buttons-is-layout-a89b3969 wp-block-buttons-is-layout-flex\">\n<div class=\"wp-block-button\"><a class=\"wp-block-button__link wp-element-button\" href=\"https:\/\/www.geoportail-urbanisme.gouv.fr\/\" target=\"_blank\" rel=\"noopener noreferrer nofollow\">Geoportale Urbanistica<\/a><\/div>\n<\/div>\n\n\n\n<p>In questa sezione, pu\u00f2 consultare il Piano Regolatore Locale del Comune e i suoi regolamenti visitando il sito ufficiale G\u00e9oportail de l'urbanisme.<\/p>\n<\/div>\n\n\n\n<div class=\"wp-block-group is-style-section-1 has-global-padding is-layout-constrained wp-container-core-group-is-layout-f611be13 wp-block-group-is-layout-constrained is-style-section-1--5\" style=\"padding-top:var(--wp--preset--spacing--50);padding-right:var(--wp--preset--spacing--50);padding-bottom:var(--wp--preset--spacing--50);padding-left:var(--wp--preset--spacing--50)\">\n<p>Suite \u00e0 l\u2019approbation de la r\u00e9vision g\u00e9n\u00e9rale du Plan Local d\u2019Urbanisme (d\u00e9lib\u00e9ration du conseil municipal du 23\/02\/2026), le Conseil Municipal a approuv\u00e9 l\u2019instauration de nouveaux p\u00e9rim\u00e8tres de pr\u00e9emption.<\/p>\n\n\n\n<h2 class=\"wp-block-heading has-text-align-center\">Droit de Pr\u00e9emption Urbain&nbsp;(Simple et Renforc\u00e9)<\/h2>\n\n\n\n<p><strong>Par d\u00e9lib\u00e9ration n\u00b02026\/43 du 14\/04\/2026, le Conseil Municipal a approuv\u00e9 l\u2019instauration de nouveaux p\u00e9rim\u00e8tres relatifs aux droits de pr\u00e9emption urbain simple et renforc\u00e9<\/strong>.<\/p>\n\n\n\n<p>Cette d\u00e9lib\u00e9ration a \u00e9t\u00e9 transmise au contr\u00f4le de l\u00e9galit\u00e9 et affich\u00e9e en Mairie le 15\/04\/2026 (<a href=\"https:\/\/www.villeneuve-les-beziers.fr\/wp-content\/uploads\/2026\/04\/certificat-affichage-0426.pdf\">certificat<\/a>).<\/p>\n\n\n\n<p><a href=\"https:\/\/www.villeneuve-les-beziers.fr\/wp-content\/uploads\/2026\/04\/2026-43-Instauration-du-droit-de-preemption-urbain-situe-a-lapprobation-du-PLU.pdf\">D\u00e9lib\u00e9ration et plans<\/a><\/p>\n\n\n\n<p>Formalit\u00e9 de publicit\u00e9 : <a href=\"https:\/\/www.villeneuve-les-beziers.fr\/wp-content\/uploads\/2026\/04\/Journal_Midi_Libre_Montpellier_18_04_2026.pdf\">Midi Libre<\/a> e <a href=\"https:\/\/www.villeneuve-les-beziers.fr\/wp-content\/uploads\/2026\/04\/3617-23-04-26-page-23.pdf\">H\u00e9rault Tribune<\/a><\/p>\n<\/div>\n\n\n\n<div class=\"wp-block-group is-style-section-1 has-global-padding is-layout-constrained wp-container-core-group-is-layout-f611be13 wp-block-group-is-layout-constrained is-style-section-1--6\" style=\"padding-top:var(--wp--preset--spacing--50);padding-right:var(--wp--preset--spacing--50);padding-bottom:var(--wp--preset--spacing--50);padding-left:var(--wp--preset--spacing--50)\">\n<h2 class=\"wp-block-heading has-text-align-center is-style-section-1\">Visualizzazione legale delle domande e delle decisioni di pianificazione<\/h2>\n\n\n\n<p><a href=\"https:\/\/www.villeneuve-les-beziers.fr\/wp-content\/uploads\/2025\/07\/Affichage-legal-2025.pdf\">Anno 2025<\/a><\/p>\n\n\n\n<p><a href=\"https:\/\/www.villeneuve-les-beziers.fr\/wp-content\/uploads\/2025\/07\/Affichage-urba-2024-1.pdf\">Anno 2024<\/a><\/p>\n\n\n\n<p><a href=\"https:\/\/www.villeneuve-les-beziers.fr\/wp-content\/uploads\/2025\/07\/Affichage-urba-2023.pdf\">Anno 2023<\/a><\/p>\n\n\n\n<p><a href=\"https:\/\/www.villeneuve-les-beziers.fr\/wp-content\/uploads\/2025\/07\/Affichage-urba-2022-1.pdf\">Anno 2022<\/a><\/p>\n<\/div>\n\n\n\n<div class=\"wp-block-group is-style-section-1 has-global-padding is-layout-constrained wp-container-core-group-is-layout-cc9ecf56 wp-block-group-is-layout-constrained is-style-section-1--7\" style=\"margin-top:var(--wp--preset--spacing--50);margin-bottom:var(--wp--preset--spacing--50);padding-top:var(--wp--preset--spacing--50);padding-right:var(--wp--preset--spacing--50);padding-bottom:var(--wp--preset--spacing--50);padding-left:var(--wp--preset--spacing--50)\">\n<h2 class=\"wp-block-heading has-text-align-center\">Formalit\u00e0<\/h2>\n\n\n\n<figure class=\"wp-block-image aligncenter\"><a href=\"https:\/\/www.service-public.fr\/particuliers\/vosdroits\/N319\" target=\"_blank\" rel=\"noopener noreferrer nofollow\"><img decoding=\"async\" src=\"https:\/\/www.villeneuve-les-beziers.fr\/wp-content\/uploads\/2024\/11\/servicepublic.jpg\" alt=\"\"\/><\/a><\/figure>\n\n\n\n<div class=\"wp-block-buttons is-content-justification-center is-layout-flex wp-container-core-buttons-is-layout-a89b3969 wp-block-buttons-is-layout-flex\">\n<div class=\"wp-block-button\"><a class=\"wp-block-button__link wp-element-button\" href=\"https:\/\/www.service-public.fr\/particuliers\/vosdroits\/N319\" target=\"_blank\" rel=\"noreferrer noopener\">Permesso di pianificazione<\/a><\/div>\n<\/div>\n\n\n\n<p class=\"has-text-align-center\">Il permesso di pianificazione consente all'autorit\u00e0 locale di verificare che i lavori siano conformi alle norme di pianificazione. A seconda del tipo di progetto e dell'ubicazione, dovr\u00e0 presentare una richiesta di permesso di costruzione (licenza edilizia, permesso di sviluppo, ecc.) o una dichiarazione preliminare di lavori. Prima di iniziare qualsiasi lavoro, \u00e8 consigliabile richiedere un certificato urbanistico per ottenere informazioni sul terreno su cui verranno eseguiti i lavori.<\/p>\n<\/div>\n\n\n\n<div class=\"wp-block-group is-style-section-1 has-global-padding is-layout-constrained wp-container-core-group-is-layout-73721e90 wp-block-group-is-layout-constrained is-style-section-1--8\" style=\"margin-top:var(--wp--preset--spacing--50);margin-bottom:var(--wp--preset--spacing--50);padding-top:var(--wp--preset--spacing--50);padding-right:var(--wp--preset--spacing--50);padding-bottom:var(--wp--preset--spacing--50);padding-left:var(--wp--preset--spacing--50)\">\n<h2 class=\"wp-block-heading\">Ristrutturazione della facciata<\/h2>\n\n\n\n<p>Per effettuare qualsiasi lavoro di restauro, \u00e8 necessario presentare una richiesta di \"dichiarazione preventiva di costruzione\" (DPC) in tutti i settori, e ottenere l'approvazione dell'architetto dei B\u00e2timents de France nei centri urbani).&nbsp;<\/p>\n\n\n\n<p>Il file \u00e8 composto da :<\/p>\n\n\n\n<ul class=\"wp-block-list\">\n<li><a href=\"https:\/\/www.service-public.fr\/particuliers\/vosdroits\/R2028\" target=\"_blank\" rel=\"noopener noreferrer nofollow\">Modulo di dichiarazione preliminare<\/a><\/li>\n\n\n\n<li>DPC 1 : <a href=\"https:\/\/www.villeneuve-les-beziers.fr\/wp-content\/uploads\/2023\/06\/planCadastralNormalisecentrevilleAA.pdf\">Mappa della posizione<\/a> con la posizione del lotto<\/li>\n\n\n\n<li>DPC 11: Descrizione del lavoro :&nbsp;<a style=\"font-size: 14px;\" href=\"https:\/\/www.villeneuve-les-beziers.fr\/wp-content\/uploads\/2023\/06\/NOTICE-DESCRIPTIVE-DES-TRAVAUX.pdf\">esempio<\/a><\/li>\n\n\n\n<li>DPC 5: una rappresentazione dell'aspetto esterno del progetto (gli elementi possono essere indicati a mano sulle fotografie)<\/li>\n\n\n\n<li>DPC 6: un documento grafico che mostra il progetto dopo la modifica (fotomontaggio, schizzo, ecc.).<\/li>\n\n\n\n<li>DPC 7: Fotografie a colori della facciata (vista ravvicinata dell'intera\/e facciata\/e)<\/li>\n\n\n\n<li>DPC 8: Fotografie a colori della facciata e delle facciate vicine dalla propriet\u00e0 o dalla strada.<\/li>\n<\/ul>\n\n\n\n<p>Pu\u00f2 presentare la sua domanda tramite il portale digitale (GNAU), avendo cura di presentare tutti i documenti di cui sopra singolarmente:<\/p>\n\n\n\n<p>Collegamento a GNAU : <a href=\"https:\/\/gnau.beziers-mediterranee.fr\/gnau\/#\" target=\"_blank\" rel=\"noopener noreferrer nofollow\">https:\/\/gnau.beziers-mediterranee.fr\/gnau\/#<\/a><\/p>\n\n\n\n<div class=\"wp-block-file\"><a id=\"wp-block-file--media-aa5a8d53-5a11-4211-948c-a62a1bc03b67\" href=\"https:\/\/www.villeneuve-les-beziers.fr\/wp-content\/uploads\/2023\/06\/nuancier.BeEziers.jpg\">Tabella dei colori<\/a><a href=\"https:\/\/www.villeneuve-les-beziers.fr\/wp-content\/uploads\/2023\/06\/nuancier.BeEziers.jpg\" class=\"wp-block-file__button wp-element-button\" aria-describedby=\"wp-block-file--media-aa5a8d53-5a11-4211-948c-a62a1bc03b67\" download>Scaricare<\/a><\/div>\n<\/div>\n\n\n\n<div class=\"wp-block-group is-style-section-1 has-global-padding is-layout-constrained wp-container-core-group-is-layout-cc9ecf56 wp-block-group-is-layout-constrained is-style-section-1--9\" style=\"margin-top:var(--wp--preset--spacing--50);margin-bottom:var(--wp--preset--spacing--50);padding-top:var(--wp--preset--spacing--50);padding-right:var(--wp--preset--spacing--50);padding-bottom:var(--wp--preset--spacing--50);padding-left:var(--wp--preset--spacing--50)\">\n<h2 class=\"wp-block-heading\">Installazione di un condizionatore d'aria<\/h2>\n\n\n\n<p>Qualsiasi modifica all'aspetto esterno di un edificio \u00e8 soggetta alla presentazione di una domanda di \"dichiarazione preliminare alla costruzione\" (DPC) in tutti i settori e all'accordo dell'architetto dei B\u00e2timents de France nel centro citt\u00e0.<\/p>\n\n\n\n<p>Il file \u00e8 composto da :<\/p>\n\n\n\n<ul class=\"wp-block-list\">\n<li><a href=\"https:\/\/www.service-public.fr\/particuliers\/vosdroits\/R2028\" target=\"_blank\" rel=\"noopener noreferrer nofollow\">Modulo di dichiarazione preliminare<\/a><\/li>\n\n\n\n<li>DPC1: Pianta del sito che mostra la posizione del lotto: &nbsp;<a href=\"https:\/\/www.villeneuve-les-beziers.fr\/wp-content\/uploads\/2023\/06\/planCadastralNormalisecentrevilleAA.pdf\">pianoCatastaleNormalisecentrevilleAA<\/a><\/li>\n\n\n\n<li>DPC 11: Descrizione del lavoro: descrizione dell'apparecchio (materiali, colore, dimensioni) e ubicazione dell'apparecchio (tetto, soffitta, box, ecc.).&nbsp;<\/li>\n\n\n\n<li>DPC 5: una rappresentazione del progetto, ad esempio un diagramma, uno schizzo, eventualmente fotografie del tetto e della facciata con un'indicazione del luogo in cui sar\u00e0 installato il sistema.<\/li>\n\n\n\n<li>DPC 6: un documento grafico che mostra il progetto dopo la modifica (fotomontaggio, schizzo, ecc.).<\/li>\n\n\n\n<li>DPC 7 : fotografie a colori della facciata e\/o del tetto (vista ravvicinata)<\/li>\n\n\n\n<li>DPC 8: Fotografie a colori della facciata e delle facciate e\/o del tetto vicini dalla propriet\u00e0 o dalla strada.<\/li>\n<\/ul>\n\n\n\n<p>Pu\u00f2 presentare la sua domanda tramite il portale digitale (GNAU), avendo cura di presentare tutti i documenti di cui sopra singolarmente:<\/p>\n\n\n\n<p>Collegamento a GNAU : <a href=\"https:\/\/gnau.beziers-mediterranee.fr\/gnau\/#\" target=\"_blank\" rel=\"noopener noreferrer nofollow\">https:\/\/gnau.beziers-mediterranee.fr\/gnau\/#<\/a><\/p>\n\n\n\n<div class=\"wp-block-file\"><a id=\"wp-block-file--media-3f7e6090-c846-43dd-9082-6731f29cb74f\" href=\"https:\/\/www.villeneuve-les-beziers.fr\/wp-content\/uploads\/2023\/07\/Integration-Technique-Climatiseurs-1.pdf\">Integrazione tecnica Condizionatori d'aria<\/a><a href=\"https:\/\/www.villeneuve-les-beziers.fr\/wp-content\/uploads\/2023\/07\/Integration-Technique-Climatiseurs-1.pdf\" class=\"wp-block-file__button wp-element-button\" aria-describedby=\"wp-block-file--media-3f7e6090-c846-43dd-9082-6731f29cb74f\" download>Scaricare<\/a><\/div>\n<\/div>\n\n\n\n<div class=\"wp-block-group is-style-section-1 has-global-padding is-layout-constrained wp-container-core-group-is-layout-f611be13 wp-block-group-is-layout-constrained is-style-section-1--10\" style=\"padding-top:var(--wp--preset--spacing--50);padding-right:var(--wp--preset--spacing--50);padding-bottom:var(--wp--preset--spacing--50);padding-left:var(--wp--preset--spacing--50)\">\n<h2 class=\"wp-block-heading\">Installazione di pannelli solari\/fotovoltaici<\/h2>\n\n\n\n<p>Qualsiasi modifica all'aspetto esterno di un edificio \u00e8 soggetta alla presentazione di una domanda di \"dichiarazione preventiva di costruzione\" (DPC) in tutti i settori e all'accordo dell'architetto dei B\u00e2timents de France nel centro citt\u00e0 (perimetro di 500 metri intorno alla chiesa).<\/p>\n\n\n\n<p>Quando l'edificio si trova all'interno del perimetro di protezione di un monumento storico classificato (chiesa), l'Architecte des B\u00e2timents de France pu\u00f2 non autorizzare l'installazione di pannelli fotovoltaici sul tetto dell'edificio, soprattutto se la loro superficie \u00e8 troppo grande rispetto alla superficie del tetto.<\/p>\n\n\n\n<p>Se possibile, i pannelli possono essere installati sul tetto di un annesso a un piano, non visibile dallo spazio pubblico e non sul tetto principale dell'edificio.<br>Potrebbero anche essere studiati su una pergola che copre una terrazza, se necessario.<\/p>\n\n\n\n<p>Altrimenti, il progetto pu\u00f2 essere accettato se \u00e8 conforme a quanto segue:<\/p>\n\n\n\n<ul class=\"wp-block-list\">\n<li>Installati in cima al tetto, preferibilmente in una striscia singola (utilizzando una semplice geometria rettangolare) appena sopra la grondaia, nella parte pi\u00f9 bassa della pendenza. In nessun caso devono essere vicini al colmo. Il lato pi\u00f9 lungo di ogni pannello deve essere posato in direzione della pendenza del tetto.<\/li>\n\n\n\n<li>I pannelli saranno di colore marrone o terracotta.<\/li>\n\n\n\n<li>La finitura sar\u00e0 opaca. Le cornici e i supporti saranno dello stesso colore dei pannelli.<\/li>\n<\/ul>\n\n\n\n<p><strong>Il file \u00e8 composto da :<\/strong><\/p>\n\n\n\n<ul class=\"wp-block-list\">\n<li><a href=\"https:\/\/www.service-public.fr\/particuliers\/vosdroits\/R2028\" target=\"_blank\" rel=\"noreferrer noopener\">Modulo di dichiarazione preliminare<\/a><\/li>\n\n\n\n<li>DPC 1 : <a href=\"https:\/\/www.villeneuve-les-beziers.fr\/wp-content\/uploads\/2023\/06\/planCadastralNormalisecentrevilleAA.pdf\">Mappa della posizione<\/a> con la posizione del lotto<\/li>\n\n\n\n<li>DPC 11: Descrizione dell'opera: descrizione dell'apparecchio (potenza, materiali, colore, dimensioni) e ubicazione dell'apparecchio.<\/li>\n\n\n\n<li>DPC 5: una rappresentazione del progetto, ad esempio un diagramma, uno schizzo, eventualmente fotografie del tetto e della facciata con un'indicazione del punto in cui saranno installati i pannelli.<\/li>\n\n\n\n<li>DPC 6: un documento grafico che mostra il progetto dopo la modifica (fotomontaggio, schizzo, ecc.).<\/li>\n\n\n\n<li>DPC 7 : Fotografie a colori del tetto (vista ravvicinata)<\/li>\n\n\n\n<li>DPC 8: fotografie a colori del tetto dal sito o dalla strada<\/li>\n<\/ul>\n\n\n\n<p>Pu\u00f2 presentare la sua domanda tramite il portale digitale (GNAU), avendo cura di presentare tutti i documenti di cui sopra singolarmente:<\/p>\n\n\n\n<p>Collegamento a GNAU : <a href=\"https:\/\/gnau.beziers-mediterranee.fr\/gnau\/#\" target=\"_blank\" rel=\"noopener noreferrer nofollow\">https:\/\/gnau.beziers-mediterranee.fr\/gnau\/#<\/a><\/p>\n\n\n\n<div class=\"wp-block-file\"><a id=\"wp-block-file--media-f662cf11-8937-4d6b-8e87-a5b6773e3d40\" href=\"https:\/\/www.villeneuve-les-beziers.fr\/wp-content\/uploads\/2023\/07\/livret_guide_des_capteurs_2018_light.pdf\">Guida_dei_sensori_2018_luce<\/a><a href=\"https:\/\/www.villeneuve-les-beziers.fr\/wp-content\/uploads\/2023\/07\/livret_guide_des_capteurs_2018_light.pdf\" class=\"wp-block-file__button wp-element-button\" aria-describedby=\"wp-block-file--media-f662cf11-8937-4d6b-8e87-a5b6773e3d40\" download>Scaricare<\/a><\/div>\n\n\n\n<p>Fonti: Le Unit\u00e9s D\u00e9partementales de l'Architecture et du Patrimoine (UDAP), il CAPEB, la C.A.U.E e l'Agence Locale de l'Energie hanno unito le forze per realizzare questa guida.<\/p>\n\n\n\n<p class=\"has-text-align-center\">Estratti<\/p>\n\n\n\n<div class=\"wp-block-group is-content-justification-center is-nowrap is-layout-flex wp-container-core-group-is-layout-23441af8 wp-block-group-is-layout-flex\">\n<figure class=\"wp-block-image size-full\"><img loading=\"lazy\" decoding=\"async\" width=\"192\" height=\"661\" src=\"https:\/\/www.villeneuve-les-beziers.fr\/wp-content\/uploads\/2024\/11\/fiche-1-centre-ancien.png\" alt=\"\" class=\"wp-image-19260\" srcset=\"https:\/\/www.villeneuve-les-beziers.fr\/wp-content\/uploads\/2024\/11\/fiche-1-centre-ancien.png 192w, https:\/\/www.villeneuve-les-beziers.fr\/wp-content\/uploads\/2024\/11\/fiche-1-centre-ancien-87x300.png 87w\" sizes=\"auto, (max-width: 192px) 100vw, 192px\" \/><\/figure>\n\n\n\n<figure class=\"wp-block-image size-full\"><img loading=\"lazy\" decoding=\"async\" width=\"239\" height=\"655\" src=\"https:\/\/www.villeneuve-les-beziers.fr\/wp-content\/uploads\/2024\/11\/fiche-2-Maison-de-ville.png\" alt=\"\" class=\"wp-image-19261\" srcset=\"https:\/\/www.villeneuve-les-beziers.fr\/wp-content\/uploads\/2024\/11\/fiche-2-Maison-de-ville.png 239w, https:\/\/www.villeneuve-les-beziers.fr\/wp-content\/uploads\/2024\/11\/fiche-2-Maison-de-ville-109x300.png 109w\" sizes=\"auto, (max-width: 239px) 100vw, 239px\" \/><\/figure>\n<\/div>\n<\/div>\n\n\n\n<div class=\"wp-block-group is-style-section-1 has-global-padding is-layout-constrained wp-container-core-group-is-layout-cc9ecf56 wp-block-group-is-layout-constrained is-style-section-1--11\" style=\"margin-top:var(--wp--preset--spacing--50);margin-bottom:var(--wp--preset--spacing--50);padding-top:var(--wp--preset--spacing--50);padding-right:var(--wp--preset--spacing--50);padding-bottom:var(--wp--preset--spacing--50);padding-left:var(--wp--preset--spacing--50)\">\n<h2 class=\"wp-block-heading has-text-align-center\">Catasto<\/h2>\n\n\n\n<figure class=\"wp-block-image aligncenter size-full\"><img loading=\"lazy\" decoding=\"async\" width=\"300\" height=\"169\" src=\"https:\/\/www.villeneuve-les-beziers.fr\/wp-content\/uploads\/2024\/11\/cadastre.png\" alt=\"\" class=\"wp-image-18839\" srcset=\"https:\/\/www.villeneuve-les-beziers.fr\/wp-content\/uploads\/2024\/11\/cadastre.png 300w, https:\/\/www.villeneuve-les-beziers.fr\/wp-content\/uploads\/2024\/11\/cadastre-150x85.png 150w\" sizes=\"auto, (max-width: 300px) 100vw, 300px\" \/><\/figure>\n\n\n\n<div class=\"wp-block-buttons is-content-justification-center is-layout-flex wp-container-core-buttons-is-layout-a89b3969 wp-block-buttons-is-layout-flex\">\n<div class=\"wp-block-button\"><a class=\"wp-block-button__link wp-element-button\" href=\"http:\/\/www.villeneuve-les-beziers.fr\/it\/pianificazione-urbanistica\/consultare-il-catasto\/\" target=\"_blank\" rel=\"noopener noreferrer nofollow\">Consultazione sul catasto<\/a><\/div>\n<\/div>\n\n\n\n<p class=\"has-text-align-center\">Questo servizio le permette di cercare, visualizzare e ordinare questi fogli di mappa.<\/p>\n<\/div>\n\n\n\n<div class=\"wp-block-group is-style-section-1 has-global-padding is-layout-constrained wp-container-core-group-is-layout-cc9ecf56 wp-block-group-is-layout-constrained is-style-section-1--12\" style=\"margin-top:var(--wp--preset--spacing--50);margin-bottom:var(--wp--preset--spacing--50);padding-top:var(--wp--preset--spacing--50);padding-right:var(--wp--preset--spacing--50);padding-bottom:var(--wp--preset--spacing--50);padding-left:var(--wp--preset--spacing--50)\">\n<h2 class=\"wp-block-heading\">Permessi di noleggio<\/h2>\n\n\n\n<div class=\"wp-block-columns are-vertically-aligned-center is-layout-flex wp-container-core-columns-is-layout-28f84493 wp-block-columns-is-layout-flex\">\n<div class=\"wp-block-column is-vertically-aligned-center is-layout-flow wp-block-column-is-layout-flow\">\n<p>La Communaut\u00e9 d'Agglom\u00e9ration B\u00e9ziers M\u00e9diterran\u00e9e ha introdotto un sistema di \"permesso di locazione\" per combattere gli alloggi non a norma. Il Comune di Villeneuve ha adottato questo schema all'interno di una determinata area (vedere mappa).<\/p>\n\n\n\n<p>Questa autorizzazione preventiva viene rilasciata dalla Communaut\u00e9 d'Agglom\u00e9ration ai proprietari che desiderano lanciare una nuova locazione del loro immobile.<\/p>\n\n\n\n<p>Se la sua propriet\u00e0 rientra nell'area coperta dal programma e cambia inquilino, deve richiedere un'autorizzazione preventiva per la locazione.<\/p>\n\n\n\n<p>Pu\u00f2 contattare l'Agence de l'Habitat per qualsiasi domanda sul programma. Un tecnico effettuer\u00e0 un'ispezione dell'immobile. L'autorizzazione alla locazione dell'immobile potr\u00e0 essere concessa, soggetta a condizioni o rifiutata. La decisione di rifiutare o concedere l'autorizzazione sar\u00e0 motivata e specificher\u00e0 la natura dei lavori o dei miglioramenti richiesti.<\/p>\n<\/div>\n\n\n\n<div class=\"wp-block-column is-vertically-aligned-center is-layout-flow wp-block-column-is-layout-flow\">\n<figure data-wp-context=\"{&quot;imageId&quot;:&quot;69f36ed6bf99d&quot;}\" data-wp-interactive=\"core\/image\" data-wp-key=\"69f36ed6bf99d\" class=\"wp-block-image size-full wp-lightbox-container\"><img loading=\"lazy\" decoding=\"async\" width=\"768\" height=\"540\" data-wp-class--hide=\"state.isContentHidden\" data-wp-class--show=\"state.isContentVisible\" data-wp-init=\"callbacks.setButtonStyles\" data-wp-on--click=\"actions.showLightbox\" data-wp-on--load=\"callbacks.setButtonStyles\" data-wp-on-window--resize=\"callbacks.setButtonStyles\" src=\"https:\/\/www.villeneuve-les-beziers.fr\/wp-content\/uploads\/2023\/04\/perimetre-PL.png\" alt=\"\" class=\"wp-image-17086\" srcset=\"https:\/\/www.villeneuve-les-beziers.fr\/wp-content\/uploads\/2023\/04\/perimetre-PL.png 768w, https:\/\/www.villeneuve-les-beziers.fr\/wp-content\/uploads\/2023\/04\/perimetre-PL-300x211.png 300w\" sizes=\"auto, (max-width: 768px) 100vw, 768px\" \/><button\n\t\t\tclass=\"lightbox-trigger\"\n\t\t\ttype=\"button\"\n\t\t\taria-haspopup=\"dialog\"\n\t\t\taria-label=\"Ingrandisci\"\n\t\t\tdata-wp-init=\"callbacks.initTriggerButton\"\n\t\t\tdata-wp-on--click=\"actions.showLightbox\"\n\t\t\tdata-wp-style--right=\"state.imageButtonRight\"\n\t\t\tdata-wp-style--top=\"state.imageButtonTop\"\n\t\t>\n\t\t\t<svg xmlns=\"http:\/\/www.w3.org\/2000\/svg\" width=\"12\" height=\"12\" fill=\"none\" viewbox=\"0 0 12 12\">\n\t\t\t\t<path fill=\"#fff\" d=\"M2 0a2 2 0 0 0-2 2v2h1.5V2a.5.5 0 0 1 .5-.5h2V0H2Zm2 10.5H2a.5.5 0 0 1-.5-.5V8H0v2a2 2 0 0 0 2 2h2v-1.5ZM8 12v-1.5h2a.5.5 0 0 0 .5-.5V8H12v2a2 2 0 0 1-2 2H8Zm2-12a2 2 0 0 1 2 2v2h-1.5V2a.5.5 0 0 0-.5-.5H8V0h2Z\" \/>\n\t\t\t<\/svg>\n\t\t<\/button><\/figure>\n\n\n\n<div class=\"wp-block-group has-global-padding is-layout-constrained wp-block-group-is-layout-constrained\" style=\"margin-top:var(--wp--preset--spacing--50);margin-bottom:var(--wp--preset--spacing--50)\">\n<p>Dettagli di contatto<\/p>\n\n\n\n<p>Agence de l'Habitat, 1 Avenue du Pr\u00e9sident Wilson, 34500 BEZIERS<br>Tel.: 04.99.41.34.94<br>Posta :&nbsp;<a style=\"font-size: 16px;\" role=\"link\" href=\"mailto:agencehabitat@beziers-mediterranee.fr\">agencehabitat@beziers-mediterranee.fr<\/a><\/p>\n<\/div>\n\n\n\n<p>Forma Cerfa :&nbsp;<a style=\"font-size: 14px; color: #0000ff;\" role=\"link\" href=\"https:\/\/www.formulaires.service-public.fr\/gf\/cerfa_15652.do\" target=\"_blank\" rel=\"noopener\">cerfa n\u00b015652*01<\/a><\/p>\n<\/div>\n<\/div>\n<\/div>\n\n\n\n<div class=\"wp-block-group is-style-section-1 has-global-padding is-layout-constrained wp-container-core-group-is-layout-cc9ecf56 wp-block-group-is-layout-constrained is-style-section-1--13\" style=\"margin-top:var(--wp--preset--spacing--50);margin-bottom:var(--wp--preset--spacing--50);padding-top:var(--wp--preset--spacing--50);padding-right:var(--wp--preset--spacing--50);padding-bottom:var(--wp--preset--spacing--50);padding-left:var(--wp--preset--spacing--50)\">\n<h2 class=\"wp-block-heading\">Sovvenzioni e sussidi - Alloggi<\/h2>\n\n\n\n<div class=\"wp-block-columns are-vertically-aligned-center is-layout-flex wp-container-core-columns-is-layout-28f84493 wp-block-columns-is-layout-flex\">\n<div class=\"wp-block-column is-vertically-aligned-center is-layout-flow wp-block-column-is-layout-flow\">\n<p>Per scoprire tutto quello che c'\u00e8 da sapere sul supporto disponibile per l'abitazione e il risparmio energetico nella zona, l'Agglo mette a disposizione uno sportello unico: l'Agence de l'Habitat (Agenzia per l'Abitazione), gestita da un team di tecnici.&nbsp;<\/p>\n\n\n\n<p>Offre informazioni e consulenza gratuita e personalizzata. La aiuter\u00e0 a conoscere le procedure e gli aiuti disponibili per il suo progetto (aiuti ANAH e fondi propri dell'Agglo).<\/p>\n<\/div>\n\n\n\n<div class=\"wp-block-column is-vertically-aligned-center is-layout-flow wp-block-column-is-layout-flow\">\n<p>Contatto:&nbsp;<\/p>\n\n\n\n<p>Agence de l'Habitat 1 avenue du Pr\u00e9sident Wilson<br>34500 B\u00e9ziers&nbsp;&nbsp;<br>8.30-12.30 e 13.30-17.00&nbsp;&nbsp;<br>Tel.: 04 99 41 34 94&nbsp;&nbsp;<br>agencehabitat@beziers-mediterranee.fr<\/p>\n<\/div>\n<\/div>\n<\/div>\n\n\n\n<div class=\"wp-block-group is-style-section-1 has-global-padding is-layout-constrained wp-container-core-group-is-layout-07c3ecea wp-block-group-is-layout-constrained is-style-section-1--14\" style=\"margin-top:var(--wp--preset--spacing--40);margin-bottom:var(--wp--preset--spacing--40);padding-top:var(--wp--preset--spacing--40);padding-right:var(--wp--preset--spacing--40);padding-bottom:var(--wp--preset--spacing--40);padding-left:var(--wp--preset--spacing--40)\">\n<h2 class=\"wp-block-heading has-text-align-left is-style-default\">Dossier di creazione ZAC \"La CLAUDERY<\/h2>\n\n\n\n<p><a href=\"https:\/\/www.villeneuve-les-beziers.fr\/wp-content\/uploads\/2025\/07\/2025-32-Procedure-de-creation-ZAC-Claudery-arret-bilan-PPVE.pdf\">DELIB 2025 32 ZAC Procedura di sviluppo di Claudery - Rapporto di valutazione PPVE<\/a><\/p>\n\n\n\n<p><a href=\"https:\/\/www.villeneuve-les-beziers.fr\/wp-content\/uploads\/2025\/08\/2025-034-Creation-ZAC-La-Claudery.pdf\">DELIB 2025 34 Creazione di zac la claudery approvazione del dossier di sviluppo<\/a><\/p>\n\n\n\n<p><a href=\"https:\/\/www.villeneuve-les-beziers.fr\/wp-content\/uploads\/2025\/08\/Piece0-Crea-ZAC-Claudery-PG-Liste-pieces.pdf\">Pezzo0-Crea ZAC Claudery-PG &amp; Elenco dei pezzi<\/a><\/p>\n\n\n\n<p><a href=\"https:\/\/www.villeneuve-les-beziers.fr\/wp-content\/uploads\/2025\/08\/Piece1-Creation-ZAC-Claudery-Rapport-de-presentation.pdf\">Pezzo1 - Creazione ZAC Claudery - Relazione di presentazione<\/a><\/p>\n\n\n\n<p><a href=\"https:\/\/www.villeneuve-les-beziers.fr\/wp-content\/uploads\/2025\/08\/Piece2-Crea-ZAC-Claudery-Plan-situation.pdf\">Situazione Piece2 Crea ZAC Claudery-Plan<\/a><\/p>\n\n\n\n<p><a href=\"https:\/\/www.villeneuve-les-beziers.fr\/wp-content\/uploads\/2025\/08\/Piece3-Crea-ZAC-Claudery-Plan-delimitation-perimetre.pdf\">Pezzo3-Crea ZAC Claudery-Piano di delimitazione perimetrale<\/a><\/p>\n\n\n\n<p><a href=\"https:\/\/www.villeneuve-les-beziers.fr\/wp-content\/uploads\/2025\/08\/Piece4-Crea-ZAC-Claudery-Regime-taxe-d-amenagement.pdf\">Piece4 Crea ZAC Claudery-Regime taxe d'am\u00e9nagement.pdf<\/a><\/p>\n\n\n\n<p><a href=\"https:\/\/www.villeneuve-les-beziers.fr\/wp-content\/uploads\/2025\/08\/Piece5-Crea-ZAC-La-Claudery-Resume-non-technique-EI.pdf\">Pezzo5 Crea ZAC La Claudery - Sintesi non tecnica EI<\/a><\/p>\n\n\n\n<p><a href=\"https:\/\/www.villeneuve-les-beziers.fr\/wp-content\/uploads\/2025\/08\/Piece6-Crea-ZAC-La-Claudery-Etude-d-impact.pdf\">Piece6 Crea ZAC La Claudery - Studio d'impatto.pdf<\/a><\/p>\n<\/div>\n\n\n\n<div class=\"wp-block-group is-style-section-1 has-global-padding is-layout-constrained wp-container-core-group-is-layout-25e910c5 wp-block-group-is-layout-constrained is-style-section-1--15\" style=\"margin-top:var(--wp--preset--spacing--40);margin-bottom:var(--wp--preset--spacing--40);padding-top:var(--wp--preset--spacing--40);padding-right:var(--wp--preset--spacing--40);padding-bottom:var(--wp--preset--spacing--40);padding-left:var(--wp--preset--spacing--40)\">\n<h2 class=\"wp-block-heading\">Dossier di creazione ZAC \"Pech Auriol - Le Cros<\/h2>\n\n\n\n<p><a href=\"https:\/\/www.villeneuve-les-beziers.fr\/wp-content\/uploads\/2025\/07\/2025-33-Procedure-creation-ZAC-multi-sites-Pech-Auriol-le-Cros-arret-bilan-PPVE.pdf\">DELIB 2025 33 Pech Auriol le Cros procedura di zona di sviluppo multi-sito - Rapporto di valutazione PPVE<\/a><\/p>\n\n\n\n<p><a href=\"https:\/\/www.villeneuve-les-beziers.fr\/wp-content\/uploads\/2025\/08\/2025-035-Creation-ZAC-Pech-Auriol-Le-Cros.pdf\">DELIB 2025 35 Creazione della zona di sviluppo misto Pech Auriol Le Cros - Approvazione del dossier di sviluppo<\/a><\/p>\n\n\n\n<p><a href=\"https:\/\/www.villeneuve-les-beziers.fr\/wp-content\/uploads\/2025\/08\/Piece0-Crea-ZAC-Pech-Auriol-Le-Cros-PG-Liste-pieces.pdf\">Pezzo0-Crea ZAC Pech Auriol Le Cros-PG &amp; Lista delle parti.pdf<\/a><\/p>\n\n\n\n<p><a href=\"https:\/\/www.villeneuve-les-beziers.fr\/wp-content\/uploads\/2025\/08\/Piece1-Crea-ZAC-Pech-Auriol-Le-Cros-Rapport-de-presentation.pdf\">Pezzo1-Crea-ZAC-Pech-Auriol-Le-Cros-Rapporto di presentazione.pdf<\/a><\/p>\n\n\n\n<p><a href=\"https:\/\/www.villeneuve-les-beziers.fr\/wp-content\/uploads\/2025\/08\/Piece2-Crea-ZAC-Pech-Auriol-Le-Cros-Plan-situation.pdf\">Pezzo2-Crea-ZAC-Pech-Auriol-Le-Cros-Piano-situazione.pdf<\/a><\/p>\n\n\n\n<p><a href=\"https:\/\/www.villeneuve-les-beziers.fr\/wp-content\/uploads\/2025\/08\/Piece3-Crea-ZAC-Pech-Auriol-Le-Cros-Plan-delimitation-perimetre.pdf\">Pezzo3-Crea-ZAC-Pech-Auriol-Le-Cros-Piano-delimitazione-perimetrale.pdf<\/a><\/p>\n\n\n\n<p><a href=\"https:\/\/www.villeneuve-les-beziers.fr\/wp-content\/uploads\/2025\/08\/Piece4-Crea-ZAC-Pech-Auriol-Le-Cros-Regime-taxe-d-amenagement.pdf\">Piece4 Crea ZAC Pech Auriol-Le Cros-Regime taxe d'am\u00e9nagement.pdf<\/a><\/p>\n\n\n\n<p><a href=\"https:\/\/www.villeneuve-les-beziers.fr\/wp-content\/uploads\/2025\/08\/Piece5-Creation-ZAC-Pech-Auriol-Le-Cros-Resume-non-technique-EI.pdf\">Pezzo5-Creazione-ZAC-Pech-Auriol-Le-Cros-Resume-non-tecnico-EI.pdf<\/a><\/p>\n\n\n\n<p><a href=\"https:\/\/www.villeneuve-les-beziers.fr\/wp-content\/uploads\/2025\/08\/Piece6-Crea-ZAC-Pech-Auriol-Le-Cros-Etude-d-impact.pdf\">Pezzo6-Crea ZAC Pech Auriol-Le Cros - Studio d'impatto.pdf<\/a><\/p>\n<\/div>\n\n\n\n<div class=\"wp-block-group is-style-section-1 has-global-padding is-layout-constrained wp-container-core-group-is-layout-cc9ecf56 wp-block-group-is-layout-constrained is-style-section-1--16\" style=\"margin-top:var(--wp--preset--spacing--50);margin-bottom:var(--wp--preset--spacing--50);padding-top:var(--wp--preset--spacing--50);padding-right:var(--wp--preset--spacing--50);padding-bottom:var(--wp--preset--spacing--50);padding-left:var(--wp--preset--spacing--50)\">\n<h2 class=\"wp-block-heading\">Avviso di partecipazione pubblica elettronica<\/h2>\n\n\n\n<div class=\"wp-block-columns is-layout-flex wp-container-core-columns-is-layout-28f84493 wp-block-columns-is-layout-flex\">\n<div class=\"wp-block-column is-layout-flow wp-block-column-is-layout-flow\">\n<p>05\/11\/2024<\/p>\n\n\n\n<p><strong>AVVISO DI PARTECIPAZIONE PUBBLICA ELETTRONICA PRIMA DELL'APPROVAZIONE DEL DOSSIER PER LA CREAZIONE DELLA ZAC \"LA CLAUDERY\".<\/strong><\/p>\n\n\n\n<p>In conformit\u00e0 con le disposizioni dell'articolo L123-19 del Codice dell'Ambiente francese, viene organizzata una consultazione pubblica elettronica sul progetto di creazione della Zona di Sviluppo Concertato (ZAC) \"La Claudery\". Questo progetto, che \u00e8 soggetto a valutazione ambientale, riguarda l'ampliamento del parco commerciale \"La Claudery\" nel comune di Villeneuve-l\u00e8s-B\u00e9ziers.<\/p>\n\n\n\n<p>La partecipazione del pubblico per via elettronica avr\u00e0 luogo per un periodo di 31 giorni consecutivi: da luned\u00ec 25 novembre alle ore 8:00 a gioved\u00ec 26 dicembre 2024 incluso.<\/p>\n\n\n\n<p>A<a href=\"https:\/\/www.villeneuve-les-beziers.fr\/wp-content\/uploads\/2024\/11\/Avis-PPVE-ZAC-Claudery-2.pdf\">vite: link<\/a><\/p>\n\n\n\n<p>Piattaforma dedicata :&nbsp;<\/p>\n\n\n\n<p>h<a href=\"https:\/\/www.democratie-active.fr\/zac-claudery-ppve\/\" target=\"_blank\" rel=\"noopener\">ttps:\/\/www.democratie-active.fr\/zac-claudery-ppve\/<\/a>&nbsp;dove \u00e8 possibile scaricare tutti i documenti che compongono il dossier di candidatura.<\/p>\n\n\n\n<p>Registro elettronico :<\/p>\n\n\n\n<p><a href=\"https:\/\/www.democratie-active.fr\/zac-claudery-ppve\" target=\"_blank\" rel=\"noopener noreferrer nofollow\">https:\/\/www.democratie-active.fr\/zac-claudery-ppve<\/a><\/p>\n\n\n\n<p>Email :&nbsp;<a href=\"mailto:zac-claudery@democratie-active.fr\" target=\"_blank\" rel=\"noreferrer noopener\">zac-claudery@democratie-active.fr<\/a><\/p>\n<\/div>\n\n\n\n<div class=\"wp-block-column is-layout-flow wp-block-column-is-layout-flow\">\n<figure data-wp-context=\"{&quot;imageId&quot;:&quot;69f36ed6c0d54&quot;}\" data-wp-interactive=\"core\/image\" data-wp-key=\"69f36ed6c0d54\" class=\"wp-block-image size-large wp-lightbox-container\"><img loading=\"lazy\" decoding=\"async\" width=\"724\" height=\"1024\" data-wp-class--hide=\"state.isContentHidden\" data-wp-class--show=\"state.isContentVisible\" data-wp-init=\"callbacks.setButtonStyles\" data-wp-on--click=\"actions.showLightbox\" data-wp-on--load=\"callbacks.setButtonStyles\" data-wp-on-window--resize=\"callbacks.setButtonStyles\" src=\"https:\/\/www.villeneuve-les-beziers.fr\/wp-content\/uploads\/2024\/11\/claudery-scaled-e1730801159667-724x1024.jpg\" alt=\"\" class=\"wp-image-18615\" srcset=\"https:\/\/www.villeneuve-les-beziers.fr\/wp-content\/uploads\/2024\/11\/claudery-scaled-e1730801159667-724x1024.jpg 724w, https:\/\/www.villeneuve-les-beziers.fr\/wp-content\/uploads\/2024\/11\/claudery-scaled-e1730801159667-212x300.jpg 212w, https:\/\/www.villeneuve-les-beziers.fr\/wp-content\/uploads\/2024\/11\/claudery-scaled-e1730801159667-768x1086.jpg 768w, https:\/\/www.villeneuve-les-beziers.fr\/wp-content\/uploads\/2024\/11\/claudery-scaled-e1730801159667-1086x1536.jpg 1086w, https:\/\/www.villeneuve-les-beziers.fr\/wp-content\/uploads\/2024\/11\/claudery-scaled-e1730801159667-1448x2048.jpg 1448w, https:\/\/www.villeneuve-les-beziers.fr\/wp-content\/uploads\/2024\/11\/claudery-scaled-e1730801159667.jpg 1810w\" sizes=\"auto, (max-width: 724px) 100vw, 724px\" \/><button\n\t\t\tclass=\"lightbox-trigger\"\n\t\t\ttype=\"button\"\n\t\t\taria-haspopup=\"dialog\"\n\t\t\taria-label=\"Ingrandisci\"\n\t\t\tdata-wp-init=\"callbacks.initTriggerButton\"\n\t\t\tdata-wp-on--click=\"actions.showLightbox\"\n\t\t\tdata-wp-style--right=\"state.imageButtonRight\"\n\t\t\tdata-wp-style--top=\"state.imageButtonTop\"\n\t\t>\n\t\t\t<svg xmlns=\"http:\/\/www.w3.org\/2000\/svg\" width=\"12\" height=\"12\" fill=\"none\" viewbox=\"0 0 12 12\">\n\t\t\t\t<path fill=\"#fff\" d=\"M2 0a2 2 0 0 0-2 2v2h1.5V2a.5.5 0 0 1 .5-.5h2V0H2Zm2 10.5H2a.5.5 0 0 1-.5-.5V8H0v2a2 2 0 0 0 2 2h2v-1.5ZM8 12v-1.5h2a.5.5 0 0 0 .5-.5V8H12v2a2 2 0 0 1-2 2H8Zm2-12a2 2 0 0 1 2 2v2h-1.5V2a.5.5 0 0 0-.5-.5H8V0h2Z\" \/>\n\t\t\t<\/svg>\n\t\t<\/button><\/figure>\n<\/div>\n<\/div>\n\n\n\n<p>Al termine della partecipazione pubblica elettronica, l'autorit\u00e0 responsabile della decisione di approvare il dossier di sviluppo ZAC \"La Claudery\", ossia il Comune di Villeneuve-l\u00e8s-B\u00e9ziers, pubblicher\u00e0 una sintesi dei commenti e delle proposte del pubblico e le risposte del proprietario del progetto a tali commenti e proposte. Questi documenti saranno disponibili per la consultazione per almeno tre mesi sul sito web del Comune e sul sito web dedicato alla procedura di partecipazione al seguente indirizzo:&nbsp;<a style=\"font-size: 14px; background-color: #ffffff;\" href=\"https:\/\/www.democratie-active.fr\/zac-claudery-ppve\/\" target=\"_blank\" rel=\"noopener\">https:\/\/www.democratie-active.fr\/zac-claudery-ppve\/<\/a><\/p>\n\n\n\n<p>Al termine del periodo di partecipazione pubblica elettronica, il piano di sviluppo della ZAC \"La Claudery\", che potr\u00e0 essere modificato per tenere conto dei commenti, delle opinioni e delle proposte, sar\u00e0 presentato al Consiglio comunale di Villeneuve-l\u00e8s-B\u00e9ziers per l'approvazione.<\/p>\n\n\n\n<div style=\"height:4em\" aria-hidden=\"true\" class=\"wp-block-spacer\"><\/div>\n\n\n\n<div class=\"wp-block-columns is-layout-flex wp-container-core-columns-is-layout-28f84493 wp-block-columns-is-layout-flex\">\n<div class=\"wp-block-column is-layout-flow wp-block-column-is-layout-flow\">\n<p>05\/11\/2024<\/p>\n\n\n\n<p><strong>AVVISO DI PARTECIPAZIONE PUBBLICA ELETTRONICA PRIMA DELL'APPROVAZIONE DEL DOSSIER DI CREAZIONE DELLA ZAC \"PECH AURIOL - LE CROS\".<\/strong><\/p>\n\n\n\n<p>In conformit\u00e0 con le disposizioni dell'articolo L.123-19 del Codice dell'Ambiente, dal 25 novembre al 26 dicembre 2024 incluso \u00e8 aperta e organizzata una consultazione pubblica elettronica sul progetto del piano di sviluppo della ZAC \"Pech Auriol - Le Cros\".<\/p>\n\n\n\n<p>La partecipazione del pubblico per via elettronica avr\u00e0 luogo per un periodo di 31 giorni consecutivi: da luned\u00ec 25 novembre alle ore 8:00 a gioved\u00ec 26 dicembre 2024 incluso.<\/p>\n\n\n\n<p>A<a href=\"https:\/\/www.villeneuve-les-beziers.fr\/wp-content\/uploads\/2024\/11\/Avis-PPVE-ZAC-Pech-Auriol-Le-Cros.pdf\">vite: link<\/a><\/p>\n\n\n\n<p>Piattaforma dedicata :&nbsp;<\/p>\n\n\n\n<p><a href=\"https:\/\/www.democratie-active.fr\/zac-pech-auriol-le-cros-ppve\" target=\"_blank\" rel=\"noopener noreferrer nofollow\">https:\/\/www.democratie-active.fr\/zac-pech-auriol-le-cros-ppve<\/a><\/p>\n\n\n\n<p>Registro elettronico :<\/p>\n\n\n\n<p><a href=\"https:\/\/www.democratie-active.fr\/zac-pech-auriol-le-cros-ppve\" target=\"_blank\" rel=\"noopener noreferrer nofollow\">https:\/\/www.democratie-active.fr\/zac-pech-auriol-le-cros-ppve<\/a><\/p>\n\n\n\n<p>Email :&nbsp;<a href=\"mailto:zac-pech-auriol-le-cros@democratie-active.fr\" target=\"_blank\" rel=\"noreferrer noopener\">zac-pech-auriol-le-cros@democratie-active.<\/a><\/p>\n<\/div>\n\n\n\n<div class=\"wp-block-column is-layout-flow wp-block-column-is-layout-flow\">\n<figure data-wp-context=\"{&quot;imageId&quot;:&quot;69f36ed6c107f&quot;}\" data-wp-interactive=\"core\/image\" data-wp-key=\"69f36ed6c107f\" class=\"wp-block-image size-large wp-lightbox-container\"><img loading=\"lazy\" decoding=\"async\" width=\"724\" height=\"1024\" data-wp-class--hide=\"state.isContentHidden\" data-wp-class--show=\"state.isContentVisible\" data-wp-init=\"callbacks.setButtonStyles\" data-wp-on--click=\"actions.showLightbox\" data-wp-on--load=\"callbacks.setButtonStyles\" data-wp-on-window--resize=\"callbacks.setButtonStyles\" src=\"https:\/\/www.villeneuve-les-beziers.fr\/wp-content\/uploads\/2024\/11\/pech-auriol-scaled-e1730801602829-724x1024.jpg\" alt=\"\" class=\"wp-image-18619\" srcset=\"https:\/\/www.villeneuve-les-beziers.fr\/wp-content\/uploads\/2024\/11\/pech-auriol-scaled-e1730801602829-724x1024.jpg 724w, https:\/\/www.villeneuve-les-beziers.fr\/wp-content\/uploads\/2024\/11\/pech-auriol-scaled-e1730801602829-212x300.jpg 212w, https:\/\/www.villeneuve-les-beziers.fr\/wp-content\/uploads\/2024\/11\/pech-auriol-scaled-e1730801602829-768x1086.jpg 768w, https:\/\/www.villeneuve-les-beziers.fr\/wp-content\/uploads\/2024\/11\/pech-auriol-scaled-e1730801602829-1086x1536.jpg 1086w, https:\/\/www.villeneuve-les-beziers.fr\/wp-content\/uploads\/2024\/11\/pech-auriol-scaled-e1730801602829-1448x2048.jpg 1448w, https:\/\/www.villeneuve-les-beziers.fr\/wp-content\/uploads\/2024\/11\/pech-auriol-scaled-e1730801602829.jpg 1810w\" sizes=\"auto, (max-width: 724px) 100vw, 724px\" \/><button\n\t\t\tclass=\"lightbox-trigger\"\n\t\t\ttype=\"button\"\n\t\t\taria-haspopup=\"dialog\"\n\t\t\taria-label=\"Ingrandisci\"\n\t\t\tdata-wp-init=\"callbacks.initTriggerButton\"\n\t\t\tdata-wp-on--click=\"actions.showLightbox\"\n\t\t\tdata-wp-style--right=\"state.imageButtonRight\"\n\t\t\tdata-wp-style--top=\"state.imageButtonTop\"\n\t\t>\n\t\t\t<svg xmlns=\"http:\/\/www.w3.org\/2000\/svg\" width=\"12\" height=\"12\" fill=\"none\" viewbox=\"0 0 12 12\">\n\t\t\t\t<path fill=\"#fff\" d=\"M2 0a2 2 0 0 0-2 2v2h1.5V2a.5.5 0 0 1 .5-.5h2V0H2Zm2 10.5H2a.5.5 0 0 1-.5-.5V8H0v2a2 2 0 0 0 2 2h2v-1.5ZM8 12v-1.5h2a.5.5 0 0 0 .5-.5V8H12v2a2 2 0 0 1-2 2H8Zm2-12a2 2 0 0 1 2 2v2h-1.5V2a.5.5 0 0 0-.5-.5H8V0h2Z\" \/>\n\t\t\t<\/svg>\n\t\t<\/button><\/figure>\n<\/div>\n<\/div>\n\n\n\n<p>Al termine della partecipazione pubblica elettronica, l'autorit\u00e0 competente a prendere la decisione di approvare il dossier di creazione della ZAC \"Pech Auriol - Le Cros\", ossia il Comune di Villeneuve-l\u00e8s-B\u00e9ziers, pubblicher\u00e0 una sintesi dei commenti e delle proposte del pubblico e le risposte del titolare del progetto a tali commenti e proposte. Questi documenti saranno disponibili per la consultazione per un minimo di tre mesi sul sito web del Comune e sul sito web dedicato alla procedura di partecipazione al seguente indirizzo:&nbsp;<a style=\"font-size: 14px; background-color: #ffffff;\" href=\"https:\/\/www.democratie-active.fr\/zac-pech-auriol-le-cros-ppve\/\" target=\"_blank\" rel=\"noopener\">https:\/\/www.democratie-active.fr\/zac-pech-auriol-le-cros-ppve\/<\/a><\/p>\n\n\n\n<p>Al termine del periodo di partecipazione pubblica elettronica, il piano di sviluppo della ZAC \"Pech Auriol - Le Cros\", che potr\u00e0 essere modificato per tenere conto dei commenti, delle opinioni e delle proposte, sar\u00e0 presentato al Consiglio comunale di Villeneuve-l\u00e8s-B\u00e9ziers per l'approvazione.<\/p>\n<\/div>\n\n\n\n<div class=\"wp-block-group is-style-section-1 has-global-padding is-layout-constrained wp-container-core-group-is-layout-cc9ecf56 wp-block-group-is-layout-constrained is-style-section-1--17\" style=\"margin-top:var(--wp--preset--spacing--50);margin-bottom:var(--wp--preset--spacing--50);padding-top:var(--wp--preset--spacing--50);padding-right:var(--wp--preset--spacing--50);padding-bottom:var(--wp--preset--spacing--50);padding-left:var(--wp--preset--spacing--50)\">\n<h2 class=\"wp-block-heading has-text-align-center\">Progetto ZAC La Claudery<\/h2>\n\n\n\n<p>Con la delibera n. 2021\/02 del 22 febbraio 2021, il Consiglio comunale ha deciso di aprire il comparto \"La Claudery\" allo sviluppo urbano nell'ambito della procedura ZAC \"La Claudery\".<\/p>\n\n\n\n<p>Lo scopo di questo settore \u00e8 quello di riqualificare un'area economica che manca di coerenza e di sviluppo complessivo, e di creare un centro servizi.<\/p>\n\n\n\n<ul class=\"wp-block-list\">\n<li><a href=\"https:\/\/www.villeneuve-les-beziers.fr\/wp-content\/uploads\/2022\/04\/DOSSIER-CONCERTATION_PROJET-ZAC-LA-CLAUDERY-2.pdf\">Fascicolo di consultazione del progetto ZAC La Claudery<\/a><\/li>\n\n\n\n<li><a href=\"https:\/\/www.villeneuve-les-beziers.fr\/wp-content\/uploads\/2022\/04\/2021-02-principe-de-creation-dune-ZAC-secteur-la-Claudery.pdf\">Principio di creazione di una ZAC (zona di sviluppo congiunto) nel settore Claudery: deliberazione n. 2021\/02 del 22\/02\/2021<\/a>&nbsp;<\/li>\n\n\n\n<li><a href=\"https:\/\/www.villeneuve-les-beziers.fr\/wp-content\/uploads\/2022\/04\/2022-04-Principe-de-la-creation-dune-zone-damenagement-concerte-ZAC-La-Claudery-rectificatif-de-la-vocation-du-secteur.pdf\">Rettifica della vocazione del settore: deliberazione n. 2022\/04 del 07\/02\/2022<\/a><\/li>\n\n\n\n<li><a href=\"https:\/\/www.villeneuve-les-beziers.fr\/wp-content\/uploads\/2022\/04\/VLB_Claudery_Etat-initial_CBEfev2022_compressed.pdf\">Studio VLB Claudery (stato iniziale CBE Feb 2022)<\/a><\/li>\n\n\n\n<li><a href=\"https:\/\/www.villeneuve-les-beziers.fr\/wp-content\/uploads\/2022\/10\/VLB_Claudery_Pech_Auriol_VNEI_CBE_oct2022_version-minute.pdf\">Studio della componente naturale della valutazione d'impatto (VNEI) CBE ott. 2022<\/a><\/li>\n<\/ul>\n\n\n\n<p>&nbsp;Aggiornamento 2024:<\/p>\n\n\n\n<ul class=\"wp-block-list\">\n<li><a href=\"https:\/\/www.villeneuve-les-beziers.fr\/wp-content\/uploads\/2024\/09\/923-ZAC-La-Claudery-VLBZ-Creation-Etude-de-faisabilite-du-developpement-des-EnR-V2-240307.pdf\">923 ZAC La Claudery VLBZ - Creazione - Studio di fattibilit\u00e0 per lo sviluppo delle energie rinnovabili - V2 - 240307<\/a><\/li>\n\n\n\n<li><a href=\"https:\/\/www.villeneuve-les-beziers.fr\/wp-content\/uploads\/2024\/09\/923-ZAC-La-Claudery-VLBZ-Etude-bilan-GES-V2-240408.pdf\">923 ZAC La Claudery VLBZ - Studio sul bilancio dei gas serra - V2 - 240408<\/a><\/li>\n\n\n\n<li><a href=\"https:\/\/www.villeneuve-les-beziers.fr\/wp-content\/uploads\/2024\/09\/DOSSIER-CONCERTATION_PROJET-ZAC-LA-CLAUDERY-V2.pdf\">DOSSIER CONCERTAZIONE_PROGETTO ZAC LA CLAUDERY - V2<\/a><\/li>\n<\/ul>\n<\/div>\n\n\n\n<div class=\"wp-block-group is-style-section-1 has-global-padding is-layout-constrained wp-container-core-group-is-layout-cc9ecf56 wp-block-group-is-layout-constrained is-style-section-1--18\" style=\"margin-top:var(--wp--preset--spacing--50);margin-bottom:var(--wp--preset--spacing--50);padding-top:var(--wp--preset--spacing--50);padding-right:var(--wp--preset--spacing--50);padding-bottom:var(--wp--preset--spacing--50);padding-left:var(--wp--preset--spacing--50)\">\n<h2 class=\"wp-block-heading\">Progetto di sviluppo \"La Montagnette<\/h2>\n\n\n\n<p><a href=\"https:\/\/www.villeneuve-les-beziers.fr\/wp-content\/uploads\/2022\/09\/DOSSIER-CONCERTATION_PROJET-ZAC-LA-MONTAGNETTE.pdf\" target=\"_blank\" rel=\"noopener\">Fascicolo di consultazione ZAC La Montagnette<\/a><\/p>\n\n\n\n<p><a href=\"http:\/\/www.villeneuve-les-beziers.fr\/wp-content\/uploads\/2020\/09\/2020-064-Etudes-ZAC-Ouest-La-Montagnette.pdf\" target=\"_blank\" rel=\"noopener\">Deliberazioni del Consiglio comunale<\/a><\/p>\n\n\n\n<p><a href=\"https:\/\/www.villeneuve-les-beziers.fr\/wp-content\/uploads\/2022\/05\/VNEI-etat-initial_VLB_Montagnette_CBE-9-mai-2022_compressed.pdf\">Studio VLB ZAC La Montagnette progetto di stato iniziale La Montagnette CBE<\/a><\/p>\n\n\n\n<p><a href=\"https:\/\/www.villeneuve-les-beziers.fr\/wp-content\/uploads\/2021\/10\/DOSSIER-PRESENTATION_PROJET-LA-MONTAGNETTE.pdf\">Riunione il 21\/04\/2022 per la presentazione e la discussione con i proprietari.<\/a><\/p>\n\n\n\n<p>***<\/p>\n\n\n\n<p><a href=\"https:\/\/www.villeneuve-les-beziers.fr\/wp-content\/uploads\/2023\/04\/2023-25-Abrogation-de-la-procedure-ZAC-la-montagnette-amenagement-densemble-avis-etude-dimpact.pdf\">Annullamento della procedura ZAC la montagnette - lancio di un progetto di sviluppo globale<\/a> La Montagnette<\/p>\n\n\n\n<p><a href=\"https:\/\/www.villeneuve-les-beziers.fr\/wp-content\/uploads\/2023\/11\/230317-EI-la-montagnette-VLB_indB-avec-compression.pdf\">230317-EI montagnetta VLB_indB-con compressione<\/a><\/p>\n\n\n\n<p><a href=\"https:\/\/www.villeneuve-les-beziers.fr\/wp-content\/uploads\/2023\/12\/2023-58-Procedure-de-DUP-secteur-Montagnette.pdf\">Deliberazione 2023\/58 Principio di attuazione di una procedura di dichiarazione di interesse pubblico per il settore Montagnette, oggetto di un progetto pubblico di sviluppo<\/a><\/p>\n\n\n\n<p><a href=\"https:\/\/www.villeneuve-les-beziers.fr\/wp-content\/uploads\/2025\/10\/2025-49-projet-urbain-la-montagnette-demande-ouverture-enquete-publique.pdf\">Deliberazione 2025 49 progetto urbano montagnette richiesta di apertura di un'inchiesta pubblica<\/a><\/p>\n<\/div>\n\n\n\n<div class=\"wp-block-group is-style-section-1 has-global-padding is-layout-constrained wp-container-core-group-is-layout-cc9ecf56 wp-block-group-is-layout-constrained is-style-section-1--19\" style=\"margin-top:var(--wp--preset--spacing--50);margin-bottom:var(--wp--preset--spacing--50);padding-top:var(--wp--preset--spacing--50);padding-right:var(--wp--preset--spacing--50);padding-bottom:var(--wp--preset--spacing--50);padding-left:var(--wp--preset--spacing--50)\">\n<h2 class=\"wp-block-heading\">Progetto ZAC Pech Auriol<\/h2>\n\n\n\n<p><a style=\"font-size: 14px; transition-property: all;\" href=\"http:\/\/www.villeneuve-les-beziers.fr\/wp-content\/uploads\/2020\/09\/DOSSIER-CONCERTATION_PROJET-ZAC-PECH-AURIOL-LE-CROS.pdf\" target=\"_blank\" rel=\"noopener\">Fascicolo di consultazione del progetto ZAC Pech Auriol<\/a><\/p>\n\n\n\n<p><a style=\"font-size: 14px; transition-property: all;\" href=\"http:\/\/www.villeneuve-les-beziers.fr\/wp-content\/uploads\/2020\/09\/2020-063-Etudes-ZAC-Pech-Auriol-Le-Cros.pdf\" target=\"_blank\" rel=\"noopener\">Deliberazioni del Consiglio comunale<\/a><\/p>\n\n\n\n<p><a style=\"font-size: 14px; color: #1e73be; transition-property: all;\" href=\"https:\/\/www.villeneuve-les-beziers.fr\/wp-content\/uploads\/2022\/04\/VLB_Pech-Auriol_Etat-initial_CBE_fev2022_compressed.pdf\">Studio VLB ZAC Pech Auriol (Stato iniziale Feb 2022)<\/a><\/p>\n\n\n\n<p><a style=\"font-size: 14px; transition-property: all;\" href=\"https:\/\/www.villeneuve-les-beziers.fr\/wp-content\/uploads\/2022\/10\/VLB_Claudery_Pech_Auriol_VNEI_CBE_oct2022_version-minute.pdf\">Studio della componente naturale della valutazione d'impatto (VNEI) CBE ott. 2022<\/a><\/p>\n\n\n\n<p>Aggiornamento 2024:<\/p>\n\n\n\n<p><a href=\"https:\/\/www.villeneuve-les-beziers.fr\/wp-content\/uploads\/2024\/09\/923-ZAC-Pech-Auriol-Le-Cros-VLBZ-Creation-EFD-EnR-V2-240307.pdf\">923 ZAC Pech Auriol - Le Cros VLBZ - Creazione - EFD EnR - V2 - 240307<\/a><\/p>\n\n\n\n<p><a href=\"https:\/\/www.villeneuve-les-beziers.fr\/wp-content\/uploads\/2024\/09\/923-ZAC-Pech-Auriol-Le-Cros-VLBZ-Etude-bilan-GES-V2-240307.pdf\">923 ZAC Pech Auriol - Le Cros VLBZ - Studio sul bilancio dei gas serra - V2 - 240307<\/a><\/p>\n\n\n\n<p><a href=\"https:\/\/www.villeneuve-les-beziers.fr\/wp-content\/uploads\/2024\/09\/DOSSIER-CONCERTATION_PROJET-ZAC-PECH-AURIOL-LE-CROS-V2.pdf\">DOSSIER CONCERTAZIONE_PROGETTO ZAC PECH AURIOL - LE CROS V2<\/a><\/p>\n\n\n\n<p><a href=\"https:\/\/www.villeneuve-les-beziers.fr\/wp-content\/uploads\/2024\/09\/Rapport_EPA_ZAC_VLB_V5.pdf\">Rapporto_EPA_ZAC_VLB_V5<\/a><\/p>\n<\/div>\n\n\n\n<div class=\"wp-block-group is-style-section-1 has-global-padding is-layout-constrained wp-container-core-group-is-layout-cc9ecf56 wp-block-group-is-layout-constrained is-style-section-1--20\" style=\"margin-top:var(--wp--preset--spacing--50);margin-bottom:var(--wp--preset--spacing--50);padding-top:var(--wp--preset--spacing--50);padding-right:var(--wp--preset--spacing--50);padding-bottom:var(--wp--preset--spacing--50);padding-left:var(--wp--preset--spacing--50)\">\n<h2 class=\"wp-block-heading\">Progetto di compensazione per la tenuta Castelfort Montblanc<\/h2>\n\n\n\n<p><a href=\"https:\/\/www.villeneuve-les-beziers.fr\/wp-content\/uploads\/2023\/12\/ETAT-ECOLOGIQUE-INITIAL_SITE-COMPENSATOIRE-CASTELFORT_ALTEMIS-202312.pdf\">STATO ECOLOGICO INIZIALE_SITO COMPENSATIVO CASTELFORT_ALTEMIS-202312<\/a><\/p>\n<\/div>\n\n\n\n<div class=\"wp-block-group is-style-section-1 has-global-padding is-layout-constrained wp-container-core-group-is-layout-cc9ecf56 wp-block-group-is-layout-constrained is-style-section-1--21\" style=\"margin-top:var(--wp--preset--spacing--50);margin-bottom:var(--wp--preset--spacing--50);padding-top:var(--wp--preset--spacing--50);padding-right:var(--wp--preset--spacing--50);padding-bottom:var(--wp--preset--spacing--50);padding-left:var(--wp--preset--spacing--50)\">\n<h2 class=\"wp-block-heading\">Nuova linea Montpellier-Perpignan<\/h2>\n\n\n\n<div class=\"wp-block-columns is-layout-flex wp-container-core-columns-is-layout-28f84493 wp-block-columns-is-layout-flex\">\n<div class=\"wp-block-column is-layout-flow wp-block-column-is-layout-flow\">\n<p>Pu\u00f2 trovare tutte le informazioni sul progetto sui siti web ufficiali:<\/p>\n\n\n\n<ul class=\"wp-block-list\">\n<li><a href=\"https:\/\/www.ligne-montpellier-perpignan.com\" target=\"_blank\" rel=\"noopener noreferrer nofollow\">https:\/\/www.ligne-montpellier-perpignan.com<\/a><\/li>\n\n\n\n<li><a href=\"https:\/\/www.sncf-reseau.com\/fr\/reseau\/occitanie\/ligne-nouvelle-montpellier-perpignan\/avancement-et-documents\" target=\"_blank\" rel=\"noopener noreferrer nofollow\">https:\/\/www.sncf-reseau.com\/fr\/reseau\/occitanie\/ligne-nouvelle-montpellier-perpignan\/avancement-et-documents<\/a><\/li>\n<\/ul>\n<\/div>\n\n\n\n<div class=\"wp-block-column is-layout-flow wp-block-column-is-layout-flow\">\n<figure class=\"wp-block-image aligncenter size-medium\"><img loading=\"lazy\" decoding=\"async\" width=\"300\" height=\"159\" src=\"https:\/\/www.villeneuve-les-beziers.fr\/wp-content\/uploads\/2019\/10\/lnmp1-300x159.jpg\" alt=\"\" class=\"wp-image-3863\" srcset=\"https:\/\/www.villeneuve-les-beziers.fr\/wp-content\/uploads\/2019\/10\/lnmp1-300x159.jpg 300w, https:\/\/www.villeneuve-les-beziers.fr\/wp-content\/uploads\/2019\/10\/lnmp1.jpg 640w\" sizes=\"auto, (max-width: 300px) 100vw, 300px\" \/><figcaption class=\"wp-element-caption\"><a href=\"https:\/\/www.ligne-montpellier-perpignan.com\/\" target=\"_blank\" rel=\"noopener\">Nuova linea TGV (LNMP)<\/a><\/figcaption><\/figure>\n<\/div>\n<\/div>\n\n\n\n<p>Piano di zonizzazione del PLU con i siti riservati n\u00b011 e 12 per SNCF R\u00c9SEAU :<\/p>\n\n\n\n<p><a href=\"https:\/\/www.villeneuve-les-beziers.fr\/wp-content\/uploads\/2023\/05\/Piece-3-Reglement-graphique-echelle-1-7500e-modif8-PLU.pdf\">Parte 3 - Regolamenti grafici 1-7500 Villeneuve<\/a><\/p>\n<\/div>\n\n\n\n<div class=\"wp-block-group is-style-section-1 has-global-padding is-layout-constrained wp-container-core-group-is-layout-cc9ecf56 wp-block-group-is-layout-constrained is-style-section-1--22\" style=\"margin-top:var(--wp--preset--spacing--50);margin-bottom:var(--wp--preset--spacing--50);padding-top:var(--wp--preset--spacing--50);padding-right:var(--wp--preset--spacing--50);padding-bottom:var(--wp--preset--spacing--50);padding-left:var(--wp--preset--spacing--50)\">\n<h2 class=\"wp-block-heading\">PPR<\/h2>\n\n\n\n<div class=\"wp-block-columns is-layout-flex wp-container-core-columns-is-layout-28f84493 wp-block-columns-is-layout-flex\">\n<div class=\"wp-block-column is-layout-flow wp-block-column-is-layout-flow\">\n<h3 class=\"wp-block-heading\">Piano di rischio di alluvione* (PPR)<\/h3>\n\n\n\n<p>Data di approvazione: 08\/11\/2007<\/p>\n\n\n\n<p><a href=\"http:\/\/piece-jointe-carto.developpement-durable.gouv.fr\/DEPT034A\/ZonagePPRI\/VILLENEUVE-LES-BEZIERS\/ArreteAppro_VILLENEUVE-LES-BEZIERS.pdf\" target=\"_blank\" rel=\"noreferrer noopener\">Ordine di approvazione<\/a><\/p>\n\n\n\n<p><a href=\"http:\/\/piece-jointe-carto.developpement-durable.gouv.fr\/DEPT034A\/ZonagePPRI\/VILLENEUVE-LES-BEZIERS\/RapportPres_VILLENEUVE-LES-BEZIERS.pdf\" target=\"_blank\" rel=\"noreferrer noopener\">Rapporto di presentazione<\/a><\/p>\n\n\n\n<p><strong>Mappe di zonizzazione<\/strong><\/p>\n\n\n\n<p><a href=\"https:\/\/www.villeneuve-les-beziers.fr\/wp-content\/uploads\/2023\/06\/CARTE_ZONAGE_3aWOR.pdf\">Mappa_Zona_3aWOR<\/a><\/p>\n\n\n\n<p><a href=\"https:\/\/www.villeneuve-les-beziers.fr\/wp-content\/uploads\/2023\/06\/CARTE_ZONAGE_3bapres-EPWOR.pdf\">Mappa_Zona_3bapres_EPWOR<\/a><\/p>\n\n\n\n<p><a href=\"http:\/\/piece-jointe-carto.developpement-durable.gouv.fr\/DEPT034A\/ZonagePPRI\/VILLENEUVE-LES-BEZIERS\/Reglement_VILLENEUVE-LES-BEZIERS.pdf\" target=\"_blank\" rel=\"noreferrer noopener\">Regolamenti<\/a><\/p>\n\n\n\n<p><strong>Appendici<\/strong><\/p>\n\n\n\n<p><a style=\"background-color: #f6f6f6; box-sizing: inherit; outline-color: #0a76f6; outline-width: 2px; line-height: 1.5rem; font-size: 1rem; color: var(--text-action-high-blue-france); transition-duration: 0s; transition-property: background-size; touch-action: manipulation; --hover-tint: var(--idle); --active-tint: var(--active); outline-offset: 2px; cursor: pointer; background-image: var(--underline-img),var(--underline-img); background-position: var(--underline-x) 100%,var(--underline-x) calc(100% - var(--underline-thickness)); background-repeat: no-repeat, no-repeat; background-size: var(--underline-hover-width) calc(var(--underline-thickness)*2),var(--underline-idle-width) var(--underline-thickness); --text-spacing: 0; --title-spacing: 0; display: inline; z-index: 1; max-height: none; max-width: 100%; overflow: initial;\" title=\"Visiti http:\/\/piece-jointe-carto.developpement-durable.gouv.fr\/DEPT034A\/ZonagePPRI\/VILLENEUVE-LES-BEZIERS\/Alea_VILLENEUVE-LES-BEZIERS.zip - nuova finestra\" href=\"http:\/\/piece-jointe-carto.developpement-durable.gouv.fr\/DEPT034A\/ZonagePPRI\/VILLENEUVE-LES-BEZIERS\/Alea_VILLENEUVE-LES-BEZIERS.zip\" target=\"_blank\" rel=\"noopener\" data-xiti-site=\"482004\" data-xiti-name=\"lien_externe::VILLENEUVE-LES-BEZIERS::::Carte_d_alea\" data-xiti-type=\"exit\" data-xiti-niv2=\"\" data-fr-js-link-actionee=\"true\">Mappa dei pericoli<\/a><\/p>\n\n\n\n<p><a style=\"background-color: #f6f6f6; box-sizing: inherit; outline-color: #0a76f6; outline-width: 2px; line-height: 1.5rem; font-size: 1rem; color: var(--text-action-high-blue-france); transition-duration: 0s; transition-property: background-size; touch-action: manipulation; --hover-tint: var(--idle); --active-tint: var(--active); outline-offset: 2px; cursor: pointer; background-image: var(--underline-img),var(--underline-img); background-position: var(--underline-x) 100%,var(--underline-x) calc(100% - var(--underline-thickness)); background-repeat: no-repeat, no-repeat; background-size: var(--underline-hover-width) calc(var(--underline-thickness)*2),var(--underline-idle-width) var(--underline-thickness); --text-spacing: 0; --title-spacing: 0; display: inline; z-index: 1; max-height: none; max-width: 100%; overflow: initial;\" title=\"Visiti http:\/\/piece-jointe-carto.developpement-durable.gouv.fr\/DEPT034A\/ZonagePPRI\/VILLENEUVE-LES-BEZIERS\/Annexe_VILLENEUVE-LES-BEZIERS.pdf - nuova finestra\" href=\"http:\/\/piece-jointe-carto.developpement-durable.gouv.fr\/DEPT034A\/ZonagePPRI\/VILLENEUVE-LES-BEZIERS\/Annexe_VILLENEUVE-LES-BEZIERS.pdf\" target=\"_blank\" rel=\"noopener\" data-xiti-site=\"482004\" data-xiti-name=\"lien_externe::VILLENEUVE-LES-BEZIERS::::Autres_annexes\" data-xiti-type=\"exit\" data-xiti-niv2=\"\" data-fr-js-link-actionee=\"true\">Altre appendici<\/a><\/p>\n\n\n\n<p>*I dati del pi\u00f9 rigoroso Porter \u00e0 connaissance (PAC) sono superiori a quelli del PPRI (vedere sotto).<\/p>\n<\/div>\n\n\n\n<div class=\"wp-block-column is-layout-flow wp-block-column-is-layout-flow\">\n<h3 class=\"wp-block-heading\">Piano di prevenzione dei rischi tecnologici \"MINGUEZ<\/h3>\n\n\n\n<p class=\"is-style-default\">Data di approvazione: 06\/03\/2013<\/p>\n\n\n\n<p class=\"is-style-default\"><a style=\"background-color: #f6f6f6; box-sizing: inherit; touch-action: manipulation; color: var(--text-action-high-blue-france); --hover-tint: var(--idle); --active-tint: var(--active); outline-color: #0a76f6; outline-offset: 2px; outline-width: 2px; cursor: pointer; background-image: var(--underline-img),var(--underline-img); background-position: var(--underline-x) 100%,var(--underline-x) calc(100% - var(--underline-thickness)); background-repeat: no-repeat, no-repeat; background-size: var(--underline-hover-width) calc(var(--underline-thickness)*2),var(--underline-idle-width) var(--underline-thickness); transition-duration: 0s; transition-property: background-size; --text-spacing: 0; --title-spacing: 0; display: inline; font-size: 1rem; line-height: 1.5rem; z-index: 1; max-height: none; max-width: 100%; overflow: initial;\" title=\"Visiti http:\/\/piece-jointe-carto.developpement-durable.gouv.fr\/DEPT034A\/ZonagePPRT\/MINGUEZ\/ArreteAppro_MINGUEZ.pdf - nuova finestra\" data-xiti-site=\"482004\" data-xiti-name=\"lien_externe::VILLENEUVE-LES-BEZIERS::::Arrete_d_approbation\" data-xiti-type=\"exit\" data-fr-js-link-actionee=\"true\" data-xiti-niv2=\"\" href=\"http:\/\/piece-jointe-carto.developpement-durable.gouv.fr\/DEPT034A\/ZonagePPRT\/MINGUEZ\/ArreteAppro_MINGUEZ.pdf\" target=\"_blank\" rel=\"noopener\">Ordine di approvazione<\/a><\/p>\n\n\n\n<p><a href=\"http:\/\/piece-jointe-carto.developpement-durable.gouv.fr\/DEPT034A\/ZonagePPRT\/MINGUEZ\/ArreteAppro_MINGUEZ.pdf\" target=\"_blank\" rel=\"noreferrer noopener\">Ordine di approvazione<\/a><\/p>\n\n\n\n<p><a href=\"http:\/\/piece-jointe-carto.developpement-durable.gouv.fr\/DEPT034A\/ZonagePPRT\/MINGUEZ\/RapportPres_MINGUEZ.pdf\" target=\"_blank\" rel=\"noreferrer noopener\">Rapporto di presentazione<\/a><\/p>\n\n\n\n<p><a href=\"http:\/\/piece-jointe-carto.developpement-durable.gouv.fr\/DEPT034A\/ZonagePPRT\/MINGUEZ\/Zonage_MINGUEZ.pdf\" target=\"_blank\" rel=\"noreferrer noopener\">Mappa delle zone<\/a><\/p>\n\n\n\n<p><a href=\"http:\/\/piece-jointe-carto.developpement-durable.gouv.fr\/DEPT034A\/ZonagePPRT\/MINGUEZ\/Reglement_MINGUEZ.pdf\" target=\"_blank\" rel=\"noreferrer noopener\">Regolamenti<\/a>&nbsp;<\/p>\n\n\n\n<p><strong>Appendici<\/strong><\/p>\n\n\n\n<p><a href=\"http:\/\/piece-jointe-carto.developpement-durable.gouv.fr\/DEPT034A\/ZonagePPRT\/MINGUEZ\/Alea_MINGUEZ.pdf\" target=\"_blank\" rel=\"noreferrer noopener\">Mappa dei pericoli<\/a><\/p>\n\n\n\n<p><a href=\"http:\/\/piece-jointe-carto.developpement-durable.gouv.fr\/DEPT034A\/ZonagePPRT\/MINGUEZ\/Annexe_MINGUEZ.zip\" target=\"_blank\" rel=\"noreferrer noopener\">Altre appendici<\/a><\/p>\n<\/div>\n\n\n\n<div class=\"wp-block-column is-layout-flow wp-block-column-is-layout-flow\">\n<h3 class=\"wp-block-heading\">Piano di prevenzione dei rischi tecnologici \"GAZECHIM<\/h3>\n\n\n\n<p>Data di approvazione: 03\/08\/2015<\/p>\n\n\n\n<p><a href=\"http:\/\/piece-jointe-carto.developpement-durable.gouv.fr\/DEPT034A\/ZonagePPRT\/GAZECHIM\/ArreteAppro_GAZECHIM.pdf\" target=\"_blank\" rel=\"noreferrer noopener\">Ordine di approvazione<\/a><\/p>\n\n\n\n<p><a href=\"http:\/\/piece-jointe-carto.developpement-durable.gouv.fr\/DEPT034A\/ZonagePPRT\/GAZECHIM\/RapportPres_GAZECHIM.pdf\" target=\"_blank\" rel=\"noreferrer noopener\">Rapporto di presentazione<\/a><\/p>\n\n\n\n<p><a href=\"http:\/\/piece-jointe-carto.developpement-durable.gouv.fr\/DEPT034A\/ZonagePPRT\/GAZECHIM\/Zonage_GAZECHIM.pdf\" target=\"_blank\" rel=\"noreferrer noopener\">Mappa delle zone<\/a><\/p>\n\n\n\n<p><a href=\"http:\/\/piece-jointe-carto.developpement-durable.gouv.fr\/DEPT034A\/ZonagePPRT\/GAZECHIM\/Reglement_GAZECHIM.pdf\" target=\"_blank\" rel=\"noreferrer noopener\">Regolamenti<\/a>&nbsp;<\/p>\n\n\n\n<p><strong>Appendici<\/strong><\/p>\n\n\n\n<p><a href=\"http:\/\/piece-jointe-carto.developpement-durable.gouv.fr\/DEPT034A\/ZonagePPRT\/GAZECHIM\/Annexe_GAZECHIM.pdf\" target=\"_blank\" rel=\"noreferrer noopener\">Altre appendici<\/a><\/p>\n<\/div>\n<\/div>\n<\/div>\n\n\n\n<div class=\"wp-block-group is-style-section-1 has-global-padding is-layout-constrained wp-container-core-group-is-layout-cc9ecf56 wp-block-group-is-layout-constrained is-style-section-1--23\" style=\"margin-top:var(--wp--preset--spacing--50);margin-bottom:var(--wp--preset--spacing--50);padding-top:var(--wp--preset--spacing--50);padding-right:var(--wp--preset--spacing--50);padding-bottom:var(--wp--preset--spacing--50);padding-left:var(--wp--preset--spacing--50)\">\n<h2 class=\"wp-block-heading\">Dichiarazione di informazioni a seguito delle inondazioni dell'ottobre 2019<\/h2>\n\n\n\n<p>STUDI DI RISCHIO NOTIFICATI ALLE AUTORIT\u00c0 LOCALI<\/p>\n\n\n\n<p>Quando viene approvato un piano di prevenzione dei rischi naturali per un Comune, questo piano fornisce un quadro preciso per le possibilit\u00e0 di costruzione. Tuttavia, non \u00e8 l'unica fonte di informazioni da prendere in considerazione, e tutte le conoscenze aggiuntive disponibili sui rischi devono essere utilizzate per valutare il rischio, in particolare quando si redigono i documenti urbanistici e si esaminano i permessi di costruzione. Il Prefetto deve mettere a disposizione dei Comuni tutti gli studi tecnici necessari per l'esercizio dei loro poteri urbanistici (Articolo L.132-2 del Codice di Urbanistica). A tal fine, sono stati portati alla loro attenzione gli studi elencati di seguito. Fonte : <a href=\"https:\/\/www.herault.gouv.fr\/Politiques-publiques\/Environnement-risques-naturels-et-technologiques\/Risques-naturels-et-technologiques\/Transmission-des-informations-aux-maires-TIM\/Les-Porter-a-connaissance-PAC-de-l-Herault\" target=\"_blank\" rel=\"noopener noreferrer nofollow\">Prefettura di H\u00e9rault<\/a><\/p>\n\n\n\n<h3 class=\"wp-block-heading\">Inondazioni<\/h3>\n\n\n\n<p>28\/09\/2020<\/p>\n\n\n\n<p>Mappa di pericolosit\u00e0 per l'alluvione del 23 ottobre 2019 e avviso di pianificazione associato<\/p>\n\n\n\n<p><a href=\"https:\/\/www.villeneuve-les-beziers.fr\/wp-content\/uploads\/2023\/05\/Piece-Annexe-PAC-Carte-Alea-inondation-Villeneuve-les-Beziers-2020-09-28-002.pdf\">Appendice - Mappa delle alluvioni PAC- Alea Villeneuve-les-Beziers 2020-09-28<\/a><\/p>\n\n\n\n<p><a href=\"https:\/\/www.villeneuve-les-beziers.fr\/wp-content\/uploads\/2023\/05\/Piece-Annexe-PAC-notice-associee-a-carte-alea-crue-23-octobre-2019.pdf\">Appendice - PAC - volantino associato alla mappa del rischio di alluvione 23 ottobre<\/a><a href=\"https:\/\/www.villeneuve-les-beziers.fr\/wp-content\/uploads\/2023\/05\/Piece-Annexe-PAC-notice-associee-a-carte-alea-crue-23-octobre-2019.pdf\">&nbsp;2019<\/a><\/p>\n\n\n\n<p><a href=\"https:\/\/www.villeneuve-les-beziers.fr\/wp-content\/uploads\/2023\/06\/PAC_PHE_Villeneuve_les_Beziers_2020_09_282-1.pdf\">PAC_PHE_Villeneuve_les_Beziers_2020_09_28<\/a><\/p>\n\n\n\n<h3 class=\"wp-block-heading\">Multi-rischio<\/h3>\n\n\n\n<p>09\/06\/2017<\/p>\n\n\n\n<p>Scheda\/e di definizione del rischio naturale o tecnologico per i campeggi e i parchi ricreativi residenziali nell'H\u00e9rault. Queste schede riassumono, per ogni struttura e sulla base di tutte le informazioni elaborate da o su richiesta dello Stato, la delimitazione delle aree soggette a rischio naturale o tecnologico prevedibile e l'entit\u00e0 dell'esposizione. Viene inoltre allegata una mappa che mostra la posizione del campeggio in relazione ai rischi presi in considerazione.<\/p>\n\n\n\n<p><a href=\"http:\/\/piece-jointe-carto.developpement-durable.gouv.fr\/DEPT034A\/Camping_Risques\/VILLENEUVE-LES-BEZIERS.zip\" target=\"_blank\" rel=\"noreferrer noopener\">Archivio ZIP di tutti i campeggi del comune<\/a><\/p>\n<\/div>\n\n\n\n<div class=\"wp-block-group is-style-section-1 has-global-padding is-layout-constrained wp-container-core-group-is-layout-cc9ecf56 wp-block-group-is-layout-constrained is-style-section-1--24\" style=\"margin-top:var(--wp--preset--spacing--50);margin-bottom:var(--wp--preset--spacing--50);padding-top:var(--wp--preset--spacing--50);padding-right:var(--wp--preset--spacing--50);padding-bottom:var(--wp--preset--spacing--50);padding-left:var(--wp--preset--spacing--50)\">\n<h2 class=\"wp-block-heading\">Regolamento per il drenaggio delle acque piovane per la Comunit\u00e0 di Agglomerazione B\u00e9ziers M\u00e9diterran\u00e9e<\/h2>\n\n\n\n<p>Lo scopo di questi regolamenti \u00e8 quello di definire le misure specifiche prescritte per il territorio della comunit\u00e0 di agglomerato in termini di controllo del deflusso, trattamento e scarico delle acque piovane nelle reti pubbliche sotterranee o a cielo aperto. A tal fine, specifica il quadro legislativo generale.<\/p>\n\n\n\n<details class=\"wp-block-details is-layout-flow wp-block-details-is-layout-flow\"><summary>Srotoli l'estratto dalle regole<\/summary>\n<blockquote class=\"wp-block-quote is-style-default has-medium-font-size is-layout-flow wp-block-quote-is-layout-flow\">\n<p>7- Regole generali<\/p>\n\n\n\n<p>a) \u00c8 vietato collegare l'acqua piovana alla rete fognaria o a una rete fognaria indipendente.<\/p>\n\n\n\n<p>b) Qualsiasi aumento del deflusso causato da nuove impermeabilizzazioni (creazione o ampliamento di edifici o infrastrutture esistenti) deve essere compensato dall'installazione di sistemi di stoccaggio dell'acqua piovana sull'appezzamento (bacini di infiltrazione o di ritenzione) o da altre tecniche alternative*.<\/p>\n\n\n\n<p><b>Le nuove impermeabilizzazioni devono essere compensate nella misura di 130 litri\/m\u00b2.&nbsp;<\/b><b>(minimo) con un tasso di perdita massimo di 50 l\/s per ettaro di impermeabilizzazione.<\/b><\/p>\n\n\n\n<p>Se l'infiltrazione non \u00e8 possibile (o se il tasso di infiltrazione \u00e8 insufficiente) e non c'\u00e8 uno sbocco, si pu\u00f2 prendere in considerazione lo spargimento diffuso a un tasso regolamentato di 5 l\/s\/ettaro impermeabilizzato, previa accettazione da parte del Comune.<\/p>\n\n\n\n<p>Il volume di ritenzione da utilizzare in questo caso \u00e8 di : 170 l\/m\u00b2 di impermeabilizzazione.<\/p>\n\n\n\n<p>c) Il volume immagazzinato deve essere svuotato per infiltrazione in via prioritaria e non deve essere collegato alla rete pubblica.<\/p>\n\n\n\n<p>d) Per i permessi di costruzione che prevedono la demolizione di edifici esistenti, il dimensionamento delle strutture deve tenere conto di tutte le superfici impermeabilizzate dell'unit\u00e0 fondiaria, indipendentemente dal precedente grado di impermeabilizzazione.<\/p>\n\n\n\n<p>e) Nel caso di progetti di sviluppo urbano raggruppati (complessi residenziali, ZAC, ecc.), le strutture di stoccaggio devono essere condivise dall'intero progetto, al fine di evitare lo stoccaggio su ogni lotto. Le strutture di stoccaggio create come parte di un permesso di suddivisione devono essere dimensionate per la carreggiata e per le superfici impermeabilizzate totali che potrebbero essere create su ogni lotto.<\/p>\n\n\n\n<p>* Le tecniche alternative integrano o sostituiscono i sistemi fognari convenzionali. La loro funzione principale \u00e8 quella di limitare i picchi di flusso a valle, per evitare la concentrazione dell'acqua nelle reti sature:<\/p>\n\n\n\n<ul class=\"wp-block-list\">\n<li>per infiltrazione, quando il terreno \u00e8 adatto e al di fuori dell'area di protezione del bacino,<\/li>\n\n\n\n<li>mediante lo stoccaggio temporaneo dell'acqua piovana, prima di rilasciarla a una velocit\u00e0 controllata nella rete a valle (collettori, grondaie, fossi, ecc.), se l'infiltrazione \u00e8 impossibile o proibita,<\/li>\n\n\n\n<li>combinando lo stoccaggio temporaneo e l'infiltrazione.<\/li>\n<\/ul>\n\n\n\n<p>Un catalogo non esaustivo di tecniche di accumulo basate sull'appezzamento \u00e8 presentato nell'appendice al regolamento: fossi, trincee di drenaggio, tetti di accumulo, suoli porosi, pavimentazioni di bacino, ecc.<\/p>\n<\/blockquote>\n<\/details>\n\n\n\n<div class=\"wp-block-file\"><a id=\"wp-block-file--media-2d2f2b9e-3151-42a0-bb7d-832b03def623\" href=\"https:\/\/www.villeneuve-les-beziers.fr\/wp-content\/uploads\/2023\/07\/cabm-pluvial-210712-reglement-complet-vf.pdf\">cabm-pluviale-210712-regolamenti completi-vf<\/a><a href=\"https:\/\/www.villeneuve-les-beziers.fr\/wp-content\/uploads\/2023\/07\/cabm-pluvial-210712-reglement-complet-vf.pdf\" class=\"wp-block-file__button wp-element-button\" aria-describedby=\"wp-block-file--media-2d2f2b9e-3151-42a0-bb7d-832b03def623\" download>Scaricare<\/a><\/div>\n\n\n\n<div class=\"wp-block-columns are-vertically-aligned-top is-layout-flex wp-container-core-columns-is-layout-28f84493 wp-block-columns-is-layout-flex\">\n<div class=\"wp-block-column is-vertically-aligned-top is-layout-flow wp-block-column-is-layout-flow\">\n<figure class=\"wp-block-image aligncenter size-full\"><img loading=\"lazy\" decoding=\"async\" width=\"640\" height=\"340\" src=\"https:\/\/www.villeneuve-les-beziers.fr\/wp-content\/uploads\/2019\/10\/dicrimvlb.jpg\" alt=\"\" class=\"wp-image-3865\" style=\"aspect-ratio:16\/9;object-fit:cover\" srcset=\"https:\/\/www.villeneuve-les-beziers.fr\/wp-content\/uploads\/2019\/10\/dicrimvlb.jpg 640w, https:\/\/www.villeneuve-les-beziers.fr\/wp-content\/uploads\/2019\/10\/dicrimvlb-300x159.jpg 300w\" sizes=\"auto, (max-width: 640px) 100vw, 640px\" \/><\/figure>\n\n\n\n<h3 class=\"wp-block-heading has-text-align-center\"><a href=\"https:\/\/fr.calameo.com\/read\/003073807a7a85f39b5cb\" target=\"_blank\" rel=\"noopener\">Rischi maggiori<\/a><\/h3>\n<\/div>\n\n\n\n<div class=\"wp-block-column is-vertically-aligned-top is-layout-flow wp-block-column-is-layout-flow\">\n<figure class=\"wp-block-image aligncenter size-full\"><img loading=\"lazy\" decoding=\"async\" width=\"870\" height=\"489\" src=\"https:\/\/www.villeneuve-les-beziers.fr\/wp-content\/uploads\/2019\/10\/870x489_maxnewsworldtwo137709.jpg\" alt=\"\" class=\"wp-image-3957\" style=\"aspect-ratio:16\/9;object-fit:cover\" srcset=\"https:\/\/www.villeneuve-les-beziers.fr\/wp-content\/uploads\/2019\/10\/870x489_maxnewsworldtwo137709.jpg 870w, https:\/\/www.villeneuve-les-beziers.fr\/wp-content\/uploads\/2019\/10\/870x489_maxnewsworldtwo137709-150x84.jpg 150w, https:\/\/www.villeneuve-les-beziers.fr\/wp-content\/uploads\/2019\/10\/870x489_maxnewsworldtwo137709-300x169.jpg 300w, https:\/\/www.villeneuve-les-beziers.fr\/wp-content\/uploads\/2019\/10\/870x489_maxnewsworldtwo137709-768x432.jpg 768w\" sizes=\"auto, (max-width: 870px) 100vw, 870px\" \/><\/figure>\n\n\n\n<h3 class=\"wp-block-heading has-text-align-center\"><a href=\"http:\/\/www.villeneuve-les-beziers.fr\/it\/pianificazione-urbanistica\/piano-di-prevenzione-del-rischio-di-alluvione\/\" target=\"_blank\" rel=\"noopener\">Piani di prevenzione dei rischi<\/a><\/h3>\n<\/div>\n<\/div>\n<\/div>\n\n\n\n<div class=\"wp-block-group is-style-section-1 has-global-padding is-layout-constrained wp-container-core-group-is-layout-cc9ecf56 wp-block-group-is-layout-constrained is-style-section-1--25\" style=\"margin-top:var(--wp--preset--spacing--50);margin-bottom:var(--wp--preset--spacing--50);padding-top:var(--wp--preset--spacing--50);padding-right:var(--wp--preset--spacing--50);padding-bottom:var(--wp--preset--spacing--50);padding-left:var(--wp--preset--spacing--50)\">\n<h2 class=\"wp-block-heading\">Pacchetti informativi Municipio<\/h2>\n\n\n\n<p><strong>Dossier d'informazione Mairie Gratis<\/strong><\/p>\n\n\n\n<p>Avenue Pierre B\u00e9r\u00e9govoy P\u00f4le M\u00e9diterran\u00e9e<\/p>\n\n\n\n<p><a href=\"https:\/\/www.villeneuve-les-beziers.fr\/wp-content\/uploads\/2023\/03\/20230329134022.pdf\">Collegamento al file<\/a><\/p>\n\n\n\n<p><b>Dossier d'informazione Mairie<\/b><\/p>\n\n\n\n<p>(Conforme alle specifiche della Legge sulle api e all'Ordinanza del 12 ottobre 2016)<br style=\"caret-color: #242424; color: #242424; font-family: Calibri, sans-serif; font-size: 14.666667px;\" aria-hidden=\"true\">Riguardo all'installazione di un nuovo impianto radio sul sito T04D49<\/p>\n\n\n\n<p>3 avenue ANDRE PALMADE 34420 VILLENEUVE-LES-BEZIERS<\/p>\n\n\n\n<p><strong><a href=\"https:\/\/www.villeneuve-les-beziers.fr\/wp-content\/uploads\/2022\/11\/Dossier-information-Mairie-site-T04D49.pdf\">Dossier informativo Mairie - ANDR\u00c9 PALMADE T04D49<\/a><\/strong><\/p>\n\n\n\n<p>Dossier d'informazione Mairie<\/p>\n\n\n\n<p>(Conforme alle specifiche della Legge sulle api e all'Ordinanza del 12 ottobre 2016)<br style=\"caret-color: #242424; color: #242424; font-family: Calibri, sans-serif; font-size: 14.6667px;\" aria-hidden=\"true\">Per quanto riguarda l'installazione di un nuovo sito di installazione radio T03FA1 in sostituzione di un altro - Chemin du Cros 34420 CERS<\/p>\n\n\n\n<p>Link al dossier :&nbsp;<a href=\"https:\/\/www.villeneuve-les-beziers.fr\/wp-content\/uploads\/2024\/05\/Dossier-information-Mairie-Ch-du-Cros.pdf\">Cartella informativa Mairie Ch du Cros<\/a><\/p>\n\n\n\n<p><strong>Dossier informativo Mairie FREE MOBILE 34336 005 01 Lieu-dit Les Vernets<\/strong> :<\/p>\n\n\n\n<p><a href=\"https:\/\/www.villeneuve-les-beziers.fr\/wp-content\/uploads\/2025\/05\/DOSSIER-INFORMATION-MAIRIE-34336_005_01.pdf\" data-type=\"link\" data-id=\"https:\/\/www.villeneuve-les-beziers.fr\/wp-content\/uploads\/2025\/05\/DOSSIER-INFORMATION-MAIRIE-34336_005_01.pdf\">https:\/\/www.villeneuve-les-beziers.fr\/wp-content\/uploads\/2025\/05\/DOSSIER-INFORMATION-MAIRIE-34336_005_01.pdf<\/a><\/p>\n\n\n\n<p><strong>Dossier informativo Mairie - Free Mobile - 34032_038_01 - Les Mathes<\/strong> :<\/p>\n\n\n\n<p><a href=\"https:\/\/www.villeneuve-les-beziers.fr\/wp-content\/uploads\/2026\/01\/dossier-information-Mairie-34032_038_01.pdf\">Collegamento al file<\/a><\/p>\n<\/div>\n\n\n\n<div class=\"wp-block-group is-style-section-1 has-global-padding is-layout-constrained wp-container-core-group-is-layout-cc9ecf56 wp-block-group-is-layout-constrained is-style-section-1--26\" style=\"margin-top:var(--wp--preset--spacing--50);margin-bottom:var(--wp--preset--spacing--50);padding-top:var(--wp--preset--spacing--50);padding-right:var(--wp--preset--spacing--50);padding-bottom:var(--wp--preset--spacing--50);padding-left:var(--wp--preset--spacing--50)\">\n<h1 class=\"wp-block-heading\">Schede di consulenza: mantenere, ristrutturare o costruire nei centri storici<\/h1>\n\n\n\n<p>Per preservare il patrimonio e l'armonia dei centri storici, il Drac Occitanie ha unito le forze con tutte le 13 Unit\u00e9s D\u00e9partementales de l'Architecture et du Patrimoine (Udap) e i Conseils d'Architecture, d'Urbanisme et de l'Environnement (CAUE) della regione per produrre le schede di consulenza \"Centri storici\".<\/p>\n\n\n\n<p>Queste schede informative sono uno strumento consultivo ed educativo rivolto principalmente al pubblico in generale e a tutti coloro che sono coinvolti nell'ambiente di vita. Servono come guida per i lavori di manutenzione, riabilitazione, ristrutturazione o costruzione nei centri storici.<\/p>\n\n\n\n<p>Ogni scheda di consulenza si concentra su un aspetto specifico dell'architettura e del paesaggio: facciate, tetti, finestre, persiane, porte, opere in ferro e comfort termico.<\/p>\n\n\n\n<div class=\"wp-block-group is-style-default is-layout-flex wp-container-core-group-is-layout-9d5b1b53 wp-block-group-is-layout-flex\" style=\"margin-top:var(--wp--preset--spacing--30);margin-bottom:var(--wp--preset--spacing--30);padding-top:var(--wp--preset--spacing--30);padding-right:var(--wp--preset--spacing--30);padding-bottom:var(--wp--preset--spacing--30);padding-left:var(--wp--preset--spacing--30)\">\n<div class=\"wp-block-group has-border-color has-accent-6-border-color is-vertical is-layout-flex wp-container-core-group-is-layout-6589beca wp-block-group-is-layout-flex\" style=\"border-width:1px;border-radius:16px;margin-top:0;margin-bottom:0;padding-top:var(--wp--preset--spacing--30);padding-right:var(--wp--preset--spacing--30);padding-bottom:var(--wp--preset--spacing--30);padding-left:var(--wp--preset--spacing--30)\">\n<h3 class=\"wp-block-heading\">Facciate rivestite<\/h3>\n\n\n\n<p>PDF - 2 MB<\/p>\n\n\n\n<p><a style=\"font-size: 14px;\" title=\"1 - Facciate renderizzate (.PDF - 2 MB) - (nuova finestra)\" href=\"https:\/\/www.culture.gouv.fr\/Media\/Medias-creation-rapide\/1-Facades-enduites\" target=\"_blank\" rel=\"noopener noreferrer nofollow\">1 - Facciate renderizzate<\/a><\/p>\n<\/div>\n\n\n\n<div class=\"wp-block-group has-border-color has-accent-6-border-color is-vertical is-layout-flex wp-container-core-group-is-layout-6589beca wp-block-group-is-layout-flex\" style=\"border-width:1px;border-radius:16px;margin-top:0;margin-bottom:0;padding-top:var(--wp--preset--spacing--30);padding-right:var(--wp--preset--spacing--30);padding-bottom:var(--wp--preset--spacing--30);padding-left:var(--wp--preset--spacing--30)\">\n<h3 class=\"wp-block-heading\">Finiture in gesso<\/h3>\n\n\n\n<p>PDF - 4 MB<\/p>\n\n\n\n<p><a style=\"font-size: 14px;\" title=\"2 - Finiture rivestite (.PDF - 4 MB) - (nuova finestra)\" href=\"https:\/\/www.culture.gouv.fr\/Media\/Medias-creation-rapide\/2-Finitions-enduits\" target=\"_blank\" rel=\"noopener noreferrer nofollow\">2 - Finiture rivestite<\/a><\/p>\n<\/div>\n\n\n\n<div class=\"wp-block-group has-border-color has-accent-6-border-color is-vertical is-layout-flex wp-container-core-group-is-layout-6589beca wp-block-group-is-layout-flex\" style=\"border-width:1px;border-radius:16px;margin-top:0;margin-bottom:0;padding-top:var(--wp--preset--spacing--30);padding-right:var(--wp--preset--spacing--30);padding-bottom:var(--wp--preset--spacing--30);padding-left:var(--wp--preset--spacing--30)\">\n<h3 class=\"wp-block-heading\">Facciate a bugnato<\/h3>\n\n\n\n<p>PDF - 3 MB<\/p>\n\n\n\n<p><a style=\"font-size: 14px;\" title=\"3 - Facciate in pietra (.PDF - 3 MB) - (nuova finestra)\" href=\"https:\/\/www.culture.gouv.fr\/Media\/Medias-creation-rapide\/3-Facades-pierre\" target=\"_blank\" rel=\"noopener noreferrer nofollow\">3 - Facciate in pietra<\/a><\/p>\n<\/div>\n\n\n\n<div class=\"wp-block-group has-border-color has-accent-6-border-color is-vertical is-layout-flex wp-container-core-group-is-layout-6589beca wp-block-group-is-layout-flex\" style=\"border-width:1px;border-radius:16px;margin-top:0;margin-bottom:0;padding-top:var(--wp--preset--spacing--30);padding-right:var(--wp--preset--spacing--30);padding-bottom:var(--wp--preset--spacing--30);padding-left:var(--wp--preset--spacing--30)\">\n<h3 class=\"wp-block-heading\">Decorazioni in pietra<\/h3>\n\n\n\n<p>PDF - 3 MB<\/p>\n\n\n\n<p><a style=\"font-size: 14px;\" title=\"4 - Decorazioni in pietra (.PDF - 3 MB) - (nuova finestra)\" href=\"https:\/\/www.culture.gouv.fr\/Media\/Medias-creation-rapide\/4-Decors-pierre\" target=\"_blank\" rel=\"noopener noreferrer nofollow\">4 - Decorazioni in pietra<\/a><\/p>\n<\/div>\n\n\n\n<div class=\"wp-block-group has-border-color has-accent-6-border-color is-vertical is-layout-flex wp-container-core-group-is-layout-6589beca wp-block-group-is-layout-flex\" style=\"border-width:1px;border-radius:16px;margin-top:0;margin-bottom:0;padding-top:var(--wp--preset--spacing--30);padding-right:var(--wp--preset--spacing--30);padding-bottom:var(--wp--preset--spacing--30);padding-left:var(--wp--preset--spacing--30)\">\n<h3 class=\"wp-block-heading\">Tetti di tegole a canale<\/h3>\n\n\n\n<p>PDF - 2 MB<\/p>\n\n\n\n<p><a style=\"font-size: 14px;\" title=\"5 - Tetti in tegole (.PDF - 2 MB) - (nuova finestra)\" href=\"https:\/\/www.culture.gouv.fr\/Media\/Medias-creation-rapide\/5-Toitures-en-tuiles\" target=\"_blank\" rel=\"noopener noreferrer nofollow\">5 - Tetti in tegole<\/a><\/p>\n<\/div>\n\n\n\n<div class=\"wp-block-group has-border-color has-accent-6-border-color is-vertical is-layout-flex wp-container-core-group-is-layout-6589beca wp-block-group-is-layout-flex\" style=\"border-width:1px;border-radius:16px;margin-top:0;margin-bottom:0;padding-top:var(--wp--preset--spacing--30);padding-right:var(--wp--preset--spacing--30);padding-bottom:var(--wp--preset--spacing--30);padding-left:var(--wp--preset--spacing--30)\">\n<h3 class=\"wp-block-heading\">Sporgenze del tetto<\/h3>\n\n\n\n<p>PDF - 2 MB<\/p>\n\n\n\n<p><a style=\"font-size: 14px;\" title=\"6 - Sporgenze del tetto (.PDF - 2 MB) - (nuova finestra)\" href=\"https:\/\/www.culture.gouv.fr\/Media\/Medias-creation-rapide\/6-Debords-de-toiture\" target=\"_blank\" rel=\"noopener noreferrer nofollow\">6 - Sporgenze del tetto<\/a><\/p>\n<\/div>\n\n\n\n<div class=\"wp-block-group has-border-color has-accent-6-border-color is-vertical is-layout-flex wp-container-core-group-is-layout-6589beca wp-block-group-is-layout-flex\" style=\"border-width:1px;border-radius:16px;margin-top:0;margin-bottom:0;padding-top:var(--wp--preset--spacing--30);padding-right:var(--wp--preset--spacing--30);padding-bottom:var(--wp--preset--spacing--30);padding-left:var(--wp--preset--spacing--30)\">\n<h3 class=\"wp-block-heading\">Le finestre<\/h3>\n\n\n\n<p>PDF - 2 MB<\/p>\n\n\n\n<p><a style=\"font-size: 14px;\" title=\"7 - Windows (.PDF - 2 MB) - (nuova finestra)\" href=\"https:\/\/www.culture.gouv.fr\/Media\/Medias-creation-rapide\/7-Fenetres\" target=\"_blank\" rel=\"noopener noreferrer nofollow\">7 - Windows<\/a><\/p>\n<\/div>\n\n\n\n<div class=\"wp-block-group has-border-color has-accent-6-border-color is-vertical is-layout-flex wp-container-core-group-is-layout-6589beca wp-block-group-is-layout-flex\" style=\"border-width:1px;border-radius:16px;margin-top:0;margin-bottom:0;padding-top:var(--wp--preset--spacing--30);padding-right:var(--wp--preset--spacing--30);padding-bottom:var(--wp--preset--spacing--30);padding-left:var(--wp--preset--spacing--30)\">\n<h3 class=\"wp-block-heading\">Persiane<\/h3>\n\n\n\n<p>PDF - 2 MB<\/p>\n\n\n\n<p><a style=\"font-size: 14px;\" title=\"8 - Persiane (.PDF - 2 MB) - (nuova finestra)\" href=\"https:\/\/www.culture.gouv.fr\/Media\/Medias-creation-rapide\/8-Volets\" target=\"_blank\" rel=\"noopener noreferrer nofollow\">8 - Persiane<\/a><\/p>\n<\/div>\n\n\n\n<div class=\"wp-block-group has-border-color has-accent-6-border-color is-vertical is-layout-flex wp-container-core-group-is-layout-6589beca wp-block-group-is-layout-flex\" style=\"border-width:1px;border-radius:16px;margin-top:0;margin-bottom:0;padding-top:var(--wp--preset--spacing--30);padding-right:var(--wp--preset--spacing--30);padding-bottom:var(--wp--preset--spacing--30);padding-left:var(--wp--preset--spacing--30)\">\n<h3 class=\"wp-block-heading\">Le porte<\/h3>\n\n\n\n<p>PDF - 3 MB<\/p>\n\n\n\n<p><a style=\"font-size: 14px;\" title=\"9 - Porte (.PDF - 3 MB) - (nuova finestra)\" href=\"https:\/\/www.culture.gouv.fr\/Media\/Medias-creation-rapide\/9-Portes\" target=\"_blank\" rel=\"noopener noreferrer nofollow\">9 - Porte<\/a><\/p>\n<\/div>\n\n\n\n<div class=\"wp-block-group has-border-color has-accent-6-border-color is-vertical is-layout-flex wp-container-core-group-is-layout-6589beca wp-block-group-is-layout-flex\" style=\"border-width:1px;border-radius:16px;margin-top:0;margin-bottom:0;padding-top:var(--wp--preset--spacing--30);padding-right:var(--wp--preset--spacing--30);padding-bottom:var(--wp--preset--spacing--30);padding-left:var(--wp--preset--spacing--30)\">\n<h3 class=\"wp-block-heading\">Lavori in ferro<\/h3>\n\n\n\n<p>PDF - 3 MB<\/p>\n\n\n\n<p><a style=\"font-size: 14px;\" title=\"10 - Lavori in ferro (.PDF - 3 MB) - (nuova finestra)\" href=\"https:\/\/www.culture.gouv.fr\/Media\/Medias-creation-rapide\/10-Ferronneries\" target=\"_blank\" rel=\"noopener noreferrer nofollow\">10 - Ferro battuto<\/a><\/p>\n<\/div>\n\n\n\n<div class=\"wp-block-group has-border-color has-accent-6-border-color is-vertical is-layout-flex wp-container-core-group-is-layout-6589beca wp-block-group-is-layout-flex\" style=\"border-width:1px;border-radius:16px;margin-top:0;margin-bottom:0;padding-top:var(--wp--preset--spacing--30);padding-right:var(--wp--preset--spacing--30);padding-bottom:var(--wp--preset--spacing--30);padding-left:var(--wp--preset--spacing--30)\">\n<h3 class=\"wp-block-heading\">Recinzioni<\/h3>\n\n\n\n<p>PDF - 3 MB<\/p>\n\n\n\n<p><a style=\"font-size: 14px;\" title=\"11 - Recinzioni (.PDF - 3 MB) - (nuova finestra)\" href=\"https:\/\/www.culture.gouv.fr\/Media\/Medias-creation-rapide\/11-Clotures\" target=\"_blank\" rel=\"noopener noreferrer nofollow\">11 - Recinzioni<\/a><\/p>\n<\/div>\n\n\n\n<div class=\"wp-block-group has-border-color has-accent-6-border-color is-vertical is-layout-flex wp-container-core-group-is-layout-6589beca wp-block-group-is-layout-flex\" style=\"border-width:1px;border-radius:16px;margin-top:0;margin-bottom:0;padding-top:var(--wp--preset--spacing--30);padding-right:var(--wp--preset--spacing--30);padding-bottom:var(--wp--preset--spacing--30);padding-left:var(--wp--preset--spacing--30)\">\n<h3 class=\"wp-block-heading\">Davanti alla casa<\/h3>\n\n\n\n<p>PDF - 3 MB<\/p>\n\n\n\n<p><a style=\"font-size: 14px;\" title=\"12 - Davanti alla casa (.PDF - 3 MB) - (nuova finestra)\" href=\"https:\/\/www.culture.gouv.fr\/Media\/Medias-creation-rapide\/12-Devant-la-maison\" target=\"_blank\" rel=\"noopener noreferrer nofollow\">12 - Davanti alla casa<\/a><\/p>\n<\/div>\n\n\n\n<div class=\"wp-block-group has-border-color has-accent-6-border-color is-vertical is-layout-flex wp-container-core-group-is-layout-6589beca wp-block-group-is-layout-flex\" style=\"border-width:1px;border-radius:16px;margin-top:0;margin-bottom:0;padding-top:var(--wp--preset--spacing--30);padding-right:var(--wp--preset--spacing--30);padding-bottom:var(--wp--preset--spacing--30);padding-left:var(--wp--preset--spacing--30)\">\n<h3 class=\"wp-block-heading\"><strong>Modifiche alle baie<\/strong><\/h3>\n\n\n\n<p>PDF - 2 MB<\/p>\n\n\n\n<p><a style=\"font-size: 14px;\" title=\"13 - Modifiche alle baie (.PDF - 2 MB) - (nuova finestra)\" href=\"https:\/\/www.culture.gouv.fr\/Media\/Medias-creation-rapide\/13-Modifications-de-baies\" target=\"_blank\" rel=\"noopener noreferrer nofollow\">13 - Modifiche alle baie<\/a><\/p>\n<\/div>\n\n\n\n<div class=\"wp-block-group has-border-color has-accent-6-border-color is-vertical is-layout-flex wp-container-core-group-is-layout-6589beca wp-block-group-is-layout-flex\" style=\"border-width:1px;border-radius:16px;margin-top:0;margin-bottom:0;padding-top:var(--wp--preset--spacing--30);padding-right:var(--wp--preset--spacing--30);padding-bottom:var(--wp--preset--spacing--30);padding-left:var(--wp--preset--spacing--30)\">\n<h3 class=\"wp-block-heading\">Modifiche al tetto<\/h3>\n\n\n\n<p>PDF - 2 MB<\/p>\n\n\n\n<p><a style=\"font-size: 14px;\" title=\"14 - Modifiche al tetto (.PDF - 2 MB) - (nuova finestra)\" href=\"https:\/\/www.culture.gouv.fr\/Media\/Medias-creation-rapide\/14-Modifications-de-toiture\" target=\"_blank\" rel=\"noopener noreferrer nofollow\">14 - Modifiche al tetto<\/a><\/p>\n<\/div>\n\n\n\n<div class=\"wp-block-group has-border-color has-accent-6-border-color is-vertical is-layout-flex wp-container-core-group-is-layout-6589beca wp-block-group-is-layout-flex\" style=\"border-width:1px;border-radius:16px;margin-top:0;margin-bottom:0;padding-top:var(--wp--preset--spacing--30);padding-right:var(--wp--preset--spacing--30);padding-bottom:var(--wp--preset--spacing--30);padding-left:var(--wp--preset--spacing--30)\">\n<h3 class=\"wp-block-heading\">Comfort termico<\/h3>\n\n\n\n<p>PDF - 1 MB<\/p>\n\n\n\n<p><a style=\"font-size: 14px;\" title=\"15 - Comfort termico (.PDF - 1 MB) - (nuova finestra)\" href=\"https:\/\/www.culture.gouv.fr\/Media\/Medias-creation-rapide\/15-Confort-thermique\" target=\"_blank\" rel=\"noopener noreferrer nofollow\">15 - Comfort termico<\/a><\/p>\n<\/div>\n<\/div>\n<\/div>\n\n\n\n<div class=\"wp-block-group has-global-padding is-layout-constrained wp-block-group-is-layout-constrained\">\n<h2 class=\"wp-block-heading\">Consultazione di DRAC - Servizi UDAP<\/h2>\n\n\n\n<p>Desidera presentare un progetto all'Architecte des B\u00e2timents de France (ABF) prima che sia ufficialmente presentato al Comune (dichiarazione preventiva, permesso di costruzione, ecc.), o modificare un progetto gi\u00e0 presentato?<\/p>\n\n\n\n<p>Il DRAC pu\u00f2 inoltrare la sua richiesta via : <a href=\"https:\/\/www.demarches-simplifiees.fr\/commencer\/udap34\" target=\"_blank\" rel=\"noopener noreferrer nofollow\">https:\/\/www.demarches-simplifiees.fr\/commencer\/udap34<\/a><\/p>\n\n\n\n<p>Solo i progetti situati in un'area protetta devono essere presentati all'Atlante del Patrimonio: <a href=\"http:\/\/atlas.patrimoines.culture.fr\/atlas\/trunk\/\" target=\"_blank\" rel=\"noopener noreferrer nofollow\">http:\/\/atlas.patrimoines.culture.fr\/atlas\/trunk\/<\/a>.<\/p>\n<\/div>\n\n\n\n<p><\/p>","protected":false},"excerpt":{"rendered":"<p>Le service urbanisme vous renseigne et vous accompagne dans vos projets immobiliers. Service Urbanisme \u2013 H\u00f4tel de Ville, 1 rue de la Marianne, 34420 Villeneuve-l\u00e8s-B\u00e9ziers T\u00e9l. : 04 67 39 47 80 &#8211; Courriel :&nbsp;urbanisme@villeneuve-les-beziers.fr Pages li\u00e9es D\u00e9mat\u00e9rialisation des demandes d&rsquo;autorisation d&rsquo;urbanisme Depuis le 1er janvier 2022, nous sommes pr\u00eats \u00e0 recevoir vos demandes de [&hellip;]<\/p>\n","protected":false},"author":1,"featured_media":2746,"parent":199,"menu_order":0,"comment_status":"closed","ping_status":"closed","template":"","meta":{"footnotes":""},"class_list":["post-204","page","type-page","status-publish","has-post-thumbnail","hentry"],"_links":{"self":[{"href":"https:\/\/www.villeneuve-les-beziers.fr\/it\/wp-json\/wp\/v2\/pages\/204","targetHints":{"allow":["GET"]}}],"collection":[{"href":"https:\/\/www.villeneuve-les-beziers.fr\/it\/wp-json\/wp\/v2\/pages"}],"about":[{"href":"https:\/\/www.villeneuve-les-beziers.fr\/it\/wp-json\/wp\/v2\/types\/page"}],"author":[{"embeddable":true,"href":"https:\/\/www.villeneuve-les-beziers.fr\/it\/wp-json\/wp\/v2\/users\/1"}],"replies":[{"embeddable":true,"href":"https:\/\/www.villeneuve-les-beziers.fr\/it\/wp-json\/wp\/v2\/comments?post=204"}],"version-history":[{"count":32,"href":"https:\/\/www.villeneuve-les-beziers.fr\/it\/wp-json\/wp\/v2\/pages\/204\/revisions"}],"predecessor-version":[{"id":20745,"href":"https:\/\/www.villeneuve-les-beziers.fr\/it\/wp-json\/wp\/v2\/pages\/204\/revisions\/20745"}],"up":[{"embeddable":true,"href":"https:\/\/www.villeneuve-les-beziers.fr\/it\/wp-json\/wp\/v2\/pages\/199"}],"wp:featuredmedia":[{"embeddable":true,"href":"https:\/\/www.villeneuve-les-beziers.fr\/it\/wp-json\/wp\/v2\/media\/2746"}],"wp:attachment":[{"href":"https:\/\/www.villeneuve-les-beziers.fr\/it\/wp-json\/wp\/v2\/media?parent=204"}],"curies":[{"name":"wp","href":"https:\/\/api.w.org\/{rel}","templated":true}]}}