{"id":6737,"date":"2022-03-17T14:48:29","date_gmt":"2022-03-17T13:48:29","guid":{"rendered":"http:\/\/www.villeneuve-les-beziers.fr\/?p=6737"},"modified":"2024-11-22T23:20:05","modified_gmt":"2024-11-22T22:20:05","slug":"piano-di-prevenzione-del-rischio-di-alluvione","status":"publish","type":"page","link":"https:\/\/www.villeneuve-les-beziers.fr\/it\/vie-pratique\/urbanisme\/plan-de-prevention-des-risques-dinondations\/","title":{"rendered":"Piano di prevenzione del rischio di alluvione"},"content":{"rendered":"<h2 class=\"wp-block-heading\">Consultare i Piani di prevenzione del rischio di alluvione (PPRI) e i Piani di prevenzione del rischio tecnologico (PPRT).<\/h2>\n\n\n\n<figure class=\"wp-block-table\"><table class=\"has-fixed-layout\"><thead><tr><th class=\"has-text-align-center\" data-align=\"center\">Inondazioni PPR<\/th><th class=\"has-text-align-center\" data-align=\"center\"><a name=\"eztoc148969_0_2\" id=\"eztoc148969_0_2\"><\/a>Piano di prevenzione dei rischi tecnologici \"MINGUEZ<\/th><th class=\"has-text-align-center\" data-align=\"center\">PPR tecnologico <a name=\"eztoc148969_0_5\" id=\"eztoc148969_0_5\"><\/a>\"GAZECHIM<\/th><\/tr><\/thead><tbody><tr><td class=\"has-text-align-center\" data-align=\"center\">Data di approvazione: 08\/11\/2007<\/td><td class=\"has-text-align-center\" data-align=\"center\">&nbsp;Data di approvazione: 06\/03\/2013<\/td><td class=\"has-text-align-center\" data-align=\"center\">Data di approvazione: 03\/08\/2015<\/td><\/tr><tr><td class=\"has-text-align-center\" data-align=\"center\"><a title=\"Visiti http:\/\/piece-jointe-carto.developpement-durable.gouv.fr\/DEPT034A\/ZonagePPRI\/VILLENEUVE-LES-BEZIERS\/ArreteAppro_VILLENEUVE-LES-BEZIERS.pdf - nuova finestra\" href=\"http:\/\/piece-jointe-carto.developpement-durable.gouv.fr\/DEPT034A\/ZonagePPRI\/VILLENEUVE-LES-BEZIERS\/ArreteAppro_VILLENEUVE-LES-BEZIERS.pdf\" target=\"_blank\" rel=\"noopener\">Ordine di approvazione<\/a><br><a title=\"Visiti http:\/\/piece-jointe-carto.developpement-durable.gouv.fr\/DEPT034A\/ZonagePPRI\/VILLENEUVE-LES-BEZIERS\/RapportPres_VILLENEUVE-LES-BEZIERS.pdf - nuova finestra\" href=\"http:\/\/piece-jointe-carto.developpement-durable.gouv.fr\/DEPT034A\/ZonagePPRI\/VILLENEUVE-LES-BEZIERS\/RapportPres_VILLENEUVE-LES-BEZIERS.pdf\" target=\"_blank\" rel=\"noopener\">Rapporto di presentazione<\/a><br><a title=\"Visiti http:\/\/piece-jointe-carto.developpement-durable.gouv.fr\/DEPT034A\/ZonagePPRI\/VILLENEUVE-LES-BEZIERS\/Zonage_VILLENEUVE-LES-BEZIERS.zip - nuova finestra\" href=\"http:\/\/piece-jointe-carto.developpement-durable.gouv.fr\/DEPT034A\/ZonagePPRI\/VILLENEUVE-LES-BEZIERS\/Zonage_VILLENEUVE-LES-BEZIERS.zip\" target=\"_blank\" rel=\"noopener\">Mappa delle zone<\/a><br><a title=\"Visiti http:\/\/piece-jointe-carto.developpement-durable.gouv.fr\/DEPT034A\/ZonagePPRI\/VILLENEUVE-LES-BEZIERS\/Reglement_VILLENEUVE-LES-BEZIERS.pdf - nuova finestra\" href=\"http:\/\/piece-jointe-carto.developpement-durable.gouv.fr\/DEPT034A\/ZonagePPRI\/VILLENEUVE-LES-BEZIERS\/Reglement_VILLENEUVE-LES-BEZIERS.pdf\" target=\"_blank\" rel=\"noopener\">Regolamenti<\/a><\/td><td class=\"has-text-align-center\" data-align=\"center\"><a title=\"Visiti http:\/\/piece-jointe-carto.developpement-durable.gouv.fr\/DEPT034A\/ZonagePPRT\/MINGUEZ\/ArreteAppro_MINGUEZ.pdf - nuova finestra\" href=\"http:\/\/piece-jointe-carto.developpement-durable.gouv.fr\/DEPT034A\/ZonagePPRT\/MINGUEZ\/ArreteAppro_MINGUEZ.pdf\" target=\"_blank\" rel=\"noopener\">Ordine di approvazione<\/a><br><a title=\"Visiti http:\/\/piece-jointe-carto.developpement-durable.gouv.fr\/DEPT034A\/ZonagePPRT\/MINGUEZ\/RapportPres_MINGUEZ.pdf - nuova finestra\" href=\"http:\/\/piece-jointe-carto.developpement-durable.gouv.fr\/DEPT034A\/ZonagePPRT\/MINGUEZ\/RapportPres_MINGUEZ.pdf\" target=\"_blank\" rel=\"noopener\">Rapporto di presentazione<\/a><br><a title=\"Visiti http:\/\/piece-jointe-carto.developpement-durable.gouv.fr\/DEPT034A\/ZonagePPRT\/MINGUEZ\/Zonage_MINGUEZ.pdf - nuova finestra\" href=\"http:\/\/piece-jointe-carto.developpement-durable.gouv.fr\/DEPT034A\/ZonagePPRT\/MINGUEZ\/Zonage_MINGUEZ.pdf\" target=\"_blank\" rel=\"noopener\">Mappa delle zone<\/a><br><a title=\"Visiti http:\/\/piece-jointe-carto.developpement-durable.gouv.fr\/DEPT034A\/ZonagePPRT\/MINGUEZ\/Reglement_MINGUEZ.pdf - nuova finestra\" href=\"http:\/\/piece-jointe-carto.developpement-durable.gouv.fr\/DEPT034A\/ZonagePPRT\/MINGUEZ\/Reglement_MINGUEZ.pdf\" target=\"_blank\" rel=\"noopener\">Regolamenti<\/a><\/td><td class=\"has-text-align-center\" data-align=\"center\"><a title=\"Visiti http:\/\/piece-jointe-carto.developpement-durable.gouv.fr\/DEPT034A\/ZonagePPRT\/GAZECHIM\/ArreteAppro_GAZECHIM.pdf - nuova finestra\" href=\"http:\/\/piece-jointe-carto.developpement-durable.gouv.fr\/DEPT034A\/ZonagePPRT\/GAZECHIM\/ArreteAppro_GAZECHIM.pdf\" target=\"_blank\" rel=\"noopener\">Ordine di approvazione<\/a><br><a title=\"Visiti http:\/\/piece-jointe-carto.developpement-durable.gouv.fr\/DEPT034A\/ZonagePPRT\/GAZECHIM\/RapportPres_GAZECHIM.pdf - nuova finestra\" href=\"http:\/\/piece-jointe-carto.developpement-durable.gouv.fr\/DEPT034A\/ZonagePPRT\/GAZECHIM\/RapportPres_GAZECHIM.pdf\" target=\"_blank\" rel=\"noopener\">Rapporto di presentazione<\/a><br><a title=\"Visiti http:\/\/piece-jointe-carto.developpement-durable.gouv.fr\/DEPT034A\/ZonagePPRT\/GAZECHIM\/Zonage_GAZECHIM.pdf - nuova finestra\" href=\"http:\/\/piece-jointe-carto.developpement-durable.gouv.fr\/DEPT034A\/ZonagePPRT\/GAZECHIM\/Zonage_GAZECHIM.pdf\" target=\"_blank\" rel=\"noopener\">Mappa delle zone<\/a><br><a title=\"Visiti http:\/\/piece-jointe-carto.developpement-durable.gouv.fr\/DEPT034A\/ZonagePPRT\/GAZECHIM\/Reglement_GAZECHIM.pdf - nuova finestra\" href=\"http:\/\/piece-jointe-carto.developpement-durable.gouv.fr\/DEPT034A\/ZonagePPRT\/GAZECHIM\/Reglement_GAZECHIM.pdf\" target=\"_blank\" rel=\"noopener\">Regolamenti<\/a><\/td><\/tr><tr><td class=\"has-text-align-center\" data-align=\"center\"><strong>Appendici<\/strong><br><a title=\"Visiti http:\/\/piece-jointe-carto.developpement-durable.gouv.fr\/DEPT034A\/ZonagePPRI\/VILLENEUVE-LES-BEZIERS\/Alea_VILLENEUVE-LES-BEZIERS.zip - nuova finestra\" href=\"http:\/\/piece-jointe-carto.developpement-durable.gouv.fr\/DEPT034A\/ZonagePPRI\/VILLENEUVE-LES-BEZIERS\/Alea_VILLENEUVE-LES-BEZIERS.zip\" target=\"_blank\" rel=\"noopener\">Mappa dei pericoli<\/a><br><a title=\"Visiti http:\/\/piece-jointe-carto.developpement-durable.gouv.fr\/DEPT034A\/ZonagePPRI\/VILLENEUVE-LES-BEZIERS\/Annexe_VILLENEUVE-LES-BEZIERS.pdf - nuova finestra\" href=\"http:\/\/piece-jointe-carto.developpement-durable.gouv.fr\/DEPT034A\/ZonagePPRI\/VILLENEUVE-LES-BEZIERS\/Annexe_VILLENEUVE-LES-BEZIERS.pdf\" target=\"_blank\" rel=\"noopener\">Altre appendici<\/a><\/td><td class=\"has-text-align-center\" data-align=\"center\"><strong>Appendici<\/strong><br><a title=\"Visiti http:\/\/piece-jointe-carto.developpement-durable.gouv.fr\/DEPT034A\/ZonagePPRT\/MINGUEZ\/Alea_MINGUEZ.pdf - nuova finestra\" href=\"http:\/\/piece-jointe-carto.developpement-durable.gouv.fr\/DEPT034A\/ZonagePPRT\/MINGUEZ\/Alea_MINGUEZ.pdf\" target=\"_blank\" rel=\"noopener\">Mappa dei pericoli<\/a><br><a title=\"Visiti http:\/\/piece-jointe-carto.developpement-durable.gouv.fr\/DEPT034A\/ZonagePPRT\/MINGUEZ\/Annexe_MINGUEZ.zip - nuova finestra\" href=\"http:\/\/piece-jointe-carto.developpement-durable.gouv.fr\/DEPT034A\/ZonagePPRT\/MINGUEZ\/Annexe_MINGUEZ.zip\" target=\"_blank\" rel=\"noopener\">Altre appendici<\/a><\/td><td class=\"has-text-align-center\" data-align=\"center\"><strong>Appendici<\/strong><br><a title=\"Visiti http:\/\/piece-jointe-carto.developpement-durable.gouv.fr\/DEPT034A\/ZonagePPRT\/GAZECHIM\/Annexe_GAZECHIM.pdf - nuova finestra\" href=\"http:\/\/piece-jointe-carto.developpement-durable.gouv.fr\/DEPT034A\/ZonagePPRT\/GAZECHIM\/Annexe_GAZECHIM.pdf\" target=\"_blank\" rel=\"noopener\">Altre appendici<\/a><\/td><\/tr><\/tbody><\/table><\/figure>\n\n\n\n<h2 class=\"wp-block-heading\">Porter \u00e0 Connaissance (PAC) a seguito delle inondazioni dell'ottobre 2019.<\/h2>\n\n\n\n<p class=\"is-style-text-subtitle has-large-font-size is-style-text-subtitle--1\">STUDI DI RISCHIO NOTIFICATI ALLE AUTORIT\u00c0 LOCALI<\/p>\n\n\n\n<p>Quando viene approvato un piano di prevenzione dei rischi naturali per un Comune, il piano fornisce un quadro preciso per le possibilit\u00e0 di costruzione. Tuttavia, non \u00e8 l'unica fonte di informazioni da prendere in considerazione, e tutte le conoscenze aggiuntive disponibili sui rischi devono essere utilizzate per valutare il rischio, in particolare quando si redigono i documenti urbanistici e le richieste di permessi di costruzione.<br>Il Prefetto \u00e8 tenuto a trasmettere ai Comuni tutti gli studi tecnici in suo possesso, necessari per l'esercizio delle loro competenze urbanistiche (Articolo L.132-2 del Codice di Urbanistica). A tal fine, gli studi elencati di seguito sono stati portati alla loro attenzione. Fonte : <strong><a href=\"https:\/\/www.herault.gouv.fr\/Politiques-publiques\/Environnement-risques-naturels-et-technologiques\/Risques-naturels-et-technologiques\/Transmission-des-informations-aux-maires-TIM\/Les-Porter-a-connaissance-PAC-de-l-Herault\" target=\"_blank\" rel=\"noopener noreferrer nofollow\">Prefettura di H\u00e9rault<\/a><\/strong><\/p>\n\n\n\n<figure class=\"wp-block-table\"><table class=\"has-fixed-layout\"><thead><tr><th class=\"has-text-align-center\" data-align=\"center\">TIPO ALEA<\/th><th class=\"has-text-align-center\" data-align=\"center\">STUDI TECNICI<\/th><th class=\"has-text-align-center\" data-align=\"center\">DATA CAP<\/th><th class=\"has-text-align-center\" data-align=\"center\">CARTOGRAFIA<\/th><\/tr><\/thead><tbody><tr><td class=\"has-text-align-center\" data-align=\"center\"><strong>Multi-rischio<\/strong><\/td><td class=\"has-text-align-center\" data-align=\"center\">Scheda\/e di definizione del rischio naturale o tecnologico per i campeggi e i parchi ricreativi residenziali nel dipartimento dell'H\u00e9rault<br>Queste schede riassumono, per ogni campeggio, sulla base di tutte le informazioni elaborate dallo Stato o su richiesta di quest'ultimo, la delimitazione delle aree soggette a rischio naturale o tecnologico prevedibile e l'entit\u00e0 dell'esposizione. Viene inoltre allegata una mappa che mostra la posizione del campeggio in relazione ai rischi presi in considerazione.<br><p style=\"text-align: justify;\">Giugno 2017<\/p><\/td><td class=\"has-text-align-center\" data-align=\"center\">09\/06\/2017<\/td><td class=\"has-text-align-center\" data-align=\"center\"><a href=\"http:\/\/piece-jointe-carto.developpement-durable.gouv.fr\/DEPT034A\/Camping_Risques\/VILLENEUVE-LES-BEZIERS.zip\" target=\"_blank\" rel=\"noreferrer noopener\">Archivio ZIP di tutti i campeggi del comune<\/a><\/td><\/tr><tr><td class=\"has-text-align-center\" data-align=\"center\"><strong>Inondazioni<\/strong><\/td><td class=\"has-text-align-center\" data-align=\"center\">Mappa di pericolosit\u00e0 per l'alluvione del 23 ottobre 2019 e avviso di pianificazione associato<\/td><td class=\"has-text-align-center\" data-align=\"center\">28\/09\/2020<\/td><td class=\"has-text-align-center\" data-align=\"center\"><br><a href=\"https:\/\/www.herault.gouv.fr\/content\/download\/35540\/237517\/file\/20200928_Courrier_Maire_Villeneuve_LBz_PAC.pdf\" target=\"_blank\" rel=\"noreferrer noopener\">20200928_Courrier_Maire_VilleneuveLBzPAC<\/a><br><a href=\"https:\/\/www.herault.gouv.fr\/content\/download\/35541\/237521\/file\/PAC_Alea_Villeneuve_les_Beziers_2020_09_28.pdf\" target=\"_blank\" rel=\"noreferrer noopener\">Mappa dei pericoli<\/a><br><a href=\"https:\/\/www.herault.gouv.fr\/content\/download\/35542\/237525\/file\/PAC_PHE_Villeneuve_les_Beziers_2020_09_28.pdf\" target=\"_blank\" rel=\"noreferrer noopener\">Mappa PHE<\/a><\/td><\/tr><\/tbody><\/table><\/figure>","protected":false},"excerpt":{"rendered":"<p>Consultez les Plans de Pr\u00e9vention des Risques d&rsquo;Inondation (PPRI) et Technologique (PPRT) PPR Inondation PPR Technologique \u00ab\u00a0MINGUEZ\u00a0\u00bb PPR Technologique \u00ab\u00a0GAZECHIM\u00a0\u00bb Date d&rsquo;approbation : 08\/11\/2007 &nbsp;Date d&rsquo;approbation : 06\/03\/2013 Date d&rsquo;approbation : 03\/08\/2015 Arr\u00eat\u00e9 d&rsquo;approbationRapport de pr\u00e9sentationCarte de zonageR\u00e8glement Arr\u00eat\u00e9 d&rsquo;approbationRapport de pr\u00e9sentationCarte de zonageR\u00e8glement Arr\u00eat\u00e9 d&rsquo;approbationRapport de pr\u00e9sentationCarte de zonageR\u00e8glement AnnexesCarte d&rsquo;al\u00e9aAutres annexes AnnexesCarte d&rsquo;al\u00e9aAutres [&hellip;]<\/p>\n","protected":false},"author":1,"featured_media":3957,"parent":204,"menu_order":0,"comment_status":"closed","ping_status":"closed","template":"","meta":{"footnotes":""},"class_list":["post-6737","page","type-page","status-publish","has-post-thumbnail","hentry"],"_links":{"self":[{"href":"https:\/\/www.villeneuve-les-beziers.fr\/it\/wp-json\/wp\/v2\/pages\/6737","targetHints":{"allow":["GET"]}}],"collection":[{"href":"https:\/\/www.villeneuve-les-beziers.fr\/it\/wp-json\/wp\/v2\/pages"}],"about":[{"href":"https:\/\/www.villeneuve-les-beziers.fr\/it\/wp-json\/wp\/v2\/types\/page"}],"author":[{"embeddable":true,"href":"https:\/\/www.villeneuve-les-beziers.fr\/it\/wp-json\/wp\/v2\/users\/1"}],"replies":[{"embeddable":true,"href":"https:\/\/www.villeneuve-les-beziers.fr\/it\/wp-json\/wp\/v2\/comments?post=6737"}],"version-history":[{"count":0,"href":"https:\/\/www.villeneuve-les-beziers.fr\/it\/wp-json\/wp\/v2\/pages\/6737\/revisions"}],"up":[{"embeddable":true,"href":"https:\/\/www.villeneuve-les-beziers.fr\/it\/wp-json\/wp\/v2\/pages\/204"}],"wp:featuredmedia":[{"embeddable":true,"href":"https:\/\/www.villeneuve-les-beziers.fr\/it\/wp-json\/wp\/v2\/media\/3957"}],"wp:attachment":[{"href":"https:\/\/www.villeneuve-les-beziers.fr\/it\/wp-json\/wp\/v2\/media?parent=6737"}],"curies":[{"name":"wp","href":"https:\/\/api.w.org\/{rel}","templated":true}]}}