{"id":204,"date":"2019-04-10T11:50:19","date_gmt":"2019-04-10T09:50:19","guid":{"rendered":"http:\/\/localhost\/?page_id=204"},"modified":"2026-04-24T10:21:58","modified_gmt":"2026-04-24T08:21:58","slug":"stadsplanning","status":"publish","type":"page","link":"https:\/\/www.villeneuve-les-beziers.fr\/nl\/vie-pratique\/urbanisme\/","title":{"rendered":"Stadsplanning"},"content":{"rendered":"<div class=\"wp-block-group has-global-padding is-layout-constrained wp-container-core-group-is-layout-e0082cf6 wp-block-group-is-layout-constrained\">\n<p class=\"has-text-align-center is-style-text-subtitle is-style-text-subtitle--1\">De afdeling stadsplanning kan u informatie en ondersteuning bieden voor uw vastgoedprojecten.<\/p>\n\n\n\n<p class=\"has-text-align-center\">Dienst Stedenbouw - H\u00f4tel de Ville, 1 rue de la Marianne, 34420 Villeneuve-l\u00e8s-B\u00e9ziers<\/p>\n\n\n\n<p class=\"has-text-align-center\">Tel: 04 67 39 47 80 - E-mail:&nbsp;<a style=\"font-size: 14px; color: #006fa3;\" href=\"mailto:urbanisme@villeneuve-les-beziers.fr\">urbanisme@villeneuve-les-beziers.fr<\/a><\/p>\n<\/div>\n\n\n\n<div class=\"wp-block-group is-style-section-1 has-global-padding is-layout-constrained wp-container-core-group-is-layout-7ececc86 wp-block-group-is-layout-constrained is-style-section-1--2\" style=\"margin-top:var(--wp--preset--spacing--50);margin-bottom:var(--wp--preset--spacing--50);padding-top:var(--wp--preset--spacing--30);padding-right:var(--wp--preset--spacing--30);padding-bottom:var(--wp--preset--spacing--30);padding-left:var(--wp--preset--spacing--30)\">\n<h2 class=\"wp-block-heading has-text-align-center\">Verwante pagina's<\/h2>\n\n\n\n<div class=\"wp-block-query is-layout-flow wp-block-query-is-layout-flow\"><ul class=\"columns-3 wp-block-post-template is-layout-grid wp-container-core-post-template-is-layout-572542b5 wp-block-post-template-is-layout-grid\"><li class=\"wp-block-post post-5777 page type-page status-publish has-post-thumbnail hentry\">\n\n<div class=\"wp-block-group has-global-padding is-layout-constrained wp-container-core-group-is-layout-69fdc361 wp-block-group-is-layout-constrained\" style=\"border-radius:32px;padding-top:0;padding-right:0;padding-bottom:var(--wp--preset--spacing--20);padding-left:0;box-shadow:var(--wp--preset--shadow--natural)\"><figure style=\"aspect-ratio:16\/9;\" class=\"wp-block-post-featured-image\"><a href=\"https:\/\/www.villeneuve-les-beziers.fr\/nl\/vie-pratique\/urbanisme\/avis-de-participation-du-public-par-voie-electronique\/\" target=\"_self\"  ><img loading=\"lazy\" decoding=\"async\" width=\"640\" height=\"340\" src=\"https:\/\/www.villeneuve-les-beziers.fr\/wp-content\/uploads\/2019\/10\/urbanisme_cerfa.jpg\" class=\"attachment-post-thumbnail size-post-thumbnail wp-post-image\" alt=\"Bericht van elektronische publieke inspraak\" style=\"width:100%;height:100%;object-fit:cover;\" srcset=\"https:\/\/www.villeneuve-les-beziers.fr\/wp-content\/uploads\/2019\/10\/urbanisme_cerfa.jpg 640w, https:\/\/www.villeneuve-les-beziers.fr\/wp-content\/uploads\/2019\/10\/urbanisme_cerfa-150x80.jpg 150w, https:\/\/www.villeneuve-les-beziers.fr\/wp-content\/uploads\/2019\/10\/urbanisme_cerfa-300x159.jpg 300w\" sizes=\"auto, (max-width: 640px) 100vw, 640px\" \/><\/a><\/figure>\n\n<h3 class=\"has-text-align-center wp-block-post-title has-large-font-size\"><a href=\"https:\/\/www.villeneuve-les-beziers.fr\/nl\/vie-pratique\/urbanisme\/avis-de-participation-du-public-par-voie-electronique\/\" target=\"_self\" >Bericht van elektronische publieke inspraak<\/a><\/h3><\/div>\n\n<\/li><li class=\"wp-block-post post-6714 page type-page status-publish has-post-thumbnail hentry\">\n\n<div class=\"wp-block-group has-global-padding is-layout-constrained wp-container-core-group-is-layout-69fdc361 wp-block-group-is-layout-constrained\" style=\"border-radius:32px;padding-top:0;padding-right:0;padding-bottom:var(--wp--preset--spacing--20);padding-left:0;box-shadow:var(--wp--preset--shadow--natural)\"><figure style=\"aspect-ratio:16\/9;\" class=\"wp-block-post-featured-image\"><a href=\"https:\/\/www.villeneuve-les-beziers.fr\/nl\/vie-pratique\/urbanisme\/consultation-du-cadastre\/\" target=\"_self\"  ><img loading=\"lazy\" decoding=\"async\" width=\"300\" height=\"169\" src=\"https:\/\/www.villeneuve-les-beziers.fr\/wp-content\/uploads\/2024\/11\/cadastre.png\" class=\"attachment-post-thumbnail size-post-thumbnail wp-post-image\" alt=\"Raadpleging Kadaster\" style=\"width:100%;height:100%;object-fit:cover;\" srcset=\"https:\/\/www.villeneuve-les-beziers.fr\/wp-content\/uploads\/2024\/11\/cadastre.png 300w, https:\/\/www.villeneuve-les-beziers.fr\/wp-content\/uploads\/2024\/11\/cadastre-150x85.png 150w\" sizes=\"auto, (max-width: 300px) 100vw, 300px\" \/><\/a><\/figure>\n\n<h3 class=\"has-text-align-center wp-block-post-title has-large-font-size\"><a href=\"https:\/\/www.villeneuve-les-beziers.fr\/nl\/vie-pratique\/urbanisme\/consultation-du-cadastre\/\" target=\"_self\" >Raadpleging Kadaster<\/a><\/h3><\/div>\n\n<\/li><li class=\"wp-block-post post-833 page type-page status-publish has-post-thumbnail hentry\">\n\n<div class=\"wp-block-group has-global-padding is-layout-constrained wp-container-core-group-is-layout-69fdc361 wp-block-group-is-layout-constrained\" style=\"border-radius:32px;padding-top:0;padding-right:0;padding-bottom:var(--wp--preset--spacing--20);padding-left:0;box-shadow:var(--wp--preset--shadow--natural)\"><figure style=\"aspect-ratio:16\/9;\" class=\"wp-block-post-featured-image\"><a href=\"https:\/\/www.villeneuve-les-beziers.fr\/nl\/vie-pratique\/urbanisme\/demarches-durbanisme\/\" target=\"_self\"  ><img loading=\"lazy\" decoding=\"async\" width=\"640\" height=\"340\" src=\"https:\/\/www.villeneuve-les-beziers.fr\/wp-content\/uploads\/2019\/10\/urbanisme_cerfa.jpg\" class=\"attachment-post-thumbnail size-post-thumbnail wp-post-image\" alt=\"Planningsprocedures\" style=\"width:100%;height:100%;object-fit:cover;\" srcset=\"https:\/\/www.villeneuve-les-beziers.fr\/wp-content\/uploads\/2019\/10\/urbanisme_cerfa.jpg 640w, https:\/\/www.villeneuve-les-beziers.fr\/wp-content\/uploads\/2019\/10\/urbanisme_cerfa-150x80.jpg 150w, https:\/\/www.villeneuve-les-beziers.fr\/wp-content\/uploads\/2019\/10\/urbanisme_cerfa-300x159.jpg 300w\" sizes=\"auto, (max-width: 640px) 100vw, 640px\" \/><\/a><\/figure>\n\n<h3 class=\"has-text-align-center wp-block-post-title has-large-font-size\"><a href=\"https:\/\/www.villeneuve-les-beziers.fr\/nl\/vie-pratique\/urbanisme\/demarches-durbanisme\/\" target=\"_self\" >Planningsprocedures<\/a><\/h3><\/div>\n\n<\/li><li class=\"wp-block-post post-6558 page type-page status-publish has-post-thumbnail hentry\">\n\n<div class=\"wp-block-group has-global-padding is-layout-constrained wp-container-core-group-is-layout-69fdc361 wp-block-group-is-layout-constrained\" style=\"border-radius:32px;padding-top:0;padding-right:0;padding-bottom:var(--wp--preset--spacing--20);padding-left:0;box-shadow:var(--wp--preset--shadow--natural)\"><figure style=\"aspect-ratio:16\/9;\" class=\"wp-block-post-featured-image\"><a href=\"https:\/\/www.villeneuve-les-beziers.fr\/nl\/vie-pratique\/urbanisme\/dematerialisation-des-dossiers-durbanisme\/\" target=\"_self\"  ><img loading=\"lazy\" decoding=\"async\" width=\"3608\" height=\"1528\" src=\"https:\/\/www.villeneuve-les-beziers.fr\/wp-content\/uploads\/2021\/12\/dematurba.png\" class=\"attachment-post-thumbnail size-post-thumbnail wp-post-image\" alt=\"Dematerialisatie van stedenbouwkundige dossiers\" style=\"width:100%;height:100%;object-fit:cover;\" srcset=\"https:\/\/www.villeneuve-les-beziers.fr\/wp-content\/uploads\/2021\/12\/dematurba.png 3608w, https:\/\/www.villeneuve-les-beziers.fr\/wp-content\/uploads\/2021\/12\/dematurba-150x64.png 150w, https:\/\/www.villeneuve-les-beziers.fr\/wp-content\/uploads\/2021\/12\/dematurba-300x127.png 300w, https:\/\/www.villeneuve-les-beziers.fr\/wp-content\/uploads\/2021\/12\/dematurba-768x325.png 768w, https:\/\/www.villeneuve-les-beziers.fr\/wp-content\/uploads\/2021\/12\/dematurba-1024x434.png 1024w, https:\/\/www.villeneuve-les-beziers.fr\/wp-content\/uploads\/2021\/12\/dematurba-1536x651.png 1536w, https:\/\/www.villeneuve-les-beziers.fr\/wp-content\/uploads\/2021\/12\/dematurba-2048x867.png 2048w\" sizes=\"auto, (max-width: 3608px) 100vw, 3608px\" \/><\/a><\/figure>\n\n<h3 class=\"has-text-align-center wp-block-post-title has-large-font-size\"><a href=\"https:\/\/www.villeneuve-les-beziers.fr\/nl\/vie-pratique\/urbanisme\/dematerialisation-des-dossiers-durbanisme\/\" target=\"_self\" >Dematerialisatie van stedenbouwkundige dossiers<\/a><\/h3><\/div>\n\n<\/li><li class=\"wp-block-post post-3869 page type-page status-publish has-post-thumbnail hentry\">\n\n<div class=\"wp-block-group has-global-padding is-layout-constrained wp-container-core-group-is-layout-69fdc361 wp-block-group-is-layout-constrained\" style=\"border-radius:32px;padding-top:0;padding-right:0;padding-bottom:var(--wp--preset--spacing--20);padding-left:0;box-shadow:var(--wp--preset--shadow--natural)\"><figure style=\"aspect-ratio:16\/9;\" class=\"wp-block-post-featured-image\"><a href=\"https:\/\/www.villeneuve-les-beziers.fr\/nl\/vie-pratique\/urbanisme\/permis-de-louer\/\" target=\"_self\"  ><img loading=\"lazy\" decoding=\"async\" width=\"2408\" height=\"1694\" src=\"https:\/\/www.villeneuve-les-beziers.fr\/wp-content\/uploads\/2021\/05\/Capture-decran-2021-05-20-a-15.56.17.png\" class=\"attachment-post-thumbnail size-post-thumbnail wp-post-image\" alt=\"Vergunningen te huur\" style=\"width:100%;height:100%;object-fit:cover;\" srcset=\"https:\/\/www.villeneuve-les-beziers.fr\/wp-content\/uploads\/2021\/05\/Capture-decran-2021-05-20-a-15.56.17.png 2408w, https:\/\/www.villeneuve-les-beziers.fr\/wp-content\/uploads\/2021\/05\/Capture-decran-2021-05-20-a-15.56.17-150x106.png 150w, https:\/\/www.villeneuve-les-beziers.fr\/wp-content\/uploads\/2021\/05\/Capture-decran-2021-05-20-a-15.56.17-300x211.png 300w, https:\/\/www.villeneuve-les-beziers.fr\/wp-content\/uploads\/2021\/05\/Capture-decran-2021-05-20-a-15.56.17-768x540.png 768w, https:\/\/www.villeneuve-les-beziers.fr\/wp-content\/uploads\/2021\/05\/Capture-decran-2021-05-20-a-15.56.17-1024x720.png 1024w, https:\/\/www.villeneuve-les-beziers.fr\/wp-content\/uploads\/2021\/05\/Capture-decran-2021-05-20-a-15.56.17-1536x1081.png 1536w, https:\/\/www.villeneuve-les-beziers.fr\/wp-content\/uploads\/2021\/05\/Capture-decran-2021-05-20-a-15.56.17-2048x1441.png 2048w\" sizes=\"auto, (max-width: 2408px) 100vw, 2408px\" \/><\/a><\/figure>\n\n<h3 class=\"has-text-align-center wp-block-post-title has-large-font-size\"><a href=\"https:\/\/www.villeneuve-les-beziers.fr\/nl\/vie-pratique\/urbanisme\/permis-de-louer\/\" target=\"_self\" >Vergunningen te huur<\/a><\/h3><\/div>\n\n<\/li><li class=\"wp-block-post post-6737 page type-page status-publish has-post-thumbnail hentry\">\n\n<div class=\"wp-block-group has-global-padding is-layout-constrained wp-container-core-group-is-layout-69fdc361 wp-block-group-is-layout-constrained\" style=\"border-radius:32px;padding-top:0;padding-right:0;padding-bottom:var(--wp--preset--spacing--20);padding-left:0;box-shadow:var(--wp--preset--shadow--natural)\"><figure style=\"aspect-ratio:16\/9;\" class=\"wp-block-post-featured-image\"><a href=\"https:\/\/www.villeneuve-les-beziers.fr\/nl\/vie-pratique\/urbanisme\/plan-de-prevention-des-risques-dinondations\/\" target=\"_self\"  ><img loading=\"lazy\" decoding=\"async\" width=\"870\" height=\"489\" src=\"https:\/\/www.villeneuve-les-beziers.fr\/wp-content\/uploads\/2019\/10\/870x489_maxnewsworldtwo137709.jpg\" class=\"attachment-post-thumbnail size-post-thumbnail wp-post-image\" alt=\"Preventieplan voor overstromingsrisico&#039;s\" style=\"width:100%;height:100%;object-fit:cover;\" srcset=\"https:\/\/www.villeneuve-les-beziers.fr\/wp-content\/uploads\/2019\/10\/870x489_maxnewsworldtwo137709.jpg 870w, https:\/\/www.villeneuve-les-beziers.fr\/wp-content\/uploads\/2019\/10\/870x489_maxnewsworldtwo137709-150x84.jpg 150w, https:\/\/www.villeneuve-les-beziers.fr\/wp-content\/uploads\/2019\/10\/870x489_maxnewsworldtwo137709-300x169.jpg 300w, https:\/\/www.villeneuve-les-beziers.fr\/wp-content\/uploads\/2019\/10\/870x489_maxnewsworldtwo137709-768x432.jpg 768w\" sizes=\"auto, (max-width: 870px) 100vw, 870px\" \/><\/a><\/figure>\n\n<h3 class=\"has-text-align-center wp-block-post-title has-large-font-size\"><a href=\"https:\/\/www.villeneuve-les-beziers.fr\/nl\/vie-pratique\/urbanisme\/plan-de-prevention-des-risques-dinondations\/\" target=\"_self\" >Preventieplan voor overstromingsrisico's<\/a><\/h3><\/div>\n\n<\/li><li class=\"wp-block-post post-818 page type-page status-publish has-post-thumbnail hentry\">\n\n<div class=\"wp-block-group has-global-padding is-layout-constrained wp-container-core-group-is-layout-69fdc361 wp-block-group-is-layout-constrained\" style=\"border-radius:32px;padding-top:0;padding-right:0;padding-bottom:var(--wp--preset--spacing--20);padding-left:0;box-shadow:var(--wp--preset--shadow--natural)\"><figure style=\"aspect-ratio:16\/9;\" class=\"wp-block-post-featured-image\"><a href=\"https:\/\/www.villeneuve-les-beziers.fr\/nl\/vie-pratique\/urbanisme\/plan-local-durbanisme-plu\/\" target=\"_self\"  ><img loading=\"lazy\" decoding=\"async\" width=\"2560\" height=\"1917\" src=\"https:\/\/www.villeneuve-les-beziers.fr\/wp-content\/uploads\/2020\/03\/DJI_0077-scaled.jpg\" class=\"attachment-post-thumbnail size-post-thumbnail wp-post-image\" alt=\"Lokaal stedenbouwkundig plan\" style=\"width:100%;height:100%;object-fit:cover;\" srcset=\"https:\/\/www.villeneuve-les-beziers.fr\/wp-content\/uploads\/2020\/03\/DJI_0077-scaled.jpg 2560w, https:\/\/www.villeneuve-les-beziers.fr\/wp-content\/uploads\/2020\/03\/DJI_0077-150x112.jpg 150w, https:\/\/www.villeneuve-les-beziers.fr\/wp-content\/uploads\/2020\/03\/DJI_0077-300x225.jpg 300w, https:\/\/www.villeneuve-les-beziers.fr\/wp-content\/uploads\/2020\/03\/DJI_0077-768x575.jpg 768w, https:\/\/www.villeneuve-les-beziers.fr\/wp-content\/uploads\/2020\/03\/DJI_0077-1024x767.jpg 1024w, https:\/\/www.villeneuve-les-beziers.fr\/wp-content\/uploads\/2020\/03\/DJI_0077-1536x1150.jpg 1536w, https:\/\/www.villeneuve-les-beziers.fr\/wp-content\/uploads\/2020\/03\/DJI_0077-2048x1534.jpg 2048w\" sizes=\"auto, (max-width: 2560px) 100vw, 2560px\" \/><\/a><\/figure>\n\n<h3 class=\"has-text-align-center wp-block-post-title has-large-font-size\"><a href=\"https:\/\/www.villeneuve-les-beziers.fr\/nl\/vie-pratique\/urbanisme\/plan-local-durbanisme-plu\/\" target=\"_self\" >Lokaal stedenbouwkundig plan<\/a><\/h3><\/div>\n\n<\/li><li class=\"wp-block-post post-6819 page type-page status-publish has-post-thumbnail hentry\">\n\n<div class=\"wp-block-group has-global-padding is-layout-constrained wp-container-core-group-is-layout-69fdc361 wp-block-group-is-layout-constrained\" style=\"border-radius:32px;padding-top:0;padding-right:0;padding-bottom:var(--wp--preset--spacing--20);padding-left:0;box-shadow:var(--wp--preset--shadow--natural)\"><figure style=\"aspect-ratio:16\/9;\" class=\"wp-block-post-featured-image\"><a href=\"https:\/\/www.villeneuve-les-beziers.fr\/nl\/vie-pratique\/urbanisme\/revision-du-plu\/\" target=\"_self\"  ><img loading=\"lazy\" decoding=\"async\" width=\"1348\" height=\"688\" src=\"https:\/\/www.villeneuve-les-beziers.fr\/wp-content\/uploads\/2022\/04\/Capture-decran-2022-04-05-a-15.16.02-1.png\" class=\"attachment-post-thumbnail size-post-thumbnail wp-post-image\" alt=\"Algemene evaluatie van de PLU\" style=\"width:100%;height:100%;object-fit:cover;\" srcset=\"https:\/\/www.villeneuve-les-beziers.fr\/wp-content\/uploads\/2022\/04\/Capture-decran-2022-04-05-a-15.16.02-1.png 1348w, https:\/\/www.villeneuve-les-beziers.fr\/wp-content\/uploads\/2022\/04\/Capture-decran-2022-04-05-a-15.16.02-1-150x77.png 150w, https:\/\/www.villeneuve-les-beziers.fr\/wp-content\/uploads\/2022\/04\/Capture-decran-2022-04-05-a-15.16.02-1-300x153.png 300w, https:\/\/www.villeneuve-les-beziers.fr\/wp-content\/uploads\/2022\/04\/Capture-decran-2022-04-05-a-15.16.02-1-768x392.png 768w, https:\/\/www.villeneuve-les-beziers.fr\/wp-content\/uploads\/2022\/04\/Capture-decran-2022-04-05-a-15.16.02-1-1024x523.png 1024w\" sizes=\"auto, (max-width: 1348px) 100vw, 1348px\" \/><\/a><\/figure>\n\n<h3 class=\"has-text-align-center wp-block-post-title has-large-font-size\"><a href=\"https:\/\/www.villeneuve-les-beziers.fr\/nl\/vie-pratique\/urbanisme\/revision-du-plu\/\" target=\"_self\" >Algemene evaluatie van de PLU<\/a><\/h3><\/div>\n\n<\/li><\/ul><\/div>\n<\/div>\n\n\n\n<div class=\"wp-block-group is-style-section-1 has-global-padding is-layout-constrained wp-container-core-group-is-layout-cc9ecf56 wp-block-group-is-layout-constrained is-style-section-1--3\" style=\"margin-top:var(--wp--preset--spacing--50);margin-bottom:var(--wp--preset--spacing--50);padding-top:var(--wp--preset--spacing--50);padding-right:var(--wp--preset--spacing--50);padding-bottom:var(--wp--preset--spacing--50);padding-left:var(--wp--preset--spacing--50)\">\n<h2 class=\"wp-block-heading has-text-align-center\">Elektronische aanvragen voor bouwvergunningen<\/h2>\n\n\n\n<figure class=\"wp-block-image\"><a href=\"https:\/\/gnau.beziers-mediterranee.fr\/gnau\/#\/\" target=\"_blank\" rel=\"noopener noreferrer nofollow\"><img decoding=\"async\" src=\"https:\/\/www.villeneuve-les-beziers.fr\/wp-content\/uploads\/2024\/11\/GNAU.jpg\" alt=\"\"\/><\/a><\/figure>\n\n\n\n<div class=\"wp-block-buttons is-content-justification-center is-layout-flex wp-container-core-buttons-is-layout-a89b3969 wp-block-buttons-is-layout-flex\">\n<div class=\"wp-block-button\"><a class=\"wp-block-button__link wp-element-button\" href=\"https:\/\/gnau.beziers-mediterranee.fr\/gnau\/\" target=\"_blank\" rel=\"noopener noreferrer nofollow\">Toegang tot de teleservice<\/a><\/div>\n<\/div>\n\n\n\n<div class=\"wp-block-file\" style=\"padding-right:0;padding-left:0\"><a id=\"wp-block-file--media-df8e5f56-b3c6-4b3d-b0fd-163e87980623\" href=\"https:\/\/www.villeneuve-les-beziers.fr\/wp-content\/uploads\/2024\/07\/Guide_du_Guichet_Numerique_des_Autorisations_dUrbanisme_en_4_etapes.pdf\">Handleiding in 4 stappen voor de Guichet Num\u00e9rique voor bouwvergunningen<\/a><a href=\"https:\/\/www.villeneuve-les-beziers.fr\/wp-content\/uploads\/2024\/07\/Guide_du_Guichet_Numerique_des_Autorisations_dUrbanisme_en_4_etapes.pdf\" class=\"wp-block-file__button wp-element-button\" aria-describedby=\"wp-block-file--media-df8e5f56-b3c6-4b3d-b0fd-163e87980623\" download>Downloaden<\/a><\/div>\n\n\n\n<p>Sinds 1 januari 2022 staan wij klaar om uw aanvragen snel en gemakkelijk te ontvangen. U moet de offici\u00eble Cerfa identificeren die u in het indieningsportaal moet selecteren. U kunt de Cerfa openen via de&nbsp;<a style=\"font-size: 16px; color: var(--pdv-primary); text-decoration-line: underline; transition-duration: 0.35s; transition-timing-function: ease-in-out;\" href=\"https:\/\/www.service-public.fr\/particuliers\/vosdroits\/R52221\" target=\"_blank\" rel=\"noreferrer noopener\">openbare dienst<\/a>.<\/p>\n\n\n\n<p><strong>BELANGRIJK: Als u een fout maakt bij het invullen van het formulier, een document vergeet in te dienen of het verkeerde document indient (enz...), kan de aanvraag niet worden gewijzigd zonder tussenkomst van de opdrachtgevende ambtenaar. Dien geen nieuwe aanvraag in en stuur een e-mail naar de afdeling Planning waarin u de fouten vermeldt.<\/strong><\/p>\n\n\n\n<p>Ook in het geval van een onbedoelde fout (bijv. twee keer een dossier indienen), kunt u verzoeken om uw dossier in te trekken. Zie de procedure hier: <a href=\"https:\/\/gnau.beziers-mediterranee.fr\/gnau\/fichiers\/05_DEMANDER_SUPPRESSION_DOSSIER.pdf\" target=\"_blank\" rel=\"noopener noreferrer nofollow\">https:\/\/gnau.beziers-mediterranee.fr\/gnau\/fichiers\/05_DEMANDER_SUPPRESSION_DOSSIER.pdf<\/a><\/p>\n\n\n\n<p>Ingevolge artikel<strong>&nbsp;L.112-9 van de Code des relations entre le public et l'administration<\/strong>, Het instellen van deze teleservice sluit echter elke andere elektronische inzendmethode uit.<\/p>\n<\/div>\n\n\n\n<div class=\"wp-block-group is-style-section-1 has-global-padding is-layout-constrained wp-container-core-group-is-layout-cc9ecf56 wp-block-group-is-layout-constrained is-style-section-1--4\" style=\"margin-top:var(--wp--preset--spacing--50);margin-bottom:var(--wp--preset--spacing--50);padding-top:var(--wp--preset--spacing--50);padding-right:var(--wp--preset--spacing--50);padding-bottom:var(--wp--preset--spacing--50);padding-left:var(--wp--preset--spacing--50)\">\n<h2 class=\"wp-block-heading has-text-align-center\">Lokaal stedenbouwkundig plan (PLU)<\/h2>\n\n\n\n<figure class=\"wp-block-image aligncenter\"><a href=\"https:\/\/www.geoportail-urbanisme.gouv.fr\/\" target=\"_blank\" rel=\"noopener noreferrer nofollow\"><img decoding=\"async\" src=\"https:\/\/www.villeneuve-les-beziers.fr\/wp-content\/uploads\/2024\/11\/geoportailurba.jpg\" alt=\"\"\/><\/a><\/figure>\n\n\n\n<div class=\"wp-block-buttons is-content-justification-center is-layout-flex wp-container-core-buttons-is-layout-a89b3969 wp-block-buttons-is-layout-flex\">\n<div class=\"wp-block-button\"><a class=\"wp-block-button__link wp-element-button\" href=\"https:\/\/www.geoportail-urbanisme.gouv.fr\/\" target=\"_blank\" rel=\"noopener noreferrer nofollow\">Geoportaal Stedenbouw<\/a><\/div>\n<\/div>\n\n\n\n<p>In dit gedeelte kunt u het Gemeentelijk Ruimtelijk Plan en de bijbehorende voorschriften raadplegen door naar de offici\u00eble website van G\u00e9oportail de l'urbanisme te gaan.<\/p>\n<\/div>\n\n\n\n<div class=\"wp-block-group is-style-section-1 has-global-padding is-layout-constrained wp-container-core-group-is-layout-f611be13 wp-block-group-is-layout-constrained is-style-section-1--5\" style=\"padding-top:var(--wp--preset--spacing--50);padding-right:var(--wp--preset--spacing--50);padding-bottom:var(--wp--preset--spacing--50);padding-left:var(--wp--preset--spacing--50)\">\n<p>Suite \u00e0 l\u2019approbation de la r\u00e9vision g\u00e9n\u00e9rale du Plan Local d\u2019Urbanisme (d\u00e9lib\u00e9ration du conseil municipal du 23\/02\/2026), le Conseil Municipal a approuv\u00e9 l\u2019instauration de nouveaux p\u00e9rim\u00e8tres de pr\u00e9emption.<\/p>\n\n\n\n<h2 class=\"wp-block-heading has-text-align-center\">Droit de Pr\u00e9emption Urbain&nbsp;(Simple et Renforc\u00e9)<\/h2>\n\n\n\n<p><strong>Par d\u00e9lib\u00e9ration n\u00b02026\/43 du 14\/04\/2026, le Conseil Municipal a approuv\u00e9 l\u2019instauration de nouveaux p\u00e9rim\u00e8tres relatifs aux droits de pr\u00e9emption urbain simple et renforc\u00e9<\/strong>.<\/p>\n\n\n\n<p>Cette d\u00e9lib\u00e9ration a \u00e9t\u00e9 transmise au contr\u00f4le de l\u00e9galit\u00e9 et affich\u00e9e en Mairie le 15\/04\/2026 (<a href=\"https:\/\/www.villeneuve-les-beziers.fr\/wp-content\/uploads\/2026\/04\/certificat-affichage-0426.pdf\">certificat<\/a>).<\/p>\n\n\n\n<p><a href=\"https:\/\/www.villeneuve-les-beziers.fr\/wp-content\/uploads\/2026\/04\/2026-43-Instauration-du-droit-de-preemption-urbain-situe-a-lapprobation-du-PLU.pdf\">D\u00e9lib\u00e9ration et plans<\/a><\/p>\n\n\n\n<p>Formalit\u00e9 de publicit\u00e9 : <a href=\"https:\/\/www.villeneuve-les-beziers.fr\/wp-content\/uploads\/2026\/04\/Journal_Midi_Libre_Montpellier_18_04_2026.pdf\">Midi Libre<\/a> en <a href=\"https:\/\/www.villeneuve-les-beziers.fr\/wp-content\/uploads\/2026\/04\/3617-23-04-26-page-23.pdf\">H\u00e9rault Tribune<\/a><\/p>\n<\/div>\n\n\n\n<div class=\"wp-block-group is-style-section-1 has-global-padding is-layout-constrained wp-container-core-group-is-layout-f611be13 wp-block-group-is-layout-constrained is-style-section-1--6\" style=\"padding-top:var(--wp--preset--spacing--50);padding-right:var(--wp--preset--spacing--50);padding-bottom:var(--wp--preset--spacing--50);padding-left:var(--wp--preset--spacing--50)\">\n<h2 class=\"wp-block-heading has-text-align-center is-style-section-1\">Wettelijke weergave van planningsaanvragen en -besluiten<\/h2>\n\n\n\n<p><a href=\"https:\/\/www.villeneuve-les-beziers.fr\/wp-content\/uploads\/2025\/07\/Affichage-legal-2025.pdf\">Jaar 2025<\/a><\/p>\n\n\n\n<p><a href=\"https:\/\/www.villeneuve-les-beziers.fr\/wp-content\/uploads\/2025\/07\/Affichage-urba-2024-1.pdf\">Jaar 2024<\/a><\/p>\n\n\n\n<p><a href=\"https:\/\/www.villeneuve-les-beziers.fr\/wp-content\/uploads\/2025\/07\/Affichage-urba-2023.pdf\">Jaar 2023<\/a><\/p>\n\n\n\n<p><a href=\"https:\/\/www.villeneuve-les-beziers.fr\/wp-content\/uploads\/2025\/07\/Affichage-urba-2022-1.pdf\">Jaar 2022<\/a><\/p>\n<\/div>\n\n\n\n<div class=\"wp-block-group is-style-section-1 has-global-padding is-layout-constrained wp-container-core-group-is-layout-cc9ecf56 wp-block-group-is-layout-constrained is-style-section-1--7\" style=\"margin-top:var(--wp--preset--spacing--50);margin-bottom:var(--wp--preset--spacing--50);padding-top:var(--wp--preset--spacing--50);padding-right:var(--wp--preset--spacing--50);padding-bottom:var(--wp--preset--spacing--50);padding-left:var(--wp--preset--spacing--50)\">\n<h2 class=\"wp-block-heading has-text-align-center\">Formaliteiten<\/h2>\n\n\n\n<figure class=\"wp-block-image aligncenter\"><a href=\"https:\/\/www.service-public.fr\/particuliers\/vosdroits\/N319\" target=\"_blank\" rel=\"noopener noreferrer nofollow\"><img decoding=\"async\" src=\"https:\/\/www.villeneuve-les-beziers.fr\/wp-content\/uploads\/2024\/11\/servicepublic.jpg\" alt=\"\"\/><\/a><\/figure>\n\n\n\n<div class=\"wp-block-buttons is-content-justification-center is-layout-flex wp-container-core-buttons-is-layout-a89b3969 wp-block-buttons-is-layout-flex\">\n<div class=\"wp-block-button\"><a class=\"wp-block-button__link wp-element-button\" href=\"https:\/\/www.service-public.fr\/particuliers\/vosdroits\/N319\" target=\"_blank\" rel=\"noreferrer noopener\">Bouwvergunning<\/a><\/div>\n<\/div>\n\n\n\n<p class=\"has-text-align-center\">Een bouwvergunning stelt de lokale overheid in staat om te controleren of het werk voldoet aan de bouwvoorschriften. Afhankelijk van het type project en de locatie moet u een aanvraag voor een bouwvergunning (bouwvergunning, verkavelingsvergunning, enz.) of een voorafgaande verklaring van werken indienen. Voordat u met de werkzaamheden begint, is het raadzaam om een stedenbouwkundige verklaring aan te vragen om informatie te verkrijgen over de grond waarop de werkzaamheden zullen worden uitgevoerd.<\/p>\n<\/div>\n\n\n\n<div class=\"wp-block-group is-style-section-1 has-global-padding is-layout-constrained wp-container-core-group-is-layout-73721e90 wp-block-group-is-layout-constrained is-style-section-1--8\" style=\"margin-top:var(--wp--preset--spacing--50);margin-bottom:var(--wp--preset--spacing--50);padding-top:var(--wp--preset--spacing--50);padding-right:var(--wp--preset--spacing--50);padding-bottom:var(--wp--preset--spacing--50);padding-left:var(--wp--preset--spacing--50)\">\n<h2 class=\"wp-block-heading\">Gevelrenovatie<\/h2>\n\n\n\n<p>Voor het uitvoeren van restauratiewerkzaamheden moet in alle sectoren een \"verklaring voorafgaand aan de bouw\" (DPC) worden aangevraagd, en in stadscentra moet goedkeuring worden verkregen van de architect van B\u00e2timents de France).&nbsp;<\/p>\n\n\n\n<p>Het bestand bestaat uit :<\/p>\n\n\n\n<ul class=\"wp-block-list\">\n<li><a href=\"https:\/\/www.service-public.fr\/particuliers\/vosdroits\/R2028\" target=\"_blank\" rel=\"noopener noreferrer nofollow\">Voorlopig aangifteformulier<\/a><\/li>\n\n\n\n<li>DPC 1 : <a href=\"https:\/\/www.villeneuve-les-beziers.fr\/wp-content\/uploads\/2023\/06\/planCadastralNormalisecentrevilleAA.pdf\">Kaart<\/a> met perceellocatie<\/li>\n\n\n\n<li>DPC 11: Werkomschrijving :&nbsp;<a style=\"font-size: 14px;\" href=\"https:\/\/www.villeneuve-les-beziers.fr\/wp-content\/uploads\/2023\/06\/NOTICE-DESCRIPTIVE-DES-TRAVAUX.pdf\">voorbeeld<\/a><\/li>\n\n\n\n<li>DPC 5: Een weergave van het uiterlijk van het project (de elementen mogen met de hand op de foto's worden aangegeven)<\/li>\n\n\n\n<li>DPC 6: Een grafisch document dat het project na wijziging toont (fotomontage, schets, etc.)<\/li>\n\n\n\n<li>DPC 7: Kleurenfoto's van de gevel (close-up van de hele gevel(s))<\/li>\n\n\n\n<li>DPC 8: Kleurenfoto's van de gevel en naburige gevels vanaf het pand of vanaf de straat<\/li>\n<\/ul>\n\n\n\n<p>U kunt uw aanvraag indienen via het digitale portaal (GNAU), waarbij u alle bovenstaande documenten afzonderlijk indient:<\/p>\n\n\n\n<p>Link naar GNAU : <a href=\"https:\/\/gnau.beziers-mediterranee.fr\/gnau\/#\" target=\"_blank\" rel=\"noopener noreferrer nofollow\">https:\/\/gnau.beziers-mediterranee.fr\/gnau\/#<\/a><\/p>\n\n\n\n<div class=\"wp-block-file\"><a id=\"wp-block-file--media-aa5a8d53-5a11-4211-948c-a62a1bc03b67\" href=\"https:\/\/www.villeneuve-les-beziers.fr\/wp-content\/uploads\/2023\/06\/nuancier.BeEziers.jpg\">Kleurenkaart<\/a><a href=\"https:\/\/www.villeneuve-les-beziers.fr\/wp-content\/uploads\/2023\/06\/nuancier.BeEziers.jpg\" class=\"wp-block-file__button wp-element-button\" aria-describedby=\"wp-block-file--media-aa5a8d53-5a11-4211-948c-a62a1bc03b67\" download>Downloaden<\/a><\/div>\n<\/div>\n\n\n\n<div class=\"wp-block-group is-style-section-1 has-global-padding is-layout-constrained wp-container-core-group-is-layout-cc9ecf56 wp-block-group-is-layout-constrained is-style-section-1--9\" style=\"margin-top:var(--wp--preset--spacing--50);margin-bottom:var(--wp--preset--spacing--50);padding-top:var(--wp--preset--spacing--50);padding-right:var(--wp--preset--spacing--50);padding-bottom:var(--wp--preset--spacing--50);padding-left:var(--wp--preset--spacing--50)\">\n<h2 class=\"wp-block-heading\">Een airconditioner installeren<\/h2>\n\n\n\n<p>Voor elke verandering aan het uiterlijk van een gebouw moet een \"verklaring voorafgaand aan de bouw\" (DPC) worden aangevraagd in alle sectoren en moet de architect van B\u00e2timents de France in het stadscentrum akkoord gaan.<\/p>\n\n\n\n<p>Het bestand bestaat uit :<\/p>\n\n\n\n<ul class=\"wp-block-list\">\n<li><a href=\"https:\/\/www.service-public.fr\/particuliers\/vosdroits\/R2028\" target=\"_blank\" rel=\"noopener noreferrer nofollow\">Voorlopig aangifteformulier<\/a><\/li>\n\n\n\n<li>DPC1: Plattegrond met de locatie van het perceel: &nbsp;<a href=\"https:\/\/www.villeneuve-les-beziers.fr\/wp-content\/uploads\/2023\/06\/planCadastralNormalisecentrevilleAA.pdf\">planCadastraalNormaalCentrumvilleAA<\/a><\/li>\n\n\n\n<li>DPC 11: Beschrijving van het werk: beschrijving van het apparaat (materialen, kleur, afmetingen) en de locatie van het apparaat (dak, zolder, doos, enz.).&nbsp;<\/li>\n\n\n\n<li>DPC 5: Een voorstelling van het project, bijv. een diagram, een schets, eventueel foto's van het dak en de gevel met een indicatie van waar het apparaat ge\u00efnstalleerd zal worden.<\/li>\n\n\n\n<li>DPC 6: een grafisch document dat het project na wijziging toont (fotomontage, schets, etc.)<\/li>\n\n\n\n<li>DPC 7 : Kleurenfoto's van de gevel en\/of het dak (van dichtbij)<\/li>\n\n\n\n<li>DPC 8: Kleurenfoto's van de gevel en naburige gevels en\/of het dak vanaf het pand of vanaf de straat<\/li>\n<\/ul>\n\n\n\n<p>U kunt uw aanvraag indienen via het digitale portaal (GNAU), waarbij u alle bovenstaande documenten afzonderlijk indient:<\/p>\n\n\n\n<p>Link naar GNAU : <a href=\"https:\/\/gnau.beziers-mediterranee.fr\/gnau\/#\" target=\"_blank\" rel=\"noopener noreferrer nofollow\">https:\/\/gnau.beziers-mediterranee.fr\/gnau\/#<\/a><\/p>\n\n\n\n<div class=\"wp-block-file\"><a id=\"wp-block-file--media-3f7e6090-c846-43dd-9082-6731f29cb74f\" href=\"https:\/\/www.villeneuve-les-beziers.fr\/wp-content\/uploads\/2023\/07\/Integration-Technique-Climatiseurs-1.pdf\">Technische integratie Airconditioners<\/a><a href=\"https:\/\/www.villeneuve-les-beziers.fr\/wp-content\/uploads\/2023\/07\/Integration-Technique-Climatiseurs-1.pdf\" class=\"wp-block-file__button wp-element-button\" aria-describedby=\"wp-block-file--media-3f7e6090-c846-43dd-9082-6731f29cb74f\" download>Downloaden<\/a><\/div>\n<\/div>\n\n\n\n<div class=\"wp-block-group is-style-section-1 has-global-padding is-layout-constrained wp-container-core-group-is-layout-f611be13 wp-block-group-is-layout-constrained is-style-section-1--10\" style=\"padding-top:var(--wp--preset--spacing--50);padding-right:var(--wp--preset--spacing--50);padding-bottom:var(--wp--preset--spacing--50);padding-left:var(--wp--preset--spacing--50)\">\n<h2 class=\"wp-block-heading\">Zonnepanelen\/fotovolta\u00efsche panelen installeren<\/h2>\n\n\n\n<p>Voor elke verandering aan het uiterlijk van een gebouw moet een \"verklaring voorafgaand aan de bouw\" (DPC) worden aangevraagd in alle sectoren en moet de architect van B\u00e2timents de France toestemming geven in het stadscentrum (500 m omtrek rond de kerk).<\/p>\n\n\n\n<p>Als het gebouw zich binnen de beschermingszone van een beschermd historisch monument (kerk) bevindt, mag de Architecte des B\u00e2timents de France de installatie van fotovolta\u00efsche panelen op het dak van het gebouw niet toestaan, vooral als hun oppervlakte te groot is in verhouding tot de oppervlakte van het dak.<\/p>\n\n\n\n<p>Waar mogelijk mogen panelen ge\u00efnstalleerd worden op het dak van een bijgebouw met \u00e9\u00e9n verdieping, niet zichtbaar vanaf de openbare ruimte, en niet op het hoofddak van het gebouw.<br>Ze kunnen eventueel ook bestudeerd worden op een pergola die een terras overdekt.<\/p>\n\n\n\n<p>Anders kan het project worden aanvaard als het aan het volgende voldoet:<\/p>\n\n\n\n<ul class=\"wp-block-list\">\n<li>Ze worden boven op het dak ge\u00efnstalleerd, bij voorkeur in \u00e9\u00e9n strook (met een eenvoudige rechthoekige geometrie) net boven de dakrand op het laagste deel van de helling. In geen geval dicht bij de nok. De langste zijde van elk paneel moet in de richting van de dakhelling worden gelegd.<\/li>\n\n\n\n<li>De panelen zullen bruin of terracotta van kleur zijn.<\/li>\n\n\n\n<li>De afwerking is mat. De frames en steunen krijgen dezelfde kleur als de panelen.<\/li>\n<\/ul>\n\n\n\n<p><strong>Het bestand bestaat uit :<\/strong><\/p>\n\n\n\n<ul class=\"wp-block-list\">\n<li><a href=\"https:\/\/www.service-public.fr\/particuliers\/vosdroits\/R2028\" target=\"_blank\" rel=\"noreferrer noopener\">Voorlopig aangifteformulier<\/a><\/li>\n\n\n\n<li>DPC 1 : <a href=\"https:\/\/www.villeneuve-les-beziers.fr\/wp-content\/uploads\/2023\/06\/planCadastralNormalisecentrevilleAA.pdf\">Kaart<\/a> met perceellocatie<\/li>\n\n\n\n<li>DPC 11: Beschrijving van het werk: beschrijving van het apparaat (wattage, materialen, kleur, afmetingen) en de locatie van het apparaat.<\/li>\n\n\n\n<li>DPC 5: Een voorstelling van het project, bijv. een diagram, een schets, eventueel foto's van het dak en de gevel met een indicatie van waar de panelen ge\u00efnstalleerd zullen worden.<\/li>\n\n\n\n<li>DPC 6: Een grafisch document dat het project na wijziging toont (fotomontage, schets, etc.)<\/li>\n\n\n\n<li>DPC 7 : Kleurenfoto's van het dak (close-up)<\/li>\n\n\n\n<li>DPC 8: Kleurenfoto's van het dak vanaf de locatie of vanaf de straat<\/li>\n<\/ul>\n\n\n\n<p>U kunt uw aanvraag indienen via het digitale portaal (GNAU), waarbij u alle bovenstaande documenten afzonderlijk indient:<\/p>\n\n\n\n<p>Link naar GNAU : <a href=\"https:\/\/gnau.beziers-mediterranee.fr\/gnau\/#\" target=\"_blank\" rel=\"noopener noreferrer nofollow\">https:\/\/gnau.beziers-mediterranee.fr\/gnau\/#<\/a><\/p>\n\n\n\n<div class=\"wp-block-file\"><a id=\"wp-block-file--media-f662cf11-8937-4d6b-8e87-a5b6773e3d40\" href=\"https:\/\/www.villeneuve-les-beziers.fr\/wp-content\/uploads\/2023\/07\/livret_guide_des_capteurs_2018_light.pdf\">Sensor_Gids_boekje_2018_licht<\/a><a href=\"https:\/\/www.villeneuve-les-beziers.fr\/wp-content\/uploads\/2023\/07\/livret_guide_des_capteurs_2018_light.pdf\" class=\"wp-block-file__button wp-element-button\" aria-describedby=\"wp-block-file--media-f662cf11-8937-4d6b-8e87-a5b6773e3d40\" download>Downloaden<\/a><\/div>\n\n\n\n<p>Bronnen: De Unit\u00e9s D\u00e9partementales de l'Architecture et du Patrimoine (UDAP), de CAPEB, de C.A.U.E en het Agence Locale de l'Energie hebben hun krachten gebundeld om deze gids samen te stellen.<\/p>\n\n\n\n<p class=\"has-text-align-center\">Uittreksels<\/p>\n\n\n\n<div class=\"wp-block-group is-content-justification-center is-nowrap is-layout-flex wp-container-core-group-is-layout-23441af8 wp-block-group-is-layout-flex\">\n<figure class=\"wp-block-image size-full\"><img loading=\"lazy\" decoding=\"async\" width=\"192\" height=\"661\" src=\"https:\/\/www.villeneuve-les-beziers.fr\/wp-content\/uploads\/2024\/11\/fiche-1-centre-ancien.png\" alt=\"\" class=\"wp-image-19260\" srcset=\"https:\/\/www.villeneuve-les-beziers.fr\/wp-content\/uploads\/2024\/11\/fiche-1-centre-ancien.png 192w, https:\/\/www.villeneuve-les-beziers.fr\/wp-content\/uploads\/2024\/11\/fiche-1-centre-ancien-87x300.png 87w\" sizes=\"auto, (max-width: 192px) 100vw, 192px\" \/><\/figure>\n\n\n\n<figure class=\"wp-block-image size-full\"><img loading=\"lazy\" decoding=\"async\" width=\"239\" height=\"655\" src=\"https:\/\/www.villeneuve-les-beziers.fr\/wp-content\/uploads\/2024\/11\/fiche-2-Maison-de-ville.png\" alt=\"\" class=\"wp-image-19261\" srcset=\"https:\/\/www.villeneuve-les-beziers.fr\/wp-content\/uploads\/2024\/11\/fiche-2-Maison-de-ville.png 239w, https:\/\/www.villeneuve-les-beziers.fr\/wp-content\/uploads\/2024\/11\/fiche-2-Maison-de-ville-109x300.png 109w\" sizes=\"auto, (max-width: 239px) 100vw, 239px\" \/><\/figure>\n<\/div>\n<\/div>\n\n\n\n<div class=\"wp-block-group is-style-section-1 has-global-padding is-layout-constrained wp-container-core-group-is-layout-cc9ecf56 wp-block-group-is-layout-constrained is-style-section-1--11\" style=\"margin-top:var(--wp--preset--spacing--50);margin-bottom:var(--wp--preset--spacing--50);padding-top:var(--wp--preset--spacing--50);padding-right:var(--wp--preset--spacing--50);padding-bottom:var(--wp--preset--spacing--50);padding-left:var(--wp--preset--spacing--50)\">\n<h2 class=\"wp-block-heading has-text-align-center\">Kadaster<\/h2>\n\n\n\n<figure class=\"wp-block-image aligncenter size-full\"><img loading=\"lazy\" decoding=\"async\" width=\"300\" height=\"169\" src=\"https:\/\/www.villeneuve-les-beziers.fr\/wp-content\/uploads\/2024\/11\/cadastre.png\" alt=\"\" class=\"wp-image-18839\" srcset=\"https:\/\/www.villeneuve-les-beziers.fr\/wp-content\/uploads\/2024\/11\/cadastre.png 300w, https:\/\/www.villeneuve-les-beziers.fr\/wp-content\/uploads\/2024\/11\/cadastre-150x85.png 150w\" sizes=\"auto, (max-width: 300px) 100vw, 300px\" \/><\/figure>\n\n\n\n<div class=\"wp-block-buttons is-content-justification-center is-layout-flex wp-container-core-buttons-is-layout-a89b3969 wp-block-buttons-is-layout-flex\">\n<div class=\"wp-block-button\"><a class=\"wp-block-button__link wp-element-button\" href=\"http:\/\/www.villeneuve-les-beziers.fr\/nl\/stadsplanning\/het-kadaster-raadplegen\/\" target=\"_blank\" rel=\"noopener noreferrer nofollow\">Raadpleging Kadaster<\/a><\/div>\n<\/div>\n\n\n\n<p class=\"has-text-align-center\">Met deze service kunt u deze kaartbladen zoeken, bekijken en bestellen.<\/p>\n<\/div>\n\n\n\n<div class=\"wp-block-group is-style-section-1 has-global-padding is-layout-constrained wp-container-core-group-is-layout-cc9ecf56 wp-block-group-is-layout-constrained is-style-section-1--12\" style=\"margin-top:var(--wp--preset--spacing--50);margin-bottom:var(--wp--preset--spacing--50);padding-top:var(--wp--preset--spacing--50);padding-right:var(--wp--preset--spacing--50);padding-bottom:var(--wp--preset--spacing--50);padding-left:var(--wp--preset--spacing--50)\">\n<h2 class=\"wp-block-heading\">Huurvergunningen<\/h2>\n\n\n\n<div class=\"wp-block-columns are-vertically-aligned-center is-layout-flex wp-container-core-columns-is-layout-28f84493 wp-block-columns-is-layout-flex\">\n<div class=\"wp-block-column is-vertically-aligned-center is-layout-flow wp-block-column-is-layout-flow\">\n<p>De Communaut\u00e9 d'Agglom\u00e9ration B\u00e9ziers M\u00e9diterran\u00e9e heeft een \"huurvergunning\"-regeling ingevoerd om ondermaatse huisvesting tegen te gaan. De gemeente Villeneuve heeft deze regeling aangenomen voor een bepaald gebied (zie kaart).<\/p>\n\n\n\n<p>Deze voorafgaande toestemming wordt door de Communaut\u00e9 d'Agglom\u00e9ration afgegeven aan eigenaren die een nieuwe verhuur van hun woning willen lanceren.<\/p>\n\n\n\n<p>Als uw woning binnen het gebied valt dat onder de regeling valt en u van huurder verandert, moet u vooraf toestemming aanvragen om de woning te verhuren.<\/p>\n\n\n\n<p>U kunt contact opnemen met het Agence de l'Habitat als u vragen heeft over de regeling. Een technicus zal de woning inspecteren. Toestemming om de woning te verhuren kan worden verleend, onder voorwaarden of geweigerd. De beslissing om toestemming te weigeren of te verlenen moet gemotiveerd worden en de aard van de vereiste werkzaamheden of verbeteringen specificeren.<\/p>\n<\/div>\n\n\n\n<div class=\"wp-block-column is-vertically-aligned-center is-layout-flow wp-block-column-is-layout-flow\">\n<figure data-wp-context=\"{&quot;imageId&quot;:&quot;69f3f9d7c13a2&quot;}\" data-wp-interactive=\"core\/image\" data-wp-key=\"69f3f9d7c13a2\" class=\"wp-block-image size-full wp-lightbox-container\"><img loading=\"lazy\" decoding=\"async\" width=\"768\" height=\"540\" data-wp-class--hide=\"state.isContentHidden\" data-wp-class--show=\"state.isContentVisible\" data-wp-init=\"callbacks.setButtonStyles\" data-wp-on--click=\"actions.showLightbox\" data-wp-on--load=\"callbacks.setButtonStyles\" data-wp-on-window--resize=\"callbacks.setButtonStyles\" src=\"https:\/\/www.villeneuve-les-beziers.fr\/wp-content\/uploads\/2023\/04\/perimetre-PL.png\" alt=\"\" class=\"wp-image-17086\" srcset=\"https:\/\/www.villeneuve-les-beziers.fr\/wp-content\/uploads\/2023\/04\/perimetre-PL.png 768w, https:\/\/www.villeneuve-les-beziers.fr\/wp-content\/uploads\/2023\/04\/perimetre-PL-300x211.png 300w\" sizes=\"auto, (max-width: 768px) 100vw, 768px\" \/><button\n\t\t\tclass=\"lightbox-trigger\"\n\t\t\ttype=\"button\"\n\t\t\taria-haspopup=\"dialog\"\n\t\t\taria-label=\"Vergroten\"\n\t\t\tdata-wp-init=\"callbacks.initTriggerButton\"\n\t\t\tdata-wp-on--click=\"actions.showLightbox\"\n\t\t\tdata-wp-style--right=\"state.imageButtonRight\"\n\t\t\tdata-wp-style--top=\"state.imageButtonTop\"\n\t\t>\n\t\t\t<svg xmlns=\"http:\/\/www.w3.org\/2000\/svg\" width=\"12\" height=\"12\" fill=\"none\" viewbox=\"0 0 12 12\">\n\t\t\t\t<path fill=\"#fff\" d=\"M2 0a2 2 0 0 0-2 2v2h1.5V2a.5.5 0 0 1 .5-.5h2V0H2Zm2 10.5H2a.5.5 0 0 1-.5-.5V8H0v2a2 2 0 0 0 2 2h2v-1.5ZM8 12v-1.5h2a.5.5 0 0 0 .5-.5V8H12v2a2 2 0 0 1-2 2H8Zm2-12a2 2 0 0 1 2 2v2h-1.5V2a.5.5 0 0 0-.5-.5H8V0h2Z\" \/>\n\t\t\t<\/svg>\n\t\t<\/button><\/figure>\n\n\n\n<div class=\"wp-block-group has-global-padding is-layout-constrained wp-block-group-is-layout-constrained\" style=\"margin-top:var(--wp--preset--spacing--50);margin-bottom:var(--wp--preset--spacing--50)\">\n<p>Contactgegevens<\/p>\n\n\n\n<p>Agence de l'Habitat, 1 Avenue du Pr\u00e9sident Wilson, 34500 BEZIERS<br>Tel.: 04.99.41.34.94<br>Mail :&nbsp;<a style=\"font-size: 16px;\" role=\"link\" href=\"mailto:agencehabitat@beziers-mediterranee.fr\">agencehabitat@beziers-mediterranee.fr<\/a><\/p>\n<\/div>\n\n\n\n<p>Cerfa vorm :&nbsp;<a style=\"font-size: 14px; color: #0000ff;\" role=\"link\" href=\"https:\/\/www.formulaires.service-public.fr\/gf\/cerfa_15652.do\" target=\"_blank\" rel=\"noopener\">cerfa nr. 15652*01<\/a><\/p>\n<\/div>\n<\/div>\n<\/div>\n\n\n\n<div class=\"wp-block-group is-style-section-1 has-global-padding is-layout-constrained wp-container-core-group-is-layout-cc9ecf56 wp-block-group-is-layout-constrained is-style-section-1--13\" style=\"margin-top:var(--wp--preset--spacing--50);margin-bottom:var(--wp--preset--spacing--50);padding-top:var(--wp--preset--spacing--50);padding-right:var(--wp--preset--spacing--50);padding-bottom:var(--wp--preset--spacing--50);padding-left:var(--wp--preset--spacing--50)\">\n<h2 class=\"wp-block-heading\">Subsidies - Huisvesting<\/h2>\n\n\n\n<div class=\"wp-block-columns are-vertically-aligned-center is-layout-flex wp-container-core-columns-is-layout-28f84493 wp-block-columns-is-layout-flex\">\n<div class=\"wp-block-column is-vertically-aligned-center is-layout-flow wp-block-column-is-layout-flow\">\n<p>Om alles te weten te komen over de beschikbare steun voor huisvesting en energiebesparing in het gebied, biedt de Agglo een one-stop shop: het Agence de l'Habitat (Huisvestingsagentschap), dat wordt gerund door een team van technici.&nbsp;<\/p>\n\n\n\n<p>Het biedt informatie en gratis, persoonlijk advies. Het zal u helpen met de procedures en beschikbare steun voor uw project (ANAH-steun en de eigen fondsen van Agglo).<\/p>\n<\/div>\n\n\n\n<div class=\"wp-block-column is-vertically-aligned-center is-layout-flow wp-block-column-is-layout-flow\">\n<p>Contact:&nbsp;<\/p>\n\n\n\n<p>Agence de l'Habitat 1 avenue du Pr\u00e9sident Wilson<br>34500 B\u00e9ziers&nbsp;&nbsp;<br>8.30-12.30 uur en 13.30-5.00 uur&nbsp;&nbsp;<br>Tel.: 04 99 41 34 94&nbsp;&nbsp;<br>agencehabitat@beziers-mediterranee.fr<\/p>\n<\/div>\n<\/div>\n<\/div>\n\n\n\n<div class=\"wp-block-group is-style-section-1 has-global-padding is-layout-constrained wp-container-core-group-is-layout-07c3ecea wp-block-group-is-layout-constrained is-style-section-1--14\" style=\"margin-top:var(--wp--preset--spacing--40);margin-bottom:var(--wp--preset--spacing--40);padding-top:var(--wp--preset--spacing--40);padding-right:var(--wp--preset--spacing--40);padding-bottom:var(--wp--preset--spacing--40);padding-left:var(--wp--preset--spacing--40)\">\n<h2 class=\"wp-block-heading has-text-align-left is-style-default\">Werkdocument ZAC \"La CLAUDERY<\/h2>\n\n\n\n<p><a href=\"https:\/\/www.villeneuve-les-beziers.fr\/wp-content\/uploads\/2025\/07\/2025-32-Procedure-de-creation-ZAC-Claudery-arret-bilan-PPVE.pdf\">DELIB 2025 32 ZAC Claudery ontwikkelingsprocedure - PPVE beoordelingsrapport<\/a><\/p>\n\n\n\n<p><a href=\"https:\/\/www.villeneuve-les-beziers.fr\/wp-content\/uploads\/2025\/08\/2025-034-Creation-ZAC-La-Claudery.pdf\">DELIB 2025 34 Oprichting van zac la claudery goedkeuring van het ontwikkelingsdossier<\/a><\/p>\n\n\n\n<p><a href=\"https:\/\/www.villeneuve-les-beziers.fr\/wp-content\/uploads\/2025\/08\/Piece0-Crea-ZAC-Claudery-PG-Liste-pieces.pdf\">Stuk0-Crea ZAC Claudery-PG &amp; Lijst van stukken<\/a><\/p>\n\n\n\n<p><a href=\"https:\/\/www.villeneuve-les-beziers.fr\/wp-content\/uploads\/2025\/08\/Piece1-Creation-ZAC-Claudery-Rapport-de-presentation.pdf\">Piece1 - Creatie ZAC Claudery - Presentatieverslag<\/a><\/p>\n\n\n\n<p><a href=\"https:\/\/www.villeneuve-les-beziers.fr\/wp-content\/uploads\/2025\/08\/Piece2-Crea-ZAC-Claudery-Plan-situation.pdf\">Piece2 Crea ZAC Claudery-Plan situatie<\/a><\/p>\n\n\n\n<p><a href=\"https:\/\/www.villeneuve-les-beziers.fr\/wp-content\/uploads\/2025\/08\/Piece3-Crea-ZAC-Claudery-Plan-delimitation-perimetre.pdf\">Piece3-Crea ZAC Claudery-Plan begrenzing perimeter<\/a><\/p>\n\n\n\n<p><a href=\"https:\/\/www.villeneuve-les-beziers.fr\/wp-content\/uploads\/2025\/08\/Piece4-Crea-ZAC-Claudery-Regime-taxe-d-amenagement.pdf\">Piece4 Crea ZAC Claudery-Regime taxe d'am\u00e9nagement.pdf<\/a><\/p>\n\n\n\n<p><a href=\"https:\/\/www.villeneuve-les-beziers.fr\/wp-content\/uploads\/2025\/08\/Piece5-Crea-ZAC-La-Claudery-Resume-non-technique-EI.pdf\">Piece5 Crea ZAC La Claudery - Niet-technische samenvatting EI<\/a><\/p>\n\n\n\n<p><a href=\"https:\/\/www.villeneuve-les-beziers.fr\/wp-content\/uploads\/2025\/08\/Piece6-Crea-ZAC-La-Claudery-Etude-d-impact.pdf\">Piece6 Crea ZAC La Claudery - Effectstudie.pdf<\/a><\/p>\n<\/div>\n\n\n\n<div class=\"wp-block-group is-style-section-1 has-global-padding is-layout-constrained wp-container-core-group-is-layout-25e910c5 wp-block-group-is-layout-constrained is-style-section-1--15\" style=\"margin-top:var(--wp--preset--spacing--40);margin-bottom:var(--wp--preset--spacing--40);padding-top:var(--wp--preset--spacing--40);padding-right:var(--wp--preset--spacing--40);padding-bottom:var(--wp--preset--spacing--40);padding-left:var(--wp--preset--spacing--40)\">\n<h2 class=\"wp-block-heading\">Dossier voor oprichting ZAC \"Pech Auriol - Le Cros<\/h2>\n\n\n\n<p><a href=\"https:\/\/www.villeneuve-les-beziers.fr\/wp-content\/uploads\/2025\/07\/2025-33-Procedure-creation-ZAC-multi-sites-Pech-Auriol-le-Cros-arret-bilan-PPVE.pdf\">DELIB 2025 33 Procedure voor de aanleg van de ontwikkelingszone Pech Auriol le Cros - PPVE-beoordelingsverslag<\/a><\/p>\n\n\n\n<p><a href=\"https:\/\/www.villeneuve-les-beziers.fr\/wp-content\/uploads\/2025\/08\/2025-035-Creation-ZAC-Pech-Auriol-Le-Cros.pdf\">DELIB 2025 35 Creatie van de gemengde ontwikkelingszone Pech Auriol Le Cros - Goedkeuring van het ontwikkelingsdossier<\/a><\/p>\n\n\n\n<p><a href=\"https:\/\/www.villeneuve-les-beziers.fr\/wp-content\/uploads\/2025\/08\/Piece0-Crea-ZAC-Pech-Auriol-Le-Cros-PG-Liste-pieces.pdf\">Piece0-Crea ZAC Pech Auriol Le Cros-PG &amp; Lijst van onderdelen.pdf<\/a><\/p>\n\n\n\n<p><a href=\"https:\/\/www.villeneuve-les-beziers.fr\/wp-content\/uploads\/2025\/08\/Piece1-Crea-ZAC-Pech-Auriol-Le-Cros-Rapport-de-presentation.pdf\">Piece1-Crea-ZAC-Pech-Auriol-Le-Cros-Presentatie-verslag.pdf<\/a><\/p>\n\n\n\n<p><a href=\"https:\/\/www.villeneuve-les-beziers.fr\/wp-content\/uploads\/2025\/08\/Piece2-Crea-ZAC-Pech-Auriol-Le-Cros-Plan-situation.pdf\">Piece2-Crea-ZAC-Pech-Auriol-Le-Cros-Plan-situatie.pdf<\/a><\/p>\n\n\n\n<p><a href=\"https:\/\/www.villeneuve-les-beziers.fr\/wp-content\/uploads\/2025\/08\/Piece3-Crea-ZAC-Pech-Auriol-Le-Cros-Plan-delimitation-perimetre.pdf\">Piece3-Crea-ZAC-Pech-Auriol-Le-Cros-Plan-afbakening-perimeter.pdf<\/a><\/p>\n\n\n\n<p><a href=\"https:\/\/www.villeneuve-les-beziers.fr\/wp-content\/uploads\/2025\/08\/Piece4-Crea-ZAC-Pech-Auriol-Le-Cros-Regime-taxe-d-amenagement.pdf\">Piece4 Crea ZAC Pech Auriol-Le Cros-Regime taxe d'am\u00e9nagement.pdf<\/a><\/p>\n\n\n\n<p><a href=\"https:\/\/www.villeneuve-les-beziers.fr\/wp-content\/uploads\/2025\/08\/Piece5-Creation-ZAC-Pech-Auriol-Le-Cros-Resume-non-technique-EI.pdf\">Piece5-Creatie-ZAC-Pech-Auriol-Le-Cros-Niet-technisch-samenvattend-EI.pdf<\/a><\/p>\n\n\n\n<p><a href=\"https:\/\/www.villeneuve-les-beziers.fr\/wp-content\/uploads\/2025\/08\/Piece6-Crea-ZAC-Pech-Auriol-Le-Cros-Etude-d-impact.pdf\">Piece6-Crea ZAC Pech Auriol-Le Cros - Effectstudie.pdf<\/a><\/p>\n<\/div>\n\n\n\n<div class=\"wp-block-group is-style-section-1 has-global-padding is-layout-constrained wp-container-core-group-is-layout-cc9ecf56 wp-block-group-is-layout-constrained is-style-section-1--16\" style=\"margin-top:var(--wp--preset--spacing--50);margin-bottom:var(--wp--preset--spacing--50);padding-top:var(--wp--preset--spacing--50);padding-right:var(--wp--preset--spacing--50);padding-bottom:var(--wp--preset--spacing--50);padding-left:var(--wp--preset--spacing--50)\">\n<h2 class=\"wp-block-heading\">Bericht van elektronische publieke inspraak<\/h2>\n\n\n\n<div class=\"wp-block-columns is-layout-flex wp-container-core-columns-is-layout-28f84493 wp-block-columns-is-layout-flex\">\n<div class=\"wp-block-column is-layout-flow wp-block-column-is-layout-flow\">\n<p>05\/11\/2024<\/p>\n\n\n\n<p><strong>BERICHT VAN ELEKTRONISCHE PUBLIEKE INSPRAAK VOORAFGAAND AAN DE GOEDKEURING VAN HET DOSSIER VOOR DE CREATIE VAN HET ZAC \"LA CLAUDERY<\/strong><\/p>\n\n\n\n<p>In overeenstemming met de bepalingen van artikel L123-19 van de Franse milieuwet wordt er een elektronische openbare raadpleging georganiseerd over het project voor de aanleg van de geco\u00f6rdineerde ontwikkelingszone (ZAC) \"La Claudery\". Dit project, dat onderworpen is aan een milieueffectbeoordeling, betreft de uitbreiding van het bedrijvenpark \"La Claudery\" in de gemeente Villeneuve-l\u00e8s-B\u00e9ziers.<\/p>\n\n\n\n<p>Inspraak via elektronische middelen vindt plaats gedurende een periode van 31 opeenvolgende dagen: van maandag 25 november om 8:00 uur tot en met donderdag 26 december 2024.<\/p>\n\n\n\n<p>A<a href=\"https:\/\/www.villeneuve-les-beziers.fr\/wp-content\/uploads\/2024\/11\/Avis-PPVE-ZAC-Claudery-2.pdf\">schroef: link<\/a><\/p>\n\n\n\n<p>Specifiek platform :&nbsp;<\/p>\n\n\n\n<p>h<a href=\"https:\/\/www.democratie-active.fr\/zac-claudery-ppve\/\" target=\"_blank\" rel=\"noopener\">ttps:\/\/www.democratie-active.fr\/zac-claudery-ppve\/<\/a>&nbsp;waar u alle documenten waaruit het aanvraagdossier bestaat, kunt downloaden.<\/p>\n\n\n\n<p>Elektronisch register :<\/p>\n\n\n\n<p><a href=\"https:\/\/www.democratie-active.fr\/zac-claudery-ppve\" target=\"_blank\" rel=\"noopener noreferrer nofollow\">https:\/\/www.democratie-active.fr\/zac-claudery-ppve<\/a><\/p>\n\n\n\n<p>E-mail :&nbsp;<a href=\"mailto:zac-claudery@democratie-active.fr\" target=\"_blank\" rel=\"noreferrer noopener\">zac-claudery@democratie-active.fr<\/a><\/p>\n<\/div>\n\n\n\n<div class=\"wp-block-column is-layout-flow wp-block-column-is-layout-flow\">\n<figure data-wp-context=\"{&quot;imageId&quot;:&quot;69f3f9d7c2775&quot;}\" data-wp-interactive=\"core\/image\" data-wp-key=\"69f3f9d7c2775\" class=\"wp-block-image size-large wp-lightbox-container\"><img loading=\"lazy\" decoding=\"async\" width=\"724\" height=\"1024\" data-wp-class--hide=\"state.isContentHidden\" data-wp-class--show=\"state.isContentVisible\" data-wp-init=\"callbacks.setButtonStyles\" data-wp-on--click=\"actions.showLightbox\" data-wp-on--load=\"callbacks.setButtonStyles\" data-wp-on-window--resize=\"callbacks.setButtonStyles\" src=\"https:\/\/www.villeneuve-les-beziers.fr\/wp-content\/uploads\/2024\/11\/claudery-scaled-e1730801159667-724x1024.jpg\" alt=\"\" class=\"wp-image-18615\" srcset=\"https:\/\/www.villeneuve-les-beziers.fr\/wp-content\/uploads\/2024\/11\/claudery-scaled-e1730801159667-724x1024.jpg 724w, https:\/\/www.villeneuve-les-beziers.fr\/wp-content\/uploads\/2024\/11\/claudery-scaled-e1730801159667-212x300.jpg 212w, https:\/\/www.villeneuve-les-beziers.fr\/wp-content\/uploads\/2024\/11\/claudery-scaled-e1730801159667-768x1086.jpg 768w, https:\/\/www.villeneuve-les-beziers.fr\/wp-content\/uploads\/2024\/11\/claudery-scaled-e1730801159667-1086x1536.jpg 1086w, https:\/\/www.villeneuve-les-beziers.fr\/wp-content\/uploads\/2024\/11\/claudery-scaled-e1730801159667-1448x2048.jpg 1448w, https:\/\/www.villeneuve-les-beziers.fr\/wp-content\/uploads\/2024\/11\/claudery-scaled-e1730801159667.jpg 1810w\" sizes=\"auto, (max-width: 724px) 100vw, 724px\" \/><button\n\t\t\tclass=\"lightbox-trigger\"\n\t\t\ttype=\"button\"\n\t\t\taria-haspopup=\"dialog\"\n\t\t\taria-label=\"Vergroten\"\n\t\t\tdata-wp-init=\"callbacks.initTriggerButton\"\n\t\t\tdata-wp-on--click=\"actions.showLightbox\"\n\t\t\tdata-wp-style--right=\"state.imageButtonRight\"\n\t\t\tdata-wp-style--top=\"state.imageButtonTop\"\n\t\t>\n\t\t\t<svg xmlns=\"http:\/\/www.w3.org\/2000\/svg\" width=\"12\" height=\"12\" fill=\"none\" viewbox=\"0 0 12 12\">\n\t\t\t\t<path fill=\"#fff\" d=\"M2 0a2 2 0 0 0-2 2v2h1.5V2a.5.5 0 0 1 .5-.5h2V0H2Zm2 10.5H2a.5.5 0 0 1-.5-.5V8H0v2a2 2 0 0 0 2 2h2v-1.5ZM8 12v-1.5h2a.5.5 0 0 0 .5-.5V8H12v2a2 2 0 0 1-2 2H8Zm2-12a2 2 0 0 1 2 2v2h-1.5V2a.5.5 0 0 0-.5-.5H8V0h2Z\" \/>\n\t\t\t<\/svg>\n\t\t<\/button><\/figure>\n<\/div>\n<\/div>\n\n\n\n<p>Na afloop van de elektronische inspraakprocedure publiceert de instantie die verantwoordelijk is voor het nemen van de beslissing om het ZAC-ontwikkelingsdossier \"La Claudery\" goed te keuren, d.w.z. de gemeente Villeneuve-l\u00e8s-B\u00e9ziers, een samenvatting van de opmerkingen en voorstellen van het publiek en de antwoorden van de projecteigenaar op deze opmerkingen en voorstellen. Deze documenten zullen gedurende minstens drie maanden geraadpleegd kunnen worden op de website van het gemeentehuis en op de website die gewijd is aan de inspraakprocedure op het volgende adres:&nbsp;<a style=\"font-size: 14px; background-color: #ffffff;\" href=\"https:\/\/www.democratie-active.fr\/zac-claudery-ppve\/\" target=\"_blank\" rel=\"noopener\">https:\/\/www.democratie-active.fr\/zac-claudery-ppve\/<\/a><\/p>\n\n\n\n<p>Aan het einde van de elektronische inspraakperiode wordt het bestemmingsplan \"La Claudery\" ZAC, dat gewijzigd kan worden om rekening te houden met opmerkingen, meningen en voorstellen, ter goedkeuring voorgelegd aan de gemeenteraad van Villeneuve-l\u00e8s-B\u00e9ziers.<\/p>\n\n\n\n<div style=\"height:4em\" aria-hidden=\"true\" class=\"wp-block-spacer\"><\/div>\n\n\n\n<div class=\"wp-block-columns is-layout-flex wp-container-core-columns-is-layout-28f84493 wp-block-columns-is-layout-flex\">\n<div class=\"wp-block-column is-layout-flow wp-block-column-is-layout-flow\">\n<p>05\/11\/2024<\/p>\n\n\n\n<p><strong>AANKONDIGING VAN ELEKTRONISCHE PUBLIEKE INSPRAAK VOORAFGAAND AAN DE GOEDKEURING VAN HET AANLEGDOSSIER VOOR HET ZAC \"PECH AURIOL - LE CROS<\/strong><\/p>\n\n\n\n<p>Overeenkomstig de bepalingen van artikel L.123-19 van de milieuwet wordt van 25 november tot en met 26 december 2024 een elektronische openbare raadpleging geopend en georganiseerd over het project voor het bestemmingsplan \"Pech Auriol - Le Cros\" ZAC.<\/p>\n\n\n\n<p>Inspraak via elektronische middelen vindt plaats gedurende een periode van 31 opeenvolgende dagen: van maandag 25 november om 8:00 uur tot en met donderdag 26 december 2024.<\/p>\n\n\n\n<p>A<a href=\"https:\/\/www.villeneuve-les-beziers.fr\/wp-content\/uploads\/2024\/11\/Avis-PPVE-ZAC-Pech-Auriol-Le-Cros.pdf\">schroef: link<\/a><\/p>\n\n\n\n<p>Specifiek platform :&nbsp;<\/p>\n\n\n\n<p><a href=\"https:\/\/www.democratie-active.fr\/zac-pech-auriol-le-cros-ppve\" target=\"_blank\" rel=\"noopener noreferrer nofollow\">https:\/\/www.democratie-active.fr\/zac-pech-auriol-le-cros-ppve<\/a><\/p>\n\n\n\n<p>Elektronisch register :<\/p>\n\n\n\n<p><a href=\"https:\/\/www.democratie-active.fr\/zac-pech-auriol-le-cros-ppve\" target=\"_blank\" rel=\"noopener noreferrer nofollow\">https:\/\/www.democratie-active.fr\/zac-pech-auriol-le-cros-ppve<\/a><\/p>\n\n\n\n<p>E-mail :&nbsp;<a href=\"mailto:zac-pech-auriol-le-cros@democratie-active.fr\" target=\"_blank\" rel=\"noreferrer noopener\">zac-pech-auriol-le-cros@democratie-actief.<\/a><\/p>\n<\/div>\n\n\n\n<div class=\"wp-block-column is-layout-flow wp-block-column-is-layout-flow\">\n<figure data-wp-context=\"{&quot;imageId&quot;:&quot;69f3f9d7c2acd&quot;}\" data-wp-interactive=\"core\/image\" data-wp-key=\"69f3f9d7c2acd\" class=\"wp-block-image size-large wp-lightbox-container\"><img loading=\"lazy\" decoding=\"async\" width=\"724\" height=\"1024\" data-wp-class--hide=\"state.isContentHidden\" data-wp-class--show=\"state.isContentVisible\" data-wp-init=\"callbacks.setButtonStyles\" data-wp-on--click=\"actions.showLightbox\" data-wp-on--load=\"callbacks.setButtonStyles\" data-wp-on-window--resize=\"callbacks.setButtonStyles\" src=\"https:\/\/www.villeneuve-les-beziers.fr\/wp-content\/uploads\/2024\/11\/pech-auriol-scaled-e1730801602829-724x1024.jpg\" alt=\"\" class=\"wp-image-18619\" srcset=\"https:\/\/www.villeneuve-les-beziers.fr\/wp-content\/uploads\/2024\/11\/pech-auriol-scaled-e1730801602829-724x1024.jpg 724w, https:\/\/www.villeneuve-les-beziers.fr\/wp-content\/uploads\/2024\/11\/pech-auriol-scaled-e1730801602829-212x300.jpg 212w, https:\/\/www.villeneuve-les-beziers.fr\/wp-content\/uploads\/2024\/11\/pech-auriol-scaled-e1730801602829-768x1086.jpg 768w, https:\/\/www.villeneuve-les-beziers.fr\/wp-content\/uploads\/2024\/11\/pech-auriol-scaled-e1730801602829-1086x1536.jpg 1086w, https:\/\/www.villeneuve-les-beziers.fr\/wp-content\/uploads\/2024\/11\/pech-auriol-scaled-e1730801602829-1448x2048.jpg 1448w, https:\/\/www.villeneuve-les-beziers.fr\/wp-content\/uploads\/2024\/11\/pech-auriol-scaled-e1730801602829.jpg 1810w\" sizes=\"auto, (max-width: 724px) 100vw, 724px\" \/><button\n\t\t\tclass=\"lightbox-trigger\"\n\t\t\ttype=\"button\"\n\t\t\taria-haspopup=\"dialog\"\n\t\t\taria-label=\"Vergroten\"\n\t\t\tdata-wp-init=\"callbacks.initTriggerButton\"\n\t\t\tdata-wp-on--click=\"actions.showLightbox\"\n\t\t\tdata-wp-style--right=\"state.imageButtonRight\"\n\t\t\tdata-wp-style--top=\"state.imageButtonTop\"\n\t\t>\n\t\t\t<svg xmlns=\"http:\/\/www.w3.org\/2000\/svg\" width=\"12\" height=\"12\" fill=\"none\" viewbox=\"0 0 12 12\">\n\t\t\t\t<path fill=\"#fff\" d=\"M2 0a2 2 0 0 0-2 2v2h1.5V2a.5.5 0 0 1 .5-.5h2V0H2Zm2 10.5H2a.5.5 0 0 1-.5-.5V8H0v2a2 2 0 0 0 2 2h2v-1.5ZM8 12v-1.5h2a.5.5 0 0 0 .5-.5V8H12v2a2 2 0 0 1-2 2H8Zm2-12a2 2 0 0 1 2 2v2h-1.5V2a.5.5 0 0 0-.5-.5H8V0h2Z\" \/>\n\t\t\t<\/svg>\n\t\t<\/button><\/figure>\n<\/div>\n<\/div>\n\n\n\n<p>Na afloop van de elektronische inspraakprocedure publiceert de instantie die verantwoordelijk is voor het nemen van de beslissing om het ZAC-aanlegdossier \"Pech Auriol - Le Cros\" goed te keuren, d.w.z. de gemeente Villeneuve-l\u00e8s-B\u00e9ziers, een samenvatting van de opmerkingen en voorstellen van het publiek en de antwoorden van de projecteigenaar op deze opmerkingen en voorstellen. Deze documenten zullen gedurende minstens drie maanden geraadpleegd kunnen worden op de website van het gemeentehuis en op de website die gewijd is aan de inspraakprocedure op het volgende adres:&nbsp;<a style=\"font-size: 14px; background-color: #ffffff;\" href=\"https:\/\/www.democratie-active.fr\/zac-pech-auriol-le-cros-ppve\/\" target=\"_blank\" rel=\"noopener\">https:\/\/www.democratie-active.fr\/zac-pech-auriol-le-cros-ppve\/<\/a><\/p>\n\n\n\n<p>Aan het einde van de elektronische inspraakperiode wordt het bestemmingsplan \"Pech Auriol - Le Cros\" ZAC, dat gewijzigd kan worden om rekening te houden met opmerkingen, meningen en voorstellen, ter goedkeuring voorgelegd aan de gemeenteraad van Villeneuve-l\u00e8s-B\u00e9ziers.<\/p>\n<\/div>\n\n\n\n<div class=\"wp-block-group is-style-section-1 has-global-padding is-layout-constrained wp-container-core-group-is-layout-cc9ecf56 wp-block-group-is-layout-constrained is-style-section-1--17\" style=\"margin-top:var(--wp--preset--spacing--50);margin-bottom:var(--wp--preset--spacing--50);padding-top:var(--wp--preset--spacing--50);padding-right:var(--wp--preset--spacing--50);padding-bottom:var(--wp--preset--spacing--50);padding-left:var(--wp--preset--spacing--50)\">\n<h2 class=\"wp-block-heading has-text-align-center\">La Claudery ZAC project<\/h2>\n\n\n\n<p>Bij besluit nr. 2021\/02 van 22 februari 2021 heeft de gemeenteraad besloten om de sector \"La Claudery\" open te stellen voor stadsontwikkeling in het kader van de ZAC-procedure \"La Claudery\".<\/p>\n\n\n\n<p>Het doel van deze sector is het herontwikkelen van een economisch gebied dat samenhang en algemene ontwikkeling mist, en het cre\u00ebren van een dienstencentrum.<\/p>\n\n\n\n<ul class=\"wp-block-list\">\n<li><a href=\"https:\/\/www.villeneuve-les-beziers.fr\/wp-content\/uploads\/2022\/04\/DOSSIER-CONCERTATION_PROJET-ZAC-LA-CLAUDERY-2.pdf\">Raadplegingsdossier project ZAC La Claudery<\/a><\/li>\n\n\n\n<li><a href=\"https:\/\/www.villeneuve-les-beziers.fr\/wp-content\/uploads\/2022\/04\/2021-02-principe-de-creation-dune-ZAC-secteur-la-Claudery.pdf\">Principe van de oprichting van een ZAC (gemengde ontwikkelingszone) in de sector Claudery: beraadslaging nr. 2021\/02 van 22\/02\/2021<\/a>&nbsp;<\/li>\n\n\n\n<li><a href=\"https:\/\/www.villeneuve-les-beziers.fr\/wp-content\/uploads\/2022\/04\/2022-04-Principe-de-la-creation-dune-zone-damenagement-concerte-ZAC-La-Claudery-rectificatif-de-la-vocation-du-secteur.pdf\">Rectificatie van de roeping van de sector: beraadslaging nr. 2022\/04 van 07\/02\/2022<\/a><\/li>\n\n\n\n<li><a href=\"https:\/\/www.villeneuve-les-beziers.fr\/wp-content\/uploads\/2022\/04\/VLB_Claudery_Etat-initial_CBEfev2022_compressed.pdf\">VLB Claudery-studie (initi\u00eble status CBE feb 2022)<\/a><\/li>\n\n\n\n<li><a href=\"https:\/\/www.villeneuve-les-beziers.fr\/wp-content\/uploads\/2022\/10\/VLB_Claudery_Pech_Auriol_VNEI_CBE_oct2022_version-minute.pdf\">Studie van de natuurlijke component van de effectbeoordeling (VNEI) CBE oct. 2022<\/a><\/li>\n<\/ul>\n\n\n\n<p>&nbsp;Update 2024:<\/p>\n\n\n\n<ul class=\"wp-block-list\">\n<li><a href=\"https:\/\/www.villeneuve-les-beziers.fr\/wp-content\/uploads\/2024\/09\/923-ZAC-La-Claudery-VLBZ-Creation-Etude-de-faisabilite-du-developpement-des-EnR-V2-240307.pdf\">923 ZAC La Claudery VLBZ - Oprichting - Haalbaarheidsstudie voor de ontwikkeling van hernieuwbare energie - V2 - 240307<\/a><\/li>\n\n\n\n<li><a href=\"https:\/\/www.villeneuve-les-beziers.fr\/wp-content\/uploads\/2024\/09\/923-ZAC-La-Claudery-VLBZ-Etude-bilan-GES-V2-240408.pdf\">923 ZAC La Claudery VLBZ - GHG-balansstudie - V2 - 240408<\/a><\/li>\n\n\n\n<li><a href=\"https:\/\/www.villeneuve-les-beziers.fr\/wp-content\/uploads\/2024\/09\/DOSSIER-CONCERTATION_PROJET-ZAC-LA-CLAUDERY-V2.pdf\">DOSSIER OVERLEG_PROJET ZAC LA CLAUDERY - V2<\/a><\/li>\n<\/ul>\n<\/div>\n\n\n\n<div class=\"wp-block-group is-style-section-1 has-global-padding is-layout-constrained wp-container-core-group-is-layout-cc9ecf56 wp-block-group-is-layout-constrained is-style-section-1--18\" style=\"margin-top:var(--wp--preset--spacing--50);margin-bottom:var(--wp--preset--spacing--50);padding-top:var(--wp--preset--spacing--50);padding-right:var(--wp--preset--spacing--50);padding-bottom:var(--wp--preset--spacing--50);padding-left:var(--wp--preset--spacing--50)\">\n<h2 class=\"wp-block-heading\">Ontwikkelingsproject \"La Montagnette<\/h2>\n\n\n\n<p><a href=\"https:\/\/www.villeneuve-les-beziers.fr\/wp-content\/uploads\/2022\/09\/DOSSIER-CONCERTATION_PROJET-ZAC-LA-MONTAGNETTE.pdf\" target=\"_blank\" rel=\"noopener\">Overlegdossier ZAC La Montagnette<\/a><\/p>\n\n\n\n<p><a href=\"http:\/\/www.villeneuve-les-beziers.fr\/wp-content\/uploads\/2020\/09\/2020-064-Etudes-ZAC-Ouest-La-Montagnette.pdf\" target=\"_blank\" rel=\"noopener\">Beraadslagingen gemeenteraad<\/a><\/p>\n\n\n\n<p><a href=\"https:\/\/www.villeneuve-les-beziers.fr\/wp-content\/uploads\/2022\/05\/VNEI-etat-initial_VLB_Montagnette_CBE-9-mai-2022_compressed.pdf\">Studie VLB ZAC La Montagnette initi\u00eble staat project La Montagnette CBE<\/a><\/p>\n\n\n\n<p><a href=\"https:\/\/www.villeneuve-les-beziers.fr\/wp-content\/uploads\/2021\/10\/DOSSIER-PRESENTATION_PROJET-LA-MONTAGNETTE.pdf\">Vergadering op 21\/04\/2022 voor presentatie en bespreking met de eigenaars.<\/a><\/p>\n\n\n\n<p>***<\/p>\n\n\n\n<p><a href=\"https:\/\/www.villeneuve-les-beziers.fr\/wp-content\/uploads\/2023\/04\/2023-25-Abrogation-de-la-procedure-ZAC-la-montagnette-amenagement-densemble-avis-etude-dimpact.pdf\">Annulering van de ZAC la montagnette procedure - lancering van een uitgebreid ontwikkelingsproject<\/a> La Montagnette<\/p>\n\n\n\n<p><a href=\"https:\/\/www.villeneuve-les-beziers.fr\/wp-content\/uploads\/2023\/11\/230317-EI-la-montagnette-VLB_indB-avec-compression.pdf\">230317-EI montagnette VLB_indB-met-compressie<\/a><\/p>\n\n\n\n<p><a href=\"https:\/\/www.villeneuve-les-beziers.fr\/wp-content\/uploads\/2023\/12\/2023-58-Procedure-de-DUP-secteur-Montagnette.pdf\">Beraadslaging 2023\/58 Principe van de tenuitvoerlegging van een procedure voor de verklaring van openbaar belang voor de sector Montagnette, die het voorwerp uitmaakt van een openbare ontwikkelingsactie<\/a><\/p>\n\n\n\n<p><a href=\"https:\/\/www.villeneuve-les-beziers.fr\/wp-content\/uploads\/2025\/10\/2025-49-projet-urbain-la-montagnette-demande-ouverture-enquete-publique.pdf\">Beraadslaging 2025 49 montagnette stadsproject verzoek tot opening van een openbaar onderzoek<\/a><\/p>\n<\/div>\n\n\n\n<div class=\"wp-block-group is-style-section-1 has-global-padding is-layout-constrained wp-container-core-group-is-layout-cc9ecf56 wp-block-group-is-layout-constrained is-style-section-1--19\" style=\"margin-top:var(--wp--preset--spacing--50);margin-bottom:var(--wp--preset--spacing--50);padding-top:var(--wp--preset--spacing--50);padding-right:var(--wp--preset--spacing--50);padding-bottom:var(--wp--preset--spacing--50);padding-left:var(--wp--preset--spacing--50)\">\n<h2 class=\"wp-block-heading\">Project ZAC Pech Auriol<\/h2>\n\n\n\n<p><a style=\"font-size: 14px; transition-property: all;\" href=\"http:\/\/www.villeneuve-les-beziers.fr\/wp-content\/uploads\/2020\/09\/DOSSIER-CONCERTATION_PROJET-ZAC-PECH-AURIOL-LE-CROS.pdf\" target=\"_blank\" rel=\"noopener\">Pech Auriol ZAC project overlegdossier<\/a><\/p>\n\n\n\n<p><a style=\"font-size: 14px; transition-property: all;\" href=\"http:\/\/www.villeneuve-les-beziers.fr\/wp-content\/uploads\/2020\/09\/2020-063-Etudes-ZAC-Pech-Auriol-Le-Cros.pdf\" target=\"_blank\" rel=\"noopener\">Beraadslagingen gemeenteraad<\/a><\/p>\n\n\n\n<p><a style=\"font-size: 14px; color: #1e73be; transition-property: all;\" href=\"https:\/\/www.villeneuve-les-beziers.fr\/wp-content\/uploads\/2022\/04\/VLB_Pech-Auriol_Etat-initial_CBE_fev2022_compressed.pdf\">VLB-studie ZAC Pech Auriol (initi\u00eble status feb 2022)<\/a><\/p>\n\n\n\n<p><a style=\"font-size: 14px; transition-property: all;\" href=\"https:\/\/www.villeneuve-les-beziers.fr\/wp-content\/uploads\/2022\/10\/VLB_Claudery_Pech_Auriol_VNEI_CBE_oct2022_version-minute.pdf\">Studie van de natuurlijke component van de effectbeoordeling (VNEI) CBE oct. 2022<\/a><\/p>\n\n\n\n<p>Update 2024:<\/p>\n\n\n\n<p><a href=\"https:\/\/www.villeneuve-les-beziers.fr\/wp-content\/uploads\/2024\/09\/923-ZAC-Pech-Auriol-Le-Cros-VLBZ-Creation-EFD-EnR-V2-240307.pdf\">923 ZAC Pech Auriol - Le Cros VLBZ - Creatie - EFD EnR - V2 - 240307<\/a><\/p>\n\n\n\n<p><a href=\"https:\/\/www.villeneuve-les-beziers.fr\/wp-content\/uploads\/2024\/09\/923-ZAC-Pech-Auriol-Le-Cros-VLBZ-Etude-bilan-GES-V2-240307.pdf\">923 ZAC Pech Auriol - Le Cros VLBZ - GHG-balansstudie - V2 - 240307<\/a><\/p>\n\n\n\n<p><a href=\"https:\/\/www.villeneuve-les-beziers.fr\/wp-content\/uploads\/2024\/09\/DOSSIER-CONCERTATION_PROJET-ZAC-PECH-AURIOL-LE-CROS-V2.pdf\">DOSSIER OVERLEG_PROJECT ZAC PECH AURIOL - LE CROS V2<\/a><\/p>\n\n\n\n<p><a href=\"https:\/\/www.villeneuve-les-beziers.fr\/wp-content\/uploads\/2024\/09\/Rapport_EPA_ZAC_VLB_V5.pdf\">Rapport_EPA_ZAC_VLB_V5<\/a><\/p>\n<\/div>\n\n\n\n<div class=\"wp-block-group is-style-section-1 has-global-padding is-layout-constrained wp-container-core-group-is-layout-cc9ecf56 wp-block-group-is-layout-constrained is-style-section-1--20\" style=\"margin-top:var(--wp--preset--spacing--50);margin-bottom:var(--wp--preset--spacing--50);padding-top:var(--wp--preset--spacing--50);padding-right:var(--wp--preset--spacing--50);padding-bottom:var(--wp--preset--spacing--50);padding-left:var(--wp--preset--spacing--50)\">\n<h2 class=\"wp-block-heading\">Compensatieproject voor het landgoed Castelfort Montblanc<\/h2>\n\n\n\n<p><a href=\"https:\/\/www.villeneuve-les-beziers.fr\/wp-content\/uploads\/2023\/12\/ETAT-ECOLOGIQUE-INITIAL_SITE-COMPENSATOIRE-CASTELFORT_ALTEMIS-202312.pdf\">INITI\u00cbLE ECOLOGISCHE TOESTAND_COMPENSATIEGEBIED CASTELFORT_ALTEMIS-202312<\/a><\/p>\n<\/div>\n\n\n\n<div class=\"wp-block-group is-style-section-1 has-global-padding is-layout-constrained wp-container-core-group-is-layout-cc9ecf56 wp-block-group-is-layout-constrained is-style-section-1--21\" style=\"margin-top:var(--wp--preset--spacing--50);margin-bottom:var(--wp--preset--spacing--50);padding-top:var(--wp--preset--spacing--50);padding-right:var(--wp--preset--spacing--50);padding-bottom:var(--wp--preset--spacing--50);padding-left:var(--wp--preset--spacing--50)\">\n<h2 class=\"wp-block-heading\">Nieuwe lijn Montpellier-Perpignan<\/h2>\n\n\n\n<div class=\"wp-block-columns is-layout-flex wp-container-core-columns-is-layout-28f84493 wp-block-columns-is-layout-flex\">\n<div class=\"wp-block-column is-layout-flow wp-block-column-is-layout-flow\">\n<p>U kunt alle informatie over het project vinden op de offici\u00eble websites:<\/p>\n\n\n\n<ul class=\"wp-block-list\">\n<li><a href=\"https:\/\/www.ligne-montpellier-perpignan.com\" target=\"_blank\" rel=\"noopener noreferrer nofollow\">https:\/\/www.ligne-montpellier-perpignan.com<\/a><\/li>\n\n\n\n<li><a href=\"https:\/\/www.sncf-reseau.com\/fr\/reseau\/occitanie\/ligne-nouvelle-montpellier-perpignan\/avancement-et-documents\" target=\"_blank\" rel=\"noopener noreferrer nofollow\">https:\/\/www.sncf-reseau.com\/fr\/reseau\/occitanie\/ligne-nouvelle-montpellier-perpignan\/avancement-et-documents<\/a><\/li>\n<\/ul>\n<\/div>\n\n\n\n<div class=\"wp-block-column is-layout-flow wp-block-column-is-layout-flow\">\n<figure class=\"wp-block-image aligncenter size-medium\"><img loading=\"lazy\" decoding=\"async\" width=\"300\" height=\"159\" src=\"https:\/\/www.villeneuve-les-beziers.fr\/wp-content\/uploads\/2019\/10\/lnmp1-300x159.jpg\" alt=\"\" class=\"wp-image-3863\" srcset=\"https:\/\/www.villeneuve-les-beziers.fr\/wp-content\/uploads\/2019\/10\/lnmp1-300x159.jpg 300w, https:\/\/www.villeneuve-les-beziers.fr\/wp-content\/uploads\/2019\/10\/lnmp1.jpg 640w\" sizes=\"auto, (max-width: 300px) 100vw, 300px\" \/><figcaption class=\"wp-element-caption\"><a href=\"https:\/\/www.ligne-montpellier-perpignan.com\/\" target=\"_blank\" rel=\"noopener\">Nieuwe TGV-lijn (LNMP)<\/a><\/figcaption><\/figure>\n<\/div>\n<\/div>\n\n\n\n<p>Bestemmingsplan van het PLU met gereserveerde terreinen nr. 11 en 12 voor de SNCF R\u00c9SEAU :<\/p>\n\n\n\n<p><a href=\"https:\/\/www.villeneuve-les-beziers.fr\/wp-content\/uploads\/2023\/05\/Piece-3-Reglement-graphique-echelle-1-7500e-modif8-PLU.pdf\">Deel 3 - Grafische voorschriften 1-7500 Villeneuve<\/a><\/p>\n<\/div>\n\n\n\n<div class=\"wp-block-group is-style-section-1 has-global-padding is-layout-constrained wp-container-core-group-is-layout-cc9ecf56 wp-block-group-is-layout-constrained is-style-section-1--22\" style=\"margin-top:var(--wp--preset--spacing--50);margin-bottom:var(--wp--preset--spacing--50);padding-top:var(--wp--preset--spacing--50);padding-right:var(--wp--preset--spacing--50);padding-bottom:var(--wp--preset--spacing--50);padding-left:var(--wp--preset--spacing--50)\">\n<h2 class=\"wp-block-heading\">PPR<\/h2>\n\n\n\n<div class=\"wp-block-columns is-layout-flex wp-container-core-columns-is-layout-28f84493 wp-block-columns-is-layout-flex\">\n<div class=\"wp-block-column is-layout-flow wp-block-column-is-layout-flow\">\n<h3 class=\"wp-block-heading\">Overstromingsrisico-plan* (PPR)<\/h3>\n\n\n\n<p>Goedkeuringsdatum: 08\/11\/2007<\/p>\n\n\n\n<p><a href=\"http:\/\/piece-jointe-carto.developpement-durable.gouv.fr\/DEPT034A\/ZonagePPRI\/VILLENEUVE-LES-BEZIERS\/ArreteAppro_VILLENEUVE-LES-BEZIERS.pdf\" target=\"_blank\" rel=\"noreferrer noopener\">Goedkeuringsopdracht<\/a><\/p>\n\n\n\n<p><a href=\"http:\/\/piece-jointe-carto.developpement-durable.gouv.fr\/DEPT034A\/ZonagePPRI\/VILLENEUVE-LES-BEZIERS\/RapportPres_VILLENEUVE-LES-BEZIERS.pdf\" target=\"_blank\" rel=\"noreferrer noopener\">Presentatieverslag<\/a><\/p>\n\n\n\n<p><strong>Bestemmingskaarten<\/strong><\/p>\n\n\n\n<p><a href=\"https:\/\/www.villeneuve-les-beziers.fr\/wp-content\/uploads\/2023\/06\/CARTE_ZONAGE_3aWOR.pdf\">Kaart_Bestemming_3aWOR<\/a><\/p>\n\n\n\n<p><a href=\"https:\/\/www.villeneuve-les-beziers.fr\/wp-content\/uploads\/2023\/06\/CARTE_ZONAGE_3bapres-EPWOR.pdf\">Kaart_Bestemming_3bapres_EPWOR<\/a><\/p>\n\n\n\n<p><a href=\"http:\/\/piece-jointe-carto.developpement-durable.gouv.fr\/DEPT034A\/ZonagePPRI\/VILLENEUVE-LES-BEZIERS\/Reglement_VILLENEUVE-LES-BEZIERS.pdf\" target=\"_blank\" rel=\"noreferrer noopener\">Reglement<\/a><\/p>\n\n\n\n<p><strong>Bijlagen<\/strong><\/p>\n\n\n\n<p><a style=\"background-color: #f6f6f6; box-sizing: inherit; outline-color: #0a76f6; outline-width: 2px; line-height: 1.5rem; font-size: 1rem; color: var(--text-action-high-blue-france); transition-duration: 0s; transition-property: background-size; touch-action: manipulation; --hover-tint: var(--idle); --active-tint: var(--active); outline-offset: 2px; cursor: pointer; background-image: var(--underline-img),var(--underline-img); background-position: var(--underline-x) 100%,var(--underline-x) calc(100% - var(--underline-thickness)); background-repeat: no-repeat, no-repeat; background-size: var(--underline-hover-width) calc(var(--underline-thickness)*2),var(--underline-idle-width) var(--underline-thickness); --text-spacing: 0; --title-spacing: 0; display: inline; z-index: 1; max-height: none; max-width: 100%; overflow: initial;\" title=\"Bezoek http:\/\/piece-jointe-carto.developpement-durable.gouv.fr\/DEPT034A\/ZonagePPRI\/VILLENEUVE-LES-BEZIERS\/Alea_VILLENEUVE-LES-BEZIERS.zip - nieuw venster\" href=\"http:\/\/piece-jointe-carto.developpement-durable.gouv.fr\/DEPT034A\/ZonagePPRI\/VILLENEUVE-LES-BEZIERS\/Alea_VILLENEUVE-LES-BEZIERS.zip\" target=\"_blank\" rel=\"noopener\" data-xiti-site=\"482004\" data-xiti-name=\"lien_externe::VILLENEUVE-LES-BEZIERS::::Carte_d_alea\" data-xiti-type=\"exit\" data-xiti-niv2=\"\" data-fr-js-link-actionee=\"true\">Gevarenkaart<\/a><\/p>\n\n\n\n<p><a style=\"background-color: #f6f6f6; box-sizing: inherit; outline-color: #0a76f6; outline-width: 2px; line-height: 1.5rem; font-size: 1rem; color: var(--text-action-high-blue-france); transition-duration: 0s; transition-property: background-size; touch-action: manipulation; --hover-tint: var(--idle); --active-tint: var(--active); outline-offset: 2px; cursor: pointer; background-image: var(--underline-img),var(--underline-img); background-position: var(--underline-x) 100%,var(--underline-x) calc(100% - var(--underline-thickness)); background-repeat: no-repeat, no-repeat; background-size: var(--underline-hover-width) calc(var(--underline-thickness)*2),var(--underline-idle-width) var(--underline-thickness); --text-spacing: 0; --title-spacing: 0; display: inline; z-index: 1; max-height: none; max-width: 100%; overflow: initial;\" title=\"Bezoek http:\/\/piece-jointe-carto.developpement-durable.gouv.fr\/DEPT034A\/ZonagePPRI\/VILLENEUVE-LES-BEZIERS\/Annexe_VILLENEUVE-LES-BEZIERS.pdf - nieuw venster\" href=\"http:\/\/piece-jointe-carto.developpement-durable.gouv.fr\/DEPT034A\/ZonagePPRI\/VILLENEUVE-LES-BEZIERS\/Annexe_VILLENEUVE-LES-BEZIERS.pdf\" target=\"_blank\" rel=\"noopener\" data-xiti-site=\"482004\" data-xiti-name=\"lien_externe::VILLENEUVE-LES-BEZIERS::::Autres_annexes\" data-xiti-type=\"exit\" data-xiti-niv2=\"\" data-fr-js-link-actionee=\"true\">Andere bijlagen<\/a><\/p>\n\n\n\n<p>*De gegevens in de strengere Porter \u00e0 connaissance (PAC) zijn hoger dan die in de PPRI (zie hieronder).<\/p>\n<\/div>\n\n\n\n<div class=\"wp-block-column is-layout-flow wp-block-column-is-layout-flow\">\n<h3 class=\"wp-block-heading\">Plan voor technologische risicopreventie \"MINGUEZ<\/h3>\n\n\n\n<p class=\"is-style-default\">Goedkeuringsdatum: 06\/03\/2013<\/p>\n\n\n\n<p class=\"is-style-default\"><a style=\"background-color: #f6f6f6; box-sizing: inherit; touch-action: manipulation; color: var(--text-action-high-blue-france); --hover-tint: var(--idle); --active-tint: var(--active); outline-color: #0a76f6; outline-offset: 2px; outline-width: 2px; cursor: pointer; background-image: var(--underline-img),var(--underline-img); background-position: var(--underline-x) 100%,var(--underline-x) calc(100% - var(--underline-thickness)); background-repeat: no-repeat, no-repeat; background-size: var(--underline-hover-width) calc(var(--underline-thickness)*2),var(--underline-idle-width) var(--underline-thickness); transition-duration: 0s; transition-property: background-size; --text-spacing: 0; --title-spacing: 0; display: inline; font-size: 1rem; line-height: 1.5rem; z-index: 1; max-height: none; max-width: 100%; overflow: initial;\" title=\"Bezoek http:\/\/piece-jointe-carto.developpement-durable.gouv.fr\/DEPT034A\/ZonagePPRT\/MINGUEZ\/ArreteAppro_MINGUEZ.pdf - nieuw venster\" data-xiti-site=\"482004\" data-xiti-name=\"lien_externe::VILLENEUVE-LES-BEZIERS::::Arrete_d_approbation\" data-xiti-type=\"exit\" data-fr-js-link-actionee=\"true\" data-xiti-niv2=\"\" href=\"http:\/\/piece-jointe-carto.developpement-durable.gouv.fr\/DEPT034A\/ZonagePPRT\/MINGUEZ\/ArreteAppro_MINGUEZ.pdf\" target=\"_blank\" rel=\"noopener\">Goedkeuringsopdracht<\/a><\/p>\n\n\n\n<p><a href=\"http:\/\/piece-jointe-carto.developpement-durable.gouv.fr\/DEPT034A\/ZonagePPRT\/MINGUEZ\/ArreteAppro_MINGUEZ.pdf\" target=\"_blank\" rel=\"noreferrer noopener\">Goedkeuringsopdracht<\/a><\/p>\n\n\n\n<p><a href=\"http:\/\/piece-jointe-carto.developpement-durable.gouv.fr\/DEPT034A\/ZonagePPRT\/MINGUEZ\/RapportPres_MINGUEZ.pdf\" target=\"_blank\" rel=\"noreferrer noopener\">Presentatieverslag<\/a><\/p>\n\n\n\n<p><a href=\"http:\/\/piece-jointe-carto.developpement-durable.gouv.fr\/DEPT034A\/ZonagePPRT\/MINGUEZ\/Zonage_MINGUEZ.pdf\" target=\"_blank\" rel=\"noreferrer noopener\">Bestemmingskaart<\/a><\/p>\n\n\n\n<p><a href=\"http:\/\/piece-jointe-carto.developpement-durable.gouv.fr\/DEPT034A\/ZonagePPRT\/MINGUEZ\/Reglement_MINGUEZ.pdf\" target=\"_blank\" rel=\"noreferrer noopener\">Reglement<\/a>&nbsp;<\/p>\n\n\n\n<p><strong>Bijlagen<\/strong><\/p>\n\n\n\n<p><a href=\"http:\/\/piece-jointe-carto.developpement-durable.gouv.fr\/DEPT034A\/ZonagePPRT\/MINGUEZ\/Alea_MINGUEZ.pdf\" target=\"_blank\" rel=\"noreferrer noopener\">Gevarenkaart<\/a><\/p>\n\n\n\n<p><a href=\"http:\/\/piece-jointe-carto.developpement-durable.gouv.fr\/DEPT034A\/ZonagePPRT\/MINGUEZ\/Annexe_MINGUEZ.zip\" target=\"_blank\" rel=\"noreferrer noopener\">Andere bijlagen<\/a><\/p>\n<\/div>\n\n\n\n<div class=\"wp-block-column is-layout-flow wp-block-column-is-layout-flow\">\n<h3 class=\"wp-block-heading\">Plan voor technologische risicopreventie \"GAZECHIM<\/h3>\n\n\n\n<p>Goedkeuringsdatum: 03\/08\/2015<\/p>\n\n\n\n<p><a href=\"http:\/\/piece-jointe-carto.developpement-durable.gouv.fr\/DEPT034A\/ZonagePPRT\/GAZECHIM\/ArreteAppro_GAZECHIM.pdf\" target=\"_blank\" rel=\"noreferrer noopener\">Goedkeuringsopdracht<\/a><\/p>\n\n\n\n<p><a href=\"http:\/\/piece-jointe-carto.developpement-durable.gouv.fr\/DEPT034A\/ZonagePPRT\/GAZECHIM\/RapportPres_GAZECHIM.pdf\" target=\"_blank\" rel=\"noreferrer noopener\">Presentatieverslag<\/a><\/p>\n\n\n\n<p><a href=\"http:\/\/piece-jointe-carto.developpement-durable.gouv.fr\/DEPT034A\/ZonagePPRT\/GAZECHIM\/Zonage_GAZECHIM.pdf\" target=\"_blank\" rel=\"noreferrer noopener\">Bestemmingskaart<\/a><\/p>\n\n\n\n<p><a href=\"http:\/\/piece-jointe-carto.developpement-durable.gouv.fr\/DEPT034A\/ZonagePPRT\/GAZECHIM\/Reglement_GAZECHIM.pdf\" target=\"_blank\" rel=\"noreferrer noopener\">Reglement<\/a>&nbsp;<\/p>\n\n\n\n<p><strong>Bijlagen<\/strong><\/p>\n\n\n\n<p><a href=\"http:\/\/piece-jointe-carto.developpement-durable.gouv.fr\/DEPT034A\/ZonagePPRT\/GAZECHIM\/Annexe_GAZECHIM.pdf\" target=\"_blank\" rel=\"noreferrer noopener\">Andere bijlagen<\/a><\/p>\n<\/div>\n<\/div>\n<\/div>\n\n\n\n<div class=\"wp-block-group is-style-section-1 has-global-padding is-layout-constrained wp-container-core-group-is-layout-cc9ecf56 wp-block-group-is-layout-constrained is-style-section-1--23\" style=\"margin-top:var(--wp--preset--spacing--50);margin-bottom:var(--wp--preset--spacing--50);padding-top:var(--wp--preset--spacing--50);padding-right:var(--wp--preset--spacing--50);padding-bottom:var(--wp--preset--spacing--50);padding-left:var(--wp--preset--spacing--50)\">\n<h2 class=\"wp-block-heading\">Informatie naar aanleiding van de overstromingen in oktober 2019<\/h2>\n\n\n\n<p>RISICOSTUDIES GEMELD AAN LOKALE AUTORITEITEN<\/p>\n\n\n\n<p>Wanneer voor een gemeente een preventieplan voor natuurrisico's wordt goedgekeurd, biedt dit plan een nauwkeurig kader voor bouwmogelijkheden. Het is echter niet de enige informatiebron waarmee rekening moet worden gehouden, en alle beschikbare aanvullende kennis over de risico's moet worden gebruikt om het risico te beoordelen, met name bij het opstellen van stedenbouwkundige documenten en bij het onderzoek van stedenbouwkundige vergunningen. De prefect moet de gemeenten alle technische studies ter beschikking stellen die zij nodig hebben om hun stedenbouwkundige bevoegdheden uit te oefenen (artikel L.132-2 van de stedenbouwkundige code). Hiertoe zijn de onderstaande studies onder hun aandacht gebracht. Bron : <a href=\"https:\/\/www.herault.gouv.fr\/Politiques-publiques\/Environnement-risques-naturels-et-technologiques\/Risques-naturels-et-technologiques\/Transmission-des-informations-aux-maires-TIM\/Les-Porter-a-connaissance-PAC-de-l-Herault\" target=\"_blank\" rel=\"noopener noreferrer nofollow\">Prefectuur H\u00e9rault<\/a><\/p>\n\n\n\n<h3 class=\"wp-block-heading\">Overstroming<\/h3>\n\n\n\n<p>28\/09\/2020<\/p>\n\n\n\n<p>Gevarenkaart voor de overstroming van 23 oktober 2019 en bijbehorende planningsaankondiging<\/p>\n\n\n\n<p><a href=\"https:\/\/www.villeneuve-les-beziers.fr\/wp-content\/uploads\/2023\/05\/Piece-Annexe-PAC-Carte-Alea-inondation-Villeneuve-les-Beziers-2020-09-28-002.pdf\">Bijlage - PAC- Alea overstromingskaart Villeneuve-les-Beziers 2020-09-28<\/a><\/p>\n\n\n\n<p><a href=\"https:\/\/www.villeneuve-les-beziers.fr\/wp-content\/uploads\/2023\/05\/Piece-Annexe-PAC-notice-associee-a-carte-alea-crue-23-octobre-2019.pdf\">Bijlage - PAC - folder bij overstromingsgevaarkaart 23 oktober<\/a><a href=\"https:\/\/www.villeneuve-les-beziers.fr\/wp-content\/uploads\/2023\/05\/Piece-Annexe-PAC-notice-associee-a-carte-alea-crue-23-octobre-2019.pdf\">&nbsp;2019<\/a><\/p>\n\n\n\n<p><a href=\"https:\/\/www.villeneuve-les-beziers.fr\/wp-content\/uploads\/2023\/06\/PAC_PHE_Villeneuve_les_Beziers_2020_09_282-1.pdf\">PAC_PHE_Villeneuve_les_Beziers_2020_09_28<\/a><\/p>\n\n\n\n<h3 class=\"wp-block-heading\">Multi-risico<\/h3>\n\n\n\n<p>09\/06\/2017<\/p>\n\n\n\n<p>Definitief fiche(s) met betrekking tot natuurlijke of technologische risico's voor campings en residenti\u00eble recreatieparken in de H\u00e9rault. Deze fiches geven voor elk etablissement en op basis van alle informatie die door of op verzoek van de staat is opgesteld, een samenvatting van de afbakening van de zones die onderhevig zijn aan te verwachten natuurlijke of technologische risico's en de mate van blootstelling. Er is ook een kaart bijgevoegd waarop de ligging van de camping ten opzichte van de in aanmerking genomen risico's is aangegeven.<\/p>\n\n\n\n<p><a href=\"http:\/\/piece-jointe-carto.developpement-durable.gouv.fr\/DEPT034A\/Camping_Risques\/VILLENEUVE-LES-BEZIERS.zip\" target=\"_blank\" rel=\"noreferrer noopener\">ZIP-archief van alle campings in de gemeente<\/a><\/p>\n<\/div>\n\n\n\n<div class=\"wp-block-group is-style-section-1 has-global-padding is-layout-constrained wp-container-core-group-is-layout-cc9ecf56 wp-block-group-is-layout-constrained is-style-section-1--24\" style=\"margin-top:var(--wp--preset--spacing--50);margin-bottom:var(--wp--preset--spacing--50);padding-top:var(--wp--preset--spacing--50);padding-right:var(--wp--preset--spacing--50);padding-bottom:var(--wp--preset--spacing--50);padding-left:var(--wp--preset--spacing--50)\">\n<h2 class=\"wp-block-heading\">Afvoerreglement regenwater voor de Communaut\u00e9 d'Agglom\u00e9ration B\u00e9ziers M\u00e9diterran\u00e9e<\/h2>\n\n\n\n<p>Het doel van deze verordeningen is om de specifieke maatregelen te defini\u00ebren die zijn voorgeschreven voor het grondgebied van de agglomeratiegemeenschap met betrekking tot de controle op afvloeiing, behandeling en lozing van regenwater in openbare ondergrondse of openluchtnetwerken. Hiertoe specificeert het het algemene wetgevende kader.<\/p>\n\n\n\n<details class=\"wp-block-details is-layout-flow wp-block-details-is-layout-flow\"><summary>Rol het uittreksel uit de regels af<\/summary>\n<blockquote class=\"wp-block-quote is-style-default has-medium-font-size is-layout-flow wp-block-quote-is-layout-flow\">\n<p>7- Algemene regels<\/p>\n\n\n\n<p>a) Het is verboden om regenwater aan te sluiten op de riolering of op een onafhankelijke riolering.<\/p>\n\n\n\n<p>b) Een eventuele toename van de afvoer als gevolg van nieuwe waterdichting (oprichting of uitbreiding van bestaande gebouwen of infrastructuren) moet worden gecompenseerd door de installatie van regenwateropslagsystemen op het perceel (infiltratie- of retentiebekkens) of andere alternatieve technieken*.<\/p>\n\n\n\n<p><b>Nieuwe waterdichting moet worden gecompenseerd met 130 liter\/m\u00b2.&nbsp;<\/b><b>(minimaal) met een maximale lekkage van 50 l\/s per hectare waterdichting.<\/b><\/p>\n\n\n\n<p>Als infiltratie niet mogelijk is (of als de infiltratiesnelheid onvoldoende is) en er geen afvoer is, kan diffuse verspreiding worden overwogen met een gereguleerde hoeveelheid van 5 l\/waterdichte hectare, op voorwaarde dat de gemeente hiermee akkoord gaat.<\/p>\n\n\n\n<p>Het retentievolume dat in dit geval gebruikt moet worden is : 170 l\/m\u00b2 waterdichting.<\/p>\n\n\n\n<p>c) Het opgeslagen volume moet met voorrang worden geleegd door infiltratie en mag niet verbonden zijn met het openbare netwerk.<\/p>\n\n\n\n<p>d) Voor bouwvergunningen waarbij bestaande gebouwen worden gesloopt, moet bij de dimensionering van de constructies rekening worden gehouden met alle waterdicht gemaakte oppervlakken van de landeenheid, ongeacht de mate van eerdere waterdichtheid.<\/p>\n\n\n\n<p>e) In het geval van gegroepeerde stadsontwikkelingsprojecten (woonwijken, ZAC's, enz.) moeten de opslagvoorzieningen door het hele project gedeeld worden om opslag op elk perceel te vermijden. Opslagfaciliteiten die als onderdeel van een verkavelingsvergunning worden aangelegd, moeten gedimensioneerd zijn voor de rijweg en voor de totale waterdichte oppervlakken die waarschijnlijk op elk perceel zullen ontstaan.<\/p>\n\n\n\n<p>* Alternatieve technieken vullen conventionele rioolstelsels aan of vervangen ze. Hun belangrijkste functie is het beperken van piekstromen stroomafwaarts om concentratie van water in verzadigde netwerken te voorkomen:<\/p>\n\n\n\n<ul class=\"wp-block-list\">\n<li>door infiltratie als de bodem gunstig is en buiten stroomgebieden,<\/li>\n\n\n\n<li>door regenwater tijdelijk op te slaan voordat het gecontroleerd wordt afgevoerd naar het stroomafwaarts gelegen netwerk (verzamelriolen, goten, sloten, enz.) als infiltratie onmogelijk of verboden is,<\/li>\n\n\n\n<li>door tijdelijke opslag en infiltratie te combineren.<\/li>\n<\/ul>\n\n\n\n<p>In de bijlage bij de voorschriften vindt u een niet-uitputtende catalogus van opslagtechnieken op basis van percelen: sloten, drainagesleuven, opslagdaken, poreuze bodems, reservoirverhardingen, enz.<\/p>\n<\/blockquote>\n<\/details>\n\n\n\n<div class=\"wp-block-file\"><a id=\"wp-block-file--media-2d2f2b9e-3151-42a0-bb7d-832b03def623\" href=\"https:\/\/www.villeneuve-les-beziers.fr\/wp-content\/uploads\/2023\/07\/cabm-pluvial-210712-reglement-complet-vf.pdf\">cabm-pluviaal-210712-complete-verordeningen-vf<\/a><a href=\"https:\/\/www.villeneuve-les-beziers.fr\/wp-content\/uploads\/2023\/07\/cabm-pluvial-210712-reglement-complet-vf.pdf\" class=\"wp-block-file__button wp-element-button\" aria-describedby=\"wp-block-file--media-2d2f2b9e-3151-42a0-bb7d-832b03def623\" download>Downloaden<\/a><\/div>\n\n\n\n<div class=\"wp-block-columns are-vertically-aligned-top is-layout-flex wp-container-core-columns-is-layout-28f84493 wp-block-columns-is-layout-flex\">\n<div class=\"wp-block-column is-vertically-aligned-top is-layout-flow wp-block-column-is-layout-flow\">\n<figure class=\"wp-block-image aligncenter size-full\"><img loading=\"lazy\" decoding=\"async\" width=\"640\" height=\"340\" src=\"https:\/\/www.villeneuve-les-beziers.fr\/wp-content\/uploads\/2019\/10\/dicrimvlb.jpg\" alt=\"\" class=\"wp-image-3865\" style=\"aspect-ratio:16\/9;object-fit:cover\" srcset=\"https:\/\/www.villeneuve-les-beziers.fr\/wp-content\/uploads\/2019\/10\/dicrimvlb.jpg 640w, https:\/\/www.villeneuve-les-beziers.fr\/wp-content\/uploads\/2019\/10\/dicrimvlb-300x159.jpg 300w\" sizes=\"auto, (max-width: 640px) 100vw, 640px\" \/><\/figure>\n\n\n\n<h3 class=\"wp-block-heading has-text-align-center\"><a href=\"https:\/\/fr.calameo.com\/read\/003073807a7a85f39b5cb\" target=\"_blank\" rel=\"noopener\">Grote risico's<\/a><\/h3>\n<\/div>\n\n\n\n<div class=\"wp-block-column is-vertically-aligned-top is-layout-flow wp-block-column-is-layout-flow\">\n<figure class=\"wp-block-image aligncenter size-full\"><img loading=\"lazy\" decoding=\"async\" width=\"870\" height=\"489\" src=\"https:\/\/www.villeneuve-les-beziers.fr\/wp-content\/uploads\/2019\/10\/870x489_maxnewsworldtwo137709.jpg\" alt=\"\" class=\"wp-image-3957\" style=\"aspect-ratio:16\/9;object-fit:cover\" srcset=\"https:\/\/www.villeneuve-les-beziers.fr\/wp-content\/uploads\/2019\/10\/870x489_maxnewsworldtwo137709.jpg 870w, https:\/\/www.villeneuve-les-beziers.fr\/wp-content\/uploads\/2019\/10\/870x489_maxnewsworldtwo137709-150x84.jpg 150w, https:\/\/www.villeneuve-les-beziers.fr\/wp-content\/uploads\/2019\/10\/870x489_maxnewsworldtwo137709-300x169.jpg 300w, https:\/\/www.villeneuve-les-beziers.fr\/wp-content\/uploads\/2019\/10\/870x489_maxnewsworldtwo137709-768x432.jpg 768w\" sizes=\"auto, (max-width: 870px) 100vw, 870px\" \/><\/figure>\n\n\n\n<h3 class=\"wp-block-heading has-text-align-center\"><a href=\"http:\/\/www.villeneuve-les-beziers.fr\/nl\/stadsplanning\/overstromingsrisicopreventieplan\/\" target=\"_blank\" rel=\"noopener\">Risicopreventieplannen<\/a><\/h3>\n<\/div>\n<\/div>\n<\/div>\n\n\n\n<div class=\"wp-block-group is-style-section-1 has-global-padding is-layout-constrained wp-container-core-group-is-layout-cc9ecf56 wp-block-group-is-layout-constrained is-style-section-1--25\" style=\"margin-top:var(--wp--preset--spacing--50);margin-bottom:var(--wp--preset--spacing--50);padding-top:var(--wp--preset--spacing--50);padding-right:var(--wp--preset--spacing--50);padding-bottom:var(--wp--preset--spacing--50);padding-left:var(--wp--preset--spacing--50)\">\n<h2 class=\"wp-block-heading\">Informatiepakketten voor het stadhuis<\/h2>\n\n\n\n<p><strong>Dossier d'Information Mairie Gratis<\/strong><\/p>\n\n\n\n<p>Avenue Pierre B\u00e9r\u00e9govoy P\u00f4le M\u00e9diterran\u00e9e<\/p>\n\n\n\n<p><a href=\"https:\/\/www.villeneuve-les-beziers.fr\/wp-content\/uploads\/2023\/03\/20230329134022.pdf\">Link naar het bestand<\/a><\/p>\n\n\n\n<p><b>Dossier Informatie Ministerie<\/b><\/p>\n\n\n\n<p>(Voldoet aan de specificaties van de Bijenwet en het Besluit van 12 oktober 2016)<br style=\"caret-color: #242424; color: #242424; font-family: Calibri, sans-serif; font-size: 14.666667px;\" aria-hidden=\"true\">Betreffende de installatie van een nieuwe radio-installatie op locatie T04D49<\/p>\n\n\n\n<p>3 avenue ANDRE PALMADE 34420 VILLENEUVE-LES-BEZIERS<\/p>\n\n\n\n<p><strong><a href=\"https:\/\/www.villeneuve-les-beziers.fr\/wp-content\/uploads\/2022\/11\/Dossier-information-Mairie-site-T04D49.pdf\">Dossier informatie Gemeente - ANDR\u00c9 PALMADE T04D49<\/a><\/strong><\/p>\n\n\n\n<p>Dossier Informatie Ministerie<\/p>\n\n\n\n<p>(Voldoet aan de specificaties van de Bijenwet en het Besluit van 12 oktober 2016)<br style=\"caret-color: #242424; color: #242424; font-family: Calibri, sans-serif; font-size: 14.6667px;\" aria-hidden=\"true\">Betreffende de installatie van een nieuwe radio-installatieplaats T03FA1 ter vervanging van een andere - Chemin du Cros 34420 CERS<\/p>\n\n\n\n<p>Link naar dossier :&nbsp;<a href=\"https:\/\/www.villeneuve-les-beziers.fr\/wp-content\/uploads\/2024\/05\/Dossier-information-Mairie-Ch-du-Cros.pdf\">Informatie folder Mairie Ch du Cros<\/a><\/p>\n\n\n\n<p><strong>Dossier Informatie Mairie FREE MOBILE 34336 005 01 Lieu-dit Les Vernets<\/strong> :<\/p>\n\n\n\n<p><a href=\"https:\/\/www.villeneuve-les-beziers.fr\/wp-content\/uploads\/2025\/05\/DOSSIER-INFORMATION-MAIRIE-34336_005_01.pdf\" data-type=\"link\" data-id=\"https:\/\/www.villeneuve-les-beziers.fr\/wp-content\/uploads\/2025\/05\/DOSSIER-INFORMATION-MAIRIE-34336_005_01.pdf\">https:\/\/www.villeneuve-les-beziers.fr\/wp-content\/uploads\/2025\/05\/DOSSIER-INFORMATION-MAIRIE-34336_005_01.pdf<\/a><\/p>\n\n\n\n<p><strong>Dossier informatie gemeente - Gratis mobiel - 34032_038_01 - Les Mathes<\/strong> :<\/p>\n\n\n\n<p><a href=\"https:\/\/www.villeneuve-les-beziers.fr\/wp-content\/uploads\/2026\/01\/dossier-information-Mairie-34032_038_01.pdf\">Link naar het bestand<\/a><\/p>\n<\/div>\n\n\n\n<div class=\"wp-block-group is-style-section-1 has-global-padding is-layout-constrained wp-container-core-group-is-layout-cc9ecf56 wp-block-group-is-layout-constrained is-style-section-1--26\" style=\"margin-top:var(--wp--preset--spacing--50);margin-bottom:var(--wp--preset--spacing--50);padding-top:var(--wp--preset--spacing--50);padding-right:var(--wp--preset--spacing--50);padding-bottom:var(--wp--preset--spacing--50);padding-left:var(--wp--preset--spacing--50)\">\n<h1 class=\"wp-block-heading\">Adviesbladen: onderhouden, renoveren of bouwen in oude stadscentra<\/h1>\n\n\n\n<p>Om het erfgoed en de harmonie van oude stadscentra te behouden, heeft de Drac Occitanie zijn krachten gebundeld met alle 13 Unit\u00e9s D\u00e9partementales de l'Architecture et du Patrimoine (Udap) en Conseils d'Architecture, d'Urbanisme et de l'Environnement (CAUE) in de regio om adviesbladen \"Oude stadscentra\" te produceren.<\/p>\n\n\n\n<p>Deze informatiebladen zijn een adviserend en educatief hulpmiddel dat in de eerste plaats bedoeld is voor het grote publiek en iedereen die betrokken is bij de leefomgeving. Ze dienen als leidraad voor werkzaamheden in oude stadscentra voor onderhoud, herstel, renovatie of nieuwbouw.<\/p>\n\n\n\n<p>Elk adviesblad richt zich op een specifiek aspect van architectuur en landschap: gevels, daken, ramen, luiken, deuren, ijzerwerk en thermisch comfort.<\/p>\n\n\n\n<div class=\"wp-block-group is-style-default is-layout-flex wp-container-core-group-is-layout-9d5b1b53 wp-block-group-is-layout-flex\" style=\"margin-top:var(--wp--preset--spacing--30);margin-bottom:var(--wp--preset--spacing--30);padding-top:var(--wp--preset--spacing--30);padding-right:var(--wp--preset--spacing--30);padding-bottom:var(--wp--preset--spacing--30);padding-left:var(--wp--preset--spacing--30)\">\n<div class=\"wp-block-group has-border-color has-accent-6-border-color is-vertical is-layout-flex wp-container-core-group-is-layout-6589beca wp-block-group-is-layout-flex\" style=\"border-width:1px;border-radius:16px;margin-top:0;margin-bottom:0;padding-top:var(--wp--preset--spacing--30);padding-right:var(--wp--preset--spacing--30);padding-bottom:var(--wp--preset--spacing--30);padding-left:var(--wp--preset--spacing--30)\">\n<h3 class=\"wp-block-heading\">Gecoate gevels<\/h3>\n\n\n\n<p>PDF - 2 MB<\/p>\n\n\n\n<p><a style=\"font-size: 14px;\" title=\"1 - Weergegeven gevels (.PDF - 2 MB) - (nieuw venster)\" href=\"https:\/\/www.culture.gouv.fr\/Media\/Medias-creation-rapide\/1-Facades-enduites\" target=\"_blank\" rel=\"noopener noreferrer nofollow\">1 - Gerenoveerde gevels<\/a><\/p>\n<\/div>\n\n\n\n<div class=\"wp-block-group has-border-color has-accent-6-border-color is-vertical is-layout-flex wp-container-core-group-is-layout-6589beca wp-block-group-is-layout-flex\" style=\"border-width:1px;border-radius:16px;margin-top:0;margin-bottom:0;padding-top:var(--wp--preset--spacing--30);padding-right:var(--wp--preset--spacing--30);padding-bottom:var(--wp--preset--spacing--30);padding-left:var(--wp--preset--spacing--30)\">\n<h3 class=\"wp-block-heading\">Afwerking van gips<\/h3>\n\n\n\n<p>PDF - 4 MB<\/p>\n\n\n\n<p><a style=\"font-size: 14px;\" title=\"2 - Gecoate afwerkingen (.PDF - 4 MB) - (nieuw venster)\" href=\"https:\/\/www.culture.gouv.fr\/Media\/Medias-creation-rapide\/2-Finitions-enduits\" target=\"_blank\" rel=\"noopener noreferrer nofollow\">2 - Coatingafwerkingen<\/a><\/p>\n<\/div>\n\n\n\n<div class=\"wp-block-group has-border-color has-accent-6-border-color is-vertical is-layout-flex wp-container-core-group-is-layout-6589beca wp-block-group-is-layout-flex\" style=\"border-width:1px;border-radius:16px;margin-top:0;margin-bottom:0;padding-top:var(--wp--preset--spacing--30);padding-right:var(--wp--preset--spacing--30);padding-bottom:var(--wp--preset--spacing--30);padding-left:var(--wp--preset--spacing--30)\">\n<h3 class=\"wp-block-heading\">Gevels in essenhout<\/h3>\n\n\n\n<p>PDF - 3 MB<\/p>\n\n\n\n<p><a style=\"font-size: 14px;\" title=\"3 - Stenen gevels (.PDF - 3 MB) - (nieuw venster)\" href=\"https:\/\/www.culture.gouv.fr\/Media\/Medias-creation-rapide\/3-Facades-pierre\" target=\"_blank\" rel=\"noopener noreferrer nofollow\">3 - Stenen gevels<\/a><\/p>\n<\/div>\n\n\n\n<div class=\"wp-block-group has-border-color has-accent-6-border-color is-vertical is-layout-flex wp-container-core-group-is-layout-6589beca wp-block-group-is-layout-flex\" style=\"border-width:1px;border-radius:16px;margin-top:0;margin-bottom:0;padding-top:var(--wp--preset--spacing--30);padding-right:var(--wp--preset--spacing--30);padding-bottom:var(--wp--preset--spacing--30);padding-left:var(--wp--preset--spacing--30)\">\n<h3 class=\"wp-block-heading\">Stenen decoraties<\/h3>\n\n\n\n<p>PDF - 3 MB<\/p>\n\n\n\n<p><a style=\"font-size: 14px;\" title=\"4 - Stenen decor (.PDF - 3 MB) - (nieuw venster)\" href=\"https:\/\/www.culture.gouv.fr\/Media\/Medias-creation-rapide\/4-Decors-pierre\" target=\"_blank\" rel=\"noopener noreferrer nofollow\">4 - Stenen decor<\/a><\/p>\n<\/div>\n\n\n\n<div class=\"wp-block-group has-border-color has-accent-6-border-color is-vertical is-layout-flex wp-container-core-group-is-layout-6589beca wp-block-group-is-layout-flex\" style=\"border-width:1px;border-radius:16px;margin-top:0;margin-bottom:0;padding-top:var(--wp--preset--spacing--30);padding-right:var(--wp--preset--spacing--30);padding-bottom:var(--wp--preset--spacing--30);padding-left:var(--wp--preset--spacing--30)\">\n<h3 class=\"wp-block-heading\">Pannen daken<\/h3>\n\n\n\n<p>PDF - 2 MB<\/p>\n\n\n\n<p><a style=\"font-size: 14px;\" title=\"5 - Pannendaken (.PDF - 2 MB) - (nieuw venster)\" href=\"https:\/\/www.culture.gouv.fr\/Media\/Medias-creation-rapide\/5-Toitures-en-tuiles\" target=\"_blank\" rel=\"noopener noreferrer nofollow\">5 - Pannendaken<\/a><\/p>\n<\/div>\n\n\n\n<div class=\"wp-block-group has-border-color has-accent-6-border-color is-vertical is-layout-flex wp-container-core-group-is-layout-6589beca wp-block-group-is-layout-flex\" style=\"border-width:1px;border-radius:16px;margin-top:0;margin-bottom:0;padding-top:var(--wp--preset--spacing--30);padding-right:var(--wp--preset--spacing--30);padding-bottom:var(--wp--preset--spacing--30);padding-left:var(--wp--preset--spacing--30)\">\n<h3 class=\"wp-block-heading\">Dakoverstekken<\/h3>\n\n\n\n<p>PDF - 2 MB<\/p>\n\n\n\n<p><a style=\"font-size: 14px;\" title=\"6 - Dakoverstekken (.PDF - 2 MB) - (nieuw venster)\" href=\"https:\/\/www.culture.gouv.fr\/Media\/Medias-creation-rapide\/6-Debords-de-toiture\" target=\"_blank\" rel=\"noopener noreferrer nofollow\">6 - Dakoverstekken<\/a><\/p>\n<\/div>\n\n\n\n<div class=\"wp-block-group has-border-color has-accent-6-border-color is-vertical is-layout-flex wp-container-core-group-is-layout-6589beca wp-block-group-is-layout-flex\" style=\"border-width:1px;border-radius:16px;margin-top:0;margin-bottom:0;padding-top:var(--wp--preset--spacing--30);padding-right:var(--wp--preset--spacing--30);padding-bottom:var(--wp--preset--spacing--30);padding-left:var(--wp--preset--spacing--30)\">\n<h3 class=\"wp-block-heading\">De ramen<\/h3>\n\n\n\n<p>PDF - 2 MB<\/p>\n\n\n\n<p><a style=\"font-size: 14px;\" title=\"7 - Windows (.PDF - 2 MB) - (nieuw venster)\" href=\"https:\/\/www.culture.gouv.fr\/Media\/Medias-creation-rapide\/7-Fenetres\" target=\"_blank\" rel=\"noopener noreferrer nofollow\">7 - Windows<\/a><\/p>\n<\/div>\n\n\n\n<div class=\"wp-block-group has-border-color has-accent-6-border-color is-vertical is-layout-flex wp-container-core-group-is-layout-6589beca wp-block-group-is-layout-flex\" style=\"border-width:1px;border-radius:16px;margin-top:0;margin-bottom:0;padding-top:var(--wp--preset--spacing--30);padding-right:var(--wp--preset--spacing--30);padding-bottom:var(--wp--preset--spacing--30);padding-left:var(--wp--preset--spacing--30)\">\n<h3 class=\"wp-block-heading\">Rolluiken<\/h3>\n\n\n\n<p>PDF - 2 MB<\/p>\n\n\n\n<p><a style=\"font-size: 14px;\" title=\"8 - Luiken (.PDF - 2 MB) - (nieuw venster)\" href=\"https:\/\/www.culture.gouv.fr\/Media\/Medias-creation-rapide\/8-Volets\" target=\"_blank\" rel=\"noopener noreferrer nofollow\">8 - Luiken<\/a><\/p>\n<\/div>\n\n\n\n<div class=\"wp-block-group has-border-color has-accent-6-border-color is-vertical is-layout-flex wp-container-core-group-is-layout-6589beca wp-block-group-is-layout-flex\" style=\"border-width:1px;border-radius:16px;margin-top:0;margin-bottom:0;padding-top:var(--wp--preset--spacing--30);padding-right:var(--wp--preset--spacing--30);padding-bottom:var(--wp--preset--spacing--30);padding-left:var(--wp--preset--spacing--30)\">\n<h3 class=\"wp-block-heading\">De deuren<\/h3>\n\n\n\n<p>PDF - 3 MB<\/p>\n\n\n\n<p><a style=\"font-size: 14px;\" title=\"9 - Deuren (.PDF - 3 MB) - (nieuw venster)\" href=\"https:\/\/www.culture.gouv.fr\/Media\/Medias-creation-rapide\/9-Portes\" target=\"_blank\" rel=\"noopener noreferrer nofollow\">9 - Deuren<\/a><\/p>\n<\/div>\n\n\n\n<div class=\"wp-block-group has-border-color has-accent-6-border-color is-vertical is-layout-flex wp-container-core-group-is-layout-6589beca wp-block-group-is-layout-flex\" style=\"border-width:1px;border-radius:16px;margin-top:0;margin-bottom:0;padding-top:var(--wp--preset--spacing--30);padding-right:var(--wp--preset--spacing--30);padding-bottom:var(--wp--preset--spacing--30);padding-left:var(--wp--preset--spacing--30)\">\n<h3 class=\"wp-block-heading\">Ijzerwerk<\/h3>\n\n\n\n<p>PDF - 3 MB<\/p>\n\n\n\n<p><a style=\"font-size: 14px;\" title=\"10 - Ijzerwerk (.PDF - 3 MB) - (nieuw venster)\" href=\"https:\/\/www.culture.gouv.fr\/Media\/Medias-creation-rapide\/10-Ferronneries\" target=\"_blank\" rel=\"noopener noreferrer nofollow\">10 - Smeedijzer<\/a><\/p>\n<\/div>\n\n\n\n<div class=\"wp-block-group has-border-color has-accent-6-border-color is-vertical is-layout-flex wp-container-core-group-is-layout-6589beca wp-block-group-is-layout-flex\" style=\"border-width:1px;border-radius:16px;margin-top:0;margin-bottom:0;padding-top:var(--wp--preset--spacing--30);padding-right:var(--wp--preset--spacing--30);padding-bottom:var(--wp--preset--spacing--30);padding-left:var(--wp--preset--spacing--30)\">\n<h3 class=\"wp-block-heading\">Hekken<\/h3>\n\n\n\n<p>PDF - 3 MB<\/p>\n\n\n\n<p><a style=\"font-size: 14px;\" title=\"11 - Hekken (.PDF - 3 MB) - (nieuw venster)\" href=\"https:\/\/www.culture.gouv.fr\/Media\/Medias-creation-rapide\/11-Clotures\" target=\"_blank\" rel=\"noopener noreferrer nofollow\">11 - Hekken<\/a><\/p>\n<\/div>\n\n\n\n<div class=\"wp-block-group has-border-color has-accent-6-border-color is-vertical is-layout-flex wp-container-core-group-is-layout-6589beca wp-block-group-is-layout-flex\" style=\"border-width:1px;border-radius:16px;margin-top:0;margin-bottom:0;padding-top:var(--wp--preset--spacing--30);padding-right:var(--wp--preset--spacing--30);padding-bottom:var(--wp--preset--spacing--30);padding-left:var(--wp--preset--spacing--30)\">\n<h3 class=\"wp-block-heading\">Voor het huis<\/h3>\n\n\n\n<p>PDF - 3 MB<\/p>\n\n\n\n<p><a style=\"font-size: 14px;\" title=\"12 - Voor het huis (.PDF - 3 MB) - (nieuw venster)\" href=\"https:\/\/www.culture.gouv.fr\/Media\/Medias-creation-rapide\/12-Devant-la-maison\" target=\"_blank\" rel=\"noopener noreferrer nofollow\">12 - Voor het huis<\/a><\/p>\n<\/div>\n\n\n\n<div class=\"wp-block-group has-border-color has-accent-6-border-color is-vertical is-layout-flex wp-container-core-group-is-layout-6589beca wp-block-group-is-layout-flex\" style=\"border-width:1px;border-radius:16px;margin-top:0;margin-bottom:0;padding-top:var(--wp--preset--spacing--30);padding-right:var(--wp--preset--spacing--30);padding-bottom:var(--wp--preset--spacing--30);padding-left:var(--wp--preset--spacing--30)\">\n<h3 class=\"wp-block-heading\"><strong>Aanpassingen aan baaien<\/strong><\/h3>\n\n\n\n<p>PDF - 2 MB<\/p>\n\n\n\n<p><a style=\"font-size: 14px;\" title=\"13 - Wijzigingen aan baaien (.PDF - 2 MB) - (nieuw venster)\" href=\"https:\/\/www.culture.gouv.fr\/Media\/Medias-creation-rapide\/13-Modifications-de-baies\" target=\"_blank\" rel=\"noopener noreferrer nofollow\">13 - Wijzigingen aan baaien<\/a><\/p>\n<\/div>\n\n\n\n<div class=\"wp-block-group has-border-color has-accent-6-border-color is-vertical is-layout-flex wp-container-core-group-is-layout-6589beca wp-block-group-is-layout-flex\" style=\"border-width:1px;border-radius:16px;margin-top:0;margin-bottom:0;padding-top:var(--wp--preset--spacing--30);padding-right:var(--wp--preset--spacing--30);padding-bottom:var(--wp--preset--spacing--30);padding-left:var(--wp--preset--spacing--30)\">\n<h3 class=\"wp-block-heading\">Dakaanpassingen<\/h3>\n\n\n\n<p>PDF - 2 MB<\/p>\n\n\n\n<p><a style=\"font-size: 14px;\" title=\"14 - Dakaanpassingen (.PDF - 2 MB) - (nieuw venster)\" href=\"https:\/\/www.culture.gouv.fr\/Media\/Medias-creation-rapide\/14-Modifications-de-toiture\" target=\"_blank\" rel=\"noopener noreferrer nofollow\">14 - Dakaanpassingen<\/a><\/p>\n<\/div>\n\n\n\n<div class=\"wp-block-group has-border-color has-accent-6-border-color is-vertical is-layout-flex wp-container-core-group-is-layout-6589beca wp-block-group-is-layout-flex\" style=\"border-width:1px;border-radius:16px;margin-top:0;margin-bottom:0;padding-top:var(--wp--preset--spacing--30);padding-right:var(--wp--preset--spacing--30);padding-bottom:var(--wp--preset--spacing--30);padding-left:var(--wp--preset--spacing--30)\">\n<h3 class=\"wp-block-heading\">Thermisch comfort<\/h3>\n\n\n\n<p>PDF - 1 MB<\/p>\n\n\n\n<p><a style=\"font-size: 14px;\" title=\"15 - Thermisch comfort (.PDF - 1 MB) - (nieuw venster)\" href=\"https:\/\/www.culture.gouv.fr\/Media\/Medias-creation-rapide\/15-Confort-thermique\" target=\"_blank\" rel=\"noopener noreferrer nofollow\">15 - Thermisch comfort<\/a><\/p>\n<\/div>\n<\/div>\n<\/div>\n\n\n\n<div class=\"wp-block-group has-global-padding is-layout-constrained wp-block-group-is-layout-constrained\">\n<h2 class=\"wp-block-heading\">Raadpleging van DRAC - UDAP-diensten<\/h2>\n\n\n\n<p>Wilt u een project indienen bij de Architecte des B\u00e2timents de France (ABF) voordat het officieel wordt ingediend bij het gemeentehuis (voorafgaande verklaring, bouwvergunning, enz.), of een reeds ingediend project wijzigen?<\/p>\n\n\n\n<p>Het DRAC kan uw verzoek doorsturen via : <a href=\"https:\/\/www.demarches-simplifiees.fr\/commencer\/udap34\" target=\"_blank\" rel=\"noopener noreferrer nofollow\">https:\/\/www.demarches-simplifiees.fr\/commencer\/udap34<\/a><\/p>\n\n\n\n<p>Alleen projecten die zich in een beschermd gebied bevinden, moeten worden ingediend bij de Erfgoedatlas: <a href=\"http:\/\/atlas.patrimoines.culture.fr\/atlas\/trunk\/\" target=\"_blank\" rel=\"noopener noreferrer nofollow\">http:\/\/atlas.patrimoines.culture.fr\/atlas\/trunk\/<\/a>.<\/p>\n<\/div>\n\n\n\n<p><\/p>","protected":false},"excerpt":{"rendered":"<p>Le service urbanisme vous renseigne et vous accompagne dans vos projets immobiliers. Service Urbanisme \u2013 H\u00f4tel de Ville, 1 rue de la Marianne, 34420 Villeneuve-l\u00e8s-B\u00e9ziers T\u00e9l. : 04 67 39 47 80 &#8211; Courriel :&nbsp;urbanisme@villeneuve-les-beziers.fr Pages li\u00e9es D\u00e9mat\u00e9rialisation des demandes d&rsquo;autorisation d&rsquo;urbanisme Depuis le 1er janvier 2022, nous sommes pr\u00eats \u00e0 recevoir vos demandes de [&hellip;]<\/p>\n","protected":false},"author":1,"featured_media":2746,"parent":199,"menu_order":0,"comment_status":"closed","ping_status":"closed","template":"","meta":{"footnotes":""},"class_list":["post-204","page","type-page","status-publish","has-post-thumbnail","hentry"],"_links":{"self":[{"href":"https:\/\/www.villeneuve-les-beziers.fr\/nl\/wp-json\/wp\/v2\/pages\/204","targetHints":{"allow":["GET"]}}],"collection":[{"href":"https:\/\/www.villeneuve-les-beziers.fr\/nl\/wp-json\/wp\/v2\/pages"}],"about":[{"href":"https:\/\/www.villeneuve-les-beziers.fr\/nl\/wp-json\/wp\/v2\/types\/page"}],"author":[{"embeddable":true,"href":"https:\/\/www.villeneuve-les-beziers.fr\/nl\/wp-json\/wp\/v2\/users\/1"}],"replies":[{"embeddable":true,"href":"https:\/\/www.villeneuve-les-beziers.fr\/nl\/wp-json\/wp\/v2\/comments?post=204"}],"version-history":[{"count":32,"href":"https:\/\/www.villeneuve-les-beziers.fr\/nl\/wp-json\/wp\/v2\/pages\/204\/revisions"}],"predecessor-version":[{"id":20745,"href":"https:\/\/www.villeneuve-les-beziers.fr\/nl\/wp-json\/wp\/v2\/pages\/204\/revisions\/20745"}],"up":[{"embeddable":true,"href":"https:\/\/www.villeneuve-les-beziers.fr\/nl\/wp-json\/wp\/v2\/pages\/199"}],"wp:featuredmedia":[{"embeddable":true,"href":"https:\/\/www.villeneuve-les-beziers.fr\/nl\/wp-json\/wp\/v2\/media\/2746"}],"wp:attachment":[{"href":"https:\/\/www.villeneuve-les-beziers.fr\/nl\/wp-json\/wp\/v2\/media?parent=204"}],"curies":[{"name":"wp","href":"https:\/\/api.w.org\/{rel}","templated":true}]}}